{"id":29692,"date":"2025-10-23T22:20:59","date_gmt":"2025-10-23T20:20:59","guid":{"rendered":"https:\/\/www.lvhf.cz\/?page_id=29692"},"modified":"2025-10-23T22:29:42","modified_gmt":"2025-10-23T20:29:42","slug":"archiv-koncertu-2025","status":"publish","type":"page","link":"https:\/\/www.lvhf.cz\/en\/archiv-koncertu-2025\/","title":{"rendered":"Concerts Archive 2025"},"content":{"rendered":"<p>&emsp;<br>\n&emsp;<\/p>\n<h1><span style=\"color: #000000;\">Concerts Archive 2025<\/span><\/h1>\n<!--Event calendar-->\n  \n  \n\n\n<div class=\"container-fluid\">\n    <div class=\"row calendar-container\">\n          <!-- Calendar event 1 -->\n      <div class=\"event-col col-sm-6 col-md-6 col-lg-4\">\n\n        \n\n        <div class=\"calendar-event\">\n          <div class=\"banner\" style=\"display:none; height:100%;\">\n            <a href><noscript><img decoding=\"async\" style=\"width:100%; height:100%; object-position: top; object-fit:cover;\" src alt><\/noscript><img decoding=\"async\" style=\"width:100%; height:100%; object-position: top; object-fit:cover;\" src=\"data:image\/gif;base64,R0lGODlhAQABAIAAAAAAAP\/\/\/yH5BAEAAAAALAAAAAABAAEAAAIBRAA7\" alt data-src class=\" lazyload\"><\/a>\n          <\/div>\n\n          <div class=\"event-details-wrap\" style=\"display:block;\">\n\n            <a href=\"https:\/\/www.lvhf.cz\/en\/koncerty\/prolog-lvhf-2025\/\" class=\"event-img-link\">\n              <div class=\"event-img\">\n                <noscript><img fetchpriority=\"high\" decoding=\"async\" width=\"2560\" height=\"1340\" src=\"https:\/\/www.lvhf.cz\/wp-content\/uploads\/2025\/03\/0._PROLOG._1200x628_result-scaled.webp\" class=\"attachment-concert_large size-concert_large wp-post-image\" srcset=\"https:\/\/www.lvhf.cz\/wp-content\/uploads\/2025\/03\/0._PROLOG._1200x628_result-scaled.webp 2560w, https:\/\/www.lvhf.cz\/wp-content\/uploads\/2025\/03\/0._PROLOG._1200x628_result-400x209.webp 400w, https:\/\/www.lvhf.cz\/wp-content\/uploads\/2025\/03\/0._PROLOG._1200x628_result-1024x536.webp 1024w, https:\/\/www.lvhf.cz\/wp-content\/uploads\/2025\/03\/0._PROLOG._1200x628_result-768x402.webp 768w, https:\/\/www.lvhf.cz\/wp-content\/uploads\/2025\/03\/0._PROLOG._1200x628_result-1536x804.webp 1536w, https:\/\/www.lvhf.cz\/wp-content\/uploads\/2025\/03\/0._PROLOG._1200x628_result-2048x1072.webp 2048w, https:\/\/www.lvhf.cz\/wp-content\/uploads\/2025\/03\/0._PROLOG._1200x628_result-504x264.webp 504w, https:\/\/www.lvhf.cz\/wp-content\/uploads\/2025\/03\/0._PROLOG._1200x628_result-764x400.webp 764w, https:\/\/www.lvhf.cz\/wp-content\/uploads\/2025\/03\/0._PROLOG._1200x628_result-1920x1005.webp 1920w\" sizes=\"(max-width: 2560px) 100vw, 2560px\" alt><\/noscript><img decoding=\"async\" width=\"2560\" height=\"1340\" src=\"data:image\/svg+xml,%3Csvg%20xmlns%3D%22http%3A%2F%2Fwww.w3.org%2F2000%2Fsvg%22%20viewBox%3D%220%200%202560%201340%22%3E%3C%2Fsvg%3E\" class=\"attachment-concert_large size-concert_large wp-post-image lazyload\" srcset=\"data:image\/svg+xml,%3Csvg%20xmlns%3D%22http%3A%2F%2Fwww.w3.org%2F2000%2Fsvg%22%20viewBox%3D%220%200%202560%201340%22%3E%3C%2Fsvg%3E 2560w\" sizes=\"(max-width: 2560px) 100vw, 2560px\" data-srcset=\"https:\/\/www.lvhf.cz\/wp-content\/uploads\/2025\/03\/0._PROLOG._1200x628_result-scaled.webp 2560w, https:\/\/www.lvhf.cz\/wp-content\/uploads\/2025\/03\/0._PROLOG._1200x628_result-400x209.webp 400w, https:\/\/www.lvhf.cz\/wp-content\/uploads\/2025\/03\/0._PROLOG._1200x628_result-1024x536.webp 1024w, https:\/\/www.lvhf.cz\/wp-content\/uploads\/2025\/03\/0._PROLOG._1200x628_result-768x402.webp 768w, https:\/\/www.lvhf.cz\/wp-content\/uploads\/2025\/03\/0._PROLOG._1200x628_result-1536x804.webp 1536w, https:\/\/www.lvhf.cz\/wp-content\/uploads\/2025\/03\/0._PROLOG._1200x628_result-2048x1072.webp 2048w, https:\/\/www.lvhf.cz\/wp-content\/uploads\/2025\/03\/0._PROLOG._1200x628_result-504x264.webp 504w, https:\/\/www.lvhf.cz\/wp-content\/uploads\/2025\/03\/0._PROLOG._1200x628_result-764x400.webp 764w, https:\/\/www.lvhf.cz\/wp-content\/uploads\/2025\/03\/0._PROLOG._1200x628_result-1920x1005.webp 1920w\" data-src=\"https:\/\/www.lvhf.cz\/wp-content\/uploads\/2025\/03\/0._PROLOG._1200x628_result-scaled.webp\" alt>              <\/div>\n            <\/a>\n        \n            <h3 class=\"event-date\" style=\"display:block;\">\n                          <span class=\"month\">20<\/span> \/\n              <span class=\"day\">09<\/span> \/\n              <span class=\"hour\">7.00 p.m.<\/span>\n            <\/h3>\n            \n            <h3 class=\"event-title\" style=\"display:block;\">LVMF Prologue 2025<\/h3>\n            <table class=\"event-details-preview\" style=\"display:block;\">\n              <tbody>\n                <tr>\n                  <td class=\"first-column\">Who<\/td>\n                  <td class=\"second-column\"><strong>Ensemble Opera Diversa<\/strong> (CZ)<br>\n<strong>Gabriela Tardonov\u00e1<\/strong> (CZ) conductor<br>\n<strong>Ayla B\u00e1rtov\u00e1<\/strong> (CZ) piano<br>\n<strong>Matteo Hager<\/strong> (CZ) violin<br><\/td>\n                <\/tr>\n                                        <tr>\n                  <td class=\"first-column\">Where<\/td>\n                              <td class=\"second-column\"><a style=\"color:rgb(0, 0, 128);\" href=\"https:\/\/www.lvhf.cz\/en\/mista-konani\/reduta-brno\/\">Reduta Theatre Brno<\/a> <\/td>\n                <\/tr>\n              <\/tbody>\n            <\/table>\n                  <\/div>\n          <div class=\"btn-event\" style=\"display:block;\">\n            <a href=\"https:\/\/www.lvhf.cz\/en\/koncerty\/prolog-lvhf-2025\/\" class=\"btn btn-default\">Details<\/a>\n                    <\/div>\n        <\/div>\n      <\/div>\n          <!-- Calendar event 2 -->\n      <div class=\"event-col col-sm-6 col-md-6 col-lg-4\">\n\n        \n\n        <div class=\"calendar-event\">\n          <div class=\"banner\" style=\"display:none; height:100%;\">\n            <a href><noscript><img decoding=\"async\" style=\"width:100%; height:100%; object-position: top; object-fit:cover;\" src alt><\/noscript><img decoding=\"async\" style=\"width:100%; height:100%; object-position: top; object-fit:cover;\" src=\"data:image\/gif;base64,R0lGODlhAQABAIAAAAAAAP\/\/\/yH5BAEAAAAALAAAAAABAAEAAAIBRAA7\" alt data-src class=\" lazyload\"><\/a>\n          <\/div>\n\n          <div class=\"event-details-wrap\" style=\"display:block;\">\n\n            <a href=\"https:\/\/www.lvhf.cz\/en\/koncerty\/edukacni-koncert-pro-i-stupen-zs-a-zus\/\" class=\"event-img-link\">\n              <div class=\"event-img\">\n                <noscript><img decoding=\"async\" width=\"2560\" height=\"1340\" src=\"https:\/\/www.lvhf.cz\/wp-content\/uploads\/2025\/03\/01._EDUKACE._1200x628_result_result-scaled.webp\" class=\"attachment-concert_large size-concert_large wp-post-image\" srcset=\"https:\/\/www.lvhf.cz\/wp-content\/uploads\/2025\/03\/01._EDUKACE._1200x628_result_result-scaled.webp 2560w, https:\/\/www.lvhf.cz\/wp-content\/uploads\/2025\/03\/01._EDUKACE._1200x628_result_result-400x209.webp 400w, https:\/\/www.lvhf.cz\/wp-content\/uploads\/2025\/03\/01._EDUKACE._1200x628_result_result-1024x536.webp 1024w, https:\/\/www.lvhf.cz\/wp-content\/uploads\/2025\/03\/01._EDUKACE._1200x628_result_result-768x402.webp 768w, https:\/\/www.lvhf.cz\/wp-content\/uploads\/2025\/03\/01._EDUKACE._1200x628_result_result-1536x804.webp 1536w, https:\/\/www.lvhf.cz\/wp-content\/uploads\/2025\/03\/01._EDUKACE._1200x628_result_result-2048x1072.webp 2048w, https:\/\/www.lvhf.cz\/wp-content\/uploads\/2025\/03\/01._EDUKACE._1200x628_result_result-504x264.webp 504w, https:\/\/www.lvhf.cz\/wp-content\/uploads\/2025\/03\/01._EDUKACE._1200x628_result_result-764x400.webp 764w, https:\/\/www.lvhf.cz\/wp-content\/uploads\/2025\/03\/01._EDUKACE._1200x628_result_result-1920x1005.webp 1920w\" sizes=\"(max-width: 2560px) 100vw, 2560px\" alt><\/noscript><img loading=\"lazy\" decoding=\"async\" width=\"2560\" height=\"1340\" src=\"data:image\/svg+xml,%3Csvg%20xmlns%3D%22http%3A%2F%2Fwww.w3.org%2F2000%2Fsvg%22%20viewBox%3D%220%200%202560%201340%22%3E%3C%2Fsvg%3E\" class=\"attachment-concert_large size-concert_large wp-post-image lazyload\" srcset=\"data:image\/svg+xml,%3Csvg%20xmlns%3D%22http%3A%2F%2Fwww.w3.org%2F2000%2Fsvg%22%20viewBox%3D%220%200%202560%201340%22%3E%3C%2Fsvg%3E 2560w\" sizes=\"(max-width: 2560px) 100vw, 2560px\" data-srcset=\"https:\/\/www.lvhf.cz\/wp-content\/uploads\/2025\/03\/01._EDUKACE._1200x628_result_result-scaled.webp 2560w, https:\/\/www.lvhf.cz\/wp-content\/uploads\/2025\/03\/01._EDUKACE._1200x628_result_result-400x209.webp 400w, https:\/\/www.lvhf.cz\/wp-content\/uploads\/2025\/03\/01._EDUKACE._1200x628_result_result-1024x536.webp 1024w, https:\/\/www.lvhf.cz\/wp-content\/uploads\/2025\/03\/01._EDUKACE._1200x628_result_result-768x402.webp 768w, https:\/\/www.lvhf.cz\/wp-content\/uploads\/2025\/03\/01._EDUKACE._1200x628_result_result-1536x804.webp 1536w, https:\/\/www.lvhf.cz\/wp-content\/uploads\/2025\/03\/01._EDUKACE._1200x628_result_result-2048x1072.webp 2048w, https:\/\/www.lvhf.cz\/wp-content\/uploads\/2025\/03\/01._EDUKACE._1200x628_result_result-504x264.webp 504w, https:\/\/www.lvhf.cz\/wp-content\/uploads\/2025\/03\/01._EDUKACE._1200x628_result_result-764x400.webp 764w, https:\/\/www.lvhf.cz\/wp-content\/uploads\/2025\/03\/01._EDUKACE._1200x628_result_result-1920x1005.webp 1920w\" data-src=\"https:\/\/www.lvhf.cz\/wp-content\/uploads\/2025\/03\/01._EDUKACE._1200x628_result_result-scaled.webp\" alt>              <\/div>\n            <\/a>\n        \n            <h3 class=\"event-date\" style=\"display:block;\">\n                          <span class=\"month\">26<\/span> \/\n              <span class=\"day\">09<\/span> \/\n              <span class=\"hour\">9.00 &amp; 11.00 a.m.<\/span>\n            <\/h3>\n            \n            <h3 class=\"event-title\" style=\"display:block;\">Educational Concert for Primary School and Music School<\/h3>\n            <table class=\"event-details-preview\" style=\"display:block;\">\n              <tbody>\n                <tr>\n                  <td class=\"first-column\">Who<\/td>\n                  <td class=\"second-column\"><strong>Moravia Brass Band, chamber section<\/strong> (CZ)<br>\n<strong>Ji\u0159\u00ed Kokmotos<\/strong> (CZ) presenter<\/td>\n                <\/tr>\n                                        <tr>\n                  <td class=\"first-column\">Where<\/td>\n                              <td class=\"second-column\"><a style=\"color:rgb(0, 0, 128);\" href=\"https:\/\/www.lvhf.cz\/en\/mista-konani\/zamecka-jizdarna-lednice-multifunkcni-centrum\/\">Lednice Riding Hall<\/a>, <a style=\"color:rgb(0, 0, 128);\" href=\"https:\/\/www.lvhf.cz\/en\/mista-konani\/zamecka-jizdarna-valtice\/\">Valtice Castle Riding Hall<\/a>  <\/td>\n                <\/tr>\n              <\/tbody>\n            <\/table>\n                  <\/div>\n          <div class=\"btn-event\" style=\"display:block;\">\n            <a href=\"https:\/\/www.lvhf.cz\/en\/koncerty\/edukacni-koncert-pro-i-stupen-zs-a-zus\/\" class=\"btn btn-default\">Details<\/a>\n                    <\/div>\n        <\/div>\n      <\/div>\n          <!-- Calendar event 3 -->\n      <div class=\"event-col col-sm-6 col-md-6 col-lg-4\">\n\n        \n\n        <div class=\"calendar-event\">\n          <div class=\"banner\" style=\"display:none; height:100%;\">\n            <a href><noscript><img decoding=\"async\" style=\"width:100%; height:100%; object-position: top; object-fit:cover;\" src alt><\/noscript><img decoding=\"async\" style=\"width:100%; height:100%; object-position: top; object-fit:cover;\" src=\"data:image\/gif;base64,R0lGODlhAQABAIAAAAAAAP\/\/\/yH5BAEAAAAALAAAAAABAAEAAAIBRAA7\" alt data-src class=\" lazyload\"><\/a>\n          <\/div>\n\n          <div class=\"event-details-wrap\" style=\"display:block;\">\n\n            <a href=\"https:\/\/www.lvhf.cz\/en\/koncerty\/slavnostni-zahajeni-lvhf-2025\/\" class=\"event-img-link\">\n              <div class=\"event-img\">\n                <noscript><img loading=\"lazy\" decoding=\"async\" width=\"2560\" height=\"1340\" src=\"https:\/\/www.lvhf.cz\/wp-content\/uploads\/2025\/03\/1._ZAHAJOVACI_1200x628_result-scaled.webp\" class=\"attachment-concert_large size-concert_large wp-post-image\" srcset=\"https:\/\/www.lvhf.cz\/wp-content\/uploads\/2025\/03\/1._ZAHAJOVACI_1200x628_result-scaled.webp 2560w, https:\/\/www.lvhf.cz\/wp-content\/uploads\/2025\/03\/1._ZAHAJOVACI_1200x628_result-400x209.webp 400w, https:\/\/www.lvhf.cz\/wp-content\/uploads\/2025\/03\/1._ZAHAJOVACI_1200x628_result-1024x536.webp 1024w, https:\/\/www.lvhf.cz\/wp-content\/uploads\/2025\/03\/1._ZAHAJOVACI_1200x628_result-768x402.webp 768w, https:\/\/www.lvhf.cz\/wp-content\/uploads\/2025\/03\/1._ZAHAJOVACI_1200x628_result-1536x804.webp 1536w, https:\/\/www.lvhf.cz\/wp-content\/uploads\/2025\/03\/1._ZAHAJOVACI_1200x628_result-2048x1072.webp 2048w, https:\/\/www.lvhf.cz\/wp-content\/uploads\/2025\/03\/1._ZAHAJOVACI_1200x628_result-504x264.webp 504w, https:\/\/www.lvhf.cz\/wp-content\/uploads\/2025\/03\/1._ZAHAJOVACI_1200x628_result-764x400.webp 764w, https:\/\/www.lvhf.cz\/wp-content\/uploads\/2025\/03\/1._ZAHAJOVACI_1200x628_result-1920x1005.webp 1920w\" sizes=\"(max-width: 2560px) 100vw, 2560px\" alt><\/noscript><img loading=\"lazy\" decoding=\"async\" width=\"2560\" height=\"1340\" src=\"data:image\/svg+xml,%3Csvg%20xmlns%3D%22http%3A%2F%2Fwww.w3.org%2F2000%2Fsvg%22%20viewBox%3D%220%200%202560%201340%22%3E%3C%2Fsvg%3E\" class=\"attachment-concert_large size-concert_large wp-post-image lazyload\" srcset=\"data:image\/svg+xml,%3Csvg%20xmlns%3D%22http%3A%2F%2Fwww.w3.org%2F2000%2Fsvg%22%20viewBox%3D%220%200%202560%201340%22%3E%3C%2Fsvg%3E 2560w\" sizes=\"(max-width: 2560px) 100vw, 2560px\" data-srcset=\"https:\/\/www.lvhf.cz\/wp-content\/uploads\/2025\/03\/1._ZAHAJOVACI_1200x628_result-scaled.webp 2560w, https:\/\/www.lvhf.cz\/wp-content\/uploads\/2025\/03\/1._ZAHAJOVACI_1200x628_result-400x209.webp 400w, https:\/\/www.lvhf.cz\/wp-content\/uploads\/2025\/03\/1._ZAHAJOVACI_1200x628_result-1024x536.webp 1024w, https:\/\/www.lvhf.cz\/wp-content\/uploads\/2025\/03\/1._ZAHAJOVACI_1200x628_result-768x402.webp 768w, https:\/\/www.lvhf.cz\/wp-content\/uploads\/2025\/03\/1._ZAHAJOVACI_1200x628_result-1536x804.webp 1536w, https:\/\/www.lvhf.cz\/wp-content\/uploads\/2025\/03\/1._ZAHAJOVACI_1200x628_result-2048x1072.webp 2048w, https:\/\/www.lvhf.cz\/wp-content\/uploads\/2025\/03\/1._ZAHAJOVACI_1200x628_result-504x264.webp 504w, https:\/\/www.lvhf.cz\/wp-content\/uploads\/2025\/03\/1._ZAHAJOVACI_1200x628_result-764x400.webp 764w, https:\/\/www.lvhf.cz\/wp-content\/uploads\/2025\/03\/1._ZAHAJOVACI_1200x628_result-1920x1005.webp 1920w\" data-src=\"https:\/\/www.lvhf.cz\/wp-content\/uploads\/2025\/03\/1._ZAHAJOVACI_1200x628_result-scaled.webp\" alt>              <\/div>\n            <\/a>\n        \n            <h3 class=\"event-date\" style=\"display:block;\">\n                          <span class=\"month\">27<\/span> \/\n              <span class=\"day\">09<\/span> \/\n              <span class=\"hour\">7.00 p.m.<\/span>\n            <\/h3>\n            \n            <h3 class=\"event-title\" style=\"display:block;\">LVMF 2025 Opening<\/h3>\n            <table class=\"event-details-preview\" style=\"display:block;\">\n              <tbody>\n                <tr>\n                  <td class=\"first-column\">Who<\/td>\n                  <td class=\"second-column\"><strong>Jan\u00e1\u010dek Philharmonic Orchestra Ostrava<\/strong> (CZ)<br>\n<strong>Francesco Lecce-Chong<\/strong> (USA) conductor<br>\n<strong>Boris Giltburg<\/strong> (IL) piano<\/td>\n                <\/tr>\n                                        <tr>\n                  <td class=\"first-column\">Where<\/td>\n                              <td class=\"second-column\"><a style=\"color:rgb(0, 0, 128);\" href=\"https:\/\/www.lvhf.cz\/en\/mista-konani\/zamecka-jizdarna-valtice\/\">Valtice Castle Riding Hall<\/a> <\/td>\n                <\/tr>\n              <\/tbody>\n            <\/table>\n                  <\/div>\n          <div class=\"btn-event\" style=\"display:block;\">\n            <a href=\"https:\/\/www.lvhf.cz\/en\/koncerty\/slavnostni-zahajeni-lvhf-2025\/\" class=\"btn btn-default\">Details<\/a>\n                    <\/div>\n        <\/div>\n      <\/div>\n          <!-- Calendar event 4 -->\n      <div class=\"event-col col-sm-6 col-md-6 col-lg-4\">\n\n        \n\n        <div class=\"calendar-event\">\n          <div class=\"banner\" style=\"display:none; height:100%;\">\n            <a href><noscript><img decoding=\"async\" style=\"width:100%; height:100%; object-position: top; object-fit:cover;\" src alt><\/noscript><img decoding=\"async\" style=\"width:100%; height:100%; object-position: top; object-fit:cover;\" src=\"data:image\/gif;base64,R0lGODlhAQABAIAAAAAAAP\/\/\/yH5BAEAAAAALAAAAAABAAEAAAIBRAA7\" alt data-src class=\" lazyload\"><\/a>\n          <\/div>\n\n          <div class=\"event-details-wrap\" style=\"display:block;\">\n\n            <a href=\"https:\/\/www.lvhf.cz\/en\/koncerty\/rendezvous-s-bellou\/\" class=\"event-img-link\">\n              <div class=\"event-img\">\n                <noscript><img loading=\"lazy\" decoding=\"async\" width=\"2560\" height=\"1340\" src=\"https:\/\/www.lvhf.cz\/wp-content\/uploads\/2025\/03\/2._1200x628_result_result-scaled.webp\" class=\"attachment-concert_large size-concert_large wp-post-image\" srcset=\"https:\/\/www.lvhf.cz\/wp-content\/uploads\/2025\/03\/2._1200x628_result_result-scaled.webp 2560w, https:\/\/www.lvhf.cz\/wp-content\/uploads\/2025\/03\/2._1200x628_result_result-400x209.webp 400w, https:\/\/www.lvhf.cz\/wp-content\/uploads\/2025\/03\/2._1200x628_result_result-1024x536.webp 1024w, https:\/\/www.lvhf.cz\/wp-content\/uploads\/2025\/03\/2._1200x628_result_result-768x402.webp 768w, https:\/\/www.lvhf.cz\/wp-content\/uploads\/2025\/03\/2._1200x628_result_result-1536x804.webp 1536w, https:\/\/www.lvhf.cz\/wp-content\/uploads\/2025\/03\/2._1200x628_result_result-2048x1072.webp 2048w, https:\/\/www.lvhf.cz\/wp-content\/uploads\/2025\/03\/2._1200x628_result_result-504x264.webp 504w, https:\/\/www.lvhf.cz\/wp-content\/uploads\/2025\/03\/2._1200x628_result_result-764x400.webp 764w, https:\/\/www.lvhf.cz\/wp-content\/uploads\/2025\/03\/2._1200x628_result_result-1920x1005.webp 1920w\" sizes=\"(max-width: 2560px) 100vw, 2560px\" alt><\/noscript><img loading=\"lazy\" decoding=\"async\" width=\"2560\" height=\"1340\" src=\"data:image\/svg+xml,%3Csvg%20xmlns%3D%22http%3A%2F%2Fwww.w3.org%2F2000%2Fsvg%22%20viewBox%3D%220%200%202560%201340%22%3E%3C%2Fsvg%3E\" class=\"attachment-concert_large size-concert_large wp-post-image lazyload\" srcset=\"data:image\/svg+xml,%3Csvg%20xmlns%3D%22http%3A%2F%2Fwww.w3.org%2F2000%2Fsvg%22%20viewBox%3D%220%200%202560%201340%22%3E%3C%2Fsvg%3E 2560w\" sizes=\"(max-width: 2560px) 100vw, 2560px\" data-srcset=\"https:\/\/www.lvhf.cz\/wp-content\/uploads\/2025\/03\/2._1200x628_result_result-scaled.webp 2560w, https:\/\/www.lvhf.cz\/wp-content\/uploads\/2025\/03\/2._1200x628_result_result-400x209.webp 400w, https:\/\/www.lvhf.cz\/wp-content\/uploads\/2025\/03\/2._1200x628_result_result-1024x536.webp 1024w, https:\/\/www.lvhf.cz\/wp-content\/uploads\/2025\/03\/2._1200x628_result_result-768x402.webp 768w, https:\/\/www.lvhf.cz\/wp-content\/uploads\/2025\/03\/2._1200x628_result_result-1536x804.webp 1536w, https:\/\/www.lvhf.cz\/wp-content\/uploads\/2025\/03\/2._1200x628_result_result-2048x1072.webp 2048w, https:\/\/www.lvhf.cz\/wp-content\/uploads\/2025\/03\/2._1200x628_result_result-504x264.webp 504w, https:\/\/www.lvhf.cz\/wp-content\/uploads\/2025\/03\/2._1200x628_result_result-764x400.webp 764w, https:\/\/www.lvhf.cz\/wp-content\/uploads\/2025\/03\/2._1200x628_result_result-1920x1005.webp 1920w\" data-src=\"https:\/\/www.lvhf.cz\/wp-content\/uploads\/2025\/03\/2._1200x628_result_result-scaled.webp\" alt>              <\/div>\n            <\/a>\n        \n            <h3 class=\"event-date\" style=\"display:block;\">\n                          <span class=\"month\">28<\/span> \/\n              <span class=\"day\">09<\/span> \/\n              <span class=\"hour\">4.00 p.m.<\/span>\n            <\/h3>\n            \n            <h3 class=\"event-title\" style=\"display:block;\">Rendezvous with Bella<\/h3>\n            <table class=\"event-details-preview\" style=\"display:block;\">\n              <tbody>\n                <tr>\n                  <td class=\"first-column\">Who<\/td>\n                  <td class=\"second-column\"><strong>Bella Adamova<\/strong> (CZ) mezzosoprano<br>\n<strong>\u0160kampa Quartet<\/strong> (CZ)<\/td>\n                <\/tr>\n                                        <tr>\n                  <td class=\"first-column\">Where<\/td>\n                              <td class=\"second-column\"><a style=\"color:rgb(0, 0, 128);\" href=\"https:\/\/www.lvhf.cz\/en\/mista-konani\/dianin-chram-rendez-vouse\/\">Temple of Diana \u2013 Rendez-vous<\/a> <\/td>\n                <\/tr>\n              <\/tbody>\n            <\/table>\n                  <\/div>\n          <div class=\"btn-event\" style=\"display:block;\">\n            <a href=\"https:\/\/www.lvhf.cz\/en\/koncerty\/rendezvous-s-bellou\/\" class=\"btn btn-default\">Details<\/a>\n                    <\/div>\n        <\/div>\n      <\/div>\n          <!-- Calendar event 5 -->\n      <div class=\"event-col col-sm-6 col-md-6 col-lg-4\">\n\n        \n\n        <div class=\"calendar-event\">\n          <div class=\"banner\" style=\"display:none; height:100%;\">\n            <a href><noscript><img decoding=\"async\" style=\"width:100%; height:100%; object-position: top; object-fit:cover;\" src alt><\/noscript><img decoding=\"async\" style=\"width:100%; height:100%; object-position: top; object-fit:cover;\" src=\"data:image\/gif;base64,R0lGODlhAQABAIAAAAAAAP\/\/\/yH5BAEAAAAALAAAAAABAAEAAAIBRAA7\" alt data-src class=\" lazyload\"><\/a>\n          <\/div>\n\n          <div class=\"event-details-wrap\" style=\"display:block;\">\n\n            <a href=\"https:\/\/www.lvhf.cz\/en\/koncerty\/setkani-jazzu-s-klasikou\/\" class=\"event-img-link\">\n              <div class=\"event-img\">\n                <noscript><img loading=\"lazy\" decoding=\"async\" width=\"2560\" height=\"1340\" src=\"https:\/\/www.lvhf.cz\/wp-content\/uploads\/2025\/03\/3._1200x628_result-scaled.webp\" class=\"attachment-concert_large size-concert_large wp-post-image\" srcset=\"https:\/\/www.lvhf.cz\/wp-content\/uploads\/2025\/03\/3._1200x628_result-scaled.webp 2560w, https:\/\/www.lvhf.cz\/wp-content\/uploads\/2025\/03\/3._1200x628_result-400x209.webp 400w, https:\/\/www.lvhf.cz\/wp-content\/uploads\/2025\/03\/3._1200x628_result-1024x536.webp 1024w, https:\/\/www.lvhf.cz\/wp-content\/uploads\/2025\/03\/3._1200x628_result-768x402.webp 768w, https:\/\/www.lvhf.cz\/wp-content\/uploads\/2025\/03\/3._1200x628_result-1536x804.webp 1536w, https:\/\/www.lvhf.cz\/wp-content\/uploads\/2025\/03\/3._1200x628_result-2048x1072.webp 2048w, https:\/\/www.lvhf.cz\/wp-content\/uploads\/2025\/03\/3._1200x628_result-504x264.webp 504w, https:\/\/www.lvhf.cz\/wp-content\/uploads\/2025\/03\/3._1200x628_result-764x400.webp 764w, https:\/\/www.lvhf.cz\/wp-content\/uploads\/2025\/03\/3._1200x628_result-1920x1005.webp 1920w\" sizes=\"(max-width: 2560px) 100vw, 2560px\" alt><\/noscript><img loading=\"lazy\" decoding=\"async\" width=\"2560\" height=\"1340\" src=\"data:image\/svg+xml,%3Csvg%20xmlns%3D%22http%3A%2F%2Fwww.w3.org%2F2000%2Fsvg%22%20viewBox%3D%220%200%202560%201340%22%3E%3C%2Fsvg%3E\" class=\"attachment-concert_large size-concert_large wp-post-image lazyload\" srcset=\"data:image\/svg+xml,%3Csvg%20xmlns%3D%22http%3A%2F%2Fwww.w3.org%2F2000%2Fsvg%22%20viewBox%3D%220%200%202560%201340%22%3E%3C%2Fsvg%3E 2560w\" sizes=\"(max-width: 2560px) 100vw, 2560px\" data-srcset=\"https:\/\/www.lvhf.cz\/wp-content\/uploads\/2025\/03\/3._1200x628_result-scaled.webp 2560w, https:\/\/www.lvhf.cz\/wp-content\/uploads\/2025\/03\/3._1200x628_result-400x209.webp 400w, https:\/\/www.lvhf.cz\/wp-content\/uploads\/2025\/03\/3._1200x628_result-1024x536.webp 1024w, https:\/\/www.lvhf.cz\/wp-content\/uploads\/2025\/03\/3._1200x628_result-768x402.webp 768w, https:\/\/www.lvhf.cz\/wp-content\/uploads\/2025\/03\/3._1200x628_result-1536x804.webp 1536w, https:\/\/www.lvhf.cz\/wp-content\/uploads\/2025\/03\/3._1200x628_result-2048x1072.webp 2048w, https:\/\/www.lvhf.cz\/wp-content\/uploads\/2025\/03\/3._1200x628_result-504x264.webp 504w, https:\/\/www.lvhf.cz\/wp-content\/uploads\/2025\/03\/3._1200x628_result-764x400.webp 764w, https:\/\/www.lvhf.cz\/wp-content\/uploads\/2025\/03\/3._1200x628_result-1920x1005.webp 1920w\" data-src=\"https:\/\/www.lvhf.cz\/wp-content\/uploads\/2025\/03\/3._1200x628_result-scaled.webp\" alt>              <\/div>\n            <\/a>\n        \n            <h3 class=\"event-date\" style=\"display:block;\">\n                          <span class=\"month\">03<\/span> \/\n              <span class=\"day\">10<\/span> \/\n              <span class=\"hour\">6.00 p.m.<\/span>\n            <\/h3>\n            \n            <h3 class=\"event-title\" style=\"display:block;\">Jazz Meets Classics<\/h3>\n            <table class=\"event-details-preview\" style=\"display:block;\">\n              <tbody>\n                <tr>\n                  <td class=\"first-column\">Who<\/td>\n                  <td class=\"second-column\"><strong>Brandon Ridenour<\/strong> (USA) trumpet<br>\n<strong>Mark Dover<\/strong> (USA) clarinet<br>\n<strong>Ahmed Alom<\/strong> (USA) piano<\/td>\n                <\/tr>\n                                        <tr>\n                  <td class=\"first-column\">Where<\/td>\n                              <td class=\"second-column\"><a style=\"color:rgb(0, 0, 128);\" href=\"https:\/\/www.lvhf.cz\/en\/mista-konani\/zamecek-pohansko\/\">Mansion Pohansko<\/a> <\/td>\n                <\/tr>\n              <\/tbody>\n            <\/table>\n                  <\/div>\n          <div class=\"btn-event\" style=\"display:block;\">\n            <a href=\"https:\/\/www.lvhf.cz\/en\/koncerty\/setkani-jazzu-s-klasikou\/\" class=\"btn btn-default\">Details<\/a>\n                    <\/div>\n        <\/div>\n      <\/div>\n          <!-- Calendar event 6 -->\n      <div class=\"event-col col-sm-6 col-md-6 col-lg-4\">\n\n        \n\n        <div class=\"calendar-event\">\n          <div class=\"banner\" style=\"display:none; height:100%;\">\n            <a href><noscript><img decoding=\"async\" style=\"width:100%; height:100%; object-position: top; object-fit:cover;\" src alt><\/noscript><img decoding=\"async\" style=\"width:100%; height:100%; object-position: top; object-fit:cover;\" src=\"data:image\/gif;base64,R0lGODlhAQABAIAAAAAAAP\/\/\/yH5BAEAAAAALAAAAAABAAEAAAIBRAA7\" alt data-src class=\" lazyload\"><\/a>\n          <\/div>\n\n          <div class=\"event-details-wrap\" style=\"display:block;\">\n\n            <a href=\"https:\/\/www.lvhf.cz\/en\/koncerty\/life-cesta-casem\/\" class=\"event-img-link\">\n              <div class=\"event-img\">\n                <noscript><img loading=\"lazy\" decoding=\"async\" width=\"2560\" height=\"1340\" src=\"https:\/\/www.lvhf.cz\/wp-content\/uploads\/2025\/03\/4._1200x628_result-scaled.webp\" class=\"attachment-concert_large size-concert_large wp-post-image\" srcset=\"https:\/\/www.lvhf.cz\/wp-content\/uploads\/2025\/03\/4._1200x628_result-scaled.webp 2560w, https:\/\/www.lvhf.cz\/wp-content\/uploads\/2025\/03\/4._1200x628_result-400x209.webp 400w, https:\/\/www.lvhf.cz\/wp-content\/uploads\/2025\/03\/4._1200x628_result-1024x536.webp 1024w, https:\/\/www.lvhf.cz\/wp-content\/uploads\/2025\/03\/4._1200x628_result-768x402.webp 768w, https:\/\/www.lvhf.cz\/wp-content\/uploads\/2025\/03\/4._1200x628_result-1536x804.webp 1536w, https:\/\/www.lvhf.cz\/wp-content\/uploads\/2025\/03\/4._1200x628_result-2048x1072.webp 2048w, https:\/\/www.lvhf.cz\/wp-content\/uploads\/2025\/03\/4._1200x628_result-504x264.webp 504w, https:\/\/www.lvhf.cz\/wp-content\/uploads\/2025\/03\/4._1200x628_result-764x400.webp 764w, https:\/\/www.lvhf.cz\/wp-content\/uploads\/2025\/03\/4._1200x628_result-1920x1005.webp 1920w\" sizes=\"(max-width: 2560px) 100vw, 2560px\" alt><\/noscript><img loading=\"lazy\" decoding=\"async\" width=\"2560\" height=\"1340\" src=\"data:image\/svg+xml,%3Csvg%20xmlns%3D%22http%3A%2F%2Fwww.w3.org%2F2000%2Fsvg%22%20viewBox%3D%220%200%202560%201340%22%3E%3C%2Fsvg%3E\" class=\"attachment-concert_large size-concert_large wp-post-image lazyload\" srcset=\"data:image\/svg+xml,%3Csvg%20xmlns%3D%22http%3A%2F%2Fwww.w3.org%2F2000%2Fsvg%22%20viewBox%3D%220%200%202560%201340%22%3E%3C%2Fsvg%3E 2560w\" sizes=\"(max-width: 2560px) 100vw, 2560px\" data-srcset=\"https:\/\/www.lvhf.cz\/wp-content\/uploads\/2025\/03\/4._1200x628_result-scaled.webp 2560w, https:\/\/www.lvhf.cz\/wp-content\/uploads\/2025\/03\/4._1200x628_result-400x209.webp 400w, https:\/\/www.lvhf.cz\/wp-content\/uploads\/2025\/03\/4._1200x628_result-1024x536.webp 1024w, https:\/\/www.lvhf.cz\/wp-content\/uploads\/2025\/03\/4._1200x628_result-768x402.webp 768w, https:\/\/www.lvhf.cz\/wp-content\/uploads\/2025\/03\/4._1200x628_result-1536x804.webp 1536w, https:\/\/www.lvhf.cz\/wp-content\/uploads\/2025\/03\/4._1200x628_result-2048x1072.webp 2048w, https:\/\/www.lvhf.cz\/wp-content\/uploads\/2025\/03\/4._1200x628_result-504x264.webp 504w, https:\/\/www.lvhf.cz\/wp-content\/uploads\/2025\/03\/4._1200x628_result-764x400.webp 764w, https:\/\/www.lvhf.cz\/wp-content\/uploads\/2025\/03\/4._1200x628_result-1920x1005.webp 1920w\" data-src=\"https:\/\/www.lvhf.cz\/wp-content\/uploads\/2025\/03\/4._1200x628_result-scaled.webp\" alt>              <\/div>\n            <\/a>\n        \n            <h3 class=\"event-date\" style=\"display:block;\">\n                          <span class=\"month\">04<\/span> \/\n              <span class=\"day\">10<\/span> \/\n              <span class=\"hour\">7.00 p.m.<\/span>\n            <\/h3>\n            \n            <h3 class=\"event-title\" style=\"display:block;\">LIFE: A Journey Through Time<\/h3>\n            <table class=\"event-details-preview\" style=\"display:block;\">\n              <tbody>\n                <tr>\n                  <td class=\"first-column\">Who<\/td>\n                  <td class=\"second-column\"><strong>Orchestr Berg<\/strong> (CZ)<br>\n<strong>Philip Glass<\/strong> (USA) composer<\/td>\n                <\/tr>\n                                        <tr>\n                  <td class=\"first-column\">Where<\/td>\n                              <td class=\"second-column\"><a style=\"color:rgb(0, 0, 128);\" href=\"https:\/\/www.lvhf.cz\/en\/mista-konani\/zamek-v-mikulove\/\">Chateau Mikulov<\/a> <\/td>\n                <\/tr>\n              <\/tbody>\n            <\/table>\n                  <\/div>\n          <div class=\"btn-event\" style=\"display:block;\">\n            <a href=\"https:\/\/www.lvhf.cz\/en\/koncerty\/life-cesta-casem\/\" class=\"btn btn-default\">Details<\/a>\n                    <\/div>\n        <\/div>\n      <\/div>\n          <!-- Calendar event 7 -->\n      <div class=\"event-col col-sm-6 col-md-6 col-lg-4\">\n\n        \n\n        <div class=\"calendar-event\">\n          <div class=\"banner\" style=\"display:none; height:100%;\">\n            <a href><noscript><img decoding=\"async\" style=\"width:100%; height:100%; object-position: top; object-fit:cover;\" src alt><\/noscript><img decoding=\"async\" style=\"width:100%; height:100%; object-position: top; object-fit:cover;\" src=\"data:image\/gif;base64,R0lGODlhAQABAIAAAAAAAP\/\/\/yH5BAEAAAAALAAAAAABAAEAAAIBRAA7\" alt data-src class=\" lazyload\"><\/a>\n          <\/div>\n\n          <div class=\"event-details-wrap\" style=\"display:block;\">\n\n            <a href=\"https:\/\/www.lvhf.cz\/en\/koncerty\/perly-klavirni-hudby\/\" class=\"event-img-link\">\n              <div class=\"event-img\">\n                <noscript><img loading=\"lazy\" decoding=\"async\" width=\"2560\" height=\"1340\" src=\"https:\/\/www.lvhf.cz\/wp-content\/uploads\/2025\/03\/5._1200x628_result-scaled.webp\" class=\"attachment-concert_large size-concert_large wp-post-image\" srcset=\"https:\/\/www.lvhf.cz\/wp-content\/uploads\/2025\/03\/5._1200x628_result-scaled.webp 2560w, https:\/\/www.lvhf.cz\/wp-content\/uploads\/2025\/03\/5._1200x628_result-400x209.webp 400w, https:\/\/www.lvhf.cz\/wp-content\/uploads\/2025\/03\/5._1200x628_result-1024x536.webp 1024w, https:\/\/www.lvhf.cz\/wp-content\/uploads\/2025\/03\/5._1200x628_result-768x402.webp 768w, https:\/\/www.lvhf.cz\/wp-content\/uploads\/2025\/03\/5._1200x628_result-1536x804.webp 1536w, https:\/\/www.lvhf.cz\/wp-content\/uploads\/2025\/03\/5._1200x628_result-2048x1072.webp 2048w, https:\/\/www.lvhf.cz\/wp-content\/uploads\/2025\/03\/5._1200x628_result-504x264.webp 504w, https:\/\/www.lvhf.cz\/wp-content\/uploads\/2025\/03\/5._1200x628_result-764x400.webp 764w, https:\/\/www.lvhf.cz\/wp-content\/uploads\/2025\/03\/5._1200x628_result-1920x1005.webp 1920w\" sizes=\"(max-width: 2560px) 100vw, 2560px\" alt><\/noscript><img loading=\"lazy\" decoding=\"async\" width=\"2560\" height=\"1340\" src=\"data:image\/svg+xml,%3Csvg%20xmlns%3D%22http%3A%2F%2Fwww.w3.org%2F2000%2Fsvg%22%20viewBox%3D%220%200%202560%201340%22%3E%3C%2Fsvg%3E\" class=\"attachment-concert_large size-concert_large wp-post-image lazyload\" srcset=\"data:image\/svg+xml,%3Csvg%20xmlns%3D%22http%3A%2F%2Fwww.w3.org%2F2000%2Fsvg%22%20viewBox%3D%220%200%202560%201340%22%3E%3C%2Fsvg%3E 2560w\" sizes=\"(max-width: 2560px) 100vw, 2560px\" data-srcset=\"https:\/\/www.lvhf.cz\/wp-content\/uploads\/2025\/03\/5._1200x628_result-scaled.webp 2560w, https:\/\/www.lvhf.cz\/wp-content\/uploads\/2025\/03\/5._1200x628_result-400x209.webp 400w, https:\/\/www.lvhf.cz\/wp-content\/uploads\/2025\/03\/5._1200x628_result-1024x536.webp 1024w, https:\/\/www.lvhf.cz\/wp-content\/uploads\/2025\/03\/5._1200x628_result-768x402.webp 768w, https:\/\/www.lvhf.cz\/wp-content\/uploads\/2025\/03\/5._1200x628_result-1536x804.webp 1536w, https:\/\/www.lvhf.cz\/wp-content\/uploads\/2025\/03\/5._1200x628_result-2048x1072.webp 2048w, https:\/\/www.lvhf.cz\/wp-content\/uploads\/2025\/03\/5._1200x628_result-504x264.webp 504w, https:\/\/www.lvhf.cz\/wp-content\/uploads\/2025\/03\/5._1200x628_result-764x400.webp 764w, https:\/\/www.lvhf.cz\/wp-content\/uploads\/2025\/03\/5._1200x628_result-1920x1005.webp 1920w\" data-src=\"https:\/\/www.lvhf.cz\/wp-content\/uploads\/2025\/03\/5._1200x628_result-scaled.webp\" alt>              <\/div>\n            <\/a>\n        \n            <h3 class=\"event-date\" style=\"display:block;\">\n                          <span class=\"month\">05<\/span> \/\n              <span class=\"day\">10<\/span> \/\n              <span class=\"hour\">4.00 p.m.<\/span>\n            <\/h3>\n            \n            <h3 class=\"event-title\" style=\"display:block;\">Piano Music Gems<\/h3>\n            <table class=\"event-details-preview\" style=\"display:block;\">\n              <tbody>\n                <tr>\n                  <td class=\"first-column\">Who<\/td>\n                  <td class=\"second-column\"><strong>Rachel Breen<\/strong> (USA) piano<\/td>\n                <\/tr>\n                                        <tr>\n                  <td class=\"first-column\">Where<\/td>\n                              <td class=\"second-column\"><a style=\"color:rgb(0, 0, 128);\" href=\"https:\/\/www.lvhf.cz\/en\/mista-konani\/rybnicni-zamecek\/\">Pond Chateau Lednice<\/a> <\/td>\n                <\/tr>\n              <\/tbody>\n            <\/table>\n                  <\/div>\n          <div class=\"btn-event\" style=\"display:block;\">\n            <a href=\"https:\/\/www.lvhf.cz\/en\/koncerty\/perly-klavirni-hudby\/\" class=\"btn btn-default\">Details<\/a>\n                    <\/div>\n        <\/div>\n      <\/div>\n          <!-- Calendar event 8 -->\n      <div class=\"event-col col-sm-6 col-md-6 col-lg-4\">\n\n        \n\n        <div class=\"calendar-event\">\n          <div class=\"banner\" style=\"display:none; height:100%;\">\n            <a href><noscript><img decoding=\"async\" style=\"width:100%; height:100%; object-position: top; object-fit:cover;\" src alt><\/noscript><img decoding=\"async\" style=\"width:100%; height:100%; object-position: top; object-fit:cover;\" src=\"data:image\/gif;base64,R0lGODlhAQABAIAAAAAAAP\/\/\/yH5BAEAAAAALAAAAAABAAEAAAIBRAA7\" alt data-src class=\" lazyload\"><\/a>\n          <\/div>\n\n          <div class=\"event-details-wrap\" style=\"display:block;\">\n\n            <a href=\"https:\/\/www.lvhf.cz\/en\/koncerty\/kvartet-v-srdci-valtic\/\" class=\"event-img-link\">\n              <div class=\"event-img\">\n                <noscript><img loading=\"lazy\" decoding=\"async\" width=\"2560\" height=\"1340\" src=\"https:\/\/www.lvhf.cz\/wp-content\/uploads\/2025\/03\/6._1200x628_result_result-scaled.webp\" class=\"attachment-concert_large size-concert_large wp-post-image\" srcset=\"https:\/\/www.lvhf.cz\/wp-content\/uploads\/2025\/03\/6._1200x628_result_result-scaled.webp 2560w, https:\/\/www.lvhf.cz\/wp-content\/uploads\/2025\/03\/6._1200x628_result_result-400x209.webp 400w, https:\/\/www.lvhf.cz\/wp-content\/uploads\/2025\/03\/6._1200x628_result_result-1024x536.webp 1024w, https:\/\/www.lvhf.cz\/wp-content\/uploads\/2025\/03\/6._1200x628_result_result-768x402.webp 768w, https:\/\/www.lvhf.cz\/wp-content\/uploads\/2025\/03\/6._1200x628_result_result-1536x804.webp 1536w, https:\/\/www.lvhf.cz\/wp-content\/uploads\/2025\/03\/6._1200x628_result_result-2048x1072.webp 2048w, https:\/\/www.lvhf.cz\/wp-content\/uploads\/2025\/03\/6._1200x628_result_result-504x264.webp 504w, https:\/\/www.lvhf.cz\/wp-content\/uploads\/2025\/03\/6._1200x628_result_result-764x400.webp 764w, https:\/\/www.lvhf.cz\/wp-content\/uploads\/2025\/03\/6._1200x628_result_result-1920x1005.webp 1920w\" sizes=\"(max-width: 2560px) 100vw, 2560px\" alt><\/noscript><img loading=\"lazy\" decoding=\"async\" width=\"2560\" height=\"1340\" src=\"data:image\/svg+xml,%3Csvg%20xmlns%3D%22http%3A%2F%2Fwww.w3.org%2F2000%2Fsvg%22%20viewBox%3D%220%200%202560%201340%22%3E%3C%2Fsvg%3E\" class=\"attachment-concert_large size-concert_large wp-post-image lazyload\" srcset=\"data:image\/svg+xml,%3Csvg%20xmlns%3D%22http%3A%2F%2Fwww.w3.org%2F2000%2Fsvg%22%20viewBox%3D%220%200%202560%201340%22%3E%3C%2Fsvg%3E 2560w\" sizes=\"(max-width: 2560px) 100vw, 2560px\" data-srcset=\"https:\/\/www.lvhf.cz\/wp-content\/uploads\/2025\/03\/6._1200x628_result_result-scaled.webp 2560w, https:\/\/www.lvhf.cz\/wp-content\/uploads\/2025\/03\/6._1200x628_result_result-400x209.webp 400w, https:\/\/www.lvhf.cz\/wp-content\/uploads\/2025\/03\/6._1200x628_result_result-1024x536.webp 1024w, https:\/\/www.lvhf.cz\/wp-content\/uploads\/2025\/03\/6._1200x628_result_result-768x402.webp 768w, https:\/\/www.lvhf.cz\/wp-content\/uploads\/2025\/03\/6._1200x628_result_result-1536x804.webp 1536w, https:\/\/www.lvhf.cz\/wp-content\/uploads\/2025\/03\/6._1200x628_result_result-2048x1072.webp 2048w, https:\/\/www.lvhf.cz\/wp-content\/uploads\/2025\/03\/6._1200x628_result_result-504x264.webp 504w, https:\/\/www.lvhf.cz\/wp-content\/uploads\/2025\/03\/6._1200x628_result_result-764x400.webp 764w, https:\/\/www.lvhf.cz\/wp-content\/uploads\/2025\/03\/6._1200x628_result_result-1920x1005.webp 1920w\" data-src=\"https:\/\/www.lvhf.cz\/wp-content\/uploads\/2025\/03\/6._1200x628_result_result-scaled.webp\" alt>              <\/div>\n            <\/a>\n        \n            <h3 class=\"event-date\" style=\"display:block;\">\n                          <span class=\"month\">08<\/span> \/\n              <span class=\"day\">10<\/span> \/\n              <span class=\"hour\">7.00 p.m.<\/span>\n            <\/h3>\n            \n            <h3 class=\"event-title\" style=\"display:block;\">Quartet in the Heart of Valtice<\/h3>\n            <table class=\"event-details-preview\" style=\"display:block;\">\n              <tbody>\n                <tr>\n                  <td class=\"first-column\">Who<\/td>\n                  <td class=\"second-column\"><strong>Pavel Haas Quartet<\/strong> (CZ)<\/td>\n                <\/tr>\n                                        <tr>\n                  <td class=\"first-column\">Where<\/td>\n                              <td class=\"second-column\"><a style=\"color:rgb(0, 0, 128);\" href=\"https:\/\/www.lvhf.cz\/en\/mista-konani\/zamek-valtice-tanecni-sal\/\">Valtice Castle \u2013 Ballroom<\/a> <\/td>\n                <\/tr>\n              <\/tbody>\n            <\/table>\n                  <\/div>\n          <div class=\"btn-event\" style=\"display:block;\">\n            <a href=\"https:\/\/www.lvhf.cz\/en\/koncerty\/kvartet-v-srdci-valtic\/\" class=\"btn btn-default\">Details<\/a>\n                    <\/div>\n        <\/div>\n      <\/div>\n          <!-- Calendar event 9 -->\n      <div class=\"event-col col-sm-6 col-md-6 col-lg-4\">\n\n        \n\n        <div class=\"calendar-event\">\n          <div class=\"banner\" style=\"display:none; height:100%;\">\n            <a href><noscript><img decoding=\"async\" style=\"width:100%; height:100%; object-position: top; object-fit:cover;\" src alt><\/noscript><img decoding=\"async\" style=\"width:100%; height:100%; object-position: top; object-fit:cover;\" src=\"data:image\/gif;base64,R0lGODlhAQABAIAAAAAAAP\/\/\/yH5BAEAAAAALAAAAAABAAEAAAIBRAA7\" alt data-src class=\" lazyload\"><\/a>\n          <\/div>\n\n          <div class=\"event-details-wrap\" style=\"display:block;\">\n\n            <a href=\"https:\/\/www.lvhf.cz\/en\/koncerty\/americke-spiritualy\/\" class=\"event-img-link\">\n              <div class=\"event-img\">\n                <noscript><img loading=\"lazy\" decoding=\"async\" width=\"2560\" height=\"1340\" src=\"https:\/\/www.lvhf.cz\/wp-content\/uploads\/2025\/03\/7._1200x628_result-scaled.webp\" class=\"attachment-concert_large size-concert_large wp-post-image\" srcset=\"https:\/\/www.lvhf.cz\/wp-content\/uploads\/2025\/03\/7._1200x628_result-scaled.webp 2560w, https:\/\/www.lvhf.cz\/wp-content\/uploads\/2025\/03\/7._1200x628_result-400x209.webp 400w, https:\/\/www.lvhf.cz\/wp-content\/uploads\/2025\/03\/7._1200x628_result-1024x536.webp 1024w, https:\/\/www.lvhf.cz\/wp-content\/uploads\/2025\/03\/7._1200x628_result-768x402.webp 768w, https:\/\/www.lvhf.cz\/wp-content\/uploads\/2025\/03\/7._1200x628_result-1536x804.webp 1536w, https:\/\/www.lvhf.cz\/wp-content\/uploads\/2025\/03\/7._1200x628_result-2048x1072.webp 2048w, https:\/\/www.lvhf.cz\/wp-content\/uploads\/2025\/03\/7._1200x628_result-504x264.webp 504w, https:\/\/www.lvhf.cz\/wp-content\/uploads\/2025\/03\/7._1200x628_result-764x400.webp 764w, https:\/\/www.lvhf.cz\/wp-content\/uploads\/2025\/03\/7._1200x628_result-1920x1005.webp 1920w\" sizes=\"(max-width: 2560px) 100vw, 2560px\" alt><\/noscript><img loading=\"lazy\" decoding=\"async\" width=\"2560\" height=\"1340\" src=\"data:image\/svg+xml,%3Csvg%20xmlns%3D%22http%3A%2F%2Fwww.w3.org%2F2000%2Fsvg%22%20viewBox%3D%220%200%202560%201340%22%3E%3C%2Fsvg%3E\" class=\"attachment-concert_large size-concert_large wp-post-image lazyload\" srcset=\"data:image\/svg+xml,%3Csvg%20xmlns%3D%22http%3A%2F%2Fwww.w3.org%2F2000%2Fsvg%22%20viewBox%3D%220%200%202560%201340%22%3E%3C%2Fsvg%3E 2560w\" sizes=\"(max-width: 2560px) 100vw, 2560px\" data-srcset=\"https:\/\/www.lvhf.cz\/wp-content\/uploads\/2025\/03\/7._1200x628_result-scaled.webp 2560w, https:\/\/www.lvhf.cz\/wp-content\/uploads\/2025\/03\/7._1200x628_result-400x209.webp 400w, https:\/\/www.lvhf.cz\/wp-content\/uploads\/2025\/03\/7._1200x628_result-1024x536.webp 1024w, https:\/\/www.lvhf.cz\/wp-content\/uploads\/2025\/03\/7._1200x628_result-768x402.webp 768w, https:\/\/www.lvhf.cz\/wp-content\/uploads\/2025\/03\/7._1200x628_result-1536x804.webp 1536w, https:\/\/www.lvhf.cz\/wp-content\/uploads\/2025\/03\/7._1200x628_result-2048x1072.webp 2048w, https:\/\/www.lvhf.cz\/wp-content\/uploads\/2025\/03\/7._1200x628_result-504x264.webp 504w, https:\/\/www.lvhf.cz\/wp-content\/uploads\/2025\/03\/7._1200x628_result-764x400.webp 764w, https:\/\/www.lvhf.cz\/wp-content\/uploads\/2025\/03\/7._1200x628_result-1920x1005.webp 1920w\" data-src=\"https:\/\/www.lvhf.cz\/wp-content\/uploads\/2025\/03\/7._1200x628_result-scaled.webp\" alt>              <\/div>\n            <\/a>\n        \n            <h3 class=\"event-date\" style=\"display:block;\">\n                          <span class=\"month\">10<\/span> \/\n              <span class=\"day\">10<\/span> \/\n              <span class=\"hour\">7.00 p.m.<\/span>\n            <\/h3>\n            \n            <h3 class=\"event-title\" style=\"display:block;\">American Spirituals<\/h3>\n            <table class=\"event-details-preview\" style=\"display:block;\">\n              <tbody>\n                <tr>\n                  <td class=\"first-column\">Who<\/td>\n                  <td class=\"second-column\"><strong>Martin\u016f Voices<\/strong> (CZ)<br>\n\n<strong>Luk\u00e1\u0161 Vasilek<\/strong> (CZ) choir conductor and piano<br>\n<strong>Mikhail Pashayev<\/strong> (AZ) percussion<\/td>\n                <\/tr>\n                                        <tr>\n                  <td class=\"first-column\">Where<\/td>\n                              <td class=\"second-column\"><a style=\"color:rgb(0, 0, 128);\" href=\"https:\/\/www.lvhf.cz\/en\/mista-konani\/kostel-sv-jakuba-starsiho-statni-zamek-lednice\/\">Church of St. James the Elder, Lednice<\/a> <\/td>\n                <\/tr>\n              <\/tbody>\n            <\/table>\n                  <\/div>\n          <div class=\"btn-event\" style=\"display:block;\">\n            <a href=\"https:\/\/www.lvhf.cz\/en\/koncerty\/americke-spiritualy\/\" class=\"btn btn-default\">Details<\/a>\n                    <\/div>\n        <\/div>\n      <\/div>\n          <!-- Calendar event 10 -->\n      <div class=\"event-col col-sm-6 col-md-6 col-lg-4\">\n\n        \n\n        <div class=\"calendar-event\">\n          <div class=\"banner\" style=\"display:none; height:100%;\">\n            <a href><noscript><img decoding=\"async\" style=\"width:100%; height:100%; object-position: top; object-fit:cover;\" src alt><\/noscript><img decoding=\"async\" style=\"width:100%; height:100%; object-position: top; object-fit:cover;\" src=\"data:image\/gif;base64,R0lGODlhAQABAIAAAAAAAP\/\/\/yH5BAEAAAAALAAAAAABAAEAAAIBRAA7\" alt data-src class=\" lazyload\"><\/a>\n          <\/div>\n\n          <div class=\"event-details-wrap\" style=\"display:block;\">\n\n            <a href=\"https:\/\/www.lvhf.cz\/en\/koncerty\/god-bless-america\/\" class=\"event-img-link\">\n              <div class=\"event-img\">\n                <noscript><img loading=\"lazy\" decoding=\"async\" width=\"2560\" height=\"1340\" src=\"https:\/\/www.lvhf.cz\/wp-content\/uploads\/2025\/03\/8._1200x628_result-scaled.webp\" class=\"attachment-concert_large size-concert_large wp-post-image\" srcset=\"https:\/\/www.lvhf.cz\/wp-content\/uploads\/2025\/03\/8._1200x628_result-scaled.webp 2560w, https:\/\/www.lvhf.cz\/wp-content\/uploads\/2025\/03\/8._1200x628_result-400x209.webp 400w, https:\/\/www.lvhf.cz\/wp-content\/uploads\/2025\/03\/8._1200x628_result-1024x536.webp 1024w, https:\/\/www.lvhf.cz\/wp-content\/uploads\/2025\/03\/8._1200x628_result-768x402.webp 768w, https:\/\/www.lvhf.cz\/wp-content\/uploads\/2025\/03\/8._1200x628_result-1536x804.webp 1536w, https:\/\/www.lvhf.cz\/wp-content\/uploads\/2025\/03\/8._1200x628_result-2048x1072.webp 2048w, https:\/\/www.lvhf.cz\/wp-content\/uploads\/2025\/03\/8._1200x628_result-504x264.webp 504w, https:\/\/www.lvhf.cz\/wp-content\/uploads\/2025\/03\/8._1200x628_result-764x400.webp 764w, https:\/\/www.lvhf.cz\/wp-content\/uploads\/2025\/03\/8._1200x628_result-1920x1005.webp 1920w\" sizes=\"(max-width: 2560px) 100vw, 2560px\" alt><\/noscript><img loading=\"lazy\" decoding=\"async\" width=\"2560\" height=\"1340\" src=\"data:image\/svg+xml,%3Csvg%20xmlns%3D%22http%3A%2F%2Fwww.w3.org%2F2000%2Fsvg%22%20viewBox%3D%220%200%202560%201340%22%3E%3C%2Fsvg%3E\" class=\"attachment-concert_large size-concert_large wp-post-image lazyload\" srcset=\"data:image\/svg+xml,%3Csvg%20xmlns%3D%22http%3A%2F%2Fwww.w3.org%2F2000%2Fsvg%22%20viewBox%3D%220%200%202560%201340%22%3E%3C%2Fsvg%3E 2560w\" sizes=\"(max-width: 2560px) 100vw, 2560px\" data-srcset=\"https:\/\/www.lvhf.cz\/wp-content\/uploads\/2025\/03\/8._1200x628_result-scaled.webp 2560w, https:\/\/www.lvhf.cz\/wp-content\/uploads\/2025\/03\/8._1200x628_result-400x209.webp 400w, https:\/\/www.lvhf.cz\/wp-content\/uploads\/2025\/03\/8._1200x628_result-1024x536.webp 1024w, https:\/\/www.lvhf.cz\/wp-content\/uploads\/2025\/03\/8._1200x628_result-768x402.webp 768w, https:\/\/www.lvhf.cz\/wp-content\/uploads\/2025\/03\/8._1200x628_result-1536x804.webp 1536w, https:\/\/www.lvhf.cz\/wp-content\/uploads\/2025\/03\/8._1200x628_result-2048x1072.webp 2048w, https:\/\/www.lvhf.cz\/wp-content\/uploads\/2025\/03\/8._1200x628_result-504x264.webp 504w, https:\/\/www.lvhf.cz\/wp-content\/uploads\/2025\/03\/8._1200x628_result-764x400.webp 764w, https:\/\/www.lvhf.cz\/wp-content\/uploads\/2025\/03\/8._1200x628_result-1920x1005.webp 1920w\" data-src=\"https:\/\/www.lvhf.cz\/wp-content\/uploads\/2025\/03\/8._1200x628_result-scaled.webp\" alt>              <\/div>\n            <\/a>\n        \n            <h3 class=\"event-date\" style=\"display:block;\">\n                          <span class=\"month\">11<\/span> \/\n              <span class=\"day\">10<\/span> \/\n              <span class=\"hour\">7.00 p.m.<\/span>\n            <\/h3>\n            \n            <h3 class=\"event-title\" style=\"display:block;\">God Bless America<\/h3>\n            <table class=\"event-details-preview\" style=\"display:block;\">\n              <tbody>\n                <tr>\n                  <td class=\"first-column\">Who<\/td>\n                  <td class=\"second-column\"><strong>Kings Return<\/strong> (USA)<br>\n\n<strong>Vaughn Faison<\/strong> tenor<br>\n<strong>Gabe Kunda<\/strong> bass<br>\n<strong>J. E. McKissic<\/strong> tenor<br>\n<strong>Jamall Williams baritone<\/strong><\/td>\n                <\/tr>\n                                        <tr>\n                  <td class=\"first-column\">Where<\/td>\n                              <td class=\"second-column\"><a style=\"color:rgb(0, 0, 128);\" href=\"https:\/\/www.lvhf.cz\/en\/mista-konani\/zamecka-jizdarna-lednice-multifunkcni-centrum\/\">Lednice Riding Hall<\/a> <\/td>\n                <\/tr>\n              <\/tbody>\n            <\/table>\n                  <\/div>\n          <div class=\"btn-event\" style=\"display:block;\">\n            <a href=\"https:\/\/www.lvhf.cz\/en\/koncerty\/god-bless-america\/\" class=\"btn btn-default\">Details<\/a>\n                    <\/div>\n        <\/div>\n      <\/div>\n          <!-- Calendar event 11 -->\n      <div class=\"event-col col-sm-6 col-md-6 col-lg-4\">\n\n        \n\n        <div class=\"calendar-event\">\n          <div class=\"banner\" style=\"display:none; height:100%;\">\n            <a href><noscript><img decoding=\"async\" style=\"width:100%; height:100%; object-position: top; object-fit:cover;\" src alt><\/noscript><img decoding=\"async\" style=\"width:100%; height:100%; object-position: top; object-fit:cover;\" src=\"data:image\/gif;base64,R0lGODlhAQABAIAAAAAAAP\/\/\/yH5BAEAAAAALAAAAAABAAEAAAIBRAA7\" alt data-src class=\" lazyload\"><\/a>\n          <\/div>\n\n          <div class=\"event-details-wrap\" style=\"display:block;\">\n\n            <a href=\"https:\/\/www.lvhf.cz\/en\/koncerty\/prednaska-bratri-bauerove-rozmanitost-ziveho-sveta\/\" class=\"event-img-link\">\n              <div class=\"event-img\">\n                <noscript><img loading=\"lazy\" decoding=\"async\" width=\"2560\" height=\"1340\" src=\"https:\/\/www.lvhf.cz\/wp-content\/uploads\/2025\/03\/1200x628_CZ_result-scaled.webp\" class=\"attachment-concert_large size-concert_large wp-post-image\" srcset=\"https:\/\/www.lvhf.cz\/wp-content\/uploads\/2025\/03\/1200x628_CZ_result-scaled.webp 2560w, https:\/\/www.lvhf.cz\/wp-content\/uploads\/2025\/03\/1200x628_CZ_result-400x209.webp 400w, https:\/\/www.lvhf.cz\/wp-content\/uploads\/2025\/03\/1200x628_CZ_result-1024x536.webp 1024w, https:\/\/www.lvhf.cz\/wp-content\/uploads\/2025\/03\/1200x628_CZ_result-768x402.webp 768w, https:\/\/www.lvhf.cz\/wp-content\/uploads\/2025\/03\/1200x628_CZ_result-1536x804.webp 1536w, https:\/\/www.lvhf.cz\/wp-content\/uploads\/2025\/03\/1200x628_CZ_result-2048x1072.webp 2048w, https:\/\/www.lvhf.cz\/wp-content\/uploads\/2025\/03\/1200x628_CZ_result-504x264.webp 504w, https:\/\/www.lvhf.cz\/wp-content\/uploads\/2025\/03\/1200x628_CZ_result-764x400.webp 764w, https:\/\/www.lvhf.cz\/wp-content\/uploads\/2025\/03\/1200x628_CZ_result-1920x1005.webp 1920w\" sizes=\"(max-width: 2560px) 100vw, 2560px\" alt><\/noscript><img loading=\"lazy\" decoding=\"async\" width=\"2560\" height=\"1340\" src=\"data:image\/svg+xml,%3Csvg%20xmlns%3D%22http%3A%2F%2Fwww.w3.org%2F2000%2Fsvg%22%20viewBox%3D%220%200%202560%201340%22%3E%3C%2Fsvg%3E\" class=\"attachment-concert_large size-concert_large wp-post-image lazyload\" srcset=\"data:image\/svg+xml,%3Csvg%20xmlns%3D%22http%3A%2F%2Fwww.w3.org%2F2000%2Fsvg%22%20viewBox%3D%220%200%202560%201340%22%3E%3C%2Fsvg%3E 2560w\" sizes=\"(max-width: 2560px) 100vw, 2560px\" data-srcset=\"https:\/\/www.lvhf.cz\/wp-content\/uploads\/2025\/03\/1200x628_CZ_result-scaled.webp 2560w, https:\/\/www.lvhf.cz\/wp-content\/uploads\/2025\/03\/1200x628_CZ_result-400x209.webp 400w, https:\/\/www.lvhf.cz\/wp-content\/uploads\/2025\/03\/1200x628_CZ_result-1024x536.webp 1024w, https:\/\/www.lvhf.cz\/wp-content\/uploads\/2025\/03\/1200x628_CZ_result-768x402.webp 768w, https:\/\/www.lvhf.cz\/wp-content\/uploads\/2025\/03\/1200x628_CZ_result-1536x804.webp 1536w, https:\/\/www.lvhf.cz\/wp-content\/uploads\/2025\/03\/1200x628_CZ_result-2048x1072.webp 2048w, https:\/\/www.lvhf.cz\/wp-content\/uploads\/2025\/03\/1200x628_CZ_result-504x264.webp 504w, https:\/\/www.lvhf.cz\/wp-content\/uploads\/2025\/03\/1200x628_CZ_result-764x400.webp 764w, https:\/\/www.lvhf.cz\/wp-content\/uploads\/2025\/03\/1200x628_CZ_result-1920x1005.webp 1920w\" data-src=\"https:\/\/www.lvhf.cz\/wp-content\/uploads\/2025\/03\/1200x628_CZ_result-scaled.webp\" alt>              <\/div>\n            <\/a>\n        \n            <h3 class=\"event-date\" style=\"display:block;\">\n                          <span class=\"month\">12<\/span> \/\n              <span class=\"day\">10<\/span> \/\n              <span class=\"hour\">4.00 p.m.<\/span>\n            <\/h3>\n            \n            <h3 class=\"event-title\" style=\"display:block;\">Lecture: The Bauer Brothers: Diversity of Living Creatures<\/h3>\n            <table class=\"event-details-preview\" style=\"display:block;\">\n              <tbody>\n                <tr>\n                  <td class=\"first-column\">Who<\/td>\n                  <td class=\"second-column\"><strong>Prof. Dr. Hans-Walter Lack<\/strong><\/td>\n                <\/tr>\n                                        <tr>\n                  <td class=\"first-column\">Where<\/td>\n                              <td class=\"second-column\"><a style=\"color:rgb(0, 0, 128);\" href=\"https:\/\/www.lvhf.cz\/en\/mista-konani\/bily-sal-zamku-valtice\/\">White Hall of Valtice Castle<\/a> <\/td>\n                <\/tr>\n              <\/tbody>\n            <\/table>\n                  <\/div>\n          <div class=\"btn-event\" style=\"display:block;\">\n            <a href=\"https:\/\/www.lvhf.cz\/en\/koncerty\/prednaska-bratri-bauerove-rozmanitost-ziveho-sveta\/\" class=\"btn btn-default\">Details<\/a>\n                    <\/div>\n        <\/div>\n      <\/div>\n          <!-- Calendar event 12 -->\n      <div class=\"event-col col-sm-6 col-md-6 col-lg-4\">\n\n        \n\n        <div class=\"calendar-event\">\n          <div class=\"banner\" style=\"display:none; height:100%;\">\n            <a href><noscript><img decoding=\"async\" style=\"width:100%; height:100%; object-position: top; object-fit:cover;\" src alt><\/noscript><img decoding=\"async\" style=\"width:100%; height:100%; object-position: top; object-fit:cover;\" src=\"data:image\/gif;base64,R0lGODlhAQABAIAAAAAAAP\/\/\/yH5BAEAAAAALAAAAAABAAEAAAIBRAA7\" alt data-src class=\" lazyload\"><\/a>\n          <\/div>\n\n          <div class=\"event-details-wrap\" style=\"display:block;\">\n\n            <a href=\"https:\/\/www.lvhf.cz\/en\/koncerty\/prednaska-cesta-americkych-rostlin-a-drevin-do-unikatni-krajinarske-kompozice-lednicko-valtickeho-arealu\/\" class=\"event-img-link\">\n              <div class=\"event-img\">\n                <noscript><img loading=\"lazy\" decoding=\"async\" width=\"2560\" height=\"1340\" src=\"https:\/\/www.lvhf.cz\/wp-content\/uploads\/2025\/03\/1200x628_CZ_result-scaled.webp\" class=\"attachment-concert_large size-concert_large wp-post-image\" srcset=\"https:\/\/www.lvhf.cz\/wp-content\/uploads\/2025\/03\/1200x628_CZ_result-scaled.webp 2560w, https:\/\/www.lvhf.cz\/wp-content\/uploads\/2025\/03\/1200x628_CZ_result-400x209.webp 400w, https:\/\/www.lvhf.cz\/wp-content\/uploads\/2025\/03\/1200x628_CZ_result-1024x536.webp 1024w, https:\/\/www.lvhf.cz\/wp-content\/uploads\/2025\/03\/1200x628_CZ_result-768x402.webp 768w, https:\/\/www.lvhf.cz\/wp-content\/uploads\/2025\/03\/1200x628_CZ_result-1536x804.webp 1536w, https:\/\/www.lvhf.cz\/wp-content\/uploads\/2025\/03\/1200x628_CZ_result-2048x1072.webp 2048w, https:\/\/www.lvhf.cz\/wp-content\/uploads\/2025\/03\/1200x628_CZ_result-504x264.webp 504w, https:\/\/www.lvhf.cz\/wp-content\/uploads\/2025\/03\/1200x628_CZ_result-764x400.webp 764w, https:\/\/www.lvhf.cz\/wp-content\/uploads\/2025\/03\/1200x628_CZ_result-1920x1005.webp 1920w\" sizes=\"(max-width: 2560px) 100vw, 2560px\" alt><\/noscript><img loading=\"lazy\" decoding=\"async\" width=\"2560\" height=\"1340\" src=\"data:image\/svg+xml,%3Csvg%20xmlns%3D%22http%3A%2F%2Fwww.w3.org%2F2000%2Fsvg%22%20viewBox%3D%220%200%202560%201340%22%3E%3C%2Fsvg%3E\" class=\"attachment-concert_large size-concert_large wp-post-image lazyload\" srcset=\"data:image\/svg+xml,%3Csvg%20xmlns%3D%22http%3A%2F%2Fwww.w3.org%2F2000%2Fsvg%22%20viewBox%3D%220%200%202560%201340%22%3E%3C%2Fsvg%3E 2560w\" sizes=\"(max-width: 2560px) 100vw, 2560px\" data-srcset=\"https:\/\/www.lvhf.cz\/wp-content\/uploads\/2025\/03\/1200x628_CZ_result-scaled.webp 2560w, https:\/\/www.lvhf.cz\/wp-content\/uploads\/2025\/03\/1200x628_CZ_result-400x209.webp 400w, https:\/\/www.lvhf.cz\/wp-content\/uploads\/2025\/03\/1200x628_CZ_result-1024x536.webp 1024w, https:\/\/www.lvhf.cz\/wp-content\/uploads\/2025\/03\/1200x628_CZ_result-768x402.webp 768w, https:\/\/www.lvhf.cz\/wp-content\/uploads\/2025\/03\/1200x628_CZ_result-1536x804.webp 1536w, https:\/\/www.lvhf.cz\/wp-content\/uploads\/2025\/03\/1200x628_CZ_result-2048x1072.webp 2048w, https:\/\/www.lvhf.cz\/wp-content\/uploads\/2025\/03\/1200x628_CZ_result-504x264.webp 504w, https:\/\/www.lvhf.cz\/wp-content\/uploads\/2025\/03\/1200x628_CZ_result-764x400.webp 764w, https:\/\/www.lvhf.cz\/wp-content\/uploads\/2025\/03\/1200x628_CZ_result-1920x1005.webp 1920w\" data-src=\"https:\/\/www.lvhf.cz\/wp-content\/uploads\/2025\/03\/1200x628_CZ_result-scaled.webp\" alt>              <\/div>\n            <\/a>\n        \n            <h3 class=\"event-date\" style=\"display:block;\">\n                          <span class=\"month\">13<\/span> \/\n              <span class=\"day\">10<\/span> \/\n              <span class=\"hour\">5.00 p.m.<\/span>\n            <\/h3>\n            \n            <h3 class=\"event-title\" style=\"display:block;\">Lecture: The journey of American plants and trees into the unique landscape of the Lednice-Valtice area<\/h3>\n            <table class=\"event-details-preview\" style=\"display:block;\">\n              <tbody>\n                <tr>\n                  <td class=\"first-column\">Who<\/td>\n                  <td class=\"second-column\"><strong>Ing. Zden\u011bk Nov\u00e1k<\/strong>, National Museum of Agriculture, general director<\/td>\n                <\/tr>\n                                        <tr>\n                  <td class=\"first-column\">Where<\/td>\n                              <td class=\"second-column\"><a style=\"color:rgb(0, 0, 128);\" href=\"https:\/\/www.lvhf.cz\/en\/mista-konani\/zemedelske-muzeum-valtice\/\">National Agricultural Museum Valtice<\/a> <\/td>\n                <\/tr>\n              <\/tbody>\n            <\/table>\n                  <\/div>\n          <div class=\"btn-event\" style=\"display:block;\">\n            <a href=\"https:\/\/www.lvhf.cz\/en\/koncerty\/prednaska-cesta-americkych-rostlin-a-drevin-do-unikatni-krajinarske-kompozice-lednicko-valtickeho-arealu\/\" class=\"btn btn-default\">Details<\/a>\n                    <\/div>\n        <\/div>\n      <\/div>\n          <!-- Calendar event 13 -->\n      <div class=\"event-col col-sm-6 col-md-6 col-lg-4\">\n\n        \n\n        <div class=\"calendar-event\">\n          <div class=\"banner\" style=\"display:none; height:100%;\">\n            <a href><noscript><img decoding=\"async\" style=\"width:100%; height:100%; object-position: top; object-fit:cover;\" src alt><\/noscript><img decoding=\"async\" style=\"width:100%; height:100%; object-position: top; object-fit:cover;\" src=\"data:image\/gif;base64,R0lGODlhAQABAIAAAAAAAP\/\/\/yH5BAEAAAAALAAAAAABAAEAAAIBRAA7\" alt data-src class=\" lazyload\"><\/a>\n          <\/div>\n\n          <div class=\"event-details-wrap\" style=\"display:block;\">\n\n            <a href=\"https:\/\/www.lvhf.cz\/en\/koncerty\/prednaska-architektura-a-hudba-ostinato-a-repetitivni-struktury-v-architekture\/\" class=\"event-img-link\">\n              <div class=\"event-img\">\n                <noscript><img loading=\"lazy\" decoding=\"async\" width=\"2560\" height=\"1340\" src=\"https:\/\/www.lvhf.cz\/wp-content\/uploads\/2025\/03\/Dorucena-posta-1200x628-1-scaled.jpg\" class=\"attachment-concert_large size-concert_large wp-post-image\" srcset=\"https:\/\/www.lvhf.cz\/wp-content\/uploads\/2025\/03\/Dorucena-posta-1200x628-1-scaled.jpg 2560w, https:\/\/www.lvhf.cz\/wp-content\/uploads\/2025\/03\/Dorucena-posta-1200x628-1-400x209.jpg 400w, https:\/\/www.lvhf.cz\/wp-content\/uploads\/2025\/03\/Dorucena-posta-1200x628-1-1024x536.jpg 1024w, https:\/\/www.lvhf.cz\/wp-content\/uploads\/2025\/03\/Dorucena-posta-1200x628-1-768x402.jpg 768w, https:\/\/www.lvhf.cz\/wp-content\/uploads\/2025\/03\/Dorucena-posta-1200x628-1-1536x804.jpg 1536w, https:\/\/www.lvhf.cz\/wp-content\/uploads\/2025\/03\/Dorucena-posta-1200x628-1-2048x1072.jpg 2048w, https:\/\/www.lvhf.cz\/wp-content\/uploads\/2025\/03\/Dorucena-posta-1200x628-1-504x264.jpg 504w, https:\/\/www.lvhf.cz\/wp-content\/uploads\/2025\/03\/Dorucena-posta-1200x628-1-764x400.jpg 764w, https:\/\/www.lvhf.cz\/wp-content\/uploads\/2025\/03\/Dorucena-posta-1200x628-1-1920x1005.jpg 1920w\" sizes=\"(max-width: 2560px) 100vw, 2560px\" alt><\/noscript><img loading=\"lazy\" decoding=\"async\" width=\"2560\" height=\"1340\" src=\"data:image\/svg+xml,%3Csvg%20xmlns%3D%22http%3A%2F%2Fwww.w3.org%2F2000%2Fsvg%22%20viewBox%3D%220%200%202560%201340%22%3E%3C%2Fsvg%3E\" class=\"attachment-concert_large size-concert_large wp-post-image lazyload\" srcset=\"data:image\/svg+xml,%3Csvg%20xmlns%3D%22http%3A%2F%2Fwww.w3.org%2F2000%2Fsvg%22%20viewBox%3D%220%200%202560%201340%22%3E%3C%2Fsvg%3E 2560w\" sizes=\"(max-width: 2560px) 100vw, 2560px\" data-srcset=\"https:\/\/www.lvhf.cz\/wp-content\/uploads\/2025\/03\/Dorucena-posta-1200x628-1-scaled.jpg 2560w, https:\/\/www.lvhf.cz\/wp-content\/uploads\/2025\/03\/Dorucena-posta-1200x628-1-400x209.jpg 400w, https:\/\/www.lvhf.cz\/wp-content\/uploads\/2025\/03\/Dorucena-posta-1200x628-1-1024x536.jpg 1024w, https:\/\/www.lvhf.cz\/wp-content\/uploads\/2025\/03\/Dorucena-posta-1200x628-1-768x402.jpg 768w, https:\/\/www.lvhf.cz\/wp-content\/uploads\/2025\/03\/Dorucena-posta-1200x628-1-1536x804.jpg 1536w, https:\/\/www.lvhf.cz\/wp-content\/uploads\/2025\/03\/Dorucena-posta-1200x628-1-2048x1072.jpg 2048w, https:\/\/www.lvhf.cz\/wp-content\/uploads\/2025\/03\/Dorucena-posta-1200x628-1-504x264.jpg 504w, https:\/\/www.lvhf.cz\/wp-content\/uploads\/2025\/03\/Dorucena-posta-1200x628-1-764x400.jpg 764w, https:\/\/www.lvhf.cz\/wp-content\/uploads\/2025\/03\/Dorucena-posta-1200x628-1-1920x1005.jpg 1920w\" data-src=\"https:\/\/www.lvhf.cz\/wp-content\/uploads\/2025\/03\/Dorucena-posta-1200x628-1-scaled.jpg\" alt>              <\/div>\n            <\/a>\n        \n            <h3 class=\"event-date\" style=\"display:block;\">\n                          <span class=\"month\">14<\/span> \/\n              <span class=\"day\">10<\/span> \/\n              <span class=\"hour\">5.00 p.m.<\/span>\n            <\/h3>\n            \n            <h3 class=\"event-title\" style=\"display:block;\">Lecture: Architecture and music: OSTINATO and repetition in architecture<\/h3>\n            <table class=\"event-details-preview\" style=\"display:block;\">\n              <tbody>\n                <tr>\n                  <td class=\"first-column\">Who<\/td>\n                  <td class=\"second-column\"><strong>doc. Ing. Zuzana Ambro\u017eov\u00e1, Ph.D., &amp; MgA. P\u0159emysl Koke\u0161<\/strong> (Kokes'Ambro)<\/td>\n                <\/tr>\n                                        <tr>\n                  <td class=\"first-column\">Where<\/td>\n                              <td class=\"second-column\"><a style=\"color:rgb(0, 0, 128);\" href=\"https:\/\/www.lvhf.cz\/en\/mista-konani\/galerie-zavodny-husova-3-mikulov\/\">Galerie Z\u00e1vodn\u00fd<\/a> <\/td>\n                <\/tr>\n              <\/tbody>\n            <\/table>\n                  <\/div>\n          <div class=\"btn-event\" style=\"display:block;\">\n            <a href=\"https:\/\/www.lvhf.cz\/en\/koncerty\/prednaska-architektura-a-hudba-ostinato-a-repetitivni-struktury-v-architekture\/\" class=\"btn btn-default\">Details<\/a>\n                    <\/div>\n        <\/div>\n      <\/div>\n          <!-- Calendar event 14 -->\n      <div class=\"event-col col-sm-6 col-md-6 col-lg-4\">\n\n        \n\n        <div class=\"calendar-event\">\n          <div class=\"banner\" style=\"display:none; height:100%;\">\n            <a href><noscript><img decoding=\"async\" style=\"width:100%; height:100%; object-position: top; object-fit:cover;\" src alt><\/noscript><img decoding=\"async\" style=\"width:100%; height:100%; object-position: top; object-fit:cover;\" src=\"data:image\/gif;base64,R0lGODlhAQABAIAAAAAAAP\/\/\/yH5BAEAAAAALAAAAAABAAEAAAIBRAA7\" alt data-src class=\" lazyload\"><\/a>\n          <\/div>\n\n          <div class=\"event-details-wrap\" style=\"display:block;\">\n\n            <a href=\"https:\/\/www.lvhf.cz\/en\/koncerty\/hudba-milosrdnych-bratri\/\" class=\"event-img-link\">\n              <div class=\"event-img\">\n                <noscript><img loading=\"lazy\" decoding=\"async\" width=\"2560\" height=\"1340\" src=\"https:\/\/www.lvhf.cz\/wp-content\/uploads\/2025\/03\/9._1200x628_result-scaled.webp\" class=\"attachment-concert_large size-concert_large wp-post-image\" srcset=\"https:\/\/www.lvhf.cz\/wp-content\/uploads\/2025\/03\/9._1200x628_result-scaled.webp 2560w, https:\/\/www.lvhf.cz\/wp-content\/uploads\/2025\/03\/9._1200x628_result-400x209.webp 400w, https:\/\/www.lvhf.cz\/wp-content\/uploads\/2025\/03\/9._1200x628_result-1024x536.webp 1024w, https:\/\/www.lvhf.cz\/wp-content\/uploads\/2025\/03\/9._1200x628_result-768x402.webp 768w, https:\/\/www.lvhf.cz\/wp-content\/uploads\/2025\/03\/9._1200x628_result-1536x804.webp 1536w, https:\/\/www.lvhf.cz\/wp-content\/uploads\/2025\/03\/9._1200x628_result-2048x1072.webp 2048w, https:\/\/www.lvhf.cz\/wp-content\/uploads\/2025\/03\/9._1200x628_result-504x264.webp 504w, https:\/\/www.lvhf.cz\/wp-content\/uploads\/2025\/03\/9._1200x628_result-764x400.webp 764w, https:\/\/www.lvhf.cz\/wp-content\/uploads\/2025\/03\/9._1200x628_result-1920x1005.webp 1920w\" sizes=\"(max-width: 2560px) 100vw, 2560px\" alt><\/noscript><img loading=\"lazy\" decoding=\"async\" width=\"2560\" height=\"1340\" src=\"data:image\/svg+xml,%3Csvg%20xmlns%3D%22http%3A%2F%2Fwww.w3.org%2F2000%2Fsvg%22%20viewBox%3D%220%200%202560%201340%22%3E%3C%2Fsvg%3E\" class=\"attachment-concert_large size-concert_large wp-post-image lazyload\" srcset=\"data:image\/svg+xml,%3Csvg%20xmlns%3D%22http%3A%2F%2Fwww.w3.org%2F2000%2Fsvg%22%20viewBox%3D%220%200%202560%201340%22%3E%3C%2Fsvg%3E 2560w\" sizes=\"(max-width: 2560px) 100vw, 2560px\" data-srcset=\"https:\/\/www.lvhf.cz\/wp-content\/uploads\/2025\/03\/9._1200x628_result-scaled.webp 2560w, https:\/\/www.lvhf.cz\/wp-content\/uploads\/2025\/03\/9._1200x628_result-400x209.webp 400w, https:\/\/www.lvhf.cz\/wp-content\/uploads\/2025\/03\/9._1200x628_result-1024x536.webp 1024w, https:\/\/www.lvhf.cz\/wp-content\/uploads\/2025\/03\/9._1200x628_result-768x402.webp 768w, https:\/\/www.lvhf.cz\/wp-content\/uploads\/2025\/03\/9._1200x628_result-1536x804.webp 1536w, https:\/\/www.lvhf.cz\/wp-content\/uploads\/2025\/03\/9._1200x628_result-2048x1072.webp 2048w, https:\/\/www.lvhf.cz\/wp-content\/uploads\/2025\/03\/9._1200x628_result-504x264.webp 504w, https:\/\/www.lvhf.cz\/wp-content\/uploads\/2025\/03\/9._1200x628_result-764x400.webp 764w, https:\/\/www.lvhf.cz\/wp-content\/uploads\/2025\/03\/9._1200x628_result-1920x1005.webp 1920w\" data-src=\"https:\/\/www.lvhf.cz\/wp-content\/uploads\/2025\/03\/9._1200x628_result-scaled.webp\" alt>              <\/div>\n            <\/a>\n        \n            <h3 class=\"event-date\" style=\"display:block;\">\n                          <span class=\"month\">17<\/span> \/\n              <span class=\"day\">10<\/span> \/\n              <span class=\"hour\">7.00 p.m.<\/span>\n            <\/h3>\n            \n            <h3 class=\"event-title\" style=\"display:block;\">Music of the Merciful Brothers<\/h3>\n            <table class=\"event-details-preview\" style=\"display:block;\">\n              <tbody>\n                <tr>\n                  <td class=\"first-column\">Who<\/td>\n                  <td class=\"second-column\"><strong>Hipocondria Ensemble<\/strong> (CZ)<br>\n\n<strong>Helena Hozov\u00e1<\/strong>  soprano<br>\n<strong>Marta Fadljevi\u010dov\u00e1<\/strong> alto<br>\n<strong>\u010cen\u011bk Svoboda<\/strong> tenor<br>\n<strong>Martin Vacula<\/strong> bass<\/td>\n                <\/tr>\n                                        <tr>\n                  <td class=\"first-column\">Where<\/td>\n                              <td class=\"second-column\"><a style=\"color:rgb(0, 0, 128);\" href=\"https:\/\/www.lvhf.cz\/en\/mista-konani\/klaster-milosrdnych-bratri-s-kostelem-sv-augustina\/\">Church of St. Augustine, Monastery of the Merciful Brothers<\/a> <\/td>\n                <\/tr>\n              <\/tbody>\n            <\/table>\n                  <\/div>\n          <div class=\"btn-event\" style=\"display:block;\">\n            <a href=\"https:\/\/www.lvhf.cz\/en\/koncerty\/hudba-milosrdnych-bratri\/\" class=\"btn btn-default\">Details<\/a>\n                    <\/div>\n        <\/div>\n      <\/div>\n          <!-- Calendar event 15 -->\n      <div class=\"event-col col-sm-6 col-md-6 col-lg-4\">\n\n        \n\n        <div class=\"calendar-event\">\n          <div class=\"banner\" style=\"display:none; height:100%;\">\n            <a href><noscript><img decoding=\"async\" style=\"width:100%; height:100%; object-position: top; object-fit:cover;\" src alt><\/noscript><img decoding=\"async\" style=\"width:100%; height:100%; object-position: top; object-fit:cover;\" src=\"data:image\/gif;base64,R0lGODlhAQABAIAAAAAAAP\/\/\/yH5BAEAAAAALAAAAAABAAEAAAIBRAA7\" alt data-src class=\" lazyload\"><\/a>\n          <\/div>\n\n          <div class=\"event-details-wrap\" style=\"display:block;\">\n\n            <a href=\"https:\/\/www.lvhf.cz\/en\/koncerty\/zaverecny-galakoncert-lvhf-2025\/\" class=\"event-img-link\">\n              <div class=\"event-img\">\n                <noscript><img loading=\"lazy\" decoding=\"async\" width=\"2560\" height=\"1340\" src=\"https:\/\/www.lvhf.cz\/wp-content\/uploads\/2025\/03\/10._ZAVERECNY_1200x628_result-scaled.webp\" class=\"attachment-concert_large size-concert_large wp-post-image\" srcset=\"https:\/\/www.lvhf.cz\/wp-content\/uploads\/2025\/03\/10._ZAVERECNY_1200x628_result-scaled.webp 2560w, https:\/\/www.lvhf.cz\/wp-content\/uploads\/2025\/03\/10._ZAVERECNY_1200x628_result-400x209.webp 400w, https:\/\/www.lvhf.cz\/wp-content\/uploads\/2025\/03\/10._ZAVERECNY_1200x628_result-1024x536.webp 1024w, https:\/\/www.lvhf.cz\/wp-content\/uploads\/2025\/03\/10._ZAVERECNY_1200x628_result-768x402.webp 768w, https:\/\/www.lvhf.cz\/wp-content\/uploads\/2025\/03\/10._ZAVERECNY_1200x628_result-1536x804.webp 1536w, https:\/\/www.lvhf.cz\/wp-content\/uploads\/2025\/03\/10._ZAVERECNY_1200x628_result-2048x1072.webp 2048w, https:\/\/www.lvhf.cz\/wp-content\/uploads\/2025\/03\/10._ZAVERECNY_1200x628_result-504x264.webp 504w, https:\/\/www.lvhf.cz\/wp-content\/uploads\/2025\/03\/10._ZAVERECNY_1200x628_result-764x400.webp 764w, https:\/\/www.lvhf.cz\/wp-content\/uploads\/2025\/03\/10._ZAVERECNY_1200x628_result-1920x1005.webp 1920w\" sizes=\"(max-width: 2560px) 100vw, 2560px\" alt><\/noscript><img loading=\"lazy\" decoding=\"async\" width=\"2560\" height=\"1340\" src=\"data:image\/svg+xml,%3Csvg%20xmlns%3D%22http%3A%2F%2Fwww.w3.org%2F2000%2Fsvg%22%20viewBox%3D%220%200%202560%201340%22%3E%3C%2Fsvg%3E\" class=\"attachment-concert_large size-concert_large wp-post-image lazyload\" srcset=\"data:image\/svg+xml,%3Csvg%20xmlns%3D%22http%3A%2F%2Fwww.w3.org%2F2000%2Fsvg%22%20viewBox%3D%220%200%202560%201340%22%3E%3C%2Fsvg%3E 2560w\" sizes=\"(max-width: 2560px) 100vw, 2560px\" data-srcset=\"https:\/\/www.lvhf.cz\/wp-content\/uploads\/2025\/03\/10._ZAVERECNY_1200x628_result-scaled.webp 2560w, https:\/\/www.lvhf.cz\/wp-content\/uploads\/2025\/03\/10._ZAVERECNY_1200x628_result-400x209.webp 400w, https:\/\/www.lvhf.cz\/wp-content\/uploads\/2025\/03\/10._ZAVERECNY_1200x628_result-1024x536.webp 1024w, https:\/\/www.lvhf.cz\/wp-content\/uploads\/2025\/03\/10._ZAVERECNY_1200x628_result-768x402.webp 768w, https:\/\/www.lvhf.cz\/wp-content\/uploads\/2025\/03\/10._ZAVERECNY_1200x628_result-1536x804.webp 1536w, https:\/\/www.lvhf.cz\/wp-content\/uploads\/2025\/03\/10._ZAVERECNY_1200x628_result-2048x1072.webp 2048w, https:\/\/www.lvhf.cz\/wp-content\/uploads\/2025\/03\/10._ZAVERECNY_1200x628_result-504x264.webp 504w, https:\/\/www.lvhf.cz\/wp-content\/uploads\/2025\/03\/10._ZAVERECNY_1200x628_result-764x400.webp 764w, https:\/\/www.lvhf.cz\/wp-content\/uploads\/2025\/03\/10._ZAVERECNY_1200x628_result-1920x1005.webp 1920w\" data-src=\"https:\/\/www.lvhf.cz\/wp-content\/uploads\/2025\/03\/10._ZAVERECNY_1200x628_result-scaled.webp\" alt>              <\/div>\n            <\/a>\n        \n            <h3 class=\"event-date\" style=\"display:block;\">\n                          <span class=\"month\">18<\/span> \/\n              <span class=\"day\">10<\/span> \/\n              <span class=\"hour\">7.00 p.m.<\/span>\n            <\/h3>\n            \n            <h3 class=\"event-title\" style=\"display:block;\">LVMF 2025 Final Gala<\/h3>\n            <table class=\"event-details-preview\" style=\"display:block;\">\n              <tbody>\n                <tr>\n                  <td class=\"first-column\">Who<\/td>\n                  <td class=\"second-column\"><strong>Slovak Philharmonic<\/strong> (SVK)<br>\n<strong>Tom\u00e1\u0161 Brauner<\/strong> (CZ) conductor<br>\n<strong>Joshua Brown<\/strong> (USA) violin<\/td>\n                <\/tr>\n                                        <tr>\n                  <td class=\"first-column\">Where<\/td>\n                              <td class=\"second-column\"><a style=\"color:rgb(0, 0, 128);\" href=\"https:\/\/www.lvhf.cz\/en\/mista-konani\/zamecka-jizdarna-valtice\/\">Valtice Castle Riding Hall<\/a> <\/td>\n                <\/tr>\n              <\/tbody>\n            <\/table>\n                  <\/div>\n          <div class=\"btn-event\" style=\"display:block;\">\n            <a href=\"https:\/\/www.lvhf.cz\/en\/koncerty\/zaverecny-galakoncert-lvhf-2025\/\" class=\"btn btn-default\">Details<\/a>\n                    <\/div>\n        <\/div>\n      <\/div>\n    \n    <\/div>\n  <\/div>\n  \n  <!--End Event calendar-->\n\n<h2 style=\"text-align: center;\"><span style=\"color: #000000;\">Accompanying Programs LVMF 2025<\/span><\/h2>\n<p><!--Event calendar-->\n<style>\n\t.breadcrumbs {display:none;}\n\t.hero-img {display:none;}\n\t.post-password-form {margin-top: 500px;}\n\t.calendar-event {box-shadow:0px 0px 7px grey;}\n\t.calendar-event:hover { -webkit-box-shadow: 0px 5px 40px -10px rgba(0,0,0,0.57);\n-moz-box-shadow: 0px 5px 40px -10px rgba(0,0,0,0.57);\nbox-shadow: 5px 40px -10px rgba(0,0,0,0.57);\ntransition: all 0.4s ease 0s;}\n\t.event-col {background-color: transparent;}\n\t.fancyBreak  hr {margin:0 auto; width:75%;}\n\t\n\t@media (width < 768px) {.h1event {font-size:1.8rem;}\n\t\t.calendar-container {margin: 0px !important;}}\n<\/style>\n\n\n  <\/p><div id=\"program\" style=\"max-width:1300px !important; \"><\/div>\n\n<div class=\"fancyBreak\"><hr><\/div>\n\t\n\n\t\t\t   \n  \n\n\n<div class=\"container-fluid\">\n    <div class=\"row calendar-container\">\n          <!-- Calendar event 1 -->\n      <div class=\"event-col col-sm-6 col-md-6 col-lg-4\">\n\n        \n\n        <div class=\"calendar-event\">\n          <div class=\"banner\" style=\"display:none; height:100%;\">\n            <a href><noscript><img decoding=\"async\" style=\"width:100%; height:100%; object-position: top; object-fit:cover;\" src alt><\/noscript><img decoding=\"async\" style=\"width:100%; height:100%; object-position: top; object-fit:cover;\" src=\"data:image\/gif;base64,R0lGODlhAQABAIAAAAAAAP\/\/\/yH5BAEAAAAALAAAAAABAAEAAAIBRAA7\" alt data-src class=\" lazyload\"><\/a>\n          <\/div>\n\n          <div class=\"event-details-wrap\" style=\"display:block;\">\n\n            <a href=\"https:\/\/www.lvhf.cz\/en\/koncerty\/hudebne-vytvarne-dilny-pro-gymnazium-mikulov\/\" class=\"event-img-link\">\n              <div class=\"event-img\">\n                <noscript><img loading=\"lazy\" decoding=\"async\" width=\"2560\" height=\"1340\" src=\"https:\/\/www.lvhf.cz\/wp-content\/uploads\/2025\/03\/1200x628_CZ_result-scaled.webp\" class=\"attachment-concert_large size-concert_large wp-post-image\" srcset=\"https:\/\/www.lvhf.cz\/wp-content\/uploads\/2025\/03\/1200x628_CZ_result-scaled.webp 2560w, https:\/\/www.lvhf.cz\/wp-content\/uploads\/2025\/03\/1200x628_CZ_result-400x209.webp 400w, https:\/\/www.lvhf.cz\/wp-content\/uploads\/2025\/03\/1200x628_CZ_result-1024x536.webp 1024w, https:\/\/www.lvhf.cz\/wp-content\/uploads\/2025\/03\/1200x628_CZ_result-768x402.webp 768w, https:\/\/www.lvhf.cz\/wp-content\/uploads\/2025\/03\/1200x628_CZ_result-1536x804.webp 1536w, https:\/\/www.lvhf.cz\/wp-content\/uploads\/2025\/03\/1200x628_CZ_result-2048x1072.webp 2048w, https:\/\/www.lvhf.cz\/wp-content\/uploads\/2025\/03\/1200x628_CZ_result-504x264.webp 504w, https:\/\/www.lvhf.cz\/wp-content\/uploads\/2025\/03\/1200x628_CZ_result-764x400.webp 764w, https:\/\/www.lvhf.cz\/wp-content\/uploads\/2025\/03\/1200x628_CZ_result-1920x1005.webp 1920w\" sizes=\"(max-width: 2560px) 100vw, 2560px\" alt><\/noscript><img loading=\"lazy\" decoding=\"async\" width=\"2560\" height=\"1340\" src=\"data:image\/svg+xml,%3Csvg%20xmlns%3D%22http%3A%2F%2Fwww.w3.org%2F2000%2Fsvg%22%20viewBox%3D%220%200%202560%201340%22%3E%3C%2Fsvg%3E\" class=\"attachment-concert_large size-concert_large wp-post-image lazyload\" srcset=\"data:image\/svg+xml,%3Csvg%20xmlns%3D%22http%3A%2F%2Fwww.w3.org%2F2000%2Fsvg%22%20viewBox%3D%220%200%202560%201340%22%3E%3C%2Fsvg%3E 2560w\" sizes=\"(max-width: 2560px) 100vw, 2560px\" data-srcset=\"https:\/\/www.lvhf.cz\/wp-content\/uploads\/2025\/03\/1200x628_CZ_result-scaled.webp 2560w, https:\/\/www.lvhf.cz\/wp-content\/uploads\/2025\/03\/1200x628_CZ_result-400x209.webp 400w, https:\/\/www.lvhf.cz\/wp-content\/uploads\/2025\/03\/1200x628_CZ_result-1024x536.webp 1024w, https:\/\/www.lvhf.cz\/wp-content\/uploads\/2025\/03\/1200x628_CZ_result-768x402.webp 768w, https:\/\/www.lvhf.cz\/wp-content\/uploads\/2025\/03\/1200x628_CZ_result-1536x804.webp 1536w, https:\/\/www.lvhf.cz\/wp-content\/uploads\/2025\/03\/1200x628_CZ_result-2048x1072.webp 2048w, https:\/\/www.lvhf.cz\/wp-content\/uploads\/2025\/03\/1200x628_CZ_result-504x264.webp 504w, https:\/\/www.lvhf.cz\/wp-content\/uploads\/2025\/03\/1200x628_CZ_result-764x400.webp 764w, https:\/\/www.lvhf.cz\/wp-content\/uploads\/2025\/03\/1200x628_CZ_result-1920x1005.webp 1920w\" data-src=\"https:\/\/www.lvhf.cz\/wp-content\/uploads\/2025\/03\/1200x628_CZ_result-scaled.webp\" alt>              <\/div>\n            <\/a>\n        \n            <h3 class=\"event-date\" style=\"display:block;\">\n                          <span class=\"month\">30<\/span> \/\n              <span class=\"day\">09<\/span> \/\n              <span class=\"hour\">8.00-12.00 a.m.<\/span>\n            <\/h3>\n            \n            <h3 class=\"event-title\" style=\"display:block;\">Music and art workshops for Mikulov Gymnasium<\/h3>\n            <table class=\"event-details-preview\" style=\"display:block;\">\n              <tbody>\n                <tr>\n                  <td class=\"first-column\">Who<\/td>\n                  <td class=\"second-column\"><strong>MgA. Kate\u0159ina Rutherford<\/strong><br>\n<strong>Mgr. Krist\u00fdna Pernicov\u00e1<\/strong><\/td>\n                <\/tr>\n                                        <tr>\n                  <td class=\"first-column\">Where<\/td>\n                              <td class=\"second-column\"><a style=\"color:rgb(0, 0, 128);\" href=\"https:\/\/www.lvhf.cz\/en\/mista-konani\/gymnazium-mikulov\/\">Gymnasium Mikulov<\/a> <\/td>\n                <\/tr>\n              <\/tbody>\n            <\/table>\n                  <\/div>\n          <div class=\"btn-event\" style=\"display:block;\">\n            <a href=\"https:\/\/www.lvhf.cz\/en\/koncerty\/hudebne-vytvarne-dilny-pro-gymnazium-mikulov\/\" class=\"btn btn-default\">Details<\/a>\n                    <\/div>\n        <\/div>\n      <\/div>\n          <!-- Calendar event 2 -->\n      <div class=\"event-col col-sm-6 col-md-6 col-lg-4\">\n\n        \n\n        <div class=\"calendar-event\">\n          <div class=\"banner\" style=\"display:none; height:100%;\">\n            <a href><noscript><img decoding=\"async\" style=\"width:100%; height:100%; object-position: top; object-fit:cover;\" src alt><\/noscript><img decoding=\"async\" style=\"width:100%; height:100%; object-position: top; object-fit:cover;\" src=\"data:image\/gif;base64,R0lGODlhAQABAIAAAAAAAP\/\/\/yH5BAEAAAAALAAAAAABAAEAAAIBRAA7\" alt data-src class=\" lazyload\"><\/a>\n          <\/div>\n\n          <div class=\"event-details-wrap\" style=\"display:block;\">\n\n            <a href=\"https:\/\/www.lvhf.cz\/en\/koncerty\/hudebne-vytvarne-dilny-pro-zs-valtice-2\/\" class=\"event-img-link\">\n              <div class=\"event-img\">\n                <noscript><img loading=\"lazy\" decoding=\"async\" width=\"2560\" height=\"1340\" src=\"https:\/\/www.lvhf.cz\/wp-content\/uploads\/2025\/03\/1200x628_CZ_result-scaled.webp\" class=\"attachment-concert_large size-concert_large wp-post-image\" srcset=\"https:\/\/www.lvhf.cz\/wp-content\/uploads\/2025\/03\/1200x628_CZ_result-scaled.webp 2560w, https:\/\/www.lvhf.cz\/wp-content\/uploads\/2025\/03\/1200x628_CZ_result-400x209.webp 400w, https:\/\/www.lvhf.cz\/wp-content\/uploads\/2025\/03\/1200x628_CZ_result-1024x536.webp 1024w, https:\/\/www.lvhf.cz\/wp-content\/uploads\/2025\/03\/1200x628_CZ_result-768x402.webp 768w, https:\/\/www.lvhf.cz\/wp-content\/uploads\/2025\/03\/1200x628_CZ_result-1536x804.webp 1536w, https:\/\/www.lvhf.cz\/wp-content\/uploads\/2025\/03\/1200x628_CZ_result-2048x1072.webp 2048w, https:\/\/www.lvhf.cz\/wp-content\/uploads\/2025\/03\/1200x628_CZ_result-504x264.webp 504w, https:\/\/www.lvhf.cz\/wp-content\/uploads\/2025\/03\/1200x628_CZ_result-764x400.webp 764w, https:\/\/www.lvhf.cz\/wp-content\/uploads\/2025\/03\/1200x628_CZ_result-1920x1005.webp 1920w\" sizes=\"(max-width: 2560px) 100vw, 2560px\" alt><\/noscript><img loading=\"lazy\" decoding=\"async\" width=\"2560\" height=\"1340\" src=\"data:image\/svg+xml,%3Csvg%20xmlns%3D%22http%3A%2F%2Fwww.w3.org%2F2000%2Fsvg%22%20viewBox%3D%220%200%202560%201340%22%3E%3C%2Fsvg%3E\" class=\"attachment-concert_large size-concert_large wp-post-image lazyload\" srcset=\"data:image\/svg+xml,%3Csvg%20xmlns%3D%22http%3A%2F%2Fwww.w3.org%2F2000%2Fsvg%22%20viewBox%3D%220%200%202560%201340%22%3E%3C%2Fsvg%3E 2560w\" sizes=\"(max-width: 2560px) 100vw, 2560px\" data-srcset=\"https:\/\/www.lvhf.cz\/wp-content\/uploads\/2025\/03\/1200x628_CZ_result-scaled.webp 2560w, https:\/\/www.lvhf.cz\/wp-content\/uploads\/2025\/03\/1200x628_CZ_result-400x209.webp 400w, https:\/\/www.lvhf.cz\/wp-content\/uploads\/2025\/03\/1200x628_CZ_result-1024x536.webp 1024w, https:\/\/www.lvhf.cz\/wp-content\/uploads\/2025\/03\/1200x628_CZ_result-768x402.webp 768w, https:\/\/www.lvhf.cz\/wp-content\/uploads\/2025\/03\/1200x628_CZ_result-1536x804.webp 1536w, https:\/\/www.lvhf.cz\/wp-content\/uploads\/2025\/03\/1200x628_CZ_result-2048x1072.webp 2048w, https:\/\/www.lvhf.cz\/wp-content\/uploads\/2025\/03\/1200x628_CZ_result-504x264.webp 504w, https:\/\/www.lvhf.cz\/wp-content\/uploads\/2025\/03\/1200x628_CZ_result-764x400.webp 764w, https:\/\/www.lvhf.cz\/wp-content\/uploads\/2025\/03\/1200x628_CZ_result-1920x1005.webp 1920w\" data-src=\"https:\/\/www.lvhf.cz\/wp-content\/uploads\/2025\/03\/1200x628_CZ_result-scaled.webp\" alt>              <\/div>\n            <\/a>\n        \n            <h3 class=\"event-date\" style=\"display:block;\">\n                          <span class=\"month\">01<\/span> \/\n              <span class=\"day\">10<\/span> \/\n              <span class=\"hour\">2.00-3.30 p.m.<\/span>\n            <\/h3>\n            \n            <h3 class=\"event-title\" style=\"display:block;\">Music and art workshops for Valtice primary school<\/h3>\n            <table class=\"event-details-preview\" style=\"display:block;\">\n              <tbody>\n                <tr>\n                  <td class=\"first-column\">Who<\/td>\n                  <td class=\"second-column\"><strong>MgA. Veronika Remak<\/strong><\/td>\n                <\/tr>\n                                        <tr>\n                  <td class=\"first-column\">Where<\/td>\n                              <td class=\"second-column\"><a style=\"color:rgb(0, 0, 128);\" href=\"https:\/\/www.lvhf.cz\/en\/mista-konani\/galerie-korek\/\">Galerie Korek&nbsp;(Korek Gallery)<\/a> <\/td>\n                <\/tr>\n              <\/tbody>\n            <\/table>\n                  <\/div>\n          <div class=\"btn-event\" style=\"display:block;\">\n            <a href=\"https:\/\/www.lvhf.cz\/en\/koncerty\/hudebne-vytvarne-dilny-pro-zs-valtice-2\/\" class=\"btn btn-default\">Details<\/a>\n                    <\/div>\n        <\/div>\n      <\/div>\n          <!-- Calendar event 3 -->\n      <div class=\"event-col col-sm-6 col-md-6 col-lg-4\">\n\n        \n\n        <div class=\"calendar-event\">\n          <div class=\"banner\" style=\"display:none; height:100%;\">\n            <a href><noscript><img decoding=\"async\" style=\"width:100%; height:100%; object-position: top; object-fit:cover;\" src alt><\/noscript><img decoding=\"async\" style=\"width:100%; height:100%; object-position: top; object-fit:cover;\" src=\"data:image\/gif;base64,R0lGODlhAQABAIAAAAAAAP\/\/\/yH5BAEAAAAALAAAAAABAAEAAAIBRAA7\" alt data-src class=\" lazyload\"><\/a>\n          <\/div>\n\n          <div class=\"event-details-wrap\" style=\"display:block;\">\n\n            <a href=\"https:\/\/www.lvhf.cz\/en\/koncerty\/hudebne-vytvarne-dilny-pro-zs-lednice-2025\/\" class=\"event-img-link\">\n              <div class=\"event-img\">\n                <noscript><img loading=\"lazy\" decoding=\"async\" width=\"2560\" height=\"1340\" src=\"https:\/\/www.lvhf.cz\/wp-content\/uploads\/2025\/03\/1200x628_CZ_result-scaled.webp\" class=\"attachment-concert_large size-concert_large wp-post-image\" srcset=\"https:\/\/www.lvhf.cz\/wp-content\/uploads\/2025\/03\/1200x628_CZ_result-scaled.webp 2560w, https:\/\/www.lvhf.cz\/wp-content\/uploads\/2025\/03\/1200x628_CZ_result-400x209.webp 400w, https:\/\/www.lvhf.cz\/wp-content\/uploads\/2025\/03\/1200x628_CZ_result-1024x536.webp 1024w, https:\/\/www.lvhf.cz\/wp-content\/uploads\/2025\/03\/1200x628_CZ_result-768x402.webp 768w, https:\/\/www.lvhf.cz\/wp-content\/uploads\/2025\/03\/1200x628_CZ_result-1536x804.webp 1536w, https:\/\/www.lvhf.cz\/wp-content\/uploads\/2025\/03\/1200x628_CZ_result-2048x1072.webp 2048w, https:\/\/www.lvhf.cz\/wp-content\/uploads\/2025\/03\/1200x628_CZ_result-504x264.webp 504w, https:\/\/www.lvhf.cz\/wp-content\/uploads\/2025\/03\/1200x628_CZ_result-764x400.webp 764w, https:\/\/www.lvhf.cz\/wp-content\/uploads\/2025\/03\/1200x628_CZ_result-1920x1005.webp 1920w\" sizes=\"(max-width: 2560px) 100vw, 2560px\" alt><\/noscript><img loading=\"lazy\" decoding=\"async\" width=\"2560\" height=\"1340\" src=\"data:image\/svg+xml,%3Csvg%20xmlns%3D%22http%3A%2F%2Fwww.w3.org%2F2000%2Fsvg%22%20viewBox%3D%220%200%202560%201340%22%3E%3C%2Fsvg%3E\" class=\"attachment-concert_large size-concert_large wp-post-image lazyload\" srcset=\"data:image\/svg+xml,%3Csvg%20xmlns%3D%22http%3A%2F%2Fwww.w3.org%2F2000%2Fsvg%22%20viewBox%3D%220%200%202560%201340%22%3E%3C%2Fsvg%3E 2560w\" sizes=\"(max-width: 2560px) 100vw, 2560px\" data-srcset=\"https:\/\/www.lvhf.cz\/wp-content\/uploads\/2025\/03\/1200x628_CZ_result-scaled.webp 2560w, https:\/\/www.lvhf.cz\/wp-content\/uploads\/2025\/03\/1200x628_CZ_result-400x209.webp 400w, https:\/\/www.lvhf.cz\/wp-content\/uploads\/2025\/03\/1200x628_CZ_result-1024x536.webp 1024w, https:\/\/www.lvhf.cz\/wp-content\/uploads\/2025\/03\/1200x628_CZ_result-768x402.webp 768w, https:\/\/www.lvhf.cz\/wp-content\/uploads\/2025\/03\/1200x628_CZ_result-1536x804.webp 1536w, https:\/\/www.lvhf.cz\/wp-content\/uploads\/2025\/03\/1200x628_CZ_result-2048x1072.webp 2048w, https:\/\/www.lvhf.cz\/wp-content\/uploads\/2025\/03\/1200x628_CZ_result-504x264.webp 504w, https:\/\/www.lvhf.cz\/wp-content\/uploads\/2025\/03\/1200x628_CZ_result-764x400.webp 764w, https:\/\/www.lvhf.cz\/wp-content\/uploads\/2025\/03\/1200x628_CZ_result-1920x1005.webp 1920w\" data-src=\"https:\/\/www.lvhf.cz\/wp-content\/uploads\/2025\/03\/1200x628_CZ_result-scaled.webp\" alt>              <\/div>\n            <\/a>\n        \n            <h3 class=\"event-date\" style=\"display:block;\">\n                          <span class=\"month\">02<\/span> \/\n              <span class=\"day\">10<\/span> \/\n              <span class=\"hour\">9.00-12.00 a.m.<\/span>\n            <\/h3>\n            \n            <h3 class=\"event-title\" style=\"display:block;\">Music and art workshops for Lednice primary school<\/h3>\n            <table class=\"event-details-preview\" style=\"display:block;\">\n              <tbody>\n                <tr>\n                  <td class=\"first-column\">Who<\/td>\n                  <td class=\"second-column\"><strong>MgA. Zde\u0148ka \u017d\u010f\u00e1rsk\u00e1 Bene\u0161ov\u00e1<\/strong><\/td>\n                <\/tr>\n                                        <tr>\n                  <td class=\"first-column\">Where<\/td>\n                              <td class=\"second-column\"><a style=\"color:rgb(0, 0, 128);\" href=\"https:\/\/www.lvhf.cz\/en\/mista-konani\/zamecka-jizdarna-lednice-multifunkcni-centrum\/\">Lednice Riding Hall<\/a> <\/td>\n                <\/tr>\n              <\/tbody>\n            <\/table>\n                  <\/div>\n          <div class=\"btn-event\" style=\"display:block;\">\n            <a href=\"https:\/\/www.lvhf.cz\/en\/koncerty\/hudebne-vytvarne-dilny-pro-zs-lednice-2025\/\" class=\"btn btn-default\">Details<\/a>\n                    <\/div>\n        <\/div>\n      <\/div>\n    \n    <\/div>\n  <\/div>\n  \n  <!--End Event calendar-->\n\n  ","protected":false},"excerpt":{"rendered":"<p>&emsp; &emsp; Concerts Archive 2025 Accompanying Programs LVMF 2025<\/p>\n","protected":false},"author":9,"featured_media":0,"parent":0,"menu_order":0,"comment_status":"closed","ping_status":"closed","template":"","meta":{"footnotes":""},"acf":[],"_links":{"self":[{"href":"https:\/\/www.lvhf.cz\/en\/wp-json\/wp\/v2\/pages\/29692"}],"collection":[{"href":"https:\/\/www.lvhf.cz\/en\/wp-json\/wp\/v2\/pages"}],"about":[{"href":"https:\/\/www.lvhf.cz\/en\/wp-json\/wp\/v2\/types\/page"}],"author":[{"embeddable":true,"href":"https:\/\/www.lvhf.cz\/en\/wp-json\/wp\/v2\/users\/9"}],"replies":[{"embeddable":true,"href":"https:\/\/www.lvhf.cz\/en\/wp-json\/wp\/v2\/comments?post=29692"}],"version-history":[{"count":3,"href":"https:\/\/www.lvhf.cz\/en\/wp-json\/wp\/v2\/pages\/29692\/revisions"}],"predecessor-version":[{"id":29701,"href":"https:\/\/www.lvhf.cz\/en\/wp-json\/wp\/v2\/pages\/29692\/revisions\/29701"}],"wp:attachment":[{"href":"https:\/\/www.lvhf.cz\/en\/wp-json\/wp\/v2\/media?parent=29692"}],"curies":[{"name":"wp","href":"https:\/\/api.w.org\/{rel}","templated":true}]}}