{"id":18298,"date":"2023-02-03T22:44:34","date_gmt":"2023-02-03T21:44:34","guid":{"rendered":"https:\/\/www.lvhf.cz\/?page_id=18298"},"modified":"2023-07-14T10:26:42","modified_gmt":"2023-07-14T08:26:42","slug":"archiv-koncertu-2022","status":"publish","type":"page","link":"https:\/\/www.lvhf.cz\/en\/archiv-koncertu-2022\/","title":{"rendered":"Concerts Archive 2022"},"content":{"rendered":"<p><\/p>\n<h1 style=\"text-align: center;\">Concerts Archive 2022<\/h1>\n<p><!--Event calendar-->\n\n  <\/p><h1>Concerts Archive 2022<\/h1>\n  \n  \n\n\n<div class=\"container-fluid\">\n    <div class=\"row calendar-container\">\n          <!-- Calendar event 1 -->\n      <div class=\"event-col col-sm-6 col-md-6 col-lg-4\">\n\n        \n\n        <div class=\"calendar-event\">\n          <div class=\"banner\" style=\"display:none; height:100%;\">\n            <a href><noscript><img decoding=\"async\" style=\"width:100%; height:100%; object-position: top; object-fit:cover;\" src alt><\/noscript><img decoding=\"async\" style=\"width:100%; height:100%; object-position: top; object-fit:cover;\" src=\"data:image\/gif;base64,R0lGODlhAQABAIAAAAAAAP\/\/\/yH5BAEAAAAALAAAAAABAAEAAAIBRAA7\" alt data-src class=\" lazyload\"><\/a>\n          <\/div>\n\n          <div class=\"event-details-wrap\" style=\"display:block;\">\n\n            <a href=\"https:\/\/www.lvhf.cz\/en\/koncerty\/jugoprolog-lvhf-2022\/\" class=\"event-img-link\">\n              <div class=\"event-img\">\n                <noscript><img fetchpriority=\"high\" decoding=\"async\" width=\"1920\" height=\"1080\" src=\"https:\/\/www.lvhf.cz\/wp-content\/uploads\/2022\/03\/koncert_new-1920x1080-1.jpeg\" class=\"attachment-concert_large size-concert_large wp-post-image\" srcset=\"https:\/\/www.lvhf.cz\/wp-content\/uploads\/2022\/03\/koncert_new-1920x1080-1.jpeg 1920w, https:\/\/www.lvhf.cz\/wp-content\/uploads\/2022\/03\/koncert_new-1920x1080-1-400x225.jpeg 400w, https:\/\/www.lvhf.cz\/wp-content\/uploads\/2022\/03\/koncert_new-1920x1080-1-1024x576.jpeg 1024w, https:\/\/www.lvhf.cz\/wp-content\/uploads\/2022\/03\/koncert_new-1920x1080-1-768x432.jpeg 768w, https:\/\/www.lvhf.cz\/wp-content\/uploads\/2022\/03\/koncert_new-1920x1080-1-1536x864.jpeg 1536w, https:\/\/www.lvhf.cz\/wp-content\/uploads\/2022\/03\/koncert_new-1920x1080-1-504x284.jpeg 504w, https:\/\/www.lvhf.cz\/wp-content\/uploads\/2022\/03\/koncert_new-1920x1080-1-711x400.jpeg 711w\" sizes=\"(max-width: 1920px) 100vw, 1920px\" alt><\/noscript><img decoding=\"async\" width=\"1920\" height=\"1080\" src=\"data:image\/svg+xml,%3Csvg%20xmlns%3D%22http%3A%2F%2Fwww.w3.org%2F2000%2Fsvg%22%20viewBox%3D%220%200%201920%201080%22%3E%3C%2Fsvg%3E\" class=\"attachment-concert_large size-concert_large wp-post-image lazyload\" srcset=\"data:image\/svg+xml,%3Csvg%20xmlns%3D%22http%3A%2F%2Fwww.w3.org%2F2000%2Fsvg%22%20viewBox%3D%220%200%201920%201080%22%3E%3C%2Fsvg%3E 1920w\" sizes=\"(max-width: 1920px) 100vw, 1920px\" data-srcset=\"https:\/\/www.lvhf.cz\/wp-content\/uploads\/2022\/03\/koncert_new-1920x1080-1.jpeg 1920w, https:\/\/www.lvhf.cz\/wp-content\/uploads\/2022\/03\/koncert_new-1920x1080-1-400x225.jpeg 400w, https:\/\/www.lvhf.cz\/wp-content\/uploads\/2022\/03\/koncert_new-1920x1080-1-1024x576.jpeg 1024w, https:\/\/www.lvhf.cz\/wp-content\/uploads\/2022\/03\/koncert_new-1920x1080-1-768x432.jpeg 768w, https:\/\/www.lvhf.cz\/wp-content\/uploads\/2022\/03\/koncert_new-1920x1080-1-1536x864.jpeg 1536w, https:\/\/www.lvhf.cz\/wp-content\/uploads\/2022\/03\/koncert_new-1920x1080-1-504x284.jpeg 504w, https:\/\/www.lvhf.cz\/wp-content\/uploads\/2022\/03\/koncert_new-1920x1080-1-711x400.jpeg 711w\" data-src=\"https:\/\/www.lvhf.cz\/wp-content\/uploads\/2022\/03\/koncert_new-1920x1080-1.jpeg\" alt>              <\/div>\n            <\/a>\n        \n            <h3 class=\"event-date\" style=\"display:block;\">\n                          <span class=\"month\">26<\/span> \/\n              <span class=\"day\">08<\/span> \/\n              <span class=\"hour\">19:00<\/span>\n            <\/h3>\n                        <h3 class=\"event-date\">\n                          <span class=\"month2\">26<\/span> \/\n              <span class=\"day2\">08<\/span> \/\n              <span class=\"hour2\">19:00<\/span>\n            <\/h3>\n            \n            <h3 class=\"event-title\" style=\"display:block;\">LVMF Yugoprologue 2022<\/h3>\n            <table class=\"event-details-preview\" style=\"display:block;\">\n              <tbody>\n                <tr>\n                  <td class=\"first-column\">Who<\/td>\n                  <td class=\"second-column\">Bojan Risti\u0107 Brass Band (Serbia)<br>\nDivanhana (Bosnia and Herzegovina)<br>\nHarM\u00e1lek Orchester (Czech Republic)<\/td>\n                <\/tr>\n                                        <tr>\n                  <td class=\"first-column\">Where<\/td>\n                              <td class=\"second-column\"><a style=\"color:rgb(0, 0, 128);\" href=\"https:\/\/www.lvhf.cz\/en\/?post_type=lvhf_venue&#038;p=7924\">Private: Hlohovec<\/a>, <a style=\"color:rgb(0, 0, 128);\" href=\"https:\/\/www.lvhf.cz\/en\/?post_type=lvhf_venue&#038;p=15259\">Private: Charv\u00e1tsk\u00e1 Nov\u00e1 Ves<\/a>  <\/td>\n                <\/tr>\n              <\/tbody>\n            <\/table>\n                  <\/div>\n          <div class=\"btn-event\" style=\"display:block;\">\n            <a href=\"https:\/\/www.lvhf.cz\/en\/koncerty\/jugoprolog-lvhf-2022\/\" class=\"btn btn-default\">Details<\/a>\n                    <\/div>\n        <\/div>\n      <\/div>\n          <!-- Calendar event 2 -->\n      <div class=\"event-col col-sm-6 col-md-6 col-lg-4\">\n\n        \n\n        <div class=\"calendar-event\">\n          <div class=\"banner\" style=\"display:none; height:100%;\">\n            <a href><noscript><img decoding=\"async\" style=\"width:100%; height:100%; object-position: top; object-fit:cover;\" src alt><\/noscript><img decoding=\"async\" style=\"width:100%; height:100%; object-position: top; object-fit:cover;\" src=\"data:image\/gif;base64,R0lGODlhAQABAIAAAAAAAP\/\/\/yH5BAEAAAAALAAAAAABAAEAAAIBRAA7\" alt data-src class=\" lazyload\"><\/a>\n          <\/div>\n\n          <div class=\"event-details-wrap\" style=\"display:block;\">\n\n            <a href=\"https:\/\/www.lvhf.cz\/en\/koncerty\/slavnostni-zahajeni-lvhf\/\" class=\"event-img-link\">\n              <div class=\"event-img\">\n                <noscript><img decoding=\"async\" width=\"2560\" height=\"1420\" src=\"https:\/\/www.lvhf.cz\/wp-content\/uploads\/2022\/03\/koncert_1-2-scaled-e1647372972303.jpg\" class=\"attachment-concert_large size-concert_large wp-post-image\" srcset=\"https:\/\/www.lvhf.cz\/wp-content\/uploads\/2022\/03\/koncert_1-2-scaled-e1647372972303.jpg 2560w, https:\/\/www.lvhf.cz\/wp-content\/uploads\/2022\/03\/koncert_1-2-scaled-e1647372972303-400x222.jpg 400w, https:\/\/www.lvhf.cz\/wp-content\/uploads\/2022\/03\/koncert_1-2-scaled-e1647372972303-1024x568.jpg 1024w, https:\/\/www.lvhf.cz\/wp-content\/uploads\/2022\/03\/koncert_1-2-scaled-e1647372972303-768x426.jpg 768w, https:\/\/www.lvhf.cz\/wp-content\/uploads\/2022\/03\/koncert_1-2-scaled-e1647372972303-1536x852.jpg 1536w, https:\/\/www.lvhf.cz\/wp-content\/uploads\/2022\/03\/koncert_1-2-scaled-e1647372972303-2048x1136.jpg 2048w, https:\/\/www.lvhf.cz\/wp-content\/uploads\/2022\/03\/koncert_1-2-scaled-e1647372972303-504x280.jpg 504w, https:\/\/www.lvhf.cz\/wp-content\/uploads\/2022\/03\/koncert_1-2-scaled-e1647372972303-721x400.jpg 721w, https:\/\/www.lvhf.cz\/wp-content\/uploads\/2022\/03\/koncert_1-2-scaled-e1647372972303-1920x1065.jpg 1920w\" sizes=\"(max-width: 2560px) 100vw, 2560px\" alt><\/noscript><img loading=\"lazy\" decoding=\"async\" width=\"2560\" height=\"1420\" src=\"data:image\/svg+xml,%3Csvg%20xmlns%3D%22http%3A%2F%2Fwww.w3.org%2F2000%2Fsvg%22%20viewBox%3D%220%200%202560%201420%22%3E%3C%2Fsvg%3E\" class=\"attachment-concert_large size-concert_large wp-post-image lazyload\" srcset=\"data:image\/svg+xml,%3Csvg%20xmlns%3D%22http%3A%2F%2Fwww.w3.org%2F2000%2Fsvg%22%20viewBox%3D%220%200%202560%201420%22%3E%3C%2Fsvg%3E 2560w\" sizes=\"(max-width: 2560px) 100vw, 2560px\" data-srcset=\"https:\/\/www.lvhf.cz\/wp-content\/uploads\/2022\/03\/koncert_1-2-scaled-e1647372972303.jpg 2560w, https:\/\/www.lvhf.cz\/wp-content\/uploads\/2022\/03\/koncert_1-2-scaled-e1647372972303-400x222.jpg 400w, https:\/\/www.lvhf.cz\/wp-content\/uploads\/2022\/03\/koncert_1-2-scaled-e1647372972303-1024x568.jpg 1024w, https:\/\/www.lvhf.cz\/wp-content\/uploads\/2022\/03\/koncert_1-2-scaled-e1647372972303-768x426.jpg 768w, https:\/\/www.lvhf.cz\/wp-content\/uploads\/2022\/03\/koncert_1-2-scaled-e1647372972303-1536x852.jpg 1536w, https:\/\/www.lvhf.cz\/wp-content\/uploads\/2022\/03\/koncert_1-2-scaled-e1647372972303-2048x1136.jpg 2048w, https:\/\/www.lvhf.cz\/wp-content\/uploads\/2022\/03\/koncert_1-2-scaled-e1647372972303-504x280.jpg 504w, https:\/\/www.lvhf.cz\/wp-content\/uploads\/2022\/03\/koncert_1-2-scaled-e1647372972303-721x400.jpg 721w, https:\/\/www.lvhf.cz\/wp-content\/uploads\/2022\/03\/koncert_1-2-scaled-e1647372972303-1920x1065.jpg 1920w\" data-src=\"https:\/\/www.lvhf.cz\/wp-content\/uploads\/2022\/03\/koncert_1-2-scaled-e1647372972303.jpg\" alt>              <\/div>\n            <\/a>\n        \n            <h3 class=\"event-date\" style=\"display:block;\">\n                          <span class=\"month\">24<\/span> \/\n              <span class=\"day\">09<\/span> \/\n              <span class=\"hour\">19:00<\/span>\n            <\/h3>\n            \n            <h3 class=\"event-title\" style=\"display:block;\">Dalibor Karvay &#038; Vid Veljak &#038; Bohuslav Martin\u016f Philharmonic Orchestra<\/h3>\n            <table class=\"event-details-preview\" style=\"display:block;\">\n              <tbody>\n                <tr>\n                  <td class=\"first-column\">Who<\/td>\n                  <td class=\"second-column\">Bohuslav Martin\u016f Philharmonic Orchestra<br>\nRobert Kruzik, conductor<\/td>\n                <\/tr>\n                            <tr>\n                  <td class=\"first-column\">Soloists<\/td>\n                  <td class=\"second-column\">Dalibor Karvay, violin (Slovakia)<br>\nVid Veljak, cello (Croatia)<\/td>\n                <\/tr>\n                                        <tr>\n                  <td class=\"first-column\">Where<\/td>\n                              <td class=\"second-column\"><a style=\"color:rgb(0, 0, 128);\" href=\"https:\/\/www.lvhf.cz\/en\/mista-konani\/zamecka-jizdarna-valtice\/\">Valtice Castle Riding Hall<\/a> <\/td>\n                <\/tr>\n              <\/tbody>\n            <\/table>\n                  <\/div>\n          <div class=\"btn-event\" style=\"display:block;\">\n            <a href=\"https:\/\/www.lvhf.cz\/en\/koncerty\/slavnostni-zahajeni-lvhf\/\" class=\"btn btn-default\">Details<\/a>\n                    <\/div>\n        <\/div>\n      <\/div>\n          <!-- Calendar event 3 -->\n      <div class=\"event-col col-sm-6 col-md-6 col-lg-4\">\n\n        \n\n        <div class=\"calendar-event\">\n          <div class=\"banner\" style=\"display:none; height:100%;\">\n            <a href><noscript><img decoding=\"async\" style=\"width:100%; height:100%; object-position: top; object-fit:cover;\" src alt><\/noscript><img decoding=\"async\" style=\"width:100%; height:100%; object-position: top; object-fit:cover;\" src=\"data:image\/gif;base64,R0lGODlhAQABAIAAAAAAAP\/\/\/yH5BAEAAAAALAAAAAABAAEAAAIBRAA7\" alt data-src class=\" lazyload\"><\/a>\n          <\/div>\n\n          <div class=\"event-details-wrap\" style=\"display:block;\">\n\n            <a href=\"https:\/\/www.lvhf.cz\/en\/koncerty\/prednaska-prichod-charvatu-na-jizni-moravu\/\" class=\"event-img-link\">\n              <div class=\"event-img\">\n                <noscript><img loading=\"lazy\" decoding=\"async\" width=\"2560\" height=\"1440\" src=\"https:\/\/www.lvhf.cz\/wp-content\/uploads\/2022\/03\/koncert_new_9n-scaled.jpg\" class=\"attachment-concert_large size-concert_large wp-post-image\" srcset=\"https:\/\/www.lvhf.cz\/wp-content\/uploads\/2022\/03\/koncert_new_9n-scaled.jpg 2560w, https:\/\/www.lvhf.cz\/wp-content\/uploads\/2022\/03\/koncert_new_9n-400x225.jpg 400w, https:\/\/www.lvhf.cz\/wp-content\/uploads\/2022\/03\/koncert_new_9n-1024x576.jpg 1024w, https:\/\/www.lvhf.cz\/wp-content\/uploads\/2022\/03\/koncert_new_9n-768x432.jpg 768w, https:\/\/www.lvhf.cz\/wp-content\/uploads\/2022\/03\/koncert_new_9n-1536x864.jpg 1536w, https:\/\/www.lvhf.cz\/wp-content\/uploads\/2022\/03\/koncert_new_9n-2048x1152.jpg 2048w, https:\/\/www.lvhf.cz\/wp-content\/uploads\/2022\/03\/koncert_new_9n-504x284.jpg 504w, https:\/\/www.lvhf.cz\/wp-content\/uploads\/2022\/03\/koncert_new_9n-711x400.jpg 711w, https:\/\/www.lvhf.cz\/wp-content\/uploads\/2022\/03\/koncert_new_9n-1920x1080.jpg 1920w\" sizes=\"(max-width: 2560px) 100vw, 2560px\" alt><\/noscript><img loading=\"lazy\" decoding=\"async\" width=\"2560\" height=\"1440\" src=\"data:image\/svg+xml,%3Csvg%20xmlns%3D%22http%3A%2F%2Fwww.w3.org%2F2000%2Fsvg%22%20viewBox%3D%220%200%202560%201440%22%3E%3C%2Fsvg%3E\" class=\"attachment-concert_large size-concert_large wp-post-image lazyload\" srcset=\"data:image\/svg+xml,%3Csvg%20xmlns%3D%22http%3A%2F%2Fwww.w3.org%2F2000%2Fsvg%22%20viewBox%3D%220%200%202560%201440%22%3E%3C%2Fsvg%3E 2560w\" sizes=\"(max-width: 2560px) 100vw, 2560px\" data-srcset=\"https:\/\/www.lvhf.cz\/wp-content\/uploads\/2022\/03\/koncert_new_9n-scaled.jpg 2560w, https:\/\/www.lvhf.cz\/wp-content\/uploads\/2022\/03\/koncert_new_9n-400x225.jpg 400w, https:\/\/www.lvhf.cz\/wp-content\/uploads\/2022\/03\/koncert_new_9n-1024x576.jpg 1024w, https:\/\/www.lvhf.cz\/wp-content\/uploads\/2022\/03\/koncert_new_9n-768x432.jpg 768w, https:\/\/www.lvhf.cz\/wp-content\/uploads\/2022\/03\/koncert_new_9n-1536x864.jpg 1536w, https:\/\/www.lvhf.cz\/wp-content\/uploads\/2022\/03\/koncert_new_9n-2048x1152.jpg 2048w, https:\/\/www.lvhf.cz\/wp-content\/uploads\/2022\/03\/koncert_new_9n-504x284.jpg 504w, https:\/\/www.lvhf.cz\/wp-content\/uploads\/2022\/03\/koncert_new_9n-711x400.jpg 711w, https:\/\/www.lvhf.cz\/wp-content\/uploads\/2022\/03\/koncert_new_9n-1920x1080.jpg 1920w\" data-src=\"https:\/\/www.lvhf.cz\/wp-content\/uploads\/2022\/03\/koncert_new_9n-scaled.jpg\" alt>              <\/div>\n            <\/a>\n        \n            <h3 class=\"event-date\" style=\"display:block;\">\n                          <span class=\"month\">25<\/span> \/\n              <span class=\"day\">09<\/span> \/\n              <span class=\"hour\">14:00<\/span>\n            <\/h3>\n            \n            <h3 class=\"event-title\" style=\"display:block;\">Lecture: The arrival of the Charvatians in South Moravia<\/h3>\n            <table class=\"event-details-preview\" style=\"display:block;\">\n              <tbody>\n                <tr>\n                  <td class=\"first-column\">Who<\/td>\n                  <td class=\"second-column\">Miroslav Ger\u0161ic, historian<\/td>\n                <\/tr>\n                                        <tr>\n                  <td class=\"first-column\">Where<\/td>\n                              <td class=\"second-column\"><a style=\"color:rgb(0, 0, 128);\" href=\"https:\/\/www.lvhf.cz\/en\/mista-konani\/havlickova-vila\/\">Havl\u00ed\u010dek Villa, B\u0159eclav\u2013Po\u0161torn\u00e1<\/a> <\/td>\n                <\/tr>\n              <\/tbody>\n            <\/table>\n                  <\/div>\n          <div class=\"btn-event\" style=\"display:block;\">\n            <a href=\"https:\/\/www.lvhf.cz\/en\/koncerty\/prednaska-prichod-charvatu-na-jizni-moravu\/\" class=\"btn btn-default\">Details<\/a>\n                    <\/div>\n        <\/div>\n      <\/div>\n          <!-- Calendar event 4 -->\n      <div class=\"event-col col-sm-6 col-md-6 col-lg-4\">\n\n        \n\n        <div class=\"calendar-event\">\n          <div class=\"banner\" style=\"display:none; height:100%;\">\n            <a href><noscript><img decoding=\"async\" style=\"width:100%; height:100%; object-position: top; object-fit:cover;\" src alt><\/noscript><img decoding=\"async\" style=\"width:100%; height:100%; object-position: top; object-fit:cover;\" src=\"data:image\/gif;base64,R0lGODlhAQABAIAAAAAAAP\/\/\/yH5BAEAAAAALAAAAAABAAEAAAIBRAA7\" alt data-src class=\" lazyload\"><\/a>\n          <\/div>\n\n          <div class=\"event-details-wrap\" style=\"display:block;\">\n\n            <a href=\"https:\/\/www.lvhf.cz\/en\/koncerty\/ensemble-illyrica-josipa-bainac\/\" class=\"event-img-link\">\n              <div class=\"event-img\">\n                <noscript><img loading=\"lazy\" decoding=\"async\" width=\"2560\" height=\"1440\" src=\"https:\/\/www.lvhf.cz\/wp-content\/uploads\/2022\/03\/koncert_new_2-scaled.jpg\" class=\"attachment-concert_large size-concert_large wp-post-image\" srcset=\"https:\/\/www.lvhf.cz\/wp-content\/uploads\/2022\/03\/koncert_new_2-scaled.jpg 2560w, https:\/\/www.lvhf.cz\/wp-content\/uploads\/2022\/03\/koncert_new_2-400x225.jpg 400w, https:\/\/www.lvhf.cz\/wp-content\/uploads\/2022\/03\/koncert_new_2-1024x576.jpg 1024w, https:\/\/www.lvhf.cz\/wp-content\/uploads\/2022\/03\/koncert_new_2-768x432.jpg 768w, https:\/\/www.lvhf.cz\/wp-content\/uploads\/2022\/03\/koncert_new_2-1536x864.jpg 1536w, https:\/\/www.lvhf.cz\/wp-content\/uploads\/2022\/03\/koncert_new_2-2048x1152.jpg 2048w, https:\/\/www.lvhf.cz\/wp-content\/uploads\/2022\/03\/koncert_new_2-504x284.jpg 504w, https:\/\/www.lvhf.cz\/wp-content\/uploads\/2022\/03\/koncert_new_2-711x400.jpg 711w, https:\/\/www.lvhf.cz\/wp-content\/uploads\/2022\/03\/koncert_new_2-1920x1080.jpg 1920w\" sizes=\"(max-width: 2560px) 100vw, 2560px\" alt><\/noscript><img loading=\"lazy\" decoding=\"async\" width=\"2560\" height=\"1440\" src=\"data:image\/svg+xml,%3Csvg%20xmlns%3D%22http%3A%2F%2Fwww.w3.org%2F2000%2Fsvg%22%20viewBox%3D%220%200%202560%201440%22%3E%3C%2Fsvg%3E\" class=\"attachment-concert_large size-concert_large wp-post-image lazyload\" srcset=\"data:image\/svg+xml,%3Csvg%20xmlns%3D%22http%3A%2F%2Fwww.w3.org%2F2000%2Fsvg%22%20viewBox%3D%220%200%202560%201440%22%3E%3C%2Fsvg%3E 2560w\" sizes=\"(max-width: 2560px) 100vw, 2560px\" data-srcset=\"https:\/\/www.lvhf.cz\/wp-content\/uploads\/2022\/03\/koncert_new_2-scaled.jpg 2560w, https:\/\/www.lvhf.cz\/wp-content\/uploads\/2022\/03\/koncert_new_2-400x225.jpg 400w, https:\/\/www.lvhf.cz\/wp-content\/uploads\/2022\/03\/koncert_new_2-1024x576.jpg 1024w, https:\/\/www.lvhf.cz\/wp-content\/uploads\/2022\/03\/koncert_new_2-768x432.jpg 768w, https:\/\/www.lvhf.cz\/wp-content\/uploads\/2022\/03\/koncert_new_2-1536x864.jpg 1536w, https:\/\/www.lvhf.cz\/wp-content\/uploads\/2022\/03\/koncert_new_2-2048x1152.jpg 2048w, https:\/\/www.lvhf.cz\/wp-content\/uploads\/2022\/03\/koncert_new_2-504x284.jpg 504w, https:\/\/www.lvhf.cz\/wp-content\/uploads\/2022\/03\/koncert_new_2-711x400.jpg 711w, https:\/\/www.lvhf.cz\/wp-content\/uploads\/2022\/03\/koncert_new_2-1920x1080.jpg 1920w\" data-src=\"https:\/\/www.lvhf.cz\/wp-content\/uploads\/2022\/03\/koncert_new_2-scaled.jpg\" alt>              <\/div>\n            <\/a>\n        \n            <h3 class=\"event-date\" style=\"display:block;\">\n                          <span class=\"month\">25<\/span> \/\n              <span class=\"day\">09<\/span> \/\n              <span class=\"hour\">17:00<\/span>\n            <\/h3>\n            \n            <h3 class=\"event-title\" style=\"display:block;\">Ensemble Illyrica &#038; Josipa Bainac<\/h3>\n            <table class=\"event-details-preview\" style=\"display:block;\">\n              <tbody>\n                <tr>\n                  <td class=\"first-column\">Who<\/td>\n                  <td class=\"second-column\">Ensemble Illyrica (Croatia)<\/td>\n                <\/tr>\n                            <tr>\n                  <td class=\"first-column\">Soloists<\/td>\n                  <td class=\"second-column\">Josipa Bainac, soprano (Croatia)<\/td>\n                <\/tr>\n                                        <tr>\n                  <td class=\"first-column\">Where<\/td>\n                              <td class=\"second-column\"><a style=\"color:rgb(0, 0, 128);\" href=\"https:\/\/www.lvhf.cz\/en\/mista-konani\/zamek-v-mikulove\/\">Chateau Mikulov<\/a> <\/td>\n                <\/tr>\n              <\/tbody>\n            <\/table>\n                  <\/div>\n          <div class=\"btn-event\" style=\"display:block;\">\n            <a href=\"https:\/\/www.lvhf.cz\/en\/koncerty\/ensemble-illyrica-josipa-bainac\/\" class=\"btn btn-default\">Details<\/a>\n                    <\/div>\n        <\/div>\n      <\/div>\n          <!-- Calendar event 5 -->\n      <div class=\"event-col col-sm-6 col-md-6 col-lg-4\">\n\n        \n\n        <div class=\"calendar-event\">\n          <div class=\"banner\" style=\"display:none; height:100%;\">\n            <a href><noscript><img decoding=\"async\" style=\"width:100%; height:100%; object-position: top; object-fit:cover;\" src alt><\/noscript><img decoding=\"async\" style=\"width:100%; height:100%; object-position: top; object-fit:cover;\" src=\"data:image\/gif;base64,R0lGODlhAQABAIAAAAAAAP\/\/\/yH5BAEAAAAALAAAAAABAAEAAAIBRAA7\" alt data-src class=\" lazyload\"><\/a>\n          <\/div>\n\n          <div class=\"event-details-wrap\" style=\"display:block;\">\n\n            <a href=\"https:\/\/www.lvhf.cz\/en\/koncerty\/edukacni-koncerty-pro-skoly-2\/\" class=\"event-img-link\">\n              <div class=\"event-img\">\n                <noscript><img loading=\"lazy\" decoding=\"async\" width=\"2560\" height=\"1440\" src=\"https:\/\/www.lvhf.cz\/wp-content\/uploads\/2022\/03\/koncert_new_9n-scaled.jpg\" class=\"attachment-concert_large size-concert_large wp-post-image\" srcset=\"https:\/\/www.lvhf.cz\/wp-content\/uploads\/2022\/03\/koncert_new_9n-scaled.jpg 2560w, https:\/\/www.lvhf.cz\/wp-content\/uploads\/2022\/03\/koncert_new_9n-400x225.jpg 400w, https:\/\/www.lvhf.cz\/wp-content\/uploads\/2022\/03\/koncert_new_9n-1024x576.jpg 1024w, https:\/\/www.lvhf.cz\/wp-content\/uploads\/2022\/03\/koncert_new_9n-768x432.jpg 768w, https:\/\/www.lvhf.cz\/wp-content\/uploads\/2022\/03\/koncert_new_9n-1536x864.jpg 1536w, https:\/\/www.lvhf.cz\/wp-content\/uploads\/2022\/03\/koncert_new_9n-2048x1152.jpg 2048w, https:\/\/www.lvhf.cz\/wp-content\/uploads\/2022\/03\/koncert_new_9n-504x284.jpg 504w, https:\/\/www.lvhf.cz\/wp-content\/uploads\/2022\/03\/koncert_new_9n-711x400.jpg 711w, https:\/\/www.lvhf.cz\/wp-content\/uploads\/2022\/03\/koncert_new_9n-1920x1080.jpg 1920w\" sizes=\"(max-width: 2560px) 100vw, 2560px\" alt><\/noscript><img loading=\"lazy\" decoding=\"async\" width=\"2560\" height=\"1440\" src=\"data:image\/svg+xml,%3Csvg%20xmlns%3D%22http%3A%2F%2Fwww.w3.org%2F2000%2Fsvg%22%20viewBox%3D%220%200%202560%201440%22%3E%3C%2Fsvg%3E\" class=\"attachment-concert_large size-concert_large wp-post-image lazyload\" srcset=\"data:image\/svg+xml,%3Csvg%20xmlns%3D%22http%3A%2F%2Fwww.w3.org%2F2000%2Fsvg%22%20viewBox%3D%220%200%202560%201440%22%3E%3C%2Fsvg%3E 2560w\" sizes=\"(max-width: 2560px) 100vw, 2560px\" data-srcset=\"https:\/\/www.lvhf.cz\/wp-content\/uploads\/2022\/03\/koncert_new_9n-scaled.jpg 2560w, https:\/\/www.lvhf.cz\/wp-content\/uploads\/2022\/03\/koncert_new_9n-400x225.jpg 400w, https:\/\/www.lvhf.cz\/wp-content\/uploads\/2022\/03\/koncert_new_9n-1024x576.jpg 1024w, https:\/\/www.lvhf.cz\/wp-content\/uploads\/2022\/03\/koncert_new_9n-768x432.jpg 768w, https:\/\/www.lvhf.cz\/wp-content\/uploads\/2022\/03\/koncert_new_9n-1536x864.jpg 1536w, https:\/\/www.lvhf.cz\/wp-content\/uploads\/2022\/03\/koncert_new_9n-2048x1152.jpg 2048w, https:\/\/www.lvhf.cz\/wp-content\/uploads\/2022\/03\/koncert_new_9n-504x284.jpg 504w, https:\/\/www.lvhf.cz\/wp-content\/uploads\/2022\/03\/koncert_new_9n-711x400.jpg 711w, https:\/\/www.lvhf.cz\/wp-content\/uploads\/2022\/03\/koncert_new_9n-1920x1080.jpg 1920w\" data-src=\"https:\/\/www.lvhf.cz\/wp-content\/uploads\/2022\/03\/koncert_new_9n-scaled.jpg\" alt>              <\/div>\n            <\/a>\n        \n            <h3 class=\"event-date\" style=\"display:block;\">\n                          <span class=\"month\">26<\/span> \/\n              <span class=\"day\">09<\/span> \/\n              <span class=\"hour\">9:00<\/span>\n            <\/h3>\n            \n            <h3 class=\"event-title\" style=\"display:block;\">Concerts for Schools<\/h3>\n            <table class=\"event-details-preview\" style=\"display:block;\">\n              <tbody>\n                <tr>\n                  <td class=\"first-column\">Who<\/td>\n                  <td class=\"second-column\">Chamber Ensemble of Moravia Brass Band<\/td>\n                <\/tr>\n                                        <tr>\n                  <td class=\"first-column\">Where<\/td>\n                              <td class=\"second-column\"><a style=\"color:rgb(0, 0, 128);\" href=\"https:\/\/www.lvhf.cz\/en\/mista-konani\/zamecka-jizdarna-lednice-multifunkcni-centrum\/\">Lednice Riding Hall<\/a>, <a style=\"color:rgb(0, 0, 128);\" href=\"https:\/\/www.lvhf.cz\/en\/mista-konani\/zamecka-jizdarna-valtice\/\">Valtice Castle Riding Hall<\/a>  <\/td>\n                <\/tr>\n              <\/tbody>\n            <\/table>\n                  <\/div>\n          <div class=\"btn-event\" style=\"display:block;\">\n            <a href=\"https:\/\/www.lvhf.cz\/en\/koncerty\/edukacni-koncerty-pro-skoly-2\/\" class=\"btn btn-default\">Details<\/a>\n                    <\/div>\n        <\/div>\n      <\/div>\n          <!-- Calendar event 6 -->\n      <div class=\"event-col col-sm-6 col-md-6 col-lg-4\">\n\n        \n\n        <div class=\"calendar-event\">\n          <div class=\"banner\" style=\"display:none; height:100%;\">\n            <a href><noscript><img decoding=\"async\" style=\"width:100%; height:100%; object-position: top; object-fit:cover;\" src alt><\/noscript><img decoding=\"async\" style=\"width:100%; height:100%; object-position: top; object-fit:cover;\" src=\"data:image\/gif;base64,R0lGODlhAQABAIAAAAAAAP\/\/\/yH5BAEAAAAALAAAAAABAAEAAAIBRAA7\" alt data-src class=\" lazyload\"><\/a>\n          <\/div>\n\n          <div class=\"event-details-wrap\" style=\"display:block;\">\n\n            <a href=\"https:\/\/www.lvhf.cz\/en\/koncerty\/en-cappella-mariana-goeyvaerts-string-trio\/\" class=\"event-img-link\">\n              <div class=\"event-img\">\n                <noscript><img loading=\"lazy\" decoding=\"async\" width=\"2560\" height=\"1440\" src=\"https:\/\/www.lvhf.cz\/wp-content\/uploads\/2022\/03\/koncert_new_3-scaled.jpg\" class=\"attachment-concert_large size-concert_large wp-post-image\" srcset=\"https:\/\/www.lvhf.cz\/wp-content\/uploads\/2022\/03\/koncert_new_3-scaled.jpg 2560w, https:\/\/www.lvhf.cz\/wp-content\/uploads\/2022\/03\/koncert_new_3-400x225.jpg 400w, https:\/\/www.lvhf.cz\/wp-content\/uploads\/2022\/03\/koncert_new_3-1024x576.jpg 1024w, https:\/\/www.lvhf.cz\/wp-content\/uploads\/2022\/03\/koncert_new_3-768x432.jpg 768w, https:\/\/www.lvhf.cz\/wp-content\/uploads\/2022\/03\/koncert_new_3-1536x864.jpg 1536w, https:\/\/www.lvhf.cz\/wp-content\/uploads\/2022\/03\/koncert_new_3-2048x1152.jpg 2048w, https:\/\/www.lvhf.cz\/wp-content\/uploads\/2022\/03\/koncert_new_3-504x284.jpg 504w, https:\/\/www.lvhf.cz\/wp-content\/uploads\/2022\/03\/koncert_new_3-711x400.jpg 711w, https:\/\/www.lvhf.cz\/wp-content\/uploads\/2022\/03\/koncert_new_3-1920x1080.jpg 1920w\" sizes=\"(max-width: 2560px) 100vw, 2560px\" alt><\/noscript><img loading=\"lazy\" decoding=\"async\" width=\"2560\" height=\"1440\" src=\"data:image\/svg+xml,%3Csvg%20xmlns%3D%22http%3A%2F%2Fwww.w3.org%2F2000%2Fsvg%22%20viewBox%3D%220%200%202560%201440%22%3E%3C%2Fsvg%3E\" class=\"attachment-concert_large size-concert_large wp-post-image lazyload\" srcset=\"data:image\/svg+xml,%3Csvg%20xmlns%3D%22http%3A%2F%2Fwww.w3.org%2F2000%2Fsvg%22%20viewBox%3D%220%200%202560%201440%22%3E%3C%2Fsvg%3E 2560w\" sizes=\"(max-width: 2560px) 100vw, 2560px\" data-srcset=\"https:\/\/www.lvhf.cz\/wp-content\/uploads\/2022\/03\/koncert_new_3-scaled.jpg 2560w, https:\/\/www.lvhf.cz\/wp-content\/uploads\/2022\/03\/koncert_new_3-400x225.jpg 400w, https:\/\/www.lvhf.cz\/wp-content\/uploads\/2022\/03\/koncert_new_3-1024x576.jpg 1024w, https:\/\/www.lvhf.cz\/wp-content\/uploads\/2022\/03\/koncert_new_3-768x432.jpg 768w, https:\/\/www.lvhf.cz\/wp-content\/uploads\/2022\/03\/koncert_new_3-1536x864.jpg 1536w, https:\/\/www.lvhf.cz\/wp-content\/uploads\/2022\/03\/koncert_new_3-2048x1152.jpg 2048w, https:\/\/www.lvhf.cz\/wp-content\/uploads\/2022\/03\/koncert_new_3-504x284.jpg 504w, https:\/\/www.lvhf.cz\/wp-content\/uploads\/2022\/03\/koncert_new_3-711x400.jpg 711w, https:\/\/www.lvhf.cz\/wp-content\/uploads\/2022\/03\/koncert_new_3-1920x1080.jpg 1920w\" data-src=\"https:\/\/www.lvhf.cz\/wp-content\/uploads\/2022\/03\/koncert_new_3-scaled.jpg\" alt>              <\/div>\n            <\/a>\n        \n            <h3 class=\"event-date\" style=\"display:block;\">\n                          <span class=\"month\">28<\/span> \/\n              <span class=\"day\">09<\/span> \/\n              <span class=\"hour\">19:00<\/span>\n            <\/h3>\n            \n            <h3 class=\"event-title\" style=\"display:block;\">Cappella Mariana &#038; Goeyvaerts String Trio<\/h3>\n            <table class=\"event-details-preview\" style=\"display:block;\">\n              <tbody>\n                <tr>\n                  <td class=\"first-column\">Who<\/td>\n                  <td class=\"second-column\">Cappella Mariana (Czech Republic)<\/td>\n                <\/tr>\n                                        <tr>\n                  <td class=\"first-column\">Guest<\/td>\n                  <td class=\"second-column\">Goeyvaerts String Trio (Belgium)<\/td>\n                <\/tr>\n                            <tr>\n                  <td class=\"first-column\">Where<\/td>\n                              <td class=\"second-column\"><a style=\"color:rgb(0, 0, 128);\" href=\"https:\/\/www.lvhf.cz\/en\/mista-konani\/kostel-sv-jakuba-starsiho-statni-zamek-lednice\/\">Church of St. James the Elder, Lednice<\/a> <\/td>\n                <\/tr>\n              <\/tbody>\n            <\/table>\n                  <\/div>\n          <div class=\"btn-event\" style=\"display:block;\">\n            <a href=\"https:\/\/www.lvhf.cz\/en\/koncerty\/en-cappella-mariana-goeyvaerts-string-trio\/\" class=\"btn btn-default\">Details<\/a>\n                    <\/div>\n        <\/div>\n      <\/div>\n          <!-- Calendar event 7 -->\n      <div class=\"event-col col-sm-6 col-md-6 col-lg-4\">\n\n        \n\n        <div class=\"calendar-event\">\n          <div class=\"banner\" style=\"display:none; height:100%;\">\n            <a href><noscript><img decoding=\"async\" style=\"width:100%; height:100%; object-position: top; object-fit:cover;\" src alt><\/noscript><img decoding=\"async\" style=\"width:100%; height:100%; object-position: top; object-fit:cover;\" src=\"data:image\/gif;base64,R0lGODlhAQABAIAAAAAAAP\/\/\/yH5BAEAAAAALAAAAAABAAEAAAIBRAA7\" alt data-src class=\" lazyload\"><\/a>\n          <\/div>\n\n          <div class=\"event-details-wrap\" style=\"display:block;\">\n\n            <a href=\"https:\/\/www.lvhf.cz\/en\/koncerty\/aljosa-jurinic-latica-anic\/\" class=\"event-img-link\">\n              <div class=\"event-img\">\n                <noscript><img loading=\"lazy\" decoding=\"async\" width=\"2560\" height=\"1440\" src=\"https:\/\/www.lvhf.cz\/wp-content\/uploads\/2022\/03\/koncert_new_4-scaled.jpg\" class=\"attachment-concert_large size-concert_large wp-post-image\" srcset=\"https:\/\/www.lvhf.cz\/wp-content\/uploads\/2022\/03\/koncert_new_4-scaled.jpg 2560w, https:\/\/www.lvhf.cz\/wp-content\/uploads\/2022\/03\/koncert_new_4-400x225.jpg 400w, https:\/\/www.lvhf.cz\/wp-content\/uploads\/2022\/03\/koncert_new_4-1024x576.jpg 1024w, https:\/\/www.lvhf.cz\/wp-content\/uploads\/2022\/03\/koncert_new_4-768x432.jpg 768w, https:\/\/www.lvhf.cz\/wp-content\/uploads\/2022\/03\/koncert_new_4-1536x864.jpg 1536w, https:\/\/www.lvhf.cz\/wp-content\/uploads\/2022\/03\/koncert_new_4-2048x1152.jpg 2048w, https:\/\/www.lvhf.cz\/wp-content\/uploads\/2022\/03\/koncert_new_4-504x284.jpg 504w, https:\/\/www.lvhf.cz\/wp-content\/uploads\/2022\/03\/koncert_new_4-711x400.jpg 711w, https:\/\/www.lvhf.cz\/wp-content\/uploads\/2022\/03\/koncert_new_4-1920x1080.jpg 1920w\" sizes=\"(max-width: 2560px) 100vw, 2560px\" alt><\/noscript><img loading=\"lazy\" decoding=\"async\" width=\"2560\" height=\"1440\" src=\"data:image\/svg+xml,%3Csvg%20xmlns%3D%22http%3A%2F%2Fwww.w3.org%2F2000%2Fsvg%22%20viewBox%3D%220%200%202560%201440%22%3E%3C%2Fsvg%3E\" class=\"attachment-concert_large size-concert_large wp-post-image lazyload\" srcset=\"data:image\/svg+xml,%3Csvg%20xmlns%3D%22http%3A%2F%2Fwww.w3.org%2F2000%2Fsvg%22%20viewBox%3D%220%200%202560%201440%22%3E%3C%2Fsvg%3E 2560w\" sizes=\"(max-width: 2560px) 100vw, 2560px\" data-srcset=\"https:\/\/www.lvhf.cz\/wp-content\/uploads\/2022\/03\/koncert_new_4-scaled.jpg 2560w, https:\/\/www.lvhf.cz\/wp-content\/uploads\/2022\/03\/koncert_new_4-400x225.jpg 400w, https:\/\/www.lvhf.cz\/wp-content\/uploads\/2022\/03\/koncert_new_4-1024x576.jpg 1024w, https:\/\/www.lvhf.cz\/wp-content\/uploads\/2022\/03\/koncert_new_4-768x432.jpg 768w, https:\/\/www.lvhf.cz\/wp-content\/uploads\/2022\/03\/koncert_new_4-1536x864.jpg 1536w, https:\/\/www.lvhf.cz\/wp-content\/uploads\/2022\/03\/koncert_new_4-2048x1152.jpg 2048w, https:\/\/www.lvhf.cz\/wp-content\/uploads\/2022\/03\/koncert_new_4-504x284.jpg 504w, https:\/\/www.lvhf.cz\/wp-content\/uploads\/2022\/03\/koncert_new_4-711x400.jpg 711w, https:\/\/www.lvhf.cz\/wp-content\/uploads\/2022\/03\/koncert_new_4-1920x1080.jpg 1920w\" data-src=\"https:\/\/www.lvhf.cz\/wp-content\/uploads\/2022\/03\/koncert_new_4-scaled.jpg\" alt>              <\/div>\n            <\/a>\n        \n            <h3 class=\"event-date\" style=\"display:block;\">\n                          <span class=\"month\">30<\/span> \/\n              <span class=\"day\">09<\/span> \/\n              <span class=\"hour\">18:00<\/span>\n            <\/h3>\n            \n            <h3 class=\"event-title\" style=\"display:block;\">Aljo\u0161a Jurini\u0107 &#038; Latica Ani\u0107<\/h3>\n            <table class=\"event-details-preview\" style=\"display:block;\">\n              <tbody>\n                <tr>\n                  <td class=\"first-column\">Who<\/td>\n                  <td class=\"second-column\">Aljo\u0161a Jurini\u0107, piano (Croatia)<\/td>\n                <\/tr>\n                                        <tr>\n                  <td class=\"first-column\">Guest<\/td>\n                  <td class=\"second-column\">Latica Ani\u0107, cello (Croatia)<\/td>\n                <\/tr>\n                            <tr>\n                  <td class=\"first-column\">Where<\/td>\n                              <td class=\"second-column\"><a style=\"color:rgb(0, 0, 128);\" href=\"https:\/\/www.lvhf.cz\/en\/mista-konani\/zamecek-pohansko\/\">Mansion Pohansko<\/a> <\/td>\n                <\/tr>\n              <\/tbody>\n            <\/table>\n                  <\/div>\n          <div class=\"btn-event\" style=\"display:block;\">\n            <a href=\"https:\/\/www.lvhf.cz\/en\/koncerty\/aljosa-jurinic-latica-anic\/\" class=\"btn btn-default\">Details<\/a>\n                    <\/div>\n        <\/div>\n      <\/div>\n          <!-- Calendar event 8 -->\n      <div class=\"event-col col-sm-6 col-md-6 col-lg-4\">\n\n        \n\n        <div class=\"calendar-event\">\n          <div class=\"banner\" style=\"display:none; height:100%;\">\n            <a href><noscript><img decoding=\"async\" style=\"width:100%; height:100%; object-position: top; object-fit:cover;\" src alt><\/noscript><img decoding=\"async\" style=\"width:100%; height:100%; object-position: top; object-fit:cover;\" src=\"data:image\/gif;base64,R0lGODlhAQABAIAAAAAAAP\/\/\/yH5BAEAAAAALAAAAAABAAEAAAIBRAA7\" alt data-src class=\" lazyload\"><\/a>\n          <\/div>\n\n          <div class=\"event-details-wrap\" style=\"display:block;\">\n\n            <a href=\"https:\/\/www.lvhf.cz\/en\/koncerty\/luka-ljubas-aljosa-jurinic-latica-anic\/\" class=\"event-img-link\">\n              <div class=\"event-img\">\n                <noscript><img loading=\"lazy\" decoding=\"async\" width=\"2560\" height=\"1440\" src=\"https:\/\/www.lvhf.cz\/wp-content\/uploads\/2022\/03\/koncert_new_5-scaled.jpg\" class=\"attachment-concert_large size-concert_large wp-post-image\" srcset=\"https:\/\/www.lvhf.cz\/wp-content\/uploads\/2022\/03\/koncert_new_5-scaled.jpg 2560w, https:\/\/www.lvhf.cz\/wp-content\/uploads\/2022\/03\/koncert_new_5-400x225.jpg 400w, https:\/\/www.lvhf.cz\/wp-content\/uploads\/2022\/03\/koncert_new_5-1024x576.jpg 1024w, https:\/\/www.lvhf.cz\/wp-content\/uploads\/2022\/03\/koncert_new_5-768x432.jpg 768w, https:\/\/www.lvhf.cz\/wp-content\/uploads\/2022\/03\/koncert_new_5-1536x864.jpg 1536w, https:\/\/www.lvhf.cz\/wp-content\/uploads\/2022\/03\/koncert_new_5-2048x1152.jpg 2048w, https:\/\/www.lvhf.cz\/wp-content\/uploads\/2022\/03\/koncert_new_5-504x284.jpg 504w, https:\/\/www.lvhf.cz\/wp-content\/uploads\/2022\/03\/koncert_new_5-711x400.jpg 711w, https:\/\/www.lvhf.cz\/wp-content\/uploads\/2022\/03\/koncert_new_5-1920x1080.jpg 1920w\" sizes=\"(max-width: 2560px) 100vw, 2560px\" alt><\/noscript><img loading=\"lazy\" decoding=\"async\" width=\"2560\" height=\"1440\" src=\"data:image\/svg+xml,%3Csvg%20xmlns%3D%22http%3A%2F%2Fwww.w3.org%2F2000%2Fsvg%22%20viewBox%3D%220%200%202560%201440%22%3E%3C%2Fsvg%3E\" class=\"attachment-concert_large size-concert_large wp-post-image lazyload\" srcset=\"data:image\/svg+xml,%3Csvg%20xmlns%3D%22http%3A%2F%2Fwww.w3.org%2F2000%2Fsvg%22%20viewBox%3D%220%200%202560%201440%22%3E%3C%2Fsvg%3E 2560w\" sizes=\"(max-width: 2560px) 100vw, 2560px\" data-srcset=\"https:\/\/www.lvhf.cz\/wp-content\/uploads\/2022\/03\/koncert_new_5-scaled.jpg 2560w, https:\/\/www.lvhf.cz\/wp-content\/uploads\/2022\/03\/koncert_new_5-400x225.jpg 400w, https:\/\/www.lvhf.cz\/wp-content\/uploads\/2022\/03\/koncert_new_5-1024x576.jpg 1024w, https:\/\/www.lvhf.cz\/wp-content\/uploads\/2022\/03\/koncert_new_5-768x432.jpg 768w, https:\/\/www.lvhf.cz\/wp-content\/uploads\/2022\/03\/koncert_new_5-1536x864.jpg 1536w, https:\/\/www.lvhf.cz\/wp-content\/uploads\/2022\/03\/koncert_new_5-2048x1152.jpg 2048w, https:\/\/www.lvhf.cz\/wp-content\/uploads\/2022\/03\/koncert_new_5-504x284.jpg 504w, https:\/\/www.lvhf.cz\/wp-content\/uploads\/2022\/03\/koncert_new_5-711x400.jpg 711w, https:\/\/www.lvhf.cz\/wp-content\/uploads\/2022\/03\/koncert_new_5-1920x1080.jpg 1920w\" data-src=\"https:\/\/www.lvhf.cz\/wp-content\/uploads\/2022\/03\/koncert_new_5-scaled.jpg\" alt>              <\/div>\n            <\/a>\n        \n            <h3 class=\"event-date\" style=\"display:block;\">\n                          <span class=\"month\">01<\/span> \/\n              <span class=\"day\">10<\/span> \/\n              <span class=\"hour\">19:00<\/span>\n            <\/h3>\n            \n            <h3 class=\"event-title\" style=\"display:block;\">Luka Ljubas &#038; Aljo\u0161a Jurini\u0107 &#038; Latica Ani\u0107<\/h3>\n            <table class=\"event-details-preview\" style=\"display:block;\">\n              <tbody>\n                <tr>\n                  <td class=\"first-column\">Who<\/td>\n                  <td class=\"second-column\">Luka Ljubas, violine (Croatia)<br>\nAljo\u0161a Jurini\u0107, piano (Croatia<br>\nLatica Ani\u0107, cello (Croatia)<\/td>\n                <\/tr>\n                                        <tr>\n                  <td class=\"first-column\">Where<\/td>\n                              <td class=\"second-column\"><a style=\"color:rgb(0, 0, 128);\" href=\"https:\/\/www.lvhf.cz\/en\/mista-konani\/zamecka-jizdarna-lednice-multifunkcni-centrum\/\">Lednice Riding Hall<\/a> <\/td>\n                <\/tr>\n              <\/tbody>\n            <\/table>\n                  <\/div>\n          <div class=\"btn-event\" style=\"display:block;\">\n            <a href=\"https:\/\/www.lvhf.cz\/en\/koncerty\/luka-ljubas-aljosa-jurinic-latica-anic\/\" class=\"btn btn-default\">Details<\/a>\n                    <\/div>\n        <\/div>\n      <\/div>\n          <!-- Calendar event 9 -->\n      <div class=\"event-col col-sm-6 col-md-6 col-lg-4\">\n\n        \n\n        <div class=\"calendar-event\">\n          <div class=\"banner\" style=\"display:none; height:100%;\">\n            <a href><noscript><img decoding=\"async\" style=\"width:100%; height:100%; object-position: top; object-fit:cover;\" src alt><\/noscript><img decoding=\"async\" style=\"width:100%; height:100%; object-position: top; object-fit:cover;\" src=\"data:image\/gif;base64,R0lGODlhAQABAIAAAAAAAP\/\/\/yH5BAEAAAAALAAAAAABAAEAAAIBRAA7\" alt data-src class=\" lazyload\"><\/a>\n          <\/div>\n\n          <div class=\"event-details-wrap\" style=\"display:block;\">\n\n            <a href=\"https:\/\/www.lvhf.cz\/en\/koncerty\/de-vortrag-farben-des-kroatischen-mahrens\/\" class=\"event-img-link\">\n              <div class=\"event-img\">\n                <noscript><img loading=\"lazy\" decoding=\"async\" width=\"2560\" height=\"1440\" src=\"https:\/\/www.lvhf.cz\/wp-content\/uploads\/2022\/03\/koncert_new_9n-scaled.jpg\" class=\"attachment-concert_large size-concert_large wp-post-image\" srcset=\"https:\/\/www.lvhf.cz\/wp-content\/uploads\/2022\/03\/koncert_new_9n-scaled.jpg 2560w, https:\/\/www.lvhf.cz\/wp-content\/uploads\/2022\/03\/koncert_new_9n-400x225.jpg 400w, https:\/\/www.lvhf.cz\/wp-content\/uploads\/2022\/03\/koncert_new_9n-1024x576.jpg 1024w, https:\/\/www.lvhf.cz\/wp-content\/uploads\/2022\/03\/koncert_new_9n-768x432.jpg 768w, https:\/\/www.lvhf.cz\/wp-content\/uploads\/2022\/03\/koncert_new_9n-1536x864.jpg 1536w, https:\/\/www.lvhf.cz\/wp-content\/uploads\/2022\/03\/koncert_new_9n-2048x1152.jpg 2048w, https:\/\/www.lvhf.cz\/wp-content\/uploads\/2022\/03\/koncert_new_9n-504x284.jpg 504w, https:\/\/www.lvhf.cz\/wp-content\/uploads\/2022\/03\/koncert_new_9n-711x400.jpg 711w, https:\/\/www.lvhf.cz\/wp-content\/uploads\/2022\/03\/koncert_new_9n-1920x1080.jpg 1920w\" sizes=\"(max-width: 2560px) 100vw, 2560px\" alt><\/noscript><img loading=\"lazy\" decoding=\"async\" width=\"2560\" height=\"1440\" src=\"data:image\/svg+xml,%3Csvg%20xmlns%3D%22http%3A%2F%2Fwww.w3.org%2F2000%2Fsvg%22%20viewBox%3D%220%200%202560%201440%22%3E%3C%2Fsvg%3E\" class=\"attachment-concert_large size-concert_large wp-post-image lazyload\" srcset=\"data:image\/svg+xml,%3Csvg%20xmlns%3D%22http%3A%2F%2Fwww.w3.org%2F2000%2Fsvg%22%20viewBox%3D%220%200%202560%201440%22%3E%3C%2Fsvg%3E 2560w\" sizes=\"(max-width: 2560px) 100vw, 2560px\" data-srcset=\"https:\/\/www.lvhf.cz\/wp-content\/uploads\/2022\/03\/koncert_new_9n-scaled.jpg 2560w, https:\/\/www.lvhf.cz\/wp-content\/uploads\/2022\/03\/koncert_new_9n-400x225.jpg 400w, https:\/\/www.lvhf.cz\/wp-content\/uploads\/2022\/03\/koncert_new_9n-1024x576.jpg 1024w, https:\/\/www.lvhf.cz\/wp-content\/uploads\/2022\/03\/koncert_new_9n-768x432.jpg 768w, https:\/\/www.lvhf.cz\/wp-content\/uploads\/2022\/03\/koncert_new_9n-1536x864.jpg 1536w, https:\/\/www.lvhf.cz\/wp-content\/uploads\/2022\/03\/koncert_new_9n-2048x1152.jpg 2048w, https:\/\/www.lvhf.cz\/wp-content\/uploads\/2022\/03\/koncert_new_9n-504x284.jpg 504w, https:\/\/www.lvhf.cz\/wp-content\/uploads\/2022\/03\/koncert_new_9n-711x400.jpg 711w, https:\/\/www.lvhf.cz\/wp-content\/uploads\/2022\/03\/koncert_new_9n-1920x1080.jpg 1920w\" data-src=\"https:\/\/www.lvhf.cz\/wp-content\/uploads\/2022\/03\/koncert_new_9n-scaled.jpg\" alt>              <\/div>\n            <\/a>\n        \n            <h3 class=\"event-date\" style=\"display:block;\">\n                          <span class=\"month\">02<\/span> \/\n              <span class=\"day\">10<\/span> \/\n              <span class=\"hour\">13:00<\/span>\n            <\/h3>\n            \n            <h3 class=\"event-title\" style=\"display:block;\">Lecture: Colors of Croatian Moravia<\/h3>\n            <table class=\"event-details-preview\" style=\"display:block;\">\n              <tbody>\n                <tr>\n                  <td class=\"first-column\">Who<\/td>\n                  <td class=\"second-column\">Mgr. Lenka Kop\u0159ivov\u00e1, m\u00edstop\u0159edsedkyn\u011b Sdru\u017een\u00ed ob\u010dan\u016f chorvatsk\u00e9 n\u00e1rodnosti v \u010cR<\/td>\n                <\/tr>\n                                        <tr>\n                  <td class=\"first-column\">Where<\/td>\n                              <td class=\"second-column\"><a style=\"color:rgb(0, 0, 128);\" href=\"https:\/\/www.lvhf.cz\/en\/mista-konani\/chateau-de-frontiere-hranicni-zamecek\/\">Chateau de Fronti\u00e8re (Hrani\u010dn\u00ed z\u00e1me\u010dek)<\/a> <\/td>\n                <\/tr>\n              <\/tbody>\n            <\/table>\n                  <\/div>\n          <div class=\"btn-event\" style=\"display:block;\">\n            <a href=\"https:\/\/www.lvhf.cz\/en\/koncerty\/de-vortrag-farben-des-kroatischen-mahrens\/\" class=\"btn btn-default\">Details<\/a>\n                    <\/div>\n        <\/div>\n      <\/div>\n          <!-- Calendar event 10 -->\n      <div class=\"event-col col-sm-6 col-md-6 col-lg-4\">\n\n        \n\n        <div class=\"calendar-event\">\n          <div class=\"banner\" style=\"display:none; height:100%;\">\n            <a href><noscript><img decoding=\"async\" style=\"width:100%; height:100%; object-position: top; object-fit:cover;\" src alt><\/noscript><img decoding=\"async\" style=\"width:100%; height:100%; object-position: top; object-fit:cover;\" src=\"data:image\/gif;base64,R0lGODlhAQABAIAAAAAAAP\/\/\/yH5BAEAAAAALAAAAAABAAEAAAIBRAA7\" alt data-src class=\" lazyload\"><\/a>\n          <\/div>\n\n          <div class=\"event-details-wrap\" style=\"display:block;\">\n\n            <a href=\"https:\/\/www.lvhf.cz\/en\/koncerty\/talichovo-kvarteto\/\" class=\"event-img-link\">\n              <div class=\"event-img\">\n                <noscript><img loading=\"lazy\" decoding=\"async\" width=\"2560\" height=\"1440\" src=\"https:\/\/www.lvhf.cz\/wp-content\/uploads\/2022\/03\/koncert_new_6-scaled.jpg\" class=\"attachment-concert_large size-concert_large wp-post-image\" srcset=\"https:\/\/www.lvhf.cz\/wp-content\/uploads\/2022\/03\/koncert_new_6-scaled.jpg 2560w, https:\/\/www.lvhf.cz\/wp-content\/uploads\/2022\/03\/koncert_new_6-400x225.jpg 400w, https:\/\/www.lvhf.cz\/wp-content\/uploads\/2022\/03\/koncert_new_6-1024x576.jpg 1024w, https:\/\/www.lvhf.cz\/wp-content\/uploads\/2022\/03\/koncert_new_6-768x432.jpg 768w, https:\/\/www.lvhf.cz\/wp-content\/uploads\/2022\/03\/koncert_new_6-1536x864.jpg 1536w, https:\/\/www.lvhf.cz\/wp-content\/uploads\/2022\/03\/koncert_new_6-2048x1152.jpg 2048w, https:\/\/www.lvhf.cz\/wp-content\/uploads\/2022\/03\/koncert_new_6-504x284.jpg 504w, https:\/\/www.lvhf.cz\/wp-content\/uploads\/2022\/03\/koncert_new_6-711x400.jpg 711w, https:\/\/www.lvhf.cz\/wp-content\/uploads\/2022\/03\/koncert_new_6-1920x1080.jpg 1920w\" sizes=\"(max-width: 2560px) 100vw, 2560px\" alt><\/noscript><img loading=\"lazy\" decoding=\"async\" width=\"2560\" height=\"1440\" src=\"data:image\/svg+xml,%3Csvg%20xmlns%3D%22http%3A%2F%2Fwww.w3.org%2F2000%2Fsvg%22%20viewBox%3D%220%200%202560%201440%22%3E%3C%2Fsvg%3E\" class=\"attachment-concert_large size-concert_large wp-post-image lazyload\" srcset=\"data:image\/svg+xml,%3Csvg%20xmlns%3D%22http%3A%2F%2Fwww.w3.org%2F2000%2Fsvg%22%20viewBox%3D%220%200%202560%201440%22%3E%3C%2Fsvg%3E 2560w\" sizes=\"(max-width: 2560px) 100vw, 2560px\" data-srcset=\"https:\/\/www.lvhf.cz\/wp-content\/uploads\/2022\/03\/koncert_new_6-scaled.jpg 2560w, https:\/\/www.lvhf.cz\/wp-content\/uploads\/2022\/03\/koncert_new_6-400x225.jpg 400w, https:\/\/www.lvhf.cz\/wp-content\/uploads\/2022\/03\/koncert_new_6-1024x576.jpg 1024w, https:\/\/www.lvhf.cz\/wp-content\/uploads\/2022\/03\/koncert_new_6-768x432.jpg 768w, https:\/\/www.lvhf.cz\/wp-content\/uploads\/2022\/03\/koncert_new_6-1536x864.jpg 1536w, https:\/\/www.lvhf.cz\/wp-content\/uploads\/2022\/03\/koncert_new_6-2048x1152.jpg 2048w, https:\/\/www.lvhf.cz\/wp-content\/uploads\/2022\/03\/koncert_new_6-504x284.jpg 504w, https:\/\/www.lvhf.cz\/wp-content\/uploads\/2022\/03\/koncert_new_6-711x400.jpg 711w, https:\/\/www.lvhf.cz\/wp-content\/uploads\/2022\/03\/koncert_new_6-1920x1080.jpg 1920w\" data-src=\"https:\/\/www.lvhf.cz\/wp-content\/uploads\/2022\/03\/koncert_new_6-scaled.jpg\" alt>              <\/div>\n            <\/a>\n        \n            <h3 class=\"event-date\" style=\"display:block;\">\n                          <span class=\"month\">02<\/span> \/\n              <span class=\"day\">10<\/span> \/\n              <span class=\"hour\">16:00<\/span>\n            <\/h3>\n            \n            <h3 class=\"event-title\" style=\"display:block;\">Talich Quartet<\/h3>\n            <table class=\"event-details-preview\" style=\"display:block;\">\n              <tbody>\n                <tr>\n                  <td class=\"first-column\">Who<\/td>\n                  <td class=\"second-column\">Talich Quartet (Czech Republic)<\/td>\n                <\/tr>\n                                        <tr>\n                  <td class=\"first-column\">Where<\/td>\n                              <td class=\"second-column\"><a style=\"color:rgb(0, 0, 128);\" href=\"https:\/\/www.lvhf.cz\/en\/mista-konani\/dianin-chram-rendez-vouse\/\">Temple of Diana \u2013 Rendez-vous<\/a> <\/td>\n                <\/tr>\n              <\/tbody>\n            <\/table>\n                  <\/div>\n          <div class=\"btn-event\" style=\"display:block;\">\n            <a href=\"https:\/\/www.lvhf.cz\/en\/koncerty\/talichovo-kvarteto\/\" class=\"btn btn-default\">Details<\/a>\n                    <\/div>\n        <\/div>\n      <\/div>\n          <!-- Calendar event 11 -->\n      <div class=\"event-col col-sm-6 col-md-6 col-lg-4\">\n\n        \n\n        <div class=\"calendar-event\">\n          <div class=\"banner\" style=\"display:none; height:100%;\">\n            <a href><noscript><img decoding=\"async\" style=\"width:100%; height:100%; object-position: top; object-fit:cover;\" src alt><\/noscript><img decoding=\"async\" style=\"width:100%; height:100%; object-position: top; object-fit:cover;\" src=\"data:image\/gif;base64,R0lGODlhAQABAIAAAAAAAP\/\/\/yH5BAEAAAAALAAAAAABAAEAAAIBRAA7\" alt data-src class=\" lazyload\"><\/a>\n          <\/div>\n\n          <div class=\"event-details-wrap\" style=\"display:block;\">\n\n            <a href=\"https:\/\/www.lvhf.cz\/en\/koncerty\/jiri-vodicka-barocco-sempre-giovane\/\" class=\"event-img-link\">\n              <div class=\"event-img\">\n                <noscript><img loading=\"lazy\" decoding=\"async\" width=\"2560\" height=\"1440\" src=\"https:\/\/www.lvhf.cz\/wp-content\/uploads\/2022\/03\/koncert_new_7-scaled.jpg\" class=\"attachment-concert_large size-concert_large wp-post-image\" srcset=\"https:\/\/www.lvhf.cz\/wp-content\/uploads\/2022\/03\/koncert_new_7-scaled.jpg 2560w, https:\/\/www.lvhf.cz\/wp-content\/uploads\/2022\/03\/koncert_new_7-400x225.jpg 400w, https:\/\/www.lvhf.cz\/wp-content\/uploads\/2022\/03\/koncert_new_7-1024x576.jpg 1024w, https:\/\/www.lvhf.cz\/wp-content\/uploads\/2022\/03\/koncert_new_7-768x432.jpg 768w, https:\/\/www.lvhf.cz\/wp-content\/uploads\/2022\/03\/koncert_new_7-1536x864.jpg 1536w, https:\/\/www.lvhf.cz\/wp-content\/uploads\/2022\/03\/koncert_new_7-2048x1152.jpg 2048w, https:\/\/www.lvhf.cz\/wp-content\/uploads\/2022\/03\/koncert_new_7-504x284.jpg 504w, https:\/\/www.lvhf.cz\/wp-content\/uploads\/2022\/03\/koncert_new_7-711x400.jpg 711w, https:\/\/www.lvhf.cz\/wp-content\/uploads\/2022\/03\/koncert_new_7-1920x1080.jpg 1920w\" sizes=\"(max-width: 2560px) 100vw, 2560px\" alt><\/noscript><img loading=\"lazy\" decoding=\"async\" width=\"2560\" height=\"1440\" src=\"data:image\/svg+xml,%3Csvg%20xmlns%3D%22http%3A%2F%2Fwww.w3.org%2F2000%2Fsvg%22%20viewBox%3D%220%200%202560%201440%22%3E%3C%2Fsvg%3E\" class=\"attachment-concert_large size-concert_large wp-post-image lazyload\" srcset=\"data:image\/svg+xml,%3Csvg%20xmlns%3D%22http%3A%2F%2Fwww.w3.org%2F2000%2Fsvg%22%20viewBox%3D%220%200%202560%201440%22%3E%3C%2Fsvg%3E 2560w\" sizes=\"(max-width: 2560px) 100vw, 2560px\" data-srcset=\"https:\/\/www.lvhf.cz\/wp-content\/uploads\/2022\/03\/koncert_new_7-scaled.jpg 2560w, https:\/\/www.lvhf.cz\/wp-content\/uploads\/2022\/03\/koncert_new_7-400x225.jpg 400w, https:\/\/www.lvhf.cz\/wp-content\/uploads\/2022\/03\/koncert_new_7-1024x576.jpg 1024w, https:\/\/www.lvhf.cz\/wp-content\/uploads\/2022\/03\/koncert_new_7-768x432.jpg 768w, https:\/\/www.lvhf.cz\/wp-content\/uploads\/2022\/03\/koncert_new_7-1536x864.jpg 1536w, https:\/\/www.lvhf.cz\/wp-content\/uploads\/2022\/03\/koncert_new_7-2048x1152.jpg 2048w, https:\/\/www.lvhf.cz\/wp-content\/uploads\/2022\/03\/koncert_new_7-504x284.jpg 504w, https:\/\/www.lvhf.cz\/wp-content\/uploads\/2022\/03\/koncert_new_7-711x400.jpg 711w, https:\/\/www.lvhf.cz\/wp-content\/uploads\/2022\/03\/koncert_new_7-1920x1080.jpg 1920w\" data-src=\"https:\/\/www.lvhf.cz\/wp-content\/uploads\/2022\/03\/koncert_new_7-scaled.jpg\" alt>              <\/div>\n            <\/a>\n        \n            <h3 class=\"event-date\" style=\"display:block;\">\n                          <span class=\"month\">07<\/span> \/\n              <span class=\"day\">10<\/span> \/\n              <span class=\"hour\">19:00<\/span>\n            <\/h3>\n            \n            <h3 class=\"event-title\" style=\"display:block;\">Ji\u0159\u00ed Vodi\u010dka &#038; Barocco sempre giovane<\/h3>\n            <table class=\"event-details-preview\" style=\"display:block;\">\n              <tbody>\n                <tr>\n                  <td class=\"first-column\">Who<\/td>\n                  <td class=\"second-column\">Barocco sempre giovane (Czech Republic)<\/td>\n                <\/tr>\n                            <tr>\n                  <td class=\"first-column\">Soloists<\/td>\n                  <td class=\"second-column\">Jiri Vodi\u010dka, violine (Czech Republic)<\/td>\n                <\/tr>\n                                        <tr>\n                  <td class=\"first-column\">Where<\/td>\n                              <td class=\"second-column\"><a style=\"color:rgb(0, 0, 128);\" href=\"https:\/\/www.lvhf.cz\/en\/mista-konani\/zamecke-divadlo-ve-valticich\/\">Valtice Castle Theatre<\/a> <\/td>\n                <\/tr>\n              <\/tbody>\n            <\/table>\n                  <\/div>\n          <div class=\"btn-event\" style=\"display:block;\">\n            <a href=\"https:\/\/www.lvhf.cz\/en\/koncerty\/jiri-vodicka-barocco-sempre-giovane\/\" class=\"btn btn-default\">Details<\/a>\n                    <\/div>\n        <\/div>\n      <\/div>\n          <!-- Calendar event 12 -->\n      <div class=\"event-col col-sm-6 col-md-6 col-lg-4\">\n\n        \n\n        <div class=\"calendar-event\">\n          <div class=\"banner\" style=\"display:none; height:100%;\">\n            <a href><noscript><img decoding=\"async\" style=\"width:100%; height:100%; object-position: top; object-fit:cover;\" src alt><\/noscript><img decoding=\"async\" style=\"width:100%; height:100%; object-position: top; object-fit:cover;\" src=\"data:image\/gif;base64,R0lGODlhAQABAIAAAAAAAP\/\/\/yH5BAEAAAAALAAAAAABAAEAAAIBRAA7\" alt data-src class=\" lazyload\"><\/a>\n          <\/div>\n\n          <div class=\"event-details-wrap\" style=\"display:block;\">\n\n            <a href=\"https:\/\/www.lvhf.cz\/en\/koncerty\/en-nika-goric-boris-prygl-janackova-filharmonie-ostrava\/\" class=\"event-img-link\">\n              <div class=\"event-img\">\n                <noscript><img loading=\"lazy\" decoding=\"async\" width=\"2560\" height=\"1340\" src=\"https:\/\/www.lvhf.cz\/wp-content\/uploads\/2022\/10\/unnamed_koncert1-scaled.jpg\" class=\"attachment-concert_large size-concert_large wp-post-image\" srcset=\"https:\/\/www.lvhf.cz\/wp-content\/uploads\/2022\/10\/unnamed_koncert1-scaled.jpg 2560w, https:\/\/www.lvhf.cz\/wp-content\/uploads\/2022\/10\/unnamed_koncert1-400x209.jpg 400w, https:\/\/www.lvhf.cz\/wp-content\/uploads\/2022\/10\/unnamed_koncert1-1024x536.jpg 1024w, https:\/\/www.lvhf.cz\/wp-content\/uploads\/2022\/10\/unnamed_koncert1-768x402.jpg 768w, https:\/\/www.lvhf.cz\/wp-content\/uploads\/2022\/10\/unnamed_koncert1-1536x804.jpg 1536w, https:\/\/www.lvhf.cz\/wp-content\/uploads\/2022\/10\/unnamed_koncert1-2048x1072.jpg 2048w, https:\/\/www.lvhf.cz\/wp-content\/uploads\/2022\/10\/unnamed_koncert1-504x264.jpg 504w, https:\/\/www.lvhf.cz\/wp-content\/uploads\/2022\/10\/unnamed_koncert1-764x400.jpg 764w, https:\/\/www.lvhf.cz\/wp-content\/uploads\/2022\/10\/unnamed_koncert1-1920x1005.jpg 1920w\" sizes=\"(max-width: 2560px) 100vw, 2560px\" alt><\/noscript><img loading=\"lazy\" decoding=\"async\" width=\"2560\" height=\"1340\" src=\"data:image\/svg+xml,%3Csvg%20xmlns%3D%22http%3A%2F%2Fwww.w3.org%2F2000%2Fsvg%22%20viewBox%3D%220%200%202560%201340%22%3E%3C%2Fsvg%3E\" class=\"attachment-concert_large size-concert_large wp-post-image lazyload\" srcset=\"data:image\/svg+xml,%3Csvg%20xmlns%3D%22http%3A%2F%2Fwww.w3.org%2F2000%2Fsvg%22%20viewBox%3D%220%200%202560%201340%22%3E%3C%2Fsvg%3E 2560w\" sizes=\"(max-width: 2560px) 100vw, 2560px\" data-srcset=\"https:\/\/www.lvhf.cz\/wp-content\/uploads\/2022\/10\/unnamed_koncert1-scaled.jpg 2560w, https:\/\/www.lvhf.cz\/wp-content\/uploads\/2022\/10\/unnamed_koncert1-400x209.jpg 400w, https:\/\/www.lvhf.cz\/wp-content\/uploads\/2022\/10\/unnamed_koncert1-1024x536.jpg 1024w, https:\/\/www.lvhf.cz\/wp-content\/uploads\/2022\/10\/unnamed_koncert1-768x402.jpg 768w, https:\/\/www.lvhf.cz\/wp-content\/uploads\/2022\/10\/unnamed_koncert1-1536x804.jpg 1536w, https:\/\/www.lvhf.cz\/wp-content\/uploads\/2022\/10\/unnamed_koncert1-2048x1072.jpg 2048w, https:\/\/www.lvhf.cz\/wp-content\/uploads\/2022\/10\/unnamed_koncert1-504x264.jpg 504w, https:\/\/www.lvhf.cz\/wp-content\/uploads\/2022\/10\/unnamed_koncert1-764x400.jpg 764w, https:\/\/www.lvhf.cz\/wp-content\/uploads\/2022\/10\/unnamed_koncert1-1920x1005.jpg 1920w\" data-src=\"https:\/\/www.lvhf.cz\/wp-content\/uploads\/2022\/10\/unnamed_koncert1-scaled.jpg\" alt>              <\/div>\n            <\/a>\n        \n            <h3 class=\"event-date\" style=\"display:block;\">\n                          <span class=\"month\">08<\/span> \/\n              <span class=\"day\">10<\/span> \/\n              <span class=\"hour\">19:00<\/span>\n            <\/h3>\n            \n            <h3 class=\"event-title\" style=\"display:block;\">Nika Gori\u010d &#038; Boris Pr\u00fdgl &#038; Jan\u00e1\u010dek Philharmonie Ostrava<\/h3>\n            <table class=\"event-details-preview\" style=\"display:block;\">\n              <tbody>\n                <tr>\n                  <td class=\"first-column\">Who<\/td>\n                  <td class=\"second-column\">Janacek Phliharmonic Ostrava (Czech Republic)<br>\nMarko Ivanovi\u0107, conductor (Czech Republic)<\/td>\n                <\/tr>\n                            <tr>\n                  <td class=\"first-column\">Soloists<\/td>\n                  <td class=\"second-column\">Nika Gori\u010d, soprano (Slovenia)<br>\nBoris Pr\u00fdgl, bariton (Czech Republic)<\/td>\n                <\/tr>\n                                        <tr>\n                  <td class=\"first-column\">Where<\/td>\n                              <td class=\"second-column\"><a style=\"color:rgb(0, 0, 128);\" href=\"https:\/\/www.lvhf.cz\/en\/mista-konani\/zamecka-jizdarna-valtice\/\">Valtice Castle Riding Hall<\/a> <\/td>\n                <\/tr>\n              <\/tbody>\n            <\/table>\n                  <\/div>\n          <div class=\"btn-event\" style=\"display:block;\">\n            <a href=\"https:\/\/www.lvhf.cz\/en\/koncerty\/en-nika-goric-boris-prygl-janackova-filharmonie-ostrava\/\" class=\"btn btn-default\">Details<\/a>\n                    <\/div>\n        <\/div>\n      <\/div>\n    \n    <\/div>\n  <\/div>\n  \n  <!--End Event calendar-->","protected":false},"excerpt":{"rendered":"<p>Concerts Archive 2022<\/p>\n","protected":false},"author":2,"featured_media":0,"parent":0,"menu_order":83,"comment_status":"closed","ping_status":"closed","template":"elementor_header_footer","meta":{"footnotes":""},"acf":[],"_links":{"self":[{"href":"https:\/\/www.lvhf.cz\/en\/wp-json\/wp\/v2\/pages\/18298"}],"collection":[{"href":"https:\/\/www.lvhf.cz\/en\/wp-json\/wp\/v2\/pages"}],"about":[{"href":"https:\/\/www.lvhf.cz\/en\/wp-json\/wp\/v2\/types\/page"}],"author":[{"embeddable":true,"href":"https:\/\/www.lvhf.cz\/en\/wp-json\/wp\/v2\/users\/2"}],"replies":[{"embeddable":true,"href":"https:\/\/www.lvhf.cz\/en\/wp-json\/wp\/v2\/comments?post=18298"}],"version-history":[{"count":6,"href":"https:\/\/www.lvhf.cz\/en\/wp-json\/wp\/v2\/pages\/18298\/revisions"}],"predecessor-version":[{"id":20936,"href":"https:\/\/www.lvhf.cz\/en\/wp-json\/wp\/v2\/pages\/18298\/revisions\/20936"}],"wp:attachment":[{"href":"https:\/\/www.lvhf.cz\/en\/wp-json\/wp\/v2\/media?parent=18298"}],"curies":[{"name":"wp","href":"https:\/\/api.w.org\/{rel}","templated":true}]}}