{"id":17215,"date":"2022-07-15T09:41:29","date_gmt":"2022-07-15T07:41:29","guid":{"rendered":"https:\/\/www.lvhf.cz\/?page_id=17215"},"modified":"2023-07-14T10:26:40","modified_gmt":"2023-07-14T08:26:40","slug":"archiv-koncertu-2019","status":"publish","type":"page","link":"https:\/\/www.lvhf.cz\/en\/archiv-koncertu-2019\/","title":{"rendered":"Concerts Archive 2019"},"content":{"rendered":"<p><\/p>\n<h1 style=\"text-align: center;\">Concerts Archive 2019<\/h1>\n<p><!--Event calendar-->\n\n  <\/p><h1>Concerts Archive 2019<\/h1>\n  \n  \n\n\n<div class=\"container-fluid\">\n    <div class=\"row calendar-container\">\n          <!-- Calendar event 1 -->\n      <div class=\"event-col col-sm-6 col-md-6 col-lg-4\">\n\n        \n\n        <div class=\"calendar-event\">\n          <div class=\"banner\" style=\"display:none; height:100%;\">\n            <a href><noscript><img decoding=\"async\" style=\"width:100%; height:100%; object-position: top; object-fit:cover;\" src alt><\/noscript><img decoding=\"async\" style=\"width:100%; height:100%; object-position: top; object-fit:cover;\" src=\"data:image\/gif;base64,R0lGODlhAQABAIAAAAAAAP\/\/\/yH5BAEAAAAALAAAAAABAAEAAAIBRAA7\" alt data-src class=\" lazyload\"><\/a>\n          <\/div>\n\n          <div class=\"event-details-wrap\" style=\"display:block;\">\n\n            <a href=\"https:\/\/www.lvhf.cz\/en\/koncerty\/mimoradny-koncert-lvhf-2019\/\" class=\"event-img-link\">\n              <div class=\"event-img\">\n                <noscript><img fetchpriority=\"high\" decoding=\"async\" width=\"1920\" height=\"1280\" src=\"https:\/\/www.lvhf.cz\/wp-content\/uploads\/2019\/01\/Interpreti0.jpg\" class=\"attachment-concert_large size-concert_large wp-post-image\" srcset=\"https:\/\/www.lvhf.cz\/wp-content\/uploads\/2019\/01\/Interpreti0.jpg 1920w, https:\/\/www.lvhf.cz\/wp-content\/uploads\/2019\/01\/Interpreti0-300x200.jpg 300w, https:\/\/www.lvhf.cz\/wp-content\/uploads\/2019\/01\/Interpreti0-768x512.jpg 768w, https:\/\/www.lvhf.cz\/wp-content\/uploads\/2019\/01\/Interpreti0-1024x683.jpg 1024w, https:\/\/www.lvhf.cz\/wp-content\/uploads\/2019\/01\/Interpreti0-450x300.jpg 450w, https:\/\/www.lvhf.cz\/wp-content\/uploads\/2019\/01\/Interpreti0-600x400.jpg 600w\" sizes=\"(max-width: 1920px) 100vw, 1920px\" alt><\/noscript><img decoding=\"async\" width=\"1920\" height=\"1280\" src=\"data:image\/svg+xml,%3Csvg%20xmlns%3D%22http%3A%2F%2Fwww.w3.org%2F2000%2Fsvg%22%20viewBox%3D%220%200%201920%201280%22%3E%3C%2Fsvg%3E\" class=\"attachment-concert_large size-concert_large wp-post-image lazyload\" srcset=\"data:image\/svg+xml,%3Csvg%20xmlns%3D%22http%3A%2F%2Fwww.w3.org%2F2000%2Fsvg%22%20viewBox%3D%220%200%201920%201280%22%3E%3C%2Fsvg%3E 1920w\" sizes=\"(max-width: 1920px) 100vw, 1920px\" data-srcset=\"https:\/\/www.lvhf.cz\/wp-content\/uploads\/2019\/01\/Interpreti0.jpg 1920w, https:\/\/www.lvhf.cz\/wp-content\/uploads\/2019\/01\/Interpreti0-300x200.jpg 300w, https:\/\/www.lvhf.cz\/wp-content\/uploads\/2019\/01\/Interpreti0-768x512.jpg 768w, https:\/\/www.lvhf.cz\/wp-content\/uploads\/2019\/01\/Interpreti0-1024x683.jpg 1024w, https:\/\/www.lvhf.cz\/wp-content\/uploads\/2019\/01\/Interpreti0-450x300.jpg 450w, https:\/\/www.lvhf.cz\/wp-content\/uploads\/2019\/01\/Interpreti0-600x400.jpg 600w\" data-src=\"https:\/\/www.lvhf.cz\/wp-content\/uploads\/2019\/01\/Interpreti0.jpg\" alt>              <\/div>\n            <\/a>\n        \n            <h3 class=\"event-date\" style=\"display:block;\">\n                          <span class=\"month\">15<\/span> \/\n              <span class=\"day\">06<\/span> \/\n              <span class=\"hour\">18:00<\/span>\n            <\/h3>\n            \n            <h3 class=\"event-title\" style=\"display:block;\">ADDITIONAL CONCERT OF LEDNICE|VALTICE MUSIC FESTIVAL 2019<\/h3>\n            <table class=\"event-details-preview\" style=\"display:block;\">\n              <tbody>\n                <tr>\n                  <td class=\"first-column\">Who<\/td>\n                  <td class=\"second-column\">BAROCCO SEMPRE GIOVANE<br>\nJosef Kre\u010dmer - Artistic leader<\/td>\n                <\/tr>\n                            <tr>\n                  <td class=\"first-column\">Soloists<\/td>\n                  <td class=\"second-column\">Patricia Jane\u010dkov\u00e1 \u2013 Soprano<br>\nAdam Plachetka \u2013 Bass-baritone<br>\nOnd\u0159ej Jur\u010deka \u2013 Trompet<\/td>\n                <\/tr>\n                                        <tr>\n                  <td class=\"first-column\">Guest<\/td>\n                  <td class=\"second-column\">Ji\u0159\u00ed Vejvoda - Moderator<\/td>\n                <\/tr>\n                            <tr>\n                  <td class=\"first-column\">Where<\/td>\n                              <td class=\"second-column\"><a style=\"color:rgb(0, 0, 128);\" href=\"https:\/\/www.lvhf.cz\/en\/mista-konani\/lichtenstejnsky-mestsky-palac-ve-vidni\/\">City Palais Liechtenstein in Vienna<\/a> <\/td>\n                <\/tr>\n              <\/tbody>\n            <\/table>\n                  <\/div>\n          <div class=\"btn-event\" style=\"display:block;\">\n            <a href=\"https:\/\/www.lvhf.cz\/en\/koncerty\/mimoradny-koncert-lvhf-2019\/\" class=\"btn btn-default\">Details<\/a>\n                    <\/div>\n        <\/div>\n      <\/div>\n          <!-- Calendar event 2 -->\n      <div class=\"event-col col-sm-6 col-md-6 col-lg-4\">\n\n        \n\n        <div class=\"calendar-event\">\n          <div class=\"banner\" style=\"display:none; height:100%;\">\n            <a href><noscript><img decoding=\"async\" style=\"width:100%; height:100%; object-position: top; object-fit:cover;\" src alt><\/noscript><img decoding=\"async\" style=\"width:100%; height:100%; object-position: top; object-fit:cover;\" src=\"data:image\/gif;base64,R0lGODlhAQABAIAAAAAAAP\/\/\/yH5BAEAAAAALAAAAAABAAEAAAIBRAA7\" alt data-src class=\" lazyload\"><\/a>\n          <\/div>\n\n          <div class=\"event-details-wrap\" style=\"display:block;\">\n\n            <a href=\"https:\/\/www.lvhf.cz\/en\/koncerty\/slavnostni-zahajeni\/\" class=\"event-img-link\">\n              <div class=\"event-img\">\n                <noscript><img decoding=\"async\" width=\"1920\" height=\"1280\" src=\"https:\/\/www.lvhf.cz\/wp-content\/uploads\/2022\/08\/Interpreti1-1920x1280-1.jpg\" class=\"attachment-concert_large size-concert_large wp-post-image\" srcset=\"https:\/\/www.lvhf.cz\/wp-content\/uploads\/2022\/08\/Interpreti1-1920x1280-1.jpg 1920w, https:\/\/www.lvhf.cz\/wp-content\/uploads\/2022\/08\/Interpreti1-1920x1280-1-400x267.jpg 400w, https:\/\/www.lvhf.cz\/wp-content\/uploads\/2022\/08\/Interpreti1-1920x1280-1-1024x683.jpg 1024w, https:\/\/www.lvhf.cz\/wp-content\/uploads\/2022\/08\/Interpreti1-1920x1280-1-768x512.jpg 768w, https:\/\/www.lvhf.cz\/wp-content\/uploads\/2022\/08\/Interpreti1-1920x1280-1-1536x1024.jpg 1536w, https:\/\/www.lvhf.cz\/wp-content\/uploads\/2022\/08\/Interpreti1-1920x1280-1-450x300.jpg 450w, https:\/\/www.lvhf.cz\/wp-content\/uploads\/2022\/08\/Interpreti1-1920x1280-1-600x400.jpg 600w\" sizes=\"(max-width: 1920px) 100vw, 1920px\" alt><\/noscript><img loading=\"lazy\" decoding=\"async\" width=\"1920\" height=\"1280\" src=\"data:image\/svg+xml,%3Csvg%20xmlns%3D%22http%3A%2F%2Fwww.w3.org%2F2000%2Fsvg%22%20viewBox%3D%220%200%201920%201280%22%3E%3C%2Fsvg%3E\" class=\"attachment-concert_large size-concert_large wp-post-image lazyload\" srcset=\"data:image\/svg+xml,%3Csvg%20xmlns%3D%22http%3A%2F%2Fwww.w3.org%2F2000%2Fsvg%22%20viewBox%3D%220%200%201920%201280%22%3E%3C%2Fsvg%3E 1920w\" sizes=\"(max-width: 1920px) 100vw, 1920px\" data-srcset=\"https:\/\/www.lvhf.cz\/wp-content\/uploads\/2022\/08\/Interpreti1-1920x1280-1.jpg 1920w, https:\/\/www.lvhf.cz\/wp-content\/uploads\/2022\/08\/Interpreti1-1920x1280-1-400x267.jpg 400w, https:\/\/www.lvhf.cz\/wp-content\/uploads\/2022\/08\/Interpreti1-1920x1280-1-1024x683.jpg 1024w, https:\/\/www.lvhf.cz\/wp-content\/uploads\/2022\/08\/Interpreti1-1920x1280-1-768x512.jpg 768w, https:\/\/www.lvhf.cz\/wp-content\/uploads\/2022\/08\/Interpreti1-1920x1280-1-1536x1024.jpg 1536w, https:\/\/www.lvhf.cz\/wp-content\/uploads\/2022\/08\/Interpreti1-1920x1280-1-450x300.jpg 450w, https:\/\/www.lvhf.cz\/wp-content\/uploads\/2022\/08\/Interpreti1-1920x1280-1-600x400.jpg 600w\" data-src=\"https:\/\/www.lvhf.cz\/wp-content\/uploads\/2022\/08\/Interpreti1-1920x1280-1.jpg\" alt>              <\/div>\n            <\/a>\n        \n            <h3 class=\"event-date\" style=\"display:block;\">\n                          <span class=\"month\">28<\/span> \/\n              <span class=\"day\">09<\/span> \/\n              <span class=\"hour\">19:00<\/span>\n            <\/h3>\n            \n            <h3 class=\"event-title\" style=\"display:block;\">OPENING CEREMONY<\/h3>\n            <table class=\"event-details-preview\" style=\"display:block;\">\n              <tbody>\n                <tr>\n                  <td class=\"first-column\">Who<\/td>\n                  <td class=\"second-column\">Cosima Soulez Larivi\u00e8re - Violin\nMiroslav Sekera - Piano<\/td>\n                <\/tr>\n                                        <tr>\n                  <td class=\"first-column\">Where<\/td>\n                              <td class=\"second-column\"><a style=\"color:rgb(0, 0, 128);\" href=\"https:\/\/www.lvhf.cz\/en\/mista-konani\/zamecka-jizdarna-lednice-multifunkcni-centrum\/\">Lednice Riding Hall<\/a> <\/td>\n                <\/tr>\n              <\/tbody>\n            <\/table>\n                  <\/div>\n          <div class=\"btn-event\" style=\"display:block;\">\n            <a href=\"https:\/\/www.lvhf.cz\/en\/koncerty\/slavnostni-zahajeni\/\" class=\"btn btn-default\">Details<\/a>\n                    <\/div>\n        <\/div>\n      <\/div>\n          <!-- Calendar event 3 -->\n      <div class=\"event-col col-sm-6 col-md-6 col-lg-4\">\n\n        \n\n        <div class=\"calendar-event\">\n          <div class=\"banner\" style=\"display:none; height:100%;\">\n            <a href><noscript><img decoding=\"async\" style=\"width:100%; height:100%; object-position: top; object-fit:cover;\" src alt><\/noscript><img decoding=\"async\" style=\"width:100%; height:100%; object-position: top; object-fit:cover;\" src=\"data:image\/gif;base64,R0lGODlhAQABAIAAAAAAAP\/\/\/yH5BAEAAAAALAAAAAABAAEAAAIBRAA7\" alt data-src class=\" lazyload\"><\/a>\n          <\/div>\n\n          <div class=\"event-details-wrap\" style=\"display:block;\">\n\n            <a href=\"https:\/\/www.lvhf.cz\/en\/koncerty\/rendez-vous-s-harfou\/\" class=\"event-img-link\">\n              <div class=\"event-img\">\n                <noscript><img loading=\"lazy\" decoding=\"async\" width=\"1920\" height=\"1280\" src=\"https:\/\/www.lvhf.cz\/wp-content\/uploads\/2017\/02\/Interpreti2.jpg\" class=\"attachment-concert_large size-concert_large wp-post-image\" srcset=\"https:\/\/www.lvhf.cz\/wp-content\/uploads\/2017\/02\/Interpreti2.jpg 1920w, https:\/\/www.lvhf.cz\/wp-content\/uploads\/2017\/02\/Interpreti2-300x200.jpg 300w, https:\/\/www.lvhf.cz\/wp-content\/uploads\/2017\/02\/Interpreti2-768x512.jpg 768w, https:\/\/www.lvhf.cz\/wp-content\/uploads\/2017\/02\/Interpreti2-1024x683.jpg 1024w, https:\/\/www.lvhf.cz\/wp-content\/uploads\/2017\/02\/Interpreti2-450x300.jpg 450w, https:\/\/www.lvhf.cz\/wp-content\/uploads\/2017\/02\/Interpreti2-600x400.jpg 600w\" sizes=\"(max-width: 1920px) 100vw, 1920px\" alt><\/noscript><img loading=\"lazy\" decoding=\"async\" width=\"1920\" height=\"1280\" src=\"data:image\/svg+xml,%3Csvg%20xmlns%3D%22http%3A%2F%2Fwww.w3.org%2F2000%2Fsvg%22%20viewBox%3D%220%200%201920%201280%22%3E%3C%2Fsvg%3E\" class=\"attachment-concert_large size-concert_large wp-post-image lazyload\" srcset=\"data:image\/svg+xml,%3Csvg%20xmlns%3D%22http%3A%2F%2Fwww.w3.org%2F2000%2Fsvg%22%20viewBox%3D%220%200%201920%201280%22%3E%3C%2Fsvg%3E 1920w\" sizes=\"(max-width: 1920px) 100vw, 1920px\" data-srcset=\"https:\/\/www.lvhf.cz\/wp-content\/uploads\/2017\/02\/Interpreti2.jpg 1920w, https:\/\/www.lvhf.cz\/wp-content\/uploads\/2017\/02\/Interpreti2-300x200.jpg 300w, https:\/\/www.lvhf.cz\/wp-content\/uploads\/2017\/02\/Interpreti2-768x512.jpg 768w, https:\/\/www.lvhf.cz\/wp-content\/uploads\/2017\/02\/Interpreti2-1024x683.jpg 1024w, https:\/\/www.lvhf.cz\/wp-content\/uploads\/2017\/02\/Interpreti2-450x300.jpg 450w, https:\/\/www.lvhf.cz\/wp-content\/uploads\/2017\/02\/Interpreti2-600x400.jpg 600w\" data-src=\"https:\/\/www.lvhf.cz\/wp-content\/uploads\/2017\/02\/Interpreti2.jpg\" alt>              <\/div>\n            <\/a>\n        \n            <h3 class=\"event-date\" style=\"display:block;\">\n                          <span class=\"month\">29<\/span> \/\n              <span class=\"day\">09<\/span> \/\n              <span class=\"hour\">16:00<\/span>\n            <\/h3>\n            \n            <h3 class=\"event-title\" style=\"display:block;\">RENDEZ-VOUS WITH HARP<\/h3>\n            <table class=\"event-details-preview\" style=\"display:block;\">\n              <tbody>\n                <tr>\n                  <td class=\"first-column\">Who<\/td>\n                  <td class=\"second-column\">Kate\u0159ina Englichov\u00e1 \u2013 Harp\nPetr Pomkla \u2013 Flute<\/td>\n                <\/tr>\n                                        <tr>\n                  <td class=\"first-column\">Guest<\/td>\n                  <td class=\"second-column\">Additional programme: Vernissage\nWhere: DIANATEMPEL (RENDEZ-VOUS), 3 P.M.\nTheme: Fauna painted with coffee\nPainter: Milan Mar\u0161\u00e1lek\nEntrance to the vernissage only for guests of the 2nd festival concert.<\/td>\n                <\/tr>\n                            <tr>\n                  <td class=\"first-column\">Where<\/td>\n                              <td class=\"second-column\"><a style=\"color:rgb(0, 0, 128);\" href=\"https:\/\/www.lvhf.cz\/en\/mista-konani\/dianin-chram-rendez-vouse\/\">Temple of Diana \u2013 Rendez-vous<\/a> <\/td>\n                <\/tr>\n              <\/tbody>\n            <\/table>\n                  <\/div>\n          <div class=\"btn-event\" style=\"display:block;\">\n            <a href=\"https:\/\/www.lvhf.cz\/en\/koncerty\/rendez-vous-s-harfou\/\" class=\"btn btn-default\">Details<\/a>\n                    <\/div>\n        <\/div>\n      <\/div>\n          <!-- Calendar event 4 -->\n      <div class=\"event-col col-sm-6 col-md-6 col-lg-4\">\n\n        \n\n        <div class=\"calendar-event\">\n          <div class=\"banner\" style=\"display:none; height:100%;\">\n            <a href><noscript><img decoding=\"async\" style=\"width:100%; height:100%; object-position: top; object-fit:cover;\" src alt><\/noscript><img decoding=\"async\" style=\"width:100%; height:100%; object-position: top; object-fit:cover;\" src=\"data:image\/gif;base64,R0lGODlhAQABAIAAAAAAAP\/\/\/yH5BAEAAAAALAAAAAABAAEAAAIBRAA7\" alt data-src class=\" lazyload\"><\/a>\n          <\/div>\n\n          <div class=\"event-details-wrap\" style=\"display:block;\">\n\n            <a href=\"https:\/\/www.lvhf.cz\/en\/koncerty\/hudba-z-nove-rise\/\" class=\"event-img-link\">\n              <div class=\"event-img\">\n                <noscript><img loading=\"lazy\" decoding=\"async\" width=\"1920\" height=\"1280\" src=\"https:\/\/www.lvhf.cz\/wp-content\/uploads\/2022\/08\/Interpreti3-1920x1280-1.jpg\" class=\"attachment-concert_large size-concert_large wp-post-image\" srcset=\"https:\/\/www.lvhf.cz\/wp-content\/uploads\/2022\/08\/Interpreti3-1920x1280-1.jpg 1920w, https:\/\/www.lvhf.cz\/wp-content\/uploads\/2022\/08\/Interpreti3-1920x1280-1-400x267.jpg 400w, https:\/\/www.lvhf.cz\/wp-content\/uploads\/2022\/08\/Interpreti3-1920x1280-1-1024x683.jpg 1024w, https:\/\/www.lvhf.cz\/wp-content\/uploads\/2022\/08\/Interpreti3-1920x1280-1-768x512.jpg 768w, https:\/\/www.lvhf.cz\/wp-content\/uploads\/2022\/08\/Interpreti3-1920x1280-1-1536x1024.jpg 1536w, https:\/\/www.lvhf.cz\/wp-content\/uploads\/2022\/08\/Interpreti3-1920x1280-1-450x300.jpg 450w, https:\/\/www.lvhf.cz\/wp-content\/uploads\/2022\/08\/Interpreti3-1920x1280-1-600x400.jpg 600w\" sizes=\"(max-width: 1920px) 100vw, 1920px\" alt><\/noscript><img loading=\"lazy\" decoding=\"async\" width=\"1920\" height=\"1280\" src=\"data:image\/svg+xml,%3Csvg%20xmlns%3D%22http%3A%2F%2Fwww.w3.org%2F2000%2Fsvg%22%20viewBox%3D%220%200%201920%201280%22%3E%3C%2Fsvg%3E\" class=\"attachment-concert_large size-concert_large wp-post-image lazyload\" srcset=\"data:image\/svg+xml,%3Csvg%20xmlns%3D%22http%3A%2F%2Fwww.w3.org%2F2000%2Fsvg%22%20viewBox%3D%220%200%201920%201280%22%3E%3C%2Fsvg%3E 1920w\" sizes=\"(max-width: 1920px) 100vw, 1920px\" data-srcset=\"https:\/\/www.lvhf.cz\/wp-content\/uploads\/2022\/08\/Interpreti3-1920x1280-1.jpg 1920w, https:\/\/www.lvhf.cz\/wp-content\/uploads\/2022\/08\/Interpreti3-1920x1280-1-400x267.jpg 400w, https:\/\/www.lvhf.cz\/wp-content\/uploads\/2022\/08\/Interpreti3-1920x1280-1-1024x683.jpg 1024w, https:\/\/www.lvhf.cz\/wp-content\/uploads\/2022\/08\/Interpreti3-1920x1280-1-768x512.jpg 768w, https:\/\/www.lvhf.cz\/wp-content\/uploads\/2022\/08\/Interpreti3-1920x1280-1-1536x1024.jpg 1536w, https:\/\/www.lvhf.cz\/wp-content\/uploads\/2022\/08\/Interpreti3-1920x1280-1-450x300.jpg 450w, https:\/\/www.lvhf.cz\/wp-content\/uploads\/2022\/08\/Interpreti3-1920x1280-1-600x400.jpg 600w\" data-src=\"https:\/\/www.lvhf.cz\/wp-content\/uploads\/2022\/08\/Interpreti3-1920x1280-1.jpg\" alt>              <\/div>\n            <\/a>\n        \n            <h3 class=\"event-date\" style=\"display:block;\">\n                          <span class=\"month\">01<\/span> \/\n              <span class=\"day\">10<\/span> \/\n              <span class=\"hour\">19:00<\/span>\n            <\/h3>\n            \n            <h3 class=\"event-title\" style=\"display:block;\">MUSIC FROM NOV\u00c1 \u0158\u00cd\u0160E<\/h3>\n            <table class=\"event-details-preview\" style=\"display:block;\">\n              <tbody>\n                <tr>\n                  <td class=\"first-column\">Who<\/td>\n                  <td class=\"second-column\">ENSEMBLE 18+<\/td>\n                <\/tr>\n                            <tr>\n                  <td class=\"first-column\">Soloists<\/td>\n                  <td class=\"second-column\">Marie Fajtov\u00e1 \u2013 Soprano\nIvan \u017denat\u00fd \u2013 Violin<\/td>\n                <\/tr>\n                                        <tr>\n                  <td class=\"first-column\">Guest<\/td>\n                  <td class=\"second-column\">Ji\u0159\u00ed Vejvoda \u2013 Moderator<\/td>\n                <\/tr>\n                            <tr>\n                  <td class=\"first-column\">Where<\/td>\n                              <td class=\"second-column\"><a style=\"color:rgb(0, 0, 128);\" href=\"https:\/\/www.lvhf.cz\/en\/mista-konani\/zamek-v-mikulove\/\">Chateau Mikulov<\/a> <\/td>\n                <\/tr>\n              <\/tbody>\n            <\/table>\n                  <\/div>\n          <div class=\"btn-event\" style=\"display:block;\">\n            <a href=\"https:\/\/www.lvhf.cz\/en\/koncerty\/hudba-z-nove-rise\/\" class=\"btn btn-default\">Details<\/a>\n                    <\/div>\n        <\/div>\n      <\/div>\n          <!-- Calendar event 5 -->\n      <div class=\"event-col col-sm-6 col-md-6 col-lg-4\">\n\n        \n\n        <div class=\"calendar-event\">\n          <div class=\"banner\" style=\"display:none; height:100%;\">\n            <a href><noscript><img decoding=\"async\" style=\"width:100%; height:100%; object-position: top; object-fit:cover;\" src alt><\/noscript><img decoding=\"async\" style=\"width:100%; height:100%; object-position: top; object-fit:cover;\" src=\"data:image\/gif;base64,R0lGODlhAQABAIAAAAAAAP\/\/\/yH5BAEAAAAALAAAAAABAAEAAAIBRAA7\" alt data-src class=\" lazyload\"><\/a>\n          <\/div>\n\n          <div class=\"event-details-wrap\" style=\"display:block;\">\n\n            <a href=\"https:\/\/www.lvhf.cz\/en\/koncerty\/pocta-janu-ii-lichtenstejnovi\/\" class=\"event-img-link\">\n              <div class=\"event-img\">\n                <noscript><img loading=\"lazy\" decoding=\"async\" width=\"1920\" height=\"1280\" src=\"https:\/\/www.lvhf.cz\/wp-content\/uploads\/2022\/08\/Interpreti4-1920x1280-1.jpg\" class=\"attachment-concert_large size-concert_large wp-post-image\" srcset=\"https:\/\/www.lvhf.cz\/wp-content\/uploads\/2022\/08\/Interpreti4-1920x1280-1.jpg 1920w, https:\/\/www.lvhf.cz\/wp-content\/uploads\/2022\/08\/Interpreti4-1920x1280-1-400x267.jpg 400w, https:\/\/www.lvhf.cz\/wp-content\/uploads\/2022\/08\/Interpreti4-1920x1280-1-1024x683.jpg 1024w, https:\/\/www.lvhf.cz\/wp-content\/uploads\/2022\/08\/Interpreti4-1920x1280-1-768x512.jpg 768w, https:\/\/www.lvhf.cz\/wp-content\/uploads\/2022\/08\/Interpreti4-1920x1280-1-1536x1024.jpg 1536w, https:\/\/www.lvhf.cz\/wp-content\/uploads\/2022\/08\/Interpreti4-1920x1280-1-450x300.jpg 450w, https:\/\/www.lvhf.cz\/wp-content\/uploads\/2022\/08\/Interpreti4-1920x1280-1-600x400.jpg 600w\" sizes=\"(max-width: 1920px) 100vw, 1920px\" alt><\/noscript><img loading=\"lazy\" decoding=\"async\" width=\"1920\" height=\"1280\" src=\"data:image\/svg+xml,%3Csvg%20xmlns%3D%22http%3A%2F%2Fwww.w3.org%2F2000%2Fsvg%22%20viewBox%3D%220%200%201920%201280%22%3E%3C%2Fsvg%3E\" class=\"attachment-concert_large size-concert_large wp-post-image lazyload\" srcset=\"data:image\/svg+xml,%3Csvg%20xmlns%3D%22http%3A%2F%2Fwww.w3.org%2F2000%2Fsvg%22%20viewBox%3D%220%200%201920%201280%22%3E%3C%2Fsvg%3E 1920w\" sizes=\"(max-width: 1920px) 100vw, 1920px\" data-srcset=\"https:\/\/www.lvhf.cz\/wp-content\/uploads\/2022\/08\/Interpreti4-1920x1280-1.jpg 1920w, https:\/\/www.lvhf.cz\/wp-content\/uploads\/2022\/08\/Interpreti4-1920x1280-1-400x267.jpg 400w, https:\/\/www.lvhf.cz\/wp-content\/uploads\/2022\/08\/Interpreti4-1920x1280-1-1024x683.jpg 1024w, https:\/\/www.lvhf.cz\/wp-content\/uploads\/2022\/08\/Interpreti4-1920x1280-1-768x512.jpg 768w, https:\/\/www.lvhf.cz\/wp-content\/uploads\/2022\/08\/Interpreti4-1920x1280-1-1536x1024.jpg 1536w, https:\/\/www.lvhf.cz\/wp-content\/uploads\/2022\/08\/Interpreti4-1920x1280-1-450x300.jpg 450w, https:\/\/www.lvhf.cz\/wp-content\/uploads\/2022\/08\/Interpreti4-1920x1280-1-600x400.jpg 600w\" data-src=\"https:\/\/www.lvhf.cz\/wp-content\/uploads\/2022\/08\/Interpreti4-1920x1280-1.jpg\" alt>              <\/div>\n            <\/a>\n        \n            <h3 class=\"event-date\" style=\"display:block;\">\n                          <span class=\"month\">05<\/span> \/\n              <span class=\"day\">10<\/span> \/\n              <span class=\"hour\">18:00<\/span>\n            <\/h3>\n            \n            <h3 class=\"event-title\" style=\"display:block;\">TRIBUTE TO JOHANN II. OF LIECHTENSTEIN<\/h3>\n            <table class=\"event-details-preview\" style=\"display:block;\">\n              <tbody>\n                <tr>\n                  <td class=\"first-column\">Who<\/td>\n                  <td class=\"second-column\">COLLEGIUM MARIANUM\nJana Semer\u00e1dov\u00e1 - Artistic leader<\/td>\n                <\/tr>\n                            <tr>\n                  <td class=\"first-column\">Soloists<\/td>\n                  <td class=\"second-column\">Patricia Jane\u010dkov\u00e1 - Soprano<\/td>\n                <\/tr>\n                                        <tr>\n                  <td class=\"first-column\">Guest<\/td>\n                  <td class=\"second-column\">Additional programme: Lecture\nWhere: Winery Obelisk, starting at 3.30 PM\nwww.vinarstviobelisk.cz\/en\/\nTheme: Johann II. Liechtenstein\nLecturer: Mgr. Daniel Ly\u010dka.<\/td>\n                <\/tr>\n                            <tr>\n                  <td class=\"first-column\">Where<\/td>\n                              <td class=\"second-column\"><a style=\"color:rgb(0, 0, 128);\" href=\"https:\/\/www.lvhf.cz\/en\/mista-konani\/kostel-sv-bartolomeje-katzelsdorf\/\">St. Bartholomew&#8217;s Church Katzelsdorf-Bernhardsthall (Austria)<\/a> <\/td>\n                <\/tr>\n              <\/tbody>\n            <\/table>\n                  <\/div>\n          <div class=\"btn-event\" style=\"display:block;\">\n            <a href=\"https:\/\/www.lvhf.cz\/en\/koncerty\/pocta-janu-ii-lichtenstejnovi\/\" class=\"btn btn-default\">Details<\/a>\n                    <\/div>\n        <\/div>\n      <\/div>\n          <!-- Calendar event 6 -->\n      <div class=\"event-col col-sm-6 col-md-6 col-lg-4\">\n\n        \n\n        <div class=\"calendar-event\">\n          <div class=\"banner\" style=\"display:none; height:100%;\">\n            <a href><noscript><img decoding=\"async\" style=\"width:100%; height:100%; object-position: top; object-fit:cover;\" src alt><\/noscript><img decoding=\"async\" style=\"width:100%; height:100%; object-position: top; object-fit:cover;\" src=\"data:image\/gif;base64,R0lGODlhAQABAIAAAAAAAP\/\/\/yH5BAEAAAAALAAAAAABAAEAAAIBRAA7\" alt data-src class=\" lazyload\"><\/a>\n          <\/div>\n\n          <div class=\"event-details-wrap\" style=\"display:block;\">\n\n            <a href=\"https:\/\/www.lvhf.cz\/en\/koncerty\/italske-nebe\/\" class=\"event-img-link\">\n              <div class=\"event-img\">\n                <noscript><img loading=\"lazy\" decoding=\"async\" width=\"1920\" height=\"1280\" src=\"https:\/\/www.lvhf.cz\/wp-content\/uploads\/2022\/08\/Interpreti5-1920x1280-1.jpg\" class=\"attachment-concert_large size-concert_large wp-post-image\" srcset=\"https:\/\/www.lvhf.cz\/wp-content\/uploads\/2022\/08\/Interpreti5-1920x1280-1.jpg 1920w, https:\/\/www.lvhf.cz\/wp-content\/uploads\/2022\/08\/Interpreti5-1920x1280-1-400x267.jpg 400w, https:\/\/www.lvhf.cz\/wp-content\/uploads\/2022\/08\/Interpreti5-1920x1280-1-1024x683.jpg 1024w, https:\/\/www.lvhf.cz\/wp-content\/uploads\/2022\/08\/Interpreti5-1920x1280-1-768x512.jpg 768w, https:\/\/www.lvhf.cz\/wp-content\/uploads\/2022\/08\/Interpreti5-1920x1280-1-1536x1024.jpg 1536w, https:\/\/www.lvhf.cz\/wp-content\/uploads\/2022\/08\/Interpreti5-1920x1280-1-450x300.jpg 450w, https:\/\/www.lvhf.cz\/wp-content\/uploads\/2022\/08\/Interpreti5-1920x1280-1-600x400.jpg 600w\" sizes=\"(max-width: 1920px) 100vw, 1920px\" alt><\/noscript><img loading=\"lazy\" decoding=\"async\" width=\"1920\" height=\"1280\" src=\"data:image\/svg+xml,%3Csvg%20xmlns%3D%22http%3A%2F%2Fwww.w3.org%2F2000%2Fsvg%22%20viewBox%3D%220%200%201920%201280%22%3E%3C%2Fsvg%3E\" class=\"attachment-concert_large size-concert_large wp-post-image lazyload\" srcset=\"data:image\/svg+xml,%3Csvg%20xmlns%3D%22http%3A%2F%2Fwww.w3.org%2F2000%2Fsvg%22%20viewBox%3D%220%200%201920%201280%22%3E%3C%2Fsvg%3E 1920w\" sizes=\"(max-width: 1920px) 100vw, 1920px\" data-srcset=\"https:\/\/www.lvhf.cz\/wp-content\/uploads\/2022\/08\/Interpreti5-1920x1280-1.jpg 1920w, https:\/\/www.lvhf.cz\/wp-content\/uploads\/2022\/08\/Interpreti5-1920x1280-1-400x267.jpg 400w, https:\/\/www.lvhf.cz\/wp-content\/uploads\/2022\/08\/Interpreti5-1920x1280-1-1024x683.jpg 1024w, https:\/\/www.lvhf.cz\/wp-content\/uploads\/2022\/08\/Interpreti5-1920x1280-1-768x512.jpg 768w, https:\/\/www.lvhf.cz\/wp-content\/uploads\/2022\/08\/Interpreti5-1920x1280-1-1536x1024.jpg 1536w, https:\/\/www.lvhf.cz\/wp-content\/uploads\/2022\/08\/Interpreti5-1920x1280-1-450x300.jpg 450w, https:\/\/www.lvhf.cz\/wp-content\/uploads\/2022\/08\/Interpreti5-1920x1280-1-600x400.jpg 600w\" data-src=\"https:\/\/www.lvhf.cz\/wp-content\/uploads\/2022\/08\/Interpreti5-1920x1280-1.jpg\" alt>              <\/div>\n            <\/a>\n        \n            <h3 class=\"event-date\" style=\"display:block;\">\n                          <span class=\"month\">06<\/span> \/\n              <span class=\"day\">10<\/span> \/\n              <span class=\"hour\">16:00<\/span>\n            <\/h3>\n            \n            <h3 class=\"event-title\" style=\"display:block;\">ITALIAN HEAVEN<\/h3>\n            <table class=\"event-details-preview\" style=\"display:block;\">\n              <tbody>\n                <tr>\n                  <td class=\"first-column\">Who<\/td>\n                  <td class=\"second-column\">CAPPELLA MARIANA\nVojt\u011bch Semer\u00e1d - Artistic leader<\/td>\n                <\/tr>\n                            <tr>\n                  <td class=\"first-column\">Soloists<\/td>\n                  <td class=\"second-column\">Lucie Rozsny\u00f3 \u2013 Soprano<\/td>\n                <\/tr>\n                                        <tr>\n                  <td class=\"first-column\">Guest<\/td>\n                  <td class=\"second-column\">Additional programme: Lecture\nWhere: Valtice Castle, starting at 2.00 PM\nTheme: Music in the court of the House of Liechtenstein\nLecturer: Mgr. Vladim\u00edr Ma\u0148as, Ph.D.<\/td>\n                <\/tr>\n                            <tr>\n                  <td class=\"first-column\">Where<\/td>\n                              <td class=\"second-column\"><a style=\"color:rgb(0, 0, 128);\" href=\"https:\/\/www.lvhf.cz\/en\/mista-konani\/zamecka-kaple-valtice\/\">Valtice Castle Chapel<\/a> <\/td>\n                <\/tr>\n              <\/tbody>\n            <\/table>\n                  <\/div>\n          <div class=\"btn-event\" style=\"display:block;\">\n            <a href=\"https:\/\/www.lvhf.cz\/en\/koncerty\/italske-nebe\/\" class=\"btn btn-default\">Details<\/a>\n                    <\/div>\n        <\/div>\n      <\/div>\n          <!-- Calendar event 7 -->\n      <div class=\"event-col col-sm-6 col-md-6 col-lg-4\">\n\n        \n\n        <div class=\"calendar-event\">\n          <div class=\"banner\" style=\"display:none; height:100%;\">\n            <a href><noscript><img decoding=\"async\" style=\"width:100%; height:100%; object-position: top; object-fit:cover;\" src alt><\/noscript><img decoding=\"async\" style=\"width:100%; height:100%; object-position: top; object-fit:cover;\" src=\"data:image\/gif;base64,R0lGODlhAQABAIAAAAAAAP\/\/\/yH5BAEAAAAALAAAAAABAAEAAAIBRAA7\" alt data-src class=\" lazyload\"><\/a>\n          <\/div>\n\n          <div class=\"event-details-wrap\" style=\"display:block;\">\n\n            <a href=\"https:\/\/www.lvhf.cz\/en\/koncerty\/cembalissimo\/\" class=\"event-img-link\">\n              <div class=\"event-img\">\n                <noscript><img loading=\"lazy\" decoding=\"async\" width=\"1920\" height=\"1280\" src=\"https:\/\/www.lvhf.cz\/wp-content\/uploads\/2022\/08\/Interpreti6-1-1920x1280-1.jpg\" class=\"attachment-concert_large size-concert_large wp-post-image\" srcset=\"https:\/\/www.lvhf.cz\/wp-content\/uploads\/2022\/08\/Interpreti6-1-1920x1280-1.jpg 1920w, https:\/\/www.lvhf.cz\/wp-content\/uploads\/2022\/08\/Interpreti6-1-1920x1280-1-400x267.jpg 400w, https:\/\/www.lvhf.cz\/wp-content\/uploads\/2022\/08\/Interpreti6-1-1920x1280-1-1024x683.jpg 1024w, https:\/\/www.lvhf.cz\/wp-content\/uploads\/2022\/08\/Interpreti6-1-1920x1280-1-768x512.jpg 768w, https:\/\/www.lvhf.cz\/wp-content\/uploads\/2022\/08\/Interpreti6-1-1920x1280-1-1536x1024.jpg 1536w, https:\/\/www.lvhf.cz\/wp-content\/uploads\/2022\/08\/Interpreti6-1-1920x1280-1-450x300.jpg 450w, https:\/\/www.lvhf.cz\/wp-content\/uploads\/2022\/08\/Interpreti6-1-1920x1280-1-600x400.jpg 600w\" sizes=\"(max-width: 1920px) 100vw, 1920px\" alt><\/noscript><img loading=\"lazy\" decoding=\"async\" width=\"1920\" height=\"1280\" src=\"data:image\/svg+xml,%3Csvg%20xmlns%3D%22http%3A%2F%2Fwww.w3.org%2F2000%2Fsvg%22%20viewBox%3D%220%200%201920%201280%22%3E%3C%2Fsvg%3E\" class=\"attachment-concert_large size-concert_large wp-post-image lazyload\" srcset=\"data:image\/svg+xml,%3Csvg%20xmlns%3D%22http%3A%2F%2Fwww.w3.org%2F2000%2Fsvg%22%20viewBox%3D%220%200%201920%201280%22%3E%3C%2Fsvg%3E 1920w\" sizes=\"(max-width: 1920px) 100vw, 1920px\" data-srcset=\"https:\/\/www.lvhf.cz\/wp-content\/uploads\/2022\/08\/Interpreti6-1-1920x1280-1.jpg 1920w, https:\/\/www.lvhf.cz\/wp-content\/uploads\/2022\/08\/Interpreti6-1-1920x1280-1-400x267.jpg 400w, https:\/\/www.lvhf.cz\/wp-content\/uploads\/2022\/08\/Interpreti6-1-1920x1280-1-1024x683.jpg 1024w, https:\/\/www.lvhf.cz\/wp-content\/uploads\/2022\/08\/Interpreti6-1-1920x1280-1-768x512.jpg 768w, https:\/\/www.lvhf.cz\/wp-content\/uploads\/2022\/08\/Interpreti6-1-1920x1280-1-1536x1024.jpg 1536w, https:\/\/www.lvhf.cz\/wp-content\/uploads\/2022\/08\/Interpreti6-1-1920x1280-1-450x300.jpg 450w, https:\/\/www.lvhf.cz\/wp-content\/uploads\/2022\/08\/Interpreti6-1-1920x1280-1-600x400.jpg 600w\" data-src=\"https:\/\/www.lvhf.cz\/wp-content\/uploads\/2022\/08\/Interpreti6-1-1920x1280-1.jpg\" alt>              <\/div>\n            <\/a>\n        \n            <h3 class=\"event-date\" style=\"display:block;\">\n                          <span class=\"month\">09<\/span> \/\n              <span class=\"day\">10<\/span> \/\n              <span class=\"hour\">18:00<\/span>\n            <\/h3>\n            \n            <h3 class=\"event-title\" style=\"display:block;\">CEMBALISSIMO<\/h3>\n            <table class=\"event-details-preview\" style=\"display:block;\">\n              <tbody>\n                <tr>\n                  <td class=\"first-column\">Who<\/td>\n                  <td class=\"second-column\">Edita Keglerov\u00e1 \u2013 Harpsichord\nMonika Knoblochov\u00e1 \u2013 Harpsichord<\/td>\n                <\/tr>\n                                        <tr>\n                  <td class=\"first-column\">Guest<\/td>\n                  <td class=\"second-column\">Ji\u0159\u00ed Partyka \u2013 Violin\nLuk\u00e1\u0161 Svoboda \u2013 Violoncello<\/td>\n                <\/tr>\n                            <tr>\n                  <td class=\"first-column\">Where<\/td>\n                              <td class=\"second-column\"><a style=\"color:rgb(0, 0, 128);\" href=\"https:\/\/www.lvhf.cz\/en\/mista-konani\/kaple-sv-cyrila-a-sv-metodeje-v-breclavi\/\">St Cyril and Methodius Chapel B\u0159eclav<\/a> <\/td>\n                <\/tr>\n              <\/tbody>\n            <\/table>\n                  <\/div>\n          <div class=\"btn-event\" style=\"display:block;\">\n            <a href=\"https:\/\/www.lvhf.cz\/en\/koncerty\/cembalissimo\/\" class=\"btn btn-default\">Details<\/a>\n                    <\/div>\n        <\/div>\n      <\/div>\n          <!-- Calendar event 8 -->\n      <div class=\"event-col col-sm-6 col-md-6 col-lg-4\">\n\n        \n\n        <div class=\"calendar-event\">\n          <div class=\"banner\" style=\"display:none; height:100%;\">\n            <a href><noscript><img decoding=\"async\" style=\"width:100%; height:100%; object-position: top; object-fit:cover;\" src alt><\/noscript><img decoding=\"async\" style=\"width:100%; height:100%; object-position: top; object-fit:cover;\" src=\"data:image\/gif;base64,R0lGODlhAQABAIAAAAAAAP\/\/\/yH5BAEAAAAALAAAAAABAAEAAAIBRAA7\" alt data-src class=\" lazyload\"><\/a>\n          <\/div>\n\n          <div class=\"event-details-wrap\" style=\"display:block;\">\n\n            <a href=\"https:\/\/www.lvhf.cz\/en\/koncerty\/maestro-j-m-sperger\/\" class=\"event-img-link\">\n              <div class=\"event-img\">\n                <noscript><img loading=\"lazy\" decoding=\"async\" width=\"1920\" height=\"1280\" src=\"https:\/\/www.lvhf.cz\/wp-content\/uploads\/2022\/08\/Interpreti7-1920x1280-1.jpg\" class=\"attachment-concert_large size-concert_large wp-post-image\" srcset=\"https:\/\/www.lvhf.cz\/wp-content\/uploads\/2022\/08\/Interpreti7-1920x1280-1.jpg 1920w, https:\/\/www.lvhf.cz\/wp-content\/uploads\/2022\/08\/Interpreti7-1920x1280-1-400x267.jpg 400w, https:\/\/www.lvhf.cz\/wp-content\/uploads\/2022\/08\/Interpreti7-1920x1280-1-1024x683.jpg 1024w, https:\/\/www.lvhf.cz\/wp-content\/uploads\/2022\/08\/Interpreti7-1920x1280-1-768x512.jpg 768w, https:\/\/www.lvhf.cz\/wp-content\/uploads\/2022\/08\/Interpreti7-1920x1280-1-1536x1024.jpg 1536w, https:\/\/www.lvhf.cz\/wp-content\/uploads\/2022\/08\/Interpreti7-1920x1280-1-450x300.jpg 450w, https:\/\/www.lvhf.cz\/wp-content\/uploads\/2022\/08\/Interpreti7-1920x1280-1-600x400.jpg 600w\" sizes=\"(max-width: 1920px) 100vw, 1920px\" alt><\/noscript><img loading=\"lazy\" decoding=\"async\" width=\"1920\" height=\"1280\" src=\"data:image\/svg+xml,%3Csvg%20xmlns%3D%22http%3A%2F%2Fwww.w3.org%2F2000%2Fsvg%22%20viewBox%3D%220%200%201920%201280%22%3E%3C%2Fsvg%3E\" class=\"attachment-concert_large size-concert_large wp-post-image lazyload\" srcset=\"data:image\/svg+xml,%3Csvg%20xmlns%3D%22http%3A%2F%2Fwww.w3.org%2F2000%2Fsvg%22%20viewBox%3D%220%200%201920%201280%22%3E%3C%2Fsvg%3E 1920w\" sizes=\"(max-width: 1920px) 100vw, 1920px\" data-srcset=\"https:\/\/www.lvhf.cz\/wp-content\/uploads\/2022\/08\/Interpreti7-1920x1280-1.jpg 1920w, https:\/\/www.lvhf.cz\/wp-content\/uploads\/2022\/08\/Interpreti7-1920x1280-1-400x267.jpg 400w, https:\/\/www.lvhf.cz\/wp-content\/uploads\/2022\/08\/Interpreti7-1920x1280-1-1024x683.jpg 1024w, https:\/\/www.lvhf.cz\/wp-content\/uploads\/2022\/08\/Interpreti7-1920x1280-1-768x512.jpg 768w, https:\/\/www.lvhf.cz\/wp-content\/uploads\/2022\/08\/Interpreti7-1920x1280-1-1536x1024.jpg 1536w, https:\/\/www.lvhf.cz\/wp-content\/uploads\/2022\/08\/Interpreti7-1920x1280-1-450x300.jpg 450w, https:\/\/www.lvhf.cz\/wp-content\/uploads\/2022\/08\/Interpreti7-1920x1280-1-600x400.jpg 600w\" data-src=\"https:\/\/www.lvhf.cz\/wp-content\/uploads\/2022\/08\/Interpreti7-1920x1280-1.jpg\" alt>              <\/div>\n            <\/a>\n        \n            <h3 class=\"event-date\" style=\"display:block;\">\n                          <span class=\"month\">11<\/span> \/\n              <span class=\"day\">10<\/span> \/\n              <span class=\"hour\">19:00<\/span>\n            <\/h3>\n            \n            <h3 class=\"event-title\" style=\"display:block;\">MAESTRO J. M. SPERGER<\/h3>\n            <table class=\"event-details-preview\" style=\"display:block;\">\n              <tbody>\n                <tr>\n                  <td class=\"first-column\">Who<\/td>\n                  <td class=\"second-column\">BAROCCO SEMPRE GIOVANE\nJosef Kre\u010dmer - Artistic leader<\/td>\n                <\/tr>\n                            <tr>\n                  <td class=\"first-column\">Soloists<\/td>\n                  <td class=\"second-column\">Emil Rovner - Violoncello<\/td>\n                <\/tr>\n                                        <tr>\n                  <td class=\"first-column\">Guest<\/td>\n                  <td class=\"second-column\">Mat\u011bj \u0160t\u011bp\u00e1nek - Violoncello\nOnd\u0159ej Kepka - Speaker<\/td>\n                <\/tr>\n                            <tr>\n                  <td class=\"first-column\">Where<\/td>\n                              <td class=\"second-column\"><a style=\"color:rgb(0, 0, 128);\" href=\"https:\/\/www.lvhf.cz\/en\/mista-konani\/zamecke-divadlo-ve-valticich\/\">Valtice Castle Theatre<\/a> <\/td>\n                <\/tr>\n              <\/tbody>\n            <\/table>\n                  <\/div>\n          <div class=\"btn-event\" style=\"display:block;\">\n            <a href=\"https:\/\/www.lvhf.cz\/en\/koncerty\/maestro-j-m-sperger\/\" class=\"btn btn-default\">Details<\/a>\n                    <\/div>\n        <\/div>\n      <\/div>\n          <!-- Calendar event 9 -->\n      <div class=\"event-col col-sm-6 col-md-6 col-lg-4\">\n\n        \n\n        <div class=\"calendar-event\">\n          <div class=\"banner\" style=\"display:none; height:100%;\">\n            <a href><noscript><img decoding=\"async\" style=\"width:100%; height:100%; object-position: top; object-fit:cover;\" src alt><\/noscript><img decoding=\"async\" style=\"width:100%; height:100%; object-position: top; object-fit:cover;\" src=\"data:image\/gif;base64,R0lGODlhAQABAIAAAAAAAP\/\/\/yH5BAEAAAAALAAAAAABAAEAAAIBRAA7\" alt data-src class=\" lazyload\"><\/a>\n          <\/div>\n\n          <div class=\"event-details-wrap\" style=\"display:block;\">\n\n            <a href=\"https:\/\/www.lvhf.cz\/en\/koncerty\/zaverecny-galakoncert\/\" class=\"event-img-link\">\n              <div class=\"event-img\">\n                <noscript><img loading=\"lazy\" decoding=\"async\" width=\"1920\" height=\"1280\" src=\"https:\/\/www.lvhf.cz\/wp-content\/uploads\/2022\/08\/Interpreti8-1-1920x1280-1.jpg\" class=\"attachment-concert_large size-concert_large wp-post-image\" srcset=\"https:\/\/www.lvhf.cz\/wp-content\/uploads\/2022\/08\/Interpreti8-1-1920x1280-1.jpg 1920w, https:\/\/www.lvhf.cz\/wp-content\/uploads\/2022\/08\/Interpreti8-1-1920x1280-1-400x267.jpg 400w, https:\/\/www.lvhf.cz\/wp-content\/uploads\/2022\/08\/Interpreti8-1-1920x1280-1-1024x683.jpg 1024w, https:\/\/www.lvhf.cz\/wp-content\/uploads\/2022\/08\/Interpreti8-1-1920x1280-1-768x512.jpg 768w, https:\/\/www.lvhf.cz\/wp-content\/uploads\/2022\/08\/Interpreti8-1-1920x1280-1-1536x1024.jpg 1536w, https:\/\/www.lvhf.cz\/wp-content\/uploads\/2022\/08\/Interpreti8-1-1920x1280-1-450x300.jpg 450w, https:\/\/www.lvhf.cz\/wp-content\/uploads\/2022\/08\/Interpreti8-1-1920x1280-1-600x400.jpg 600w\" sizes=\"(max-width: 1920px) 100vw, 1920px\" alt><\/noscript><img loading=\"lazy\" decoding=\"async\" width=\"1920\" height=\"1280\" src=\"data:image\/svg+xml,%3Csvg%20xmlns%3D%22http%3A%2F%2Fwww.w3.org%2F2000%2Fsvg%22%20viewBox%3D%220%200%201920%201280%22%3E%3C%2Fsvg%3E\" class=\"attachment-concert_large size-concert_large wp-post-image lazyload\" srcset=\"data:image\/svg+xml,%3Csvg%20xmlns%3D%22http%3A%2F%2Fwww.w3.org%2F2000%2Fsvg%22%20viewBox%3D%220%200%201920%201280%22%3E%3C%2Fsvg%3E 1920w\" sizes=\"(max-width: 1920px) 100vw, 1920px\" data-srcset=\"https:\/\/www.lvhf.cz\/wp-content\/uploads\/2022\/08\/Interpreti8-1-1920x1280-1.jpg 1920w, https:\/\/www.lvhf.cz\/wp-content\/uploads\/2022\/08\/Interpreti8-1-1920x1280-1-400x267.jpg 400w, https:\/\/www.lvhf.cz\/wp-content\/uploads\/2022\/08\/Interpreti8-1-1920x1280-1-1024x683.jpg 1024w, https:\/\/www.lvhf.cz\/wp-content\/uploads\/2022\/08\/Interpreti8-1-1920x1280-1-768x512.jpg 768w, https:\/\/www.lvhf.cz\/wp-content\/uploads\/2022\/08\/Interpreti8-1-1920x1280-1-1536x1024.jpg 1536w, https:\/\/www.lvhf.cz\/wp-content\/uploads\/2022\/08\/Interpreti8-1-1920x1280-1-450x300.jpg 450w, https:\/\/www.lvhf.cz\/wp-content\/uploads\/2022\/08\/Interpreti8-1-1920x1280-1-600x400.jpg 600w\" data-src=\"https:\/\/www.lvhf.cz\/wp-content\/uploads\/2022\/08\/Interpreti8-1-1920x1280-1.jpg\" alt>              <\/div>\n            <\/a>\n        \n            <h3 class=\"event-date\" style=\"display:block;\">\n                          <span class=\"month\">12<\/span> \/\n              <span class=\"day\">10<\/span> \/\n              <span class=\"hour\">19:00<\/span>\n            <\/h3>\n            \n            <h3 class=\"event-title\" style=\"display:block;\">FINAL GALA CONCERT<\/h3>\n            <table class=\"event-details-preview\" style=\"display:block;\">\n              <tbody>\n                <tr>\n                  <td class=\"first-column\">Who<\/td>\n                  <td class=\"second-column\">PKF - PRAGUE PHILHARMONIA\nVojt\u011bch Spurn\u00fd \u2013 Conductor<\/td>\n                <\/tr>\n                            <tr>\n                  <td class=\"first-column\">Soloists<\/td>\n                  <td class=\"second-column\">Alexandra Yangel \u2013 Mezzosoprano\nLuk\u00e1\u0161 Vondr\u00e1\u010dek \u2013 Piano<\/td>\n                <\/tr>\n                                        <tr>\n                  <td class=\"first-column\">Where<\/td>\n                              <td class=\"second-column\"><a style=\"color:rgb(0, 0, 128);\" href=\"https:\/\/www.lvhf.cz\/en\/mista-konani\/zamecka-jizdarna-valtice\/\">Valtice Castle Riding Hall<\/a> <\/td>\n                <\/tr>\n              <\/tbody>\n            <\/table>\n                  <\/div>\n          <div class=\"btn-event\" style=\"display:block;\">\n            <a href=\"https:\/\/www.lvhf.cz\/en\/koncerty\/zaverecny-galakoncert\/\" class=\"btn btn-default\">Details<\/a>\n                    <\/div>\n        <\/div>\n      <\/div>\n    \n    <\/div>\n  <\/div>\n  \n  <!--End Event calendar-->","protected":false},"excerpt":{"rendered":"<p>Concerts Archive 2019<\/p>\n","protected":false},"author":2,"featured_media":0,"parent":0,"menu_order":80,"comment_status":"closed","ping_status":"closed","template":"elementor_header_footer","meta":{"footnotes":""},"acf":[],"_links":{"self":[{"href":"https:\/\/www.lvhf.cz\/en\/wp-json\/wp\/v2\/pages\/17215"}],"collection":[{"href":"https:\/\/www.lvhf.cz\/en\/wp-json\/wp\/v2\/pages"}],"about":[{"href":"https:\/\/www.lvhf.cz\/en\/wp-json\/wp\/v2\/types\/page"}],"author":[{"embeddable":true,"href":"https:\/\/www.lvhf.cz\/en\/wp-json\/wp\/v2\/users\/2"}],"replies":[{"embeddable":true,"href":"https:\/\/www.lvhf.cz\/en\/wp-json\/wp\/v2\/comments?post=17215"}],"version-history":[{"count":13,"href":"https:\/\/www.lvhf.cz\/en\/wp-json\/wp\/v2\/pages\/17215\/revisions"}],"predecessor-version":[{"id":20934,"href":"https:\/\/www.lvhf.cz\/en\/wp-json\/wp\/v2\/pages\/17215\/revisions\/20934"}],"wp:attachment":[{"href":"https:\/\/www.lvhf.cz\/en\/wp-json\/wp\/v2\/media?parent=17215"}],"curies":[{"name":"wp","href":"https:\/\/api.w.org\/{rel}","templated":true}]}}