{"id":10767,"date":"2020-11-15T08:02:21","date_gmt":"2020-11-15T07:02:21","guid":{"rendered":"https:\/\/www.lvhf.cz\/?page_id=10767"},"modified":"2026-03-25T20:56:37","modified_gmt":"2026-03-25T19:56:37","slug":"o-festivalu-2","status":"publish","type":"page","link":"https:\/\/www.lvhf.cz\/en\/o-festivalu-2\/","title":{"rendered":"About Us"},"content":{"rendered":"<div data-elementor-type=\"wp-page\" data-elementor-id=\"10767\" class=\"elementor elementor-10767\" data-elementor-post-type=\"page\">\n\t\t\t\t\t\t<section class=\"elementor-section elementor-top-section elementor-element elementor-element-3264c6f7 elementor-section-boxed elementor-section-height-default elementor-section-height-default\" data-id=\"3264c6f7\" data-element_type=\"section\">\n\t\t\t\t\t\t<div class=\"elementor-container elementor-column-gap-default\">\n\t\t\t\t\t<div class=\"elementor-column elementor-col-100 elementor-top-column elementor-element elementor-element-7b1809f\" data-id=\"7b1809f\" data-element_type=\"column\">\n\t\t\t<div class=\"elementor-widget-wrap elementor-element-populated\">\n\t\t\t\t\t\t<div class=\"elementor-element elementor-element-fed54da elementor-widget elementor-widget-breadcrumbs\" data-id=\"fed54da\" data-element_type=\"widget\" data-widget_type=\"breadcrumbs.default\">\n\t\t\t\t<div class=\"elementor-widget-container\">\n\t\t\t<nav aria-label=\"breadcrumbs\" class=\"rank-math-breadcrumb\"><p><span class=\"last\">LVMF<\/span><\/p><\/nav>\t\t<\/div>\n\t\t\t\t<\/div>\n\t\t\t\t<div class=\"elementor-element elementor-element-8f5c20a elementor-widget elementor-widget-image\" data-id=\"8f5c20a\" data-element_type=\"widget\" data-widget_type=\"image.default\">\n\t\t\t\t<div class=\"elementor-widget-container\">\n\t\t\t\t\t\t\t\t\t\t\t\t\t<noscript><img fetchpriority=\"high\" decoding=\"async\" width=\"250\" height=\"250\" src=\"https:\/\/www.lvhf.cz\/wp-content\/uploads\/2025\/03\/LVHF-Logo-Cervene-scaled-e1742902862818-250x250.jpg\" class=\"attachment-thumbnail size-thumbnail wp-image-28789\" alt><\/noscript><img fetchpriority=\"high\" decoding=\"async\" width=\"250\" height=\"250\" src=\"data:image\/svg+xml,%3Csvg%20xmlns%3D%22http%3A%2F%2Fwww.w3.org%2F2000%2Fsvg%22%20viewBox%3D%220%200%20250%20250%22%3E%3C%2Fsvg%3E\" class=\"attachment-thumbnail size-thumbnail wp-image-28789 lazyload\" alt data-src=\"https:\/\/www.lvhf.cz\/wp-content\/uploads\/2025\/03\/LVHF-Logo-Cervene-scaled-e1742902862818-250x250.jpg\">\t\t\t\t\t\t\t\t\t\t\t\t\t<\/div>\n\t\t\t\t<\/div>\n\t\t\t\t<div class=\"elementor-element elementor-element-9ae6f16 elementor-widget elementor-widget-spacer\" data-id=\"9ae6f16\" data-element_type=\"widget\" data-widget_type=\"spacer.default\">\n\t\t\t\t<div class=\"elementor-widget-container\">\n\t\t\t\t\t<div class=\"elementor-spacer\">\n\t\t\t<div class=\"elementor-spacer-inner\"><\/div>\n\t\t<\/div>\n\t\t\t\t<\/div>\n\t\t\t\t<\/div>\n\t\t\t\t<div class=\"elementor-element elementor-element-ec75bf9 elementor-widget-mobile__width-initial elementor-widget__width-initial elementor-widget elementor-widget-text-editor\" data-id=\"ec75bf9\" data-element_type=\"widget\" data-widget_type=\"text-editor.default\">\n\t\t\t\t<div class=\"elementor-widget-container\">\n\t\t\t\t\t\t\t<p style=\"text-align: left;\"><span style=\"font-size: 12pt;\"><span style=\"font-weight: 400;\"><\/span><\/span><\/p><p><\/p><p><\/p><p><span style=\"font-size: 12pt;\"><span style=\"font-weight: 400;\">International <\/span><b>Lednice-Valtice Music Festival (LVMF)<\/b><span style=\"font-weight: 400;\"> has secured a firm place in the cultural calendar during its eight years of existence, becoming one of the leading classical music festivals in the Czech Republic. Simultaneously, it has established itself as a significant project that enhances the reputation of the Czech Republic abroad. Each year, the festival focuses its attention on new themes reflecting the region&#8217;s history, its structures, significant musical anniversaries, and consistently presents musical premieres from the Valtice music collection. The festival is also popular among visitors from neighboring countries such as Austria and Slovakia.<\/span><\/span><\/p><p><span style=\"font-weight: 400; font-size: 12pt;\">LVMF takes place annually since 2016 in the Lednice-Valtice area in the South Moravian region, at the turn of September and October. Over fourteen days, eight concerts are held in historical buildings built by the Lichtenstein family. This family has deep roots in the area, providing the festival with a unique connection to history. In the past, this aristocracy invited musical productions from Brno and Vienna to their estate in the fall, coinciding with the peak of the hunting season.<\/span><\/p><p><span style=\"font-weight: 400; font-size: 12pt;\">From the first edition in 2016, which took place in an intimate format with just two concerts featuring V\u00e1clav Hude\u010dek as the main star, to the upcoming ninth edition in 2024, planned at the turn of September and October, the festival continues its efforts to bring excellent music, artistic experiences, and a high-quality educational program for children.<\/span><\/p><h3 style=\"text-align: center;\"><span style=\"font-size: 18pt;\"><b>Accompanying Events<\/b><\/span><\/h3><p><span style=\"font-weight: 400; font-size: 12pt;\">In addition to the concerts, the festival organizes accompanying events. One of them is the hosting of lectures related to the themes of the concerts and the current dramaturgy, led by experts in the field. These lectures provide deeper insights into the connection between music and cultural history.<\/span><\/p><p><span style=\"font-weight: 400; font-size: 12pt;\">The festival also conducts educational concerts for local schools, where students can familiarize themselves with various musical instruments, styles, and composers.<\/span><\/p><p><span style=\"font-weight: 400; font-size: 12pt;\">Noteworthy are also accompanying exhibitions of paintings or photographs related to the given theme and art workshops for the youngest children, combining the fields of visual arts and music in an entertaining way. All this is under the guidance of qualified visual artists and musical ensembles.<\/span><\/p><p><span style=\"font-weight: 400; font-size: 12pt;\">The Lednice-Valtice Music Festival offers a unique opportunity for music and history enthusiasts to discover the beauty of this region and immerse themselves in the world of music at stunning historical locations.<\/span><\/p><p><span style=\"font-size: 12pt;\"><span style=\"font-weight: 400;\">Since <\/span><b>October 2022<\/b><span style=\"font-weight: 400;\">, the festival is also a proud member of the <\/span><b>Czech Association of Festivals<\/b> <b>(\u010cAF)<\/b><span style=\"font-weight: 400;\">.<\/span><\/span><\/p><p>&nbsp;<\/p><h3 style=\"text-align: center;\">In 2025, the 10th edition of LVMF will take place.<\/h3><p><\/p><div>&nbsp;<\/div>\t\t\t\t\t\t<\/div>\n\t\t\t\t<\/div>\n\t\t\t\t<div class=\"elementor-element elementor-element-b639330 elementor-widget elementor-widget-spacer\" data-id=\"b639330\" data-element_type=\"widget\" data-widget_type=\"spacer.default\">\n\t\t\t\t<div class=\"elementor-widget-container\">\n\t\t\t\t\t<div class=\"elementor-spacer\">\n\t\t\t<div class=\"elementor-spacer-inner\"><\/div>\n\t\t<\/div>\n\t\t\t\t<\/div>\n\t\t\t\t<\/div>\n\t\t\t\t<div class=\"elementor-element elementor-element-72d4da7 elementor-widget__width-initial elementor-widget elementor-widget-text-editor\" data-id=\"72d4da7\" data-element_type=\"widget\" data-widget_type=\"text-editor.default\">\n\t\t\t\t<div class=\"elementor-widget-container\">\n\t\t\t\t\t\t\t\n\n\n\n\n<ol>\n \t<li style=\"text-align: left;\"><span style=\"font-size: 12pt;\"><b> Edition (LVMF 2016)<\/b><\/span><\/li>\n<\/ol>\n<p style=\"text-align: left;\"><span style=\"font-weight: 400; font-size: 12pt;\">The first edition was chamber-like with only two concerts, one in Lednice and the other in the Valtice Castle Riding Hall, featuring V\u00e1clav Hude\u010dek as the main star, who has been a regular participant since then.<\/span><\/p>\n\n<ol style=\"text-align: left;\" start=\"2\">\n \t<li><span style=\"font-size: 12pt;\"><b> Edition (LVMF 2017<\/b><span style=\"font-weight: 400;\">)<\/span><\/span><\/li>\n<\/ol>\n<p style=\"text-align: left;\"><span style=\"font-size: 12pt;\"><span style=\"font-weight: 400;\">The second edition focused on the works of W. A. Mozart and F. Schubert, admired by the Lichtenstein family architect <\/span><b>Josef Hardtmuth<\/b><span style=\"font-weight: 400;\">. Ensembles like <\/span><b>Pavel Haas Quartet<\/b><span style=\"font-weight: 400;\">, <\/span><b>PhilHarmonia Octet Prague<\/b><span style=\"font-weight: 400;\">, <\/span><b>Jan\u00e1\u010dek Chamber Orchestra<\/b><span style=\"font-weight: 400;\">, and <\/span><b>Barocco sempre giovane<\/b><span style=\"font-weight: 400;\"> performed. Soloists included <\/span><b>Kate\u0159ina Jav\u016frkov\u00e1<\/b><span style=\"font-weight: 400;\">, <\/span><b>Jan Mr\u00e1\u010dek<\/b><span style=\"font-weight: 400;\">, <\/span><b>Ji\u0159\u00ed B\u00e1rta<\/b><span style=\"font-weight: 400;\">, and <\/span><b>Patricia Jane\u010dkov\u00e1<\/b><span style=\"font-weight: 400;\">.<\/span><\/span><\/p>\n\n<ol style=\"text-align: left;\" start=\"3\">\n \t<li><span style=\"font-size: 12pt;\"><b> Edition (LVMF 2018)<\/b><\/span><\/li>\n<\/ol>\n<p style=\"text-align: left;\"><span style=\"font-size: 12pt;\"><span style=\"font-weight: 400;\">The third edition was led by the last conductor of the Lichtenstein family, <\/span><b>Josef Triebensee<\/b><span style=\"font-weight: 400;\">. Together with the <\/span><b>Czech Philharmonic Choir<\/b><span style=\"font-weight: 400;\">, <\/span><b>St. Gel\u00e9rt Academy Orchestra<\/b><span style=\"font-weight: 400;\">, <\/span><b>Belfiato Quintet<\/b><span style=\"font-weight: 400;\">, and <\/span><b>Musica Florea<\/b><span style=\"font-weight: 400;\">, performers included <\/span><b>Svatopluk Sem<\/b><span style=\"font-weight: 400;\">, <\/span><b>Doubravka Sou\u010dkov\u00e1<\/b><span style=\"font-weight: 400;\">, <\/span><b>Aleksander Rewinski<\/b><span style=\"font-weight: 400;\">, and <\/span><b>Petr Nekoranec<\/b><span style=\"font-weight: 400;\"> with <\/span><b>Simona \u0160aturov\u00e1<\/b><span style=\"font-weight: 400;\">.<\/span><\/span><\/p>\n\n<ol style=\"text-align: left;\" start=\"4\">\n \t<li><span style=\"font-size: 12pt;\"><b> Edition (LVMF 2019)<\/b><\/span><\/li>\n<\/ol>\n<p style=\"text-align: left;\"><span style=\"font-size: 12pt;\"><span style=\"font-weight: 400;\">The fourth edition celebrated 300 years since the founding of the Lichtenstein Principality and 770 years since the Lichtensteins settled in the region. Several composers who served them, such as <\/span><b>Johann Georg Orschler<\/b><span style=\"font-weight: 400;\">, <\/span><b>Johann Melchior Pichler<\/b><span style=\"font-weight: 400;\">, and <\/span><b>Nicolaus Zangius<\/b><span style=\"font-weight: 400;\">, were honored. Performers included <\/span><b>Adam Plachetka<\/b><span style=\"font-weight: 400;\">, <\/span><b>Collegium Marianum<\/b><span style=\"font-weight: 400;\">, <\/span><b>PKF \u2013 Prague Philharmonie<\/b><span style=\"font-weight: 400;\">, <\/span><b>Luk\u00e1\u0161 Vondr\u00e1\u010dek<\/b><span style=\"font-weight: 400;\">, <\/span><b>Cosima Soulez Larivi\u00e9re<\/b><span style=\"font-weight: 400;\">, and others.<\/span><\/span><\/p>\n\n<ol style=\"text-align: left;\" start=\"5\">\n \t<li><span style=\"font-size: 12pt;\"><b> Edition (LVMF 2020)<\/b><\/span><\/li>\n<\/ol>\n<p style=\"text-align: left;\"><span style=\"font-size: 12pt;\"><span style=\"font-weight: 400;\">The fifth edition focused on classical music inspired by folk art in the broadest sense. It featured performances by <\/span><b>Ostrava Klezmer Band<\/b><span style=\"font-weight: 400;\">, <\/span><b>Janoska Ensemble<\/b><span style=\"font-weight: 400;\">, <\/span><b>Jan\u00e1\u010dek Chamber Orchestra<\/b><span style=\"font-weight: 400;\"> accompanying <\/span><b>Folkloreclassic<\/b><span style=\"font-weight: 400;\">, and <\/span><b>Pavel Haas Quartet<\/b><span style=\"font-weight: 400;\"> performing Smetana&#8217;s Quartet From My Life.<\/span><\/span><\/p>\n\n<ol style=\"text-align: left;\" start=\"6\">\n \t<li><span style=\"font-size: 12pt;\"><b> Edition (LVMF 2021)<\/b><\/span><\/li>\n<\/ol>\n<p style=\"text-align: left;\"><span style=\"font-size: 12pt;\"><span style=\"font-weight: 400;\">The sixth edition paid tribute to <\/span><b>Antonio Vivaldi<\/b><span style=\"font-weight: 400;\"> in each concert, marking 280 years since his death. World-renowned interpreters like <\/span><b>Jakub J\u00f3zef Orli\u0144ski<\/b><span style=\"font-weight: 400;\">, <\/span><b>Fabio Biondi<\/b><span style=\"font-weight: 400;\">, <\/span><b>Amandine Beyer<\/b><span style=\"font-weight: 400;\">, and <\/span><b>Delphine Galou<\/b><span style=\"font-weight: 400;\">, along with ensembles <\/span><b>Ensemble Matheus<\/b><span style=\"font-weight: 400;\">, <\/span><b>Ensemble Scaramuccia<\/b><span style=\"font-weight: 400;\">, <\/span><b>Accademia Bizantina<\/b><span style=\"font-weight: 400;\">, <\/span><b>Europa Galante<\/b><span style=\"font-weight: 400;\">, and others participated. The opening concert by <\/span><b>Jakub J\u00f3zef Orli\u0144ski<\/b><span style=\"font-weight: 400;\"> with <\/span><b>Ensemble Matheus<\/b><span style=\"font-weight: 400;\"> received significant acclaim from media critics. <\/span><b>Luk\u00e1\u0161 Pavlica<\/b><span style=\"font-weight: 400;\">, for \u010casopis Harmonie, stated, &#8220;<\/span><i><span style=\"font-weight: 400;\">The opening concert sparked great expectations with its remarkable program and star-studded lineup. I dare say \u2013 even on my own \u2013 that many of these expectations were surpassed. The Lednice-Valtice Music Festival, with its opening concert, challenged not only other often much larger festivals with long-standing traditions but also partly challenged itself<\/span><\/i><span style=\"font-weight: 400;\">&#8230;&#8221;<\/span><\/span><\/p>\n<p style=\"text-align: left;\"><span style=\"font-size: 12pt;\"><span style=\"font-weight: 400;\">Similar praise was garnered by Fabio Biondi&#8217;s closing concert with Europa Galante, where according to <\/span><b>Ji\u0159\u00ed Vejvoda<\/b><span style=\"font-weight: 400;\">, <\/span><i><span style=\"font-weight: 400;\">&#8220;The festival&#8217;s finale, performed by the Europa Galante ensemble under the direction of Fabio Biondi, a virtuoso on baroque violin, lived up to the reputation of MIDEM Classical Award winners and Grammy nominees.&#8221;<\/span><\/i><\/span><\/p>\n\n<ol style=\"text-align: left;\" start=\"7\">\n \t<li><span style=\"font-size: 12pt;\"><b> Edition (LVMF 2022)<\/b><\/span><\/li>\n<\/ol>\n<p style=\"text-align: left;\"><span style=\"font-size: 12pt;\"><span style=\"font-weight: 400;\">The seventh edition focused on the music of the former Yugoslavia, guided by the Croatian composer <\/span><b>Dora Peja\u010devi\u0107<\/b><span style=\"font-weight: 400;\">. Czech and international artists performed her compositions, including <\/span><b>Ensemble Illyrica<\/b><span style=\"font-weight: 400;\"> with <\/span><b>Josipa Bainac<\/b><span style=\"font-weight: 400;\">, <\/span><b>Daniel Karvay<\/b><span style=\"font-weight: 400;\">, <\/span><b>Vid Veljak<\/b><span style=\"font-weight: 400;\">, the <\/span><b>Bohuslav Martin\u016f Philharmonic<\/b><span style=\"font-weight: 400;\">, <\/span><b>Aljo\u0161a Jurini\u010d<\/b><span style=\"font-weight: 400;\">, <\/span><b>Latica Ani\u0107<\/b><span style=\"font-weight: 400;\">, as well as <\/span><b>Boris Pr\u00fdgl<\/b><span style=\"font-weight: 400;\"> and <\/span><b>Nika Gori\u010d<\/b><span style=\"font-weight: 400;\"> with the <\/span><b>Jan\u00e1\u010dek Philharmonic Orchestra Ostrava<\/b><span style=\"font-weight: 400;\">.<\/span><\/span><\/p>\n\n<ol style=\"text-align: left;\" start=\"8\">\n \t<li><span style=\"font-size: 12pt;\"><b> Edition (LVMF 2023)<\/b><\/span><\/li>\n<\/ol>\n<p style=\"text-align: left;\"><span style=\"font-size: 12pt;\"><span style=\"font-weight: 400;\">The mission of the eighth edition of the Lednice-Valtice Music Festival in 2023 was to &#8220;give space to promising musicians.&#8221; In its programming, it focused attention on emerging stars in the music world. Over 14 days, it introduced a selection of young Czech and international talents accompanied by their mentors and renowned ensembles. The criteria for the final selection of <\/span><b>rising stars LVMF 2023<\/b><span style=\"font-weight: 400;\"> were: under 25 years of age and recognized participation or victory in internationally acclaimed music competitions.<\/span><\/span><\/p>\n<p style=\"text-align: left;\"><span style=\"font-size: 12pt;\"><span style=\"font-weight: 400;\">LVMF 2023 presented some of the most striking talents of the present day to the international audience, along with their mentors. The festival opened with the <\/span><b>Brno Philharmonic<\/b><span style=\"font-weight: 400;\"> (premiere at LVMF) conducted by <\/span><b>Tom\u00e1\u0161 Netopil<\/b><span style=\"font-weight: 400;\">. The main concerts featured the <\/span><b>PKF-Prague Philharmonia (PKF)<\/b><span style=\"font-weight: 400;\">, <\/span><b>Barocco sempre giovane<\/b><span style=\"font-weight: 400;\">, <\/span><b>Wranitzky Kapelle<\/b><span style=\"font-weight: 400;\">, and <\/span><b>Orquestrina Baborak<\/b><span style=\"font-weight: 400;\">.<\/span><\/span><\/p>\n<p style=\"text-align: left;\"><span style=\"font-size: 12pt;\"><span style=\"font-weight: 400;\">Among established orchestras, one of the greatest talents the Czech Republic has ever had, violinist <\/span><b>Daniel Matej\u010da<\/b><span style=\"font-weight: 400;\">, the winner of Eurovision Young Musicians 2022, performed at two LVMF 2023 concerts. Other young Czech artists included double bassist <strong>Indi Stiv\u00edn<\/strong>, pianist <\/span><b>Maty\u00e1\u0161 Nov\u00e1k<\/b><span style=\"font-weight: 400;\">, conductor <\/span><b>Nikol Kraft<\/b><span style=\"font-weight: 400;\">, oboist <\/span><b>Tereza Tourkov\u00e1<\/b><span style=\"font-weight: 400;\">, soprano <\/span><b>Ad\u00e9la \u0158eho\u0159ov\u00e1<\/b><span style=\"font-weight: 400;\">, and the boys&#8217; choir <\/span><b>Boni pueri<\/b><span style=\"font-weight: 400;\">. International guests invited to LVMF 2023 included pianist <\/span><b>Maxim Lando<\/b><span style=\"font-weight: 400;\"> (USA), violinist <\/span><b>Michelle Stern<\/b><span style=\"font-weight: 400;\"> (USA), soprano <\/span><b>Daria Kolisan<\/b><span style=\"font-weight: 400;\"> (Ukraine), baritone <\/span><b>Yurii Strakhov<\/b><span style=\"font-weight: 400;\"> (Ukraine), and French horn player <\/span><b>Victor Teodesiev<\/b><span style=\"font-weight: 400;\"> (Bulgaria).<\/span><\/span><\/p>\n<p style=\"text-align: left;\"><span style=\"font-size: 12pt;\"><b>Marek \u0160tilec<\/b><span style=\"font-weight: 400;\">, <\/span><b>Radek Babor\u00e1k<\/b><span style=\"font-weight: 400;\">, and <\/span><b>V\u00e1clav Hude\u010dek<\/b><span style=\"font-weight: 400;\"> were among the festival&#8217;s conductors and mentors.<\/span><\/span><\/p>\n\n<ol start=\"9\">\n \t<li style=\"text-align: left;\"><span style=\"font-size: 12pt;\"><b> Edition (LVMF 2024)<\/b><\/span><\/li>\n<\/ol>\n<div style=\"text-align: left;\">\n\n<span style=\"font-weight: 400; font-size: 12pt;\">The ninth edition of the Lednice-Valtice Music Festival (LVHF) featured a unique dramaturgy inspired by Freemasonry\u2014its ideas, symbols, and the life stories of composers who wrote for prominent Masonic lodges. It took place from 14 September to 12 October 2024 and captivated audiences with the motto <\/span><b><i>Musical Alchemy of the Masonic Garden<\/i><\/b> <b><i>at Lednice Castle<\/i><\/b><span style=\"font-weight: 400; font-size: 12pt;\">.<\/span>\n\n<span style=\"font-weight: 400; font-size: 12pt;\">The LVHF 2024 programme included eight main concerts, a festival prologue, two educational concerts for schools, creative music workshops, an escape game, lectures, and an accompanying exhibition.<\/span>\n\n<span style=\"font-weight: 400; font-size: 12pt;\">The opening concert in the castle riding hall in Valtice dazzled the audience with its masterful performances by the <\/span><b>Prague Philharmonia<\/b><span style=\"font-weight: 400; font-size: 12pt;\"> under the baton of <\/span><b>Vojt\u011bch Spurn\u00fd<\/b><span style=\"font-weight: 400; font-size: 12pt;\"> and violin virtuoso <\/span><b>Maxim Vengerov<\/b><span style=\"font-weight: 400; font-size: 12pt;\">, featuring works by <\/span><b>W. A. Mozart<\/b><span style=\"font-weight: 400; font-size: 12pt;\">.<\/span>\n\n<span style=\"font-weight: 400; font-size: 12pt;\">The festival&#8217;s closing concert was crowned by a festive performance of Beethoven&#8217;s Symphony No. 9 with the &#8220;Ode to Joy&#8221;, marking both the 200th anniversary of its premiere and the 20th anniversary of the Czech Republic&#8217;s accession to the European Union. The <\/span><b>Jan\u00e1\u010dek Philharmonic Ostrava<\/b><span style=\"font-weight: 400; font-size: 12pt;\"> performed under the baton of <\/span><b>Valentin Uryupin<\/b><span style=\"font-weight: 400; font-size: 12pt;\">, accompanied by the <\/span><b>Gaudeamus Brno Choir<\/b><span style=\"font-weight: 400; font-size: 12pt;\"> and a cast of exceptional soloists.<\/span>\n\n<span style=\"font-weight: 400; font-size: 12pt;\">Other artists featured at LVHF 2024 included: <\/span><b>Jana Semer\u00e1dov\u00e1<\/b><span style=\"font-weight: 400; font-size: 12pt;\"> (baroque flute), <\/span><b>Josef \u0160pa\u010dek<\/b><span style=\"font-weight: 400; font-size: 12pt;\"> (violin), <\/span><b>Miroslav Sekera<\/b><span style=\"font-weight: 400; font-size: 12pt;\"> (piano), <\/span><b>Martina Masarykov\u00e1<\/b><span style=\"font-weight: 400; font-size: 12pt;\"> (soprano), <\/span><b>Veronika Rovn\u00e1<\/b><span style=\"font-weight: 400; font-size: 12pt;\"> (soprano), <\/span><b>Veronika Hajnov\u00e1<\/b><span style=\"font-weight: 400; font-size: 12pt;\"> (mezzo-soprano), <\/span><b>Richard Samek<\/b><span style=\"font-weight: 400; font-size: 12pt;\"> (tenor), <\/span><b>Roman Jan\u00e1l<\/b><span style=\"font-weight: 400; font-size: 12pt;\"> (baritone), <\/span><b>Collegium Marianum<\/b><span style=\"font-weight: 400; font-size: 12pt;\">, <\/span><b>Alinde Quintet<\/b><span style=\"font-weight: 400; font-size: 12pt;\">, <\/span><b>Clarimonia Ensemble<\/b><span style=\"font-weight: 400; font-size: 12pt;\">, <\/span><b>Bratislava Hot Serenaders &amp; Serenaders Sisters<\/b><span style=\"font-weight: 400; font-size: 12pt;\"> (SK, led by <\/span><b>Juraj Barto\u0161<\/b><span style=\"font-weight: 400; font-size: 12pt;\">), <\/span><b>Musica Florea<\/b><span style=\"font-weight: 400; font-size: 12pt;\"> (conducted by <\/span><b>Marek \u0160tryncl),<\/b> <b>Gaudeamus Brno Choir<\/b><span style=\"font-weight: 400; font-size: 12pt;\"> (choirmaster <\/span><b>Da\u0161a Karasov\u00e1<\/b><span style=\"font-weight: 400; font-size: 12pt;\">), <\/span><b>Benda Quartet<\/b><span style=\"font-weight: 400; font-size: 12pt;\">, <\/span><b>Martin\u016f Voices<\/b><span style=\"font-weight: 400; font-size: 12pt;\"> (choirmaster <\/span><b>Luk\u00e1\u0161 Vasilek<\/b><span style=\"font-weight: 400; font-size: 12pt;\">), <\/span><b>Jan \u0160\u0165astn\u00fd<\/b><span style=\"font-weight: 400; font-size: 12pt;\"> (dramatic reading), <\/span><b>Irvin Veny\u0161<\/b><span style=\"font-weight: 400; font-size: 12pt;\"> (clarinet).<\/span><span style=\"font-weight: 400; font-size: 12pt;\">\n<\/span><span style=\"font-weight: 400; font-size: 12pt;\">The concerts were moderated by <\/span><b>Ji\u0159\u00ed Vejvoda<\/b><span style=\"font-weight: 400; font-size: 12pt;\"> and <\/span><b>Veronika Paroulkov\u00e1<\/b><span style=\"font-weight: 400; font-size: 12pt;\">.<\/span>\n\n<\/div>\n\n<ol start=\"10\">\n \t<li style=\"text-align: left;\"><span style=\"font-size: 12pt;\"><b> Edition (LVMF 2025)<\/b><\/span><\/li>\n<\/ol>\n<p style=\"text-align: left;\"><span style=\"font-size: 12pt;\"><span style=\"font-weight: 400;\">The tenth edition of the Lednice\u2013Valtice Music Festival (20 September \u2013 18 October 2025) bore the theme <\/span><b>&#8220;Music from the New World.&#8221;<\/b><span style=\"font-weight: 400;\"> The festival presented American music and America as a source of inspiration across a broad historical and stylistic spectrum \u2013 from composers such as <\/span><b>George Gershwin<\/b><span style=\"font-weight: 400;\">, <\/span><b>Leonard Bernstein<\/b><span style=\"font-weight: 400;\">, and <\/span><b>Philip Glass<\/b><span style=\"font-weight: 400;\"> to the spiritual tradition of African American spirituals and Dvo\u0159\u00e1k&#8217;s Symphony No. 9 &#8220;From the New World.&#8221; It offered 13 concerts, including a Prologue and two educational concerts, featured 33 composers, and presented several premieres \u2013 among them the Central European premiere of the multimedia project <\/span><b>LIFE<\/b><span style=\"font-weight: 400;\"> with music by Philip Glass, as well as modern premieres of works from the Valtice Music Collection. The LVHF draws from this rich collection every year, thereby commemorating the cultural heritage of the Order of the Brothers Hospitallers in South Moravia.<\/span><\/span><\/p>\n<p style=\"text-align: left;\"><span style=\"font-size: 12pt;\"><span style=\"font-weight: 400;\">More than four thousand listeners attended the historic halls of the Lednice\u2013Valtice area, representing an almost 10% year-on-year increase. The opening concert featured the <\/span><b>Jan\u00e1\u010dek Philharmonic Ostrava<\/b><span style=\"font-weight: 400;\"> with pianist <\/span><b>Boris Giltburg<\/b><span style=\"font-weight: 400;\">; the festival culminated in a performance by the <\/span><b>Slovak Philharmonic<\/b><span style=\"font-weight: 400;\"> with violinist <\/span><b>Joshua Brown<\/b><span style=\"font-weight: 400;\"> and Anton\u00edn Dvo\u0159\u00e1k&#8217;s Symphony No. 9 in E minor &#8220;From the New World.&#8221; Other performers included soloists <\/span><b>Ayla B\u00e1rtov\u00e1<\/b><span style=\"font-weight: 400;\">, <\/span><b>Matteo Hager<\/b><span style=\"font-weight: 400;\">, <\/span><b>Bella Adamova<\/b><span style=\"font-weight: 400;\">, <\/span><b>Brandon Ridenour<\/b><span style=\"font-weight: 400;\">, <\/span><b>Mark Dover<\/b><span style=\"font-weight: 400;\">, <\/span><b>Ahmed Alom<\/b><span style=\"font-weight: 400;\">, <\/span><b>Rachel Breen<\/b><span style=\"font-weight: 400;\">, and <\/span><b>Joshua Brown<\/b><span style=\"font-weight: 400;\">; ensembles and orchestras <\/span><b>Kings Return<\/b><span style=\"font-weight: 400;\">, <\/span><b>Hipocondria Ensemble<\/b><span style=\"font-weight: 400;\">, <\/span><b>Ensemble Opera Diversa<\/b><span style=\"font-weight: 400;\">, <\/span><b>\u0160kampa Quartet<\/b><span style=\"font-weight: 400;\">, <\/span><b>Orchestra Berg<\/b><span style=\"font-weight: 400;\">, <\/span><b>Pavel Haas Quartet<\/b><span style=\"font-weight: 400;\">, <\/span><b>Martin\u016f Voices<\/b><span style=\"font-weight: 400;\">, and <\/span><b>Moravia Brass Band<\/b><span style=\"font-weight: 400;\">. Conductors <\/span><b>Francesco Lecce-Chong<\/b><span style=\"font-weight: 400;\">, <\/span><b>Gabriela Tardonov\u00e1<\/b><span style=\"font-weight: 400;\">, <\/span><b>Peter Vr\u00e1bel<\/b><span style=\"font-weight: 400;\">, <\/span><b>Luk\u00e1\u0161 Vasilek<\/b><span style=\"font-weight: 400;\">, and <\/span><b>Tom\u00e1\u0161 Brauner<\/b><span style=\"font-weight: 400;\"> also appeared at the festival. The concerts were complemented by spoken introductions delivered by <\/span><b>Ji\u0159\u00ed Vejvoda<\/b><span style=\"font-weight: 400;\">, <\/span><b>Veronika Veber Paroulkov\u00e1<\/b><span style=\"font-weight: 400;\">, <\/span><b>Ond\u0159ej Kepka<\/b><span style=\"font-weight: 400;\">, and <\/span><b>Ji\u0159\u00ed Kokmotos<\/b><span style=\"font-weight: 400;\">, offering audiences contextual insights and helping them tune in to the performances.<\/span><\/span><\/p>\n\t\t\t\t\t\t<\/div>\n\t\t\t\t<\/div>\n\t\t\t\t<div class=\"elementor-element elementor-element-5576f86 elementor-hidden-tablet elementor-hidden-mobile elementor-hidden-desktop elementor-widget elementor-widget-text-editor\" data-id=\"5576f86\" data-element_type=\"widget\" data-widget_type=\"text-editor.default\">\n\t\t\t\t<div class=\"elementor-widget-container\">\n\t\t\t\t\t\t\t<p><br><br><\/p><noscript><img decoding=\"async\" src=\"https:\/\/www.lvhf.cz\/wp-content\/uploads\/2024\/01\/banner_web2024_EN.jpeg\" alt=\"LVMF 2024\"><\/noscript><img decoding=\"async\" src=\"data:image\/gif;base64,R0lGODlhAQABAIAAAAAAAP\/\/\/yH5BAEAAAAALAAAAAABAAEAAAIBRAA7\" alt=\"LVMF 2024\" data-src=\"https:\/\/www.lvhf.cz\/wp-content\/uploads\/2024\/01\/banner_web2024_EN.jpeg\" class=\" lazyload\">\t\t\t\t\t\t<\/div>\n\t\t\t\t<\/div>\n\t\t\t\t<div class=\"elementor-element elementor-element-bbc2c92 elementor-hidden-desktop elementor-hidden-tablet elementor-hidden-mobile elementor-widget elementor-widget-text-editor\" data-id=\"bbc2c92\" data-element_type=\"widget\" data-widget_type=\"text-editor.default\">\n\t\t\t\t<div class=\"elementor-widget-container\">\n\t\t\t\t\t\t\t<p><br><br><\/p><noscript><img decoding=\"async\" src=\"https:\/\/www.lvhf.cz\/wp-content\/uploads\/2024\/01\/banner_tablet_mobil2024_EN-1.jpeg\" alt=\"LVMF 2024\"><\/noscript><img decoding=\"async\" src=\"data:image\/gif;base64,R0lGODlhAQABAIAAAAAAAP\/\/\/yH5BAEAAAAALAAAAAABAAEAAAIBRAA7\" alt=\"LVMF 2024\" data-src=\"https:\/\/www.lvhf.cz\/wp-content\/uploads\/2024\/01\/banner_tablet_mobil2024_EN-1.jpeg\" class=\" lazyload\">\t\t\t\t\t\t<\/div>\n\t\t\t\t<\/div>\n\t\t\t\t<div class=\"elementor-element elementor-element-0a79034 elementor-widget elementor-widget-spacer\" data-id=\"0a79034\" data-element_type=\"widget\" data-widget_type=\"spacer.default\">\n\t\t\t\t<div class=\"elementor-widget-container\">\n\t\t\t\t\t<div class=\"elementor-spacer\">\n\t\t\t<div class=\"elementor-spacer-inner\"><\/div>\n\t\t<\/div>\n\t\t\t\t<\/div>\n\t\t\t\t<\/div>\n\t\t\t\t<div class=\"elementor-element elementor-element-56f6a600 elementor-widget elementor-widget-text-editor\" data-id=\"56f6a600\" data-element_type=\"widget\" data-widget_type=\"text-editor.default\">\n\t\t\t\t<div class=\"elementor-widget-container\">\n\t\t\t\t\t\t\t<div class=\"row-grid\">\n\n<!-- Prvn\u00ed sloupec -->\n<div class=\"column-grid\"><!-- Obr\u00e1zek -->\n<a href=\"https:\/\/www.lvhf.cz\/en\/o-festivalu-2\/jak-se-k-nam-dostanete\/\"><noscript><img decoding=\"async\" style=\"width: 100%;\" src=\"https:\/\/www.lvhf.cz\/wp-content\/uploads\/2020\/11\/foto_jak-se-k-nam-dostanete.jpg\" alt><\/noscript><img decoding=\"async\" style=\"width: 100%;\" src=\"data:image\/gif;base64,R0lGODlhAQABAIAAAAAAAP\/\/\/yH5BAEAAAAALAAAAAABAAEAAAIBRAA7\" data-src=\"https:\/\/www.lvhf.cz\/wp-content\/uploads\/2020\/11\/foto_jak-se-k-nam-dostanete.jpg\" class=\" lazyload\" alt>\n<!-- Text --><\/a>\n<h2 style=\"text-align: center; color: #ca393b;\">How to Get to Us<\/h2>\n&nbsp;\n\n<\/div>\n<!-- Druh\u00fd sloupec -->\n<div class=\"column-grid\"><!-- Obr\u00e1zek -->\n<a href=\"https:\/\/www.lvhf.cz\/en\/ubytovani-gastronomie\/\"><noscript><img decoding=\"async\" style=\"width: 100%;\" src=\"https:\/\/www.lvhf.cz\/wp-content\/uploads\/2020\/11\/foto_ubytovani-a-gastronomie.jpg\" alt><\/noscript><img decoding=\"async\" style=\"width: 100%;\" src=\"data:image\/gif;base64,R0lGODlhAQABAIAAAAAAAP\/\/\/yH5BAEAAAAALAAAAAABAAEAAAIBRAA7\" data-src=\"https:\/\/www.lvhf.cz\/wp-content\/uploads\/2020\/11\/foto_ubytovani-a-gastronomie.jpg\" class=\" lazyload\" alt>\n<!-- Text --><\/a>\n<h2 style=\"text-align: center; color: #ca393b;\">Accommodation &amp; Gastronomy<\/h2>\n&nbsp;\n\n<\/div>\n<!-- T\u0159et\u00ed sloupec -->\n<div class=\"column-grid\"><!-- Obr\u00e1zek -->\n<a href=\"https:\/\/www.lvhf.cz\/en\/regionalni-infocentra\/\"><noscript><img decoding=\"async\" style=\"width: 100%;\" src=\"https:\/\/www.lvhf.cz\/wp-content\/uploads\/2020\/11\/foto_infocentrum.jpg\" alt><\/noscript><img decoding=\"async\" style=\"width: 100%;\" src=\"data:image\/gif;base64,R0lGODlhAQABAIAAAAAAAP\/\/\/yH5BAEAAAAALAAAAAABAAEAAAIBRAA7\" data-src=\"https:\/\/www.lvhf.cz\/wp-content\/uploads\/2020\/11\/foto_infocentrum.jpg\" class=\" lazyload\" alt>\n<!-- Text --><\/a>\n<h2 style=\"text-align: center; color: #ca393b;\">Regional Information Centres<\/h2>\n&nbsp;\n\n<\/div>\n<\/div>\n\t\t\t\t\t\t<\/div>\n\t\t\t\t<\/div>\n\t\t\t\t\t<\/div>\n\t\t<\/div>\n\t\t\t\t\t<\/div>\n\t\t<\/section>\n\t\t\t\t<\/div>\n\t\t","protected":false},"excerpt":{"rendered":"<p>LVMF International Lednice-Valtice Music Festival (LVMF) has secured a firm place in the cultural calendar during its eight years of existence, becoming one of the leading classical music festivals in the Czech Republic. Simultaneously, it has established itself as a significant project that enhances the reputation of the Czech Republic abroad. Each year, the festival [&#46;&#46;&#46;]<\/p>\n","protected":false},"author":2,"featured_media":20795,"parent":0,"menu_order":110,"comment_status":"closed","ping_status":"closed","template":"","meta":{"footnotes":""},"acf":[],"_links":{"self":[{"href":"https:\/\/www.lvhf.cz\/en\/wp-json\/wp\/v2\/pages\/10767"}],"collection":[{"href":"https:\/\/www.lvhf.cz\/en\/wp-json\/wp\/v2\/pages"}],"about":[{"href":"https:\/\/www.lvhf.cz\/en\/wp-json\/wp\/v2\/types\/page"}],"author":[{"embeddable":true,"href":"https:\/\/www.lvhf.cz\/en\/wp-json\/wp\/v2\/users\/2"}],"replies":[{"embeddable":true,"href":"https:\/\/www.lvhf.cz\/en\/wp-json\/wp\/v2\/comments?post=10767"}],"version-history":[{"count":220,"href":"https:\/\/www.lvhf.cz\/en\/wp-json\/wp\/v2\/pages\/10767\/revisions"}],"predecessor-version":[{"id":30409,"href":"https:\/\/www.lvhf.cz\/en\/wp-json\/wp\/v2\/pages\/10767\/revisions\/30409"}],"wp:featuredmedia":[{"embeddable":true,"href":"https:\/\/www.lvhf.cz\/en\/wp-json\/wp\/v2\/media\/20795"}],"wp:attachment":[{"href":"https:\/\/www.lvhf.cz\/en\/wp-json\/wp\/v2\/media?parent=10767"}],"curies":[{"name":"wp","href":"https:\/\/api.w.org\/{rel}","templated":true}]}}