{"id":17223,"date":"2022-07-15T09:44:08","date_gmt":"2022-07-15T07:44:08","guid":{"rendered":"https:\/\/www.lvhf.cz\/?page_id=17223"},"modified":"2023-07-14T10:26:40","modified_gmt":"2023-07-14T08:26:40","slug":"archiv-koncertu-2018","status":"publish","type":"page","link":"https:\/\/www.lvhf.cz\/de\/archiv-koncertu-2018\/","title":{"rendered":"(CZ) Archiv koncert\u016f 2018"},"content":{"rendered":"<p><\/p>\n<h1 style=\"text-align: center;\">Konzertarchiv 2018<\/h1>\n<p><!--Event calendar-->\n\n  <\/p><h1>Konzertarchiv 2018<\/h1>\n  \n  \n\n\n<div class=\"container-fluid\">\n    <div class=\"row calendar-container\">\n          <!-- Calendar event 1 -->\n      <div class=\"event-col col-sm-6 col-md-6 col-lg-4\">\n\n        \n\n        <div class=\"calendar-event\">\n          <div class=\"banner\" style=\"display:none; height:100%;\">\n            <a href><noscript><img decoding=\"async\" style=\"width:100%; height:100%; object-position: top; object-fit:cover;\" src alt><\/noscript><img decoding=\"async\" style=\"width:100%; height:100%; object-position: top; object-fit:cover;\" src=\"data:image\/gif;base64,R0lGODlhAQABAIAAAAAAAP\/\/\/yH5BAEAAAAALAAAAAABAAEAAAIBRAA7\" alt data-src class=\" lazyload\"><\/a>\n          <\/div>\n\n          <div class=\"event-details-wrap\" style=\"display:block;\">\n\n            <a href=\"https:\/\/www.lvhf.cz\/de\/koncerty\/1-festivalovy-koncert-slavnostni-zahajeni-3\/\" class=\"event-img-link\">\n              <div class=\"event-img\">\n                <noscript><img fetchpriority=\"high\" decoding=\"async\" width=\"1920\" height=\"1280\" src=\"https:\/\/www.lvhf.cz\/wp-content\/uploads\/2022\/08\/1Interpret-1920x1280-1.png\" class=\"attachment-concert_large size-concert_large wp-post-image\" srcset=\"https:\/\/www.lvhf.cz\/wp-content\/uploads\/2022\/08\/1Interpret-1920x1280-1.png 1920w, https:\/\/www.lvhf.cz\/wp-content\/uploads\/2022\/08\/1Interpret-1920x1280-1-400x267.png 400w, https:\/\/www.lvhf.cz\/wp-content\/uploads\/2022\/08\/1Interpret-1920x1280-1-1024x683.png 1024w, https:\/\/www.lvhf.cz\/wp-content\/uploads\/2022\/08\/1Interpret-1920x1280-1-768x512.png 768w, https:\/\/www.lvhf.cz\/wp-content\/uploads\/2022\/08\/1Interpret-1920x1280-1-1536x1024.png 1536w, https:\/\/www.lvhf.cz\/wp-content\/uploads\/2022\/08\/1Interpret-1920x1280-1-450x300.png 450w, https:\/\/www.lvhf.cz\/wp-content\/uploads\/2022\/08\/1Interpret-1920x1280-1-600x400.png 600w\" sizes=\"(max-width: 1920px) 100vw, 1920px\" alt><\/noscript><img decoding=\"async\" width=\"1920\" height=\"1280\" src=\"data:image\/svg+xml,%3Csvg%20xmlns%3D%22http%3A%2F%2Fwww.w3.org%2F2000%2Fsvg%22%20viewBox%3D%220%200%201920%201280%22%3E%3C%2Fsvg%3E\" class=\"attachment-concert_large size-concert_large wp-post-image lazyload\" srcset=\"data:image\/svg+xml,%3Csvg%20xmlns%3D%22http%3A%2F%2Fwww.w3.org%2F2000%2Fsvg%22%20viewBox%3D%220%200%201920%201280%22%3E%3C%2Fsvg%3E 1920w\" sizes=\"(max-width: 1920px) 100vw, 1920px\" data-srcset=\"https:\/\/www.lvhf.cz\/wp-content\/uploads\/2022\/08\/1Interpret-1920x1280-1.png 1920w, https:\/\/www.lvhf.cz\/wp-content\/uploads\/2022\/08\/1Interpret-1920x1280-1-400x267.png 400w, https:\/\/www.lvhf.cz\/wp-content\/uploads\/2022\/08\/1Interpret-1920x1280-1-1024x683.png 1024w, https:\/\/www.lvhf.cz\/wp-content\/uploads\/2022\/08\/1Interpret-1920x1280-1-768x512.png 768w, https:\/\/www.lvhf.cz\/wp-content\/uploads\/2022\/08\/1Interpret-1920x1280-1-1536x1024.png 1536w, https:\/\/www.lvhf.cz\/wp-content\/uploads\/2022\/08\/1Interpret-1920x1280-1-450x300.png 450w, https:\/\/www.lvhf.cz\/wp-content\/uploads\/2022\/08\/1Interpret-1920x1280-1-600x400.png 600w\" data-src=\"https:\/\/www.lvhf.cz\/wp-content\/uploads\/2022\/08\/1Interpret-1920x1280-1.png\" alt>              <\/div>\n            <\/a>\n        \n            <h3 class=\"event-date\" style=\"display:block;\">\n                          <span class=\"month\">29<\/span> \/\n              <span class=\"day\">09<\/span> \/\n              <span class=\"hour\">19:00<\/span>\n            <\/h3>\n            \n            <h3 class=\"event-title\" style=\"display:block;\">1. FESTIVALKONZERT | ER\u00d6FFNUNGSFESTKONZERT<\/h3>\n            <table class=\"event-details-preview\" style=\"display:block;\">\n              <tbody>\n                <tr>\n                  <td class=\"first-column\">Wer<\/td>\n                  <td class=\"second-column\">Tschechischer Philharmonischer Chor Br\u00fcnn\nDaniel Simandl \u2013 Chorleiter\nYoon Kuk Lee (\u00d6sterreich-Korea) \u2013 Dirigent\nSt. Gellert Akademie Orchester (Ungarn)\nJi\u0159\u00ed Partyka \u2013 Konzertmeister<\/td>\n                <\/tr>\n                                        <tr>\n                  <td class=\"first-column\">Gast<\/td>\n                  <td class=\"second-column\">Solisten der Mozarteum Universit\u00e4t Salzburg:\n\nWendy Krikken \u2013 Sopran\nMariya Taniguchi \u2013 Sopran\nMaria Hegele \u2013 Mezzo-sopran\nAleksander Rewi\u0144ski \u2013 Tenor\nFelix Mischitz \u2013 Bariton<\/td>\n                <\/tr>\n                            <tr>\n                  <td class=\"first-column\">Wo<\/td>\n                              <td class=\"second-column\"><a style=\"color:rgb(0, 0, 128);\" href=\"https:\/\/www.lvhf.cz\/de\/mista-konani\/kostel-sv-jakuba-starsiho-statni-zamek-lednice\/\">Schlosskirche des Hl. Jakob des \u00c4lteren, Lednice (Eisgrub)<\/a> <\/td>\n                <\/tr>\n              <\/tbody>\n            <\/table>\n                  <\/div>\n          <div class=\"btn-event\" style=\"display:block;\">\n            <a href=\"https:\/\/www.lvhf.cz\/de\/koncerty\/1-festivalovy-koncert-slavnostni-zahajeni-3\/\" class=\"btn btn-default\">Details<\/a>\n                    <\/div>\n        <\/div>\n      <\/div>\n          <!-- Calendar event 2 -->\n      <div class=\"event-col col-sm-6 col-md-6 col-lg-4\">\n\n        \n\n        <div class=\"calendar-event\">\n          <div class=\"banner\" style=\"display:none; height:100%;\">\n            <a href><noscript><img decoding=\"async\" style=\"width:100%; height:100%; object-position: top; object-fit:cover;\" src alt><\/noscript><img decoding=\"async\" style=\"width:100%; height:100%; object-position: top; object-fit:cover;\" src=\"data:image\/gif;base64,R0lGODlhAQABAIAAAAAAAP\/\/\/yH5BAEAAAAALAAAAAABAAEAAAIBRAA7\" alt data-src class=\" lazyload\"><\/a>\n          <\/div>\n\n          <div class=\"event-details-wrap\" style=\"display:block;\">\n\n            <a href=\"https:\/\/www.lvhf.cz\/de\/koncerty\/2-festivalovy-koncert-lovecka-hudba\/\" class=\"event-img-link\">\n              <div class=\"event-img\">\n                <noscript><img decoding=\"async\" width=\"1920\" height=\"1280\" src=\"https:\/\/www.lvhf.cz\/wp-content\/uploads\/2022\/08\/2Interpret-1920x1280-1.png\" class=\"attachment-concert_large size-concert_large wp-post-image\" srcset=\"https:\/\/www.lvhf.cz\/wp-content\/uploads\/2022\/08\/2Interpret-1920x1280-1.png 1920w, https:\/\/www.lvhf.cz\/wp-content\/uploads\/2022\/08\/2Interpret-1920x1280-1-400x267.png 400w, https:\/\/www.lvhf.cz\/wp-content\/uploads\/2022\/08\/2Interpret-1920x1280-1-1024x683.png 1024w, https:\/\/www.lvhf.cz\/wp-content\/uploads\/2022\/08\/2Interpret-1920x1280-1-768x512.png 768w, https:\/\/www.lvhf.cz\/wp-content\/uploads\/2022\/08\/2Interpret-1920x1280-1-1536x1024.png 1536w, https:\/\/www.lvhf.cz\/wp-content\/uploads\/2022\/08\/2Interpret-1920x1280-1-450x300.png 450w, https:\/\/www.lvhf.cz\/wp-content\/uploads\/2022\/08\/2Interpret-1920x1280-1-600x400.png 600w\" sizes=\"(max-width: 1920px) 100vw, 1920px\" alt><\/noscript><img loading=\"lazy\" decoding=\"async\" width=\"1920\" height=\"1280\" src=\"data:image\/svg+xml,%3Csvg%20xmlns%3D%22http%3A%2F%2Fwww.w3.org%2F2000%2Fsvg%22%20viewBox%3D%220%200%201920%201280%22%3E%3C%2Fsvg%3E\" class=\"attachment-concert_large size-concert_large wp-post-image lazyload\" srcset=\"data:image\/svg+xml,%3Csvg%20xmlns%3D%22http%3A%2F%2Fwww.w3.org%2F2000%2Fsvg%22%20viewBox%3D%220%200%201920%201280%22%3E%3C%2Fsvg%3E 1920w\" sizes=\"(max-width: 1920px) 100vw, 1920px\" data-srcset=\"https:\/\/www.lvhf.cz\/wp-content\/uploads\/2022\/08\/2Interpret-1920x1280-1.png 1920w, https:\/\/www.lvhf.cz\/wp-content\/uploads\/2022\/08\/2Interpret-1920x1280-1-400x267.png 400w, https:\/\/www.lvhf.cz\/wp-content\/uploads\/2022\/08\/2Interpret-1920x1280-1-1024x683.png 1024w, https:\/\/www.lvhf.cz\/wp-content\/uploads\/2022\/08\/2Interpret-1920x1280-1-768x512.png 768w, https:\/\/www.lvhf.cz\/wp-content\/uploads\/2022\/08\/2Interpret-1920x1280-1-1536x1024.png 1536w, https:\/\/www.lvhf.cz\/wp-content\/uploads\/2022\/08\/2Interpret-1920x1280-1-450x300.png 450w, https:\/\/www.lvhf.cz\/wp-content\/uploads\/2022\/08\/2Interpret-1920x1280-1-600x400.png 600w\" data-src=\"https:\/\/www.lvhf.cz\/wp-content\/uploads\/2022\/08\/2Interpret-1920x1280-1.png\" alt>              <\/div>\n            <\/a>\n        \n            <h3 class=\"event-date\" style=\"display:block;\">\n                          <span class=\"month\">30<\/span> \/\n              <span class=\"day\">09<\/span> \/\n              <span class=\"hour\">16:00<\/span>\n            <\/h3>\n            \n            <h3 class=\"event-title\" style=\"display:block;\">2. FESTIVALKONZERT | J\u00c4GER-MUSIK<\/h3>\n            <table class=\"event-details-preview\" style=\"display:block;\">\n              <tbody>\n                <tr>\n                  <td class=\"first-column\">Wer<\/td>\n                  <td class=\"second-column\">Belfiato Quintet<\/td>\n                <\/tr>\n                                        <tr>\n                  <td class=\"first-column\">Wo<\/td>\n                              <td class=\"second-column\"><a style=\"color:rgb(0, 0, 128);\" href=\"https:\/\/www.lvhf.cz\/de\/mista-konani\/dianin-chram-rendez-vouse\/\">Dianatempel \u2013 Rendez-vous<\/a> <\/td>\n                <\/tr>\n              <\/tbody>\n            <\/table>\n                  <\/div>\n          <div class=\"btn-event\" style=\"display:block;\">\n            <a href=\"https:\/\/www.lvhf.cz\/de\/koncerty\/2-festivalovy-koncert-lovecka-hudba\/\" class=\"btn btn-default\">Details<\/a>\n                    <\/div>\n        <\/div>\n      <\/div>\n          <!-- Calendar event 3 -->\n      <div class=\"event-col col-sm-6 col-md-6 col-lg-4\">\n\n        \n\n        <div class=\"calendar-event\">\n          <div class=\"banner\" style=\"display:none; height:100%;\">\n            <a href><noscript><img decoding=\"async\" style=\"width:100%; height:100%; object-position: top; object-fit:cover;\" src alt><\/noscript><img decoding=\"async\" style=\"width:100%; height:100%; object-position: top; object-fit:cover;\" src=\"data:image\/gif;base64,R0lGODlhAQABAIAAAAAAAP\/\/\/yH5BAEAAAAALAAAAAABAAEAAAIBRAA7\" alt data-src class=\" lazyload\"><\/a>\n          <\/div>\n\n          <div class=\"event-details-wrap\" style=\"display:block;\">\n\n            <a href=\"https:\/\/www.lvhf.cz\/de\/koncerty\/3-festivalovy-koncert-hudba-pro-2-fagoty\/\" class=\"event-img-link\">\n              <div class=\"event-img\">\n                <noscript><img loading=\"lazy\" decoding=\"async\" width=\"1920\" height=\"1280\" src=\"https:\/\/www.lvhf.cz\/wp-content\/uploads\/2022\/08\/3Interpret-1920x1280-1.png\" class=\"attachment-concert_large size-concert_large wp-post-image\" srcset=\"https:\/\/www.lvhf.cz\/wp-content\/uploads\/2022\/08\/3Interpret-1920x1280-1.png 1920w, https:\/\/www.lvhf.cz\/wp-content\/uploads\/2022\/08\/3Interpret-1920x1280-1-400x267.png 400w, https:\/\/www.lvhf.cz\/wp-content\/uploads\/2022\/08\/3Interpret-1920x1280-1-1024x683.png 1024w, https:\/\/www.lvhf.cz\/wp-content\/uploads\/2022\/08\/3Interpret-1920x1280-1-768x512.png 768w, https:\/\/www.lvhf.cz\/wp-content\/uploads\/2022\/08\/3Interpret-1920x1280-1-1536x1024.png 1536w, https:\/\/www.lvhf.cz\/wp-content\/uploads\/2022\/08\/3Interpret-1920x1280-1-450x300.png 450w, https:\/\/www.lvhf.cz\/wp-content\/uploads\/2022\/08\/3Interpret-1920x1280-1-600x400.png 600w\" sizes=\"(max-width: 1920px) 100vw, 1920px\" alt><\/noscript><img loading=\"lazy\" decoding=\"async\" width=\"1920\" height=\"1280\" src=\"data:image\/svg+xml,%3Csvg%20xmlns%3D%22http%3A%2F%2Fwww.w3.org%2F2000%2Fsvg%22%20viewBox%3D%220%200%201920%201280%22%3E%3C%2Fsvg%3E\" class=\"attachment-concert_large size-concert_large wp-post-image lazyload\" srcset=\"data:image\/svg+xml,%3Csvg%20xmlns%3D%22http%3A%2F%2Fwww.w3.org%2F2000%2Fsvg%22%20viewBox%3D%220%200%201920%201280%22%3E%3C%2Fsvg%3E 1920w\" sizes=\"(max-width: 1920px) 100vw, 1920px\" data-srcset=\"https:\/\/www.lvhf.cz\/wp-content\/uploads\/2022\/08\/3Interpret-1920x1280-1.png 1920w, https:\/\/www.lvhf.cz\/wp-content\/uploads\/2022\/08\/3Interpret-1920x1280-1-400x267.png 400w, https:\/\/www.lvhf.cz\/wp-content\/uploads\/2022\/08\/3Interpret-1920x1280-1-1024x683.png 1024w, https:\/\/www.lvhf.cz\/wp-content\/uploads\/2022\/08\/3Interpret-1920x1280-1-768x512.png 768w, https:\/\/www.lvhf.cz\/wp-content\/uploads\/2022\/08\/3Interpret-1920x1280-1-1536x1024.png 1536w, https:\/\/www.lvhf.cz\/wp-content\/uploads\/2022\/08\/3Interpret-1920x1280-1-450x300.png 450w, https:\/\/www.lvhf.cz\/wp-content\/uploads\/2022\/08\/3Interpret-1920x1280-1-600x400.png 600w\" data-src=\"https:\/\/www.lvhf.cz\/wp-content\/uploads\/2022\/08\/3Interpret-1920x1280-1.png\" alt>              <\/div>\n            <\/a>\n        \n            <h3 class=\"event-date\" style=\"display:block;\">\n                          <span class=\"month\">03<\/span> \/\n              <span class=\"day\">10<\/span> \/\n              <span class=\"hour\">19:00<\/span>\n            <\/h3>\n            \n            <h3 class=\"event-title\" style=\"display:block;\">3. FESTIVALKONZERT | MUSIK F\u00dcR ZWEI FAGOTTE<\/h3>\n            <table class=\"event-details-preview\" style=\"display:block;\">\n              <tbody>\n                <tr>\n                  <td class=\"first-column\">Wer<\/td>\n                  <td class=\"second-column\">VIVALDI COLLEGIUM PRAG<\/td>\n                <\/tr>\n                                        <tr>\n                  <td class=\"first-column\">Gast<\/td>\n                  <td class=\"second-column\">Michaela \u0160pa\u010dkov\u00e1 \u2013 Fagott\nDenisa Be\u0148ovsk\u00e1 \u2013 Fagott<\/td>\n                <\/tr>\n                            <tr>\n                  <td class=\"first-column\">Wo<\/td>\n                              <td class=\"second-column\"><a style=\"color:rgb(0, 0, 128);\" href=\"https:\/\/www.lvhf.cz\/de\/mista-konani\/rytirsky-sal-statni-zamek-lednice\/\">Rittersaal Schloss Lednice (Eisgrub)<\/a> <\/td>\n                <\/tr>\n              <\/tbody>\n            <\/table>\n                  <\/div>\n          <div class=\"btn-event\" style=\"display:block;\">\n            <a href=\"https:\/\/www.lvhf.cz\/de\/koncerty\/3-festivalovy-koncert-hudba-pro-2-fagoty\/\" class=\"btn btn-default\">Details<\/a>\n                    <\/div>\n        <\/div>\n      <\/div>\n          <!-- Calendar event 4 -->\n      <div class=\"event-col col-sm-6 col-md-6 col-lg-4\">\n\n        \n\n        <div class=\"calendar-event\">\n          <div class=\"banner\" style=\"display:none; height:100%;\">\n            <a href><noscript><img decoding=\"async\" style=\"width:100%; height:100%; object-position: top; object-fit:cover;\" src alt><\/noscript><img decoding=\"async\" style=\"width:100%; height:100%; object-position: top; object-fit:cover;\" src=\"data:image\/gif;base64,R0lGODlhAQABAIAAAAAAAP\/\/\/yH5BAEAAAAALAAAAAABAAEAAAIBRAA7\" alt data-src class=\" lazyload\"><\/a>\n          <\/div>\n\n          <div class=\"event-details-wrap\" style=\"display:block;\">\n\n            <a href=\"https:\/\/www.lvhf.cz\/de\/koncerty\/4-festivalovy-koncert-violino-vaclava-hudecka\/\" class=\"event-img-link\">\n              <div class=\"event-img\">\n                <noscript><img loading=\"lazy\" decoding=\"async\" width=\"1920\" height=\"1280\" src=\"https:\/\/www.lvhf.cz\/wp-content\/uploads\/2022\/08\/4Interpret-1920x1280-1.png\" class=\"attachment-concert_large size-concert_large wp-post-image\" srcset=\"https:\/\/www.lvhf.cz\/wp-content\/uploads\/2022\/08\/4Interpret-1920x1280-1.png 1920w, https:\/\/www.lvhf.cz\/wp-content\/uploads\/2022\/08\/4Interpret-1920x1280-1-400x267.png 400w, https:\/\/www.lvhf.cz\/wp-content\/uploads\/2022\/08\/4Interpret-1920x1280-1-1024x683.png 1024w, https:\/\/www.lvhf.cz\/wp-content\/uploads\/2022\/08\/4Interpret-1920x1280-1-768x512.png 768w, https:\/\/www.lvhf.cz\/wp-content\/uploads\/2022\/08\/4Interpret-1920x1280-1-1536x1024.png 1536w, https:\/\/www.lvhf.cz\/wp-content\/uploads\/2022\/08\/4Interpret-1920x1280-1-450x300.png 450w, https:\/\/www.lvhf.cz\/wp-content\/uploads\/2022\/08\/4Interpret-1920x1280-1-600x400.png 600w\" sizes=\"(max-width: 1920px) 100vw, 1920px\" alt><\/noscript><img loading=\"lazy\" decoding=\"async\" width=\"1920\" height=\"1280\" src=\"data:image\/svg+xml,%3Csvg%20xmlns%3D%22http%3A%2F%2Fwww.w3.org%2F2000%2Fsvg%22%20viewBox%3D%220%200%201920%201280%22%3E%3C%2Fsvg%3E\" class=\"attachment-concert_large size-concert_large wp-post-image lazyload\" srcset=\"data:image\/svg+xml,%3Csvg%20xmlns%3D%22http%3A%2F%2Fwww.w3.org%2F2000%2Fsvg%22%20viewBox%3D%220%200%201920%201280%22%3E%3C%2Fsvg%3E 1920w\" sizes=\"(max-width: 1920px) 100vw, 1920px\" data-srcset=\"https:\/\/www.lvhf.cz\/wp-content\/uploads\/2022\/08\/4Interpret-1920x1280-1.png 1920w, https:\/\/www.lvhf.cz\/wp-content\/uploads\/2022\/08\/4Interpret-1920x1280-1-400x267.png 400w, https:\/\/www.lvhf.cz\/wp-content\/uploads\/2022\/08\/4Interpret-1920x1280-1-1024x683.png 1024w, https:\/\/www.lvhf.cz\/wp-content\/uploads\/2022\/08\/4Interpret-1920x1280-1-768x512.png 768w, https:\/\/www.lvhf.cz\/wp-content\/uploads\/2022\/08\/4Interpret-1920x1280-1-1536x1024.png 1536w, https:\/\/www.lvhf.cz\/wp-content\/uploads\/2022\/08\/4Interpret-1920x1280-1-450x300.png 450w, https:\/\/www.lvhf.cz\/wp-content\/uploads\/2022\/08\/4Interpret-1920x1280-1-600x400.png 600w\" data-src=\"https:\/\/www.lvhf.cz\/wp-content\/uploads\/2022\/08\/4Interpret-1920x1280-1.png\" alt>              <\/div>\n            <\/a>\n        \n            <h3 class=\"event-date\" style=\"display:block;\">\n                          <span class=\"month\">05<\/span> \/\n              <span class=\"day\">10<\/span> \/\n              <span class=\"hour\">19:00<\/span>\n            <\/h3>\n            \n            <h3 class=\"event-title\" style=\"display:block;\">4. FESTIVALKONZERT | VIOLINE V\u00c1CLAV HUDE\u010cEK<\/h3>\n            <table class=\"event-details-preview\" style=\"display:block;\">\n              <tbody>\n                <tr>\n                  <td class=\"first-column\">Wer<\/td>\n                  <td class=\"second-column\">JAN\u00c1\u010cEK KAMMERORCHESTER\nJAKUB \u010cERNOHORSK\u00dd \u2013 Leitung<\/td>\n                <\/tr>\n                            <tr>\n                  <td class=\"first-column\">Solo<\/td>\n                  <td class=\"second-column\">V\u00e1clav Hude\u010dek \u2013 Violine\nKristina Fialov\u00e1 \u2013 Viola<\/td>\n                <\/tr>\n                                        <tr>\n                  <td class=\"first-column\">Gast<\/td>\n                  <td class=\"second-column\">Marek Zvol\u00e1nek - Trompete<\/td>\n                <\/tr>\n                            <tr>\n                  <td class=\"first-column\">Wo<\/td>\n                              <td class=\"second-column\"><a style=\"color:rgb(0, 0, 128);\" href=\"https:\/\/www.lvhf.cz\/de\/mista-konani\/zamecka-jizdarna-lednice-multifunkcni-centrum\/\">Reithalle von Schloss Lednice (Eisgrub)<\/a> <\/td>\n                <\/tr>\n              <\/tbody>\n            <\/table>\n                  <\/div>\n          <div class=\"btn-event\" style=\"display:block;\">\n            <a href=\"https:\/\/www.lvhf.cz\/de\/koncerty\/4-festivalovy-koncert-violino-vaclava-hudecka\/\" class=\"btn btn-default\">Details<\/a>\n                    <\/div>\n        <\/div>\n      <\/div>\n          <!-- Calendar event 5 -->\n      <div class=\"event-col col-sm-6 col-md-6 col-lg-4\">\n\n        \n\n        <div class=\"calendar-event\">\n          <div class=\"banner\" style=\"display:none; height:100%;\">\n            <a href><noscript><img decoding=\"async\" style=\"width:100%; height:100%; object-position: top; object-fit:cover;\" src alt><\/noscript><img decoding=\"async\" style=\"width:100%; height:100%; object-position: top; object-fit:cover;\" src=\"data:image\/gif;base64,R0lGODlhAQABAIAAAAAAAP\/\/\/yH5BAEAAAAALAAAAAABAAEAAAIBRAA7\" alt data-src class=\" lazyload\"><\/a>\n          <\/div>\n\n          <div class=\"event-details-wrap\" style=\"display:block;\">\n\n            <a href=\"https:\/\/www.lvhf.cz\/de\/koncerty\/5-festivalovy-koncert-duchovni-hudba\/\" class=\"event-img-link\">\n              <div class=\"event-img\">\n                <noscript><img loading=\"lazy\" decoding=\"async\" width=\"1920\" height=\"1280\" src=\"https:\/\/www.lvhf.cz\/wp-content\/uploads\/2022\/08\/5Interpret-1920x1280-1.png\" class=\"attachment-concert_large size-concert_large wp-post-image\" srcset=\"https:\/\/www.lvhf.cz\/wp-content\/uploads\/2022\/08\/5Interpret-1920x1280-1.png 1920w, https:\/\/www.lvhf.cz\/wp-content\/uploads\/2022\/08\/5Interpret-1920x1280-1-400x267.png 400w, https:\/\/www.lvhf.cz\/wp-content\/uploads\/2022\/08\/5Interpret-1920x1280-1-1024x683.png 1024w, https:\/\/www.lvhf.cz\/wp-content\/uploads\/2022\/08\/5Interpret-1920x1280-1-768x512.png 768w, https:\/\/www.lvhf.cz\/wp-content\/uploads\/2022\/08\/5Interpret-1920x1280-1-1536x1024.png 1536w, https:\/\/www.lvhf.cz\/wp-content\/uploads\/2022\/08\/5Interpret-1920x1280-1-450x300.png 450w, https:\/\/www.lvhf.cz\/wp-content\/uploads\/2022\/08\/5Interpret-1920x1280-1-600x400.png 600w\" sizes=\"(max-width: 1920px) 100vw, 1920px\" alt><\/noscript><img loading=\"lazy\" decoding=\"async\" width=\"1920\" height=\"1280\" src=\"data:image\/svg+xml,%3Csvg%20xmlns%3D%22http%3A%2F%2Fwww.w3.org%2F2000%2Fsvg%22%20viewBox%3D%220%200%201920%201280%22%3E%3C%2Fsvg%3E\" class=\"attachment-concert_large size-concert_large wp-post-image lazyload\" srcset=\"data:image\/svg+xml,%3Csvg%20xmlns%3D%22http%3A%2F%2Fwww.w3.org%2F2000%2Fsvg%22%20viewBox%3D%220%200%201920%201280%22%3E%3C%2Fsvg%3E 1920w\" sizes=\"(max-width: 1920px) 100vw, 1920px\" data-srcset=\"https:\/\/www.lvhf.cz\/wp-content\/uploads\/2022\/08\/5Interpret-1920x1280-1.png 1920w, https:\/\/www.lvhf.cz\/wp-content\/uploads\/2022\/08\/5Interpret-1920x1280-1-400x267.png 400w, https:\/\/www.lvhf.cz\/wp-content\/uploads\/2022\/08\/5Interpret-1920x1280-1-1024x683.png 1024w, https:\/\/www.lvhf.cz\/wp-content\/uploads\/2022\/08\/5Interpret-1920x1280-1-768x512.png 768w, https:\/\/www.lvhf.cz\/wp-content\/uploads\/2022\/08\/5Interpret-1920x1280-1-1536x1024.png 1536w, https:\/\/www.lvhf.cz\/wp-content\/uploads\/2022\/08\/5Interpret-1920x1280-1-450x300.png 450w, https:\/\/www.lvhf.cz\/wp-content\/uploads\/2022\/08\/5Interpret-1920x1280-1-600x400.png 600w\" data-src=\"https:\/\/www.lvhf.cz\/wp-content\/uploads\/2022\/08\/5Interpret-1920x1280-1.png\" alt>              <\/div>\n            <\/a>\n        \n            <h3 class=\"event-date\" style=\"display:block;\">\n                          <span class=\"month\">06<\/span> \/\n              <span class=\"day\">10<\/span> \/\n              <span class=\"hour\">18:00<\/span>\n            <\/h3>\n            \n            <h3 class=\"event-title\" style=\"display:block;\">5. FESTIVALKONZERT | GEISTLICHE MUSIK<\/h3>\n            <table class=\"event-details-preview\" style=\"display:block;\">\n              <tbody>\n                <tr>\n                  <td class=\"first-column\">Wer<\/td>\n                  <td class=\"second-column\">JAN\u00c1\u010cEK KAMMERORCHESTER\nJAKUB \u010cERNOHORSK\u00dd \u2013 Leitung<\/td>\n                <\/tr>\n                                        <tr>\n                  <td class=\"first-column\">Gast<\/td>\n                  <td class=\"second-column\">Doubravka Sou\u010dkov\u00e1 \u2013 Sopran\nSvatopluk Sem \u2013 Bariton\nMarek Zvol\u00e1nek \u2013 Trompete<\/td>\n                <\/tr>\n                            <tr>\n                  <td class=\"first-column\">Wo<\/td>\n                              <td class=\"second-column\"><a style=\"color:rgb(0, 0, 128);\" href=\"https:\/\/www.lvhf.cz\/de\/mista-konani\/kostel-narozeni-panny-marie-velke-bilovice\/\">Kirche der Geburt der Jungfrau Maria Gross Billowitz<\/a> <\/td>\n                <\/tr>\n              <\/tbody>\n            <\/table>\n                  <\/div>\n          <div class=\"btn-event\" style=\"display:block;\">\n            <a href=\"https:\/\/www.lvhf.cz\/de\/koncerty\/5-festivalovy-koncert-duchovni-hudba\/\" class=\"btn btn-default\">Details<\/a>\n                    <\/div>\n        <\/div>\n      <\/div>\n          <!-- Calendar event 6 -->\n      <div class=\"event-col col-sm-6 col-md-6 col-lg-4\">\n\n        \n\n        <div class=\"calendar-event\">\n          <div class=\"banner\" style=\"display:none; height:100%;\">\n            <a href><noscript><img decoding=\"async\" style=\"width:100%; height:100%; object-position: top; object-fit:cover;\" src alt><\/noscript><img decoding=\"async\" style=\"width:100%; height:100%; object-position: top; object-fit:cover;\" src=\"data:image\/gif;base64,R0lGODlhAQABAIAAAAAAAP\/\/\/yH5BAEAAAAALAAAAAABAAEAAAIBRAA7\" alt data-src class=\" lazyload\"><\/a>\n          <\/div>\n\n          <div class=\"event-details-wrap\" style=\"display:block;\">\n\n            <a href=\"https:\/\/www.lvhf.cz\/de\/koncerty\/6-festivalovy-koncert-sedm-slov-vykupitelovych\/\" class=\"event-img-link\">\n              <div class=\"event-img\">\n                <noscript><img loading=\"lazy\" decoding=\"async\" width=\"1920\" height=\"1280\" src=\"https:\/\/www.lvhf.cz\/wp-content\/uploads\/2022\/08\/6Interpret-1920x1280-1.png\" class=\"attachment-concert_large size-concert_large wp-post-image\" srcset=\"https:\/\/www.lvhf.cz\/wp-content\/uploads\/2022\/08\/6Interpret-1920x1280-1.png 1920w, https:\/\/www.lvhf.cz\/wp-content\/uploads\/2022\/08\/6Interpret-1920x1280-1-400x267.png 400w, https:\/\/www.lvhf.cz\/wp-content\/uploads\/2022\/08\/6Interpret-1920x1280-1-1024x683.png 1024w, https:\/\/www.lvhf.cz\/wp-content\/uploads\/2022\/08\/6Interpret-1920x1280-1-768x512.png 768w, https:\/\/www.lvhf.cz\/wp-content\/uploads\/2022\/08\/6Interpret-1920x1280-1-1536x1024.png 1536w, https:\/\/www.lvhf.cz\/wp-content\/uploads\/2022\/08\/6Interpret-1920x1280-1-450x300.png 450w, https:\/\/www.lvhf.cz\/wp-content\/uploads\/2022\/08\/6Interpret-1920x1280-1-600x400.png 600w\" sizes=\"(max-width: 1920px) 100vw, 1920px\" alt><\/noscript><img loading=\"lazy\" decoding=\"async\" width=\"1920\" height=\"1280\" src=\"data:image\/svg+xml,%3Csvg%20xmlns%3D%22http%3A%2F%2Fwww.w3.org%2F2000%2Fsvg%22%20viewBox%3D%220%200%201920%201280%22%3E%3C%2Fsvg%3E\" class=\"attachment-concert_large size-concert_large wp-post-image lazyload\" srcset=\"data:image\/svg+xml,%3Csvg%20xmlns%3D%22http%3A%2F%2Fwww.w3.org%2F2000%2Fsvg%22%20viewBox%3D%220%200%201920%201280%22%3E%3C%2Fsvg%3E 1920w\" sizes=\"(max-width: 1920px) 100vw, 1920px\" data-srcset=\"https:\/\/www.lvhf.cz\/wp-content\/uploads\/2022\/08\/6Interpret-1920x1280-1.png 1920w, https:\/\/www.lvhf.cz\/wp-content\/uploads\/2022\/08\/6Interpret-1920x1280-1-400x267.png 400w, https:\/\/www.lvhf.cz\/wp-content\/uploads\/2022\/08\/6Interpret-1920x1280-1-1024x683.png 1024w, https:\/\/www.lvhf.cz\/wp-content\/uploads\/2022\/08\/6Interpret-1920x1280-1-768x512.png 768w, https:\/\/www.lvhf.cz\/wp-content\/uploads\/2022\/08\/6Interpret-1920x1280-1-1536x1024.png 1536w, https:\/\/www.lvhf.cz\/wp-content\/uploads\/2022\/08\/6Interpret-1920x1280-1-450x300.png 450w, https:\/\/www.lvhf.cz\/wp-content\/uploads\/2022\/08\/6Interpret-1920x1280-1-600x400.png 600w\" data-src=\"https:\/\/www.lvhf.cz\/wp-content\/uploads\/2022\/08\/6Interpret-1920x1280-1.png\" alt>              <\/div>\n            <\/a>\n        \n            <h3 class=\"event-date\" style=\"display:block;\">\n                          <span class=\"month\">07<\/span> \/\n              <span class=\"day\">10<\/span> \/\n              <span class=\"hour\">18:00<\/span>\n            <\/h3>\n            \n            <h3 class=\"event-title\" style=\"display:block;\">6th FESTIVAL CONCERT | THE SEVEN LAST WORLDS OF CHRIST<\/h3>\n            <table class=\"event-details-preview\" style=\"display:block;\">\n              <tbody>\n                <tr>\n                  <td class=\"first-column\">Wer<\/td>\n                  <td class=\"second-column\">MUSICA FLOREA<\/td>\n                <\/tr>\n                                        <tr>\n                  <td class=\"first-column\">Gast<\/td>\n                  <td class=\"second-column\">Josef Somr \u2013 Sprecher<\/td>\n                <\/tr>\n                            <tr>\n                  <td class=\"first-column\">Wo<\/td>\n                              <td class=\"second-column\"><a style=\"color:rgb(0, 0, 128);\" href=\"https:\/\/www.lvhf.cz\/de\/mista-konani\/kostel-navstiveni-panny-marie-breclav-postorna\/\">Kirche Maria Heimsuchung, B\u0159eclav\u2013Po\u0161torn\u00e1 (Unterthemenau)<\/a> <\/td>\n                <\/tr>\n              <\/tbody>\n            <\/table>\n                  <\/div>\n          <div class=\"btn-event\" style=\"display:block;\">\n            <a href=\"https:\/\/www.lvhf.cz\/de\/koncerty\/6-festivalovy-koncert-sedm-slov-vykupitelovych\/\" class=\"btn btn-default\">Details<\/a>\n                    <\/div>\n        <\/div>\n      <\/div>\n          <!-- Calendar event 7 -->\n      <div class=\"event-col col-lg-offset-2 col-sm-6 col-md-6 col-lg-4\">\n\n        \n\n        <div class=\"calendar-event\">\n          <div class=\"banner\" style=\"display:none; height:100%;\">\n            <a href><noscript><img decoding=\"async\" style=\"width:100%; height:100%; object-position: top; object-fit:cover;\" src alt><\/noscript><img decoding=\"async\" style=\"width:100%; height:100%; object-position: top; object-fit:cover;\" src=\"data:image\/gif;base64,R0lGODlhAQABAIAAAAAAAP\/\/\/yH5BAEAAAAALAAAAAABAAEAAAIBRAA7\" alt data-src class=\" lazyload\"><\/a>\n          <\/div>\n\n          <div class=\"event-details-wrap\" style=\"display:block;\">\n\n            <a href=\"https:\/\/www.lvhf.cz\/de\/koncerty\/7-festivalovy-koncert-ctyri-violoncella\/\" class=\"event-img-link\">\n              <div class=\"event-img\">\n                <noscript><img loading=\"lazy\" decoding=\"async\" width=\"1920\" height=\"1280\" src=\"https:\/\/www.lvhf.cz\/wp-content\/uploads\/2022\/08\/7Interpret-PCQ-1920x1280-1.png\" class=\"attachment-concert_large size-concert_large wp-post-image\" srcset=\"https:\/\/www.lvhf.cz\/wp-content\/uploads\/2022\/08\/7Interpret-PCQ-1920x1280-1.png 1920w, https:\/\/www.lvhf.cz\/wp-content\/uploads\/2022\/08\/7Interpret-PCQ-1920x1280-1-400x267.png 400w, https:\/\/www.lvhf.cz\/wp-content\/uploads\/2022\/08\/7Interpret-PCQ-1920x1280-1-1024x683.png 1024w, https:\/\/www.lvhf.cz\/wp-content\/uploads\/2022\/08\/7Interpret-PCQ-1920x1280-1-768x512.png 768w, https:\/\/www.lvhf.cz\/wp-content\/uploads\/2022\/08\/7Interpret-PCQ-1920x1280-1-1536x1024.png 1536w, https:\/\/www.lvhf.cz\/wp-content\/uploads\/2022\/08\/7Interpret-PCQ-1920x1280-1-450x300.png 450w, https:\/\/www.lvhf.cz\/wp-content\/uploads\/2022\/08\/7Interpret-PCQ-1920x1280-1-600x400.png 600w\" sizes=\"(max-width: 1920px) 100vw, 1920px\" alt><\/noscript><img loading=\"lazy\" decoding=\"async\" width=\"1920\" height=\"1280\" src=\"data:image\/svg+xml,%3Csvg%20xmlns%3D%22http%3A%2F%2Fwww.w3.org%2F2000%2Fsvg%22%20viewBox%3D%220%200%201920%201280%22%3E%3C%2Fsvg%3E\" class=\"attachment-concert_large size-concert_large wp-post-image lazyload\" srcset=\"data:image\/svg+xml,%3Csvg%20xmlns%3D%22http%3A%2F%2Fwww.w3.org%2F2000%2Fsvg%22%20viewBox%3D%220%200%201920%201280%22%3E%3C%2Fsvg%3E 1920w\" sizes=\"(max-width: 1920px) 100vw, 1920px\" data-srcset=\"https:\/\/www.lvhf.cz\/wp-content\/uploads\/2022\/08\/7Interpret-PCQ-1920x1280-1.png 1920w, https:\/\/www.lvhf.cz\/wp-content\/uploads\/2022\/08\/7Interpret-PCQ-1920x1280-1-400x267.png 400w, https:\/\/www.lvhf.cz\/wp-content\/uploads\/2022\/08\/7Interpret-PCQ-1920x1280-1-1024x683.png 1024w, https:\/\/www.lvhf.cz\/wp-content\/uploads\/2022\/08\/7Interpret-PCQ-1920x1280-1-768x512.png 768w, https:\/\/www.lvhf.cz\/wp-content\/uploads\/2022\/08\/7Interpret-PCQ-1920x1280-1-1536x1024.png 1536w, https:\/\/www.lvhf.cz\/wp-content\/uploads\/2022\/08\/7Interpret-PCQ-1920x1280-1-450x300.png 450w, https:\/\/www.lvhf.cz\/wp-content\/uploads\/2022\/08\/7Interpret-PCQ-1920x1280-1-600x400.png 600w\" data-src=\"https:\/\/www.lvhf.cz\/wp-content\/uploads\/2022\/08\/7Interpret-PCQ-1920x1280-1.png\" alt>              <\/div>\n            <\/a>\n        \n            <h3 class=\"event-date\" style=\"display:block;\">\n                          <span class=\"month\">10<\/span> \/\n              <span class=\"day\">10<\/span> \/\n              <span class=\"hour\">18:00<\/span>\n            <\/h3>\n            \n            <h3 class=\"event-title\" style=\"display:block;\">7. FESTIVALKONZERT | VIER CELLI<\/h3>\n            <table class=\"event-details-preview\" style=\"display:block;\">\n              <tbody>\n                <tr>\n                  <td class=\"first-column\">Wer<\/td>\n                  <td class=\"second-column\">Prague Cello Quartet<\/td>\n                <\/tr>\n                                        <tr>\n                  <td class=\"first-column\">Wo<\/td>\n                              <td class=\"second-column\"><a style=\"color:rgb(0, 0, 128);\" href=\"https:\/\/www.lvhf.cz\/de\/mista-konani\/zamek-wilfersdorf-rakousko\/\">Schloss Wilfersdorf (\u00d6sterreich)<\/a> <\/td>\n                <\/tr>\n              <\/tbody>\n            <\/table>\n                  <\/div>\n          <div class=\"btn-event\" style=\"display:block;\">\n            <a href=\"https:\/\/www.lvhf.cz\/de\/koncerty\/7-festivalovy-koncert-ctyri-violoncella\/\" class=\"btn btn-default\">Details<\/a>\n                    <\/div>\n        <\/div>\n      <\/div>\n          <!-- Calendar event 8 -->\n      <div class=\"event-col col-sm-6 col-md-6 col-lg-4\">\n\n        \n\n        <div class=\"calendar-event\">\n          <div class=\"banner\" style=\"display:none; height:100%;\">\n            <a href><noscript><img decoding=\"async\" style=\"width:100%; height:100%; object-position: top; object-fit:cover;\" src alt><\/noscript><img decoding=\"async\" style=\"width:100%; height:100%; object-position: top; object-fit:cover;\" src=\"data:image\/gif;base64,R0lGODlhAQABAIAAAAAAAP\/\/\/yH5BAEAAAAALAAAAAABAAEAAAIBRAA7\" alt data-src class=\" lazyload\"><\/a>\n          <\/div>\n\n          <div class=\"event-details-wrap\" style=\"display:block;\">\n\n            <a href=\"https:\/\/www.lvhf.cz\/de\/koncerty\/8-festivalovy-koncert-hommage-a-georg-friedrich-handel-zaverecny-gala-koncert\/\" class=\"event-img-link\">\n              <div class=\"event-img\">\n                <noscript><img loading=\"lazy\" decoding=\"async\" width=\"1920\" height=\"1280\" src=\"https:\/\/www.lvhf.cz\/wp-content\/uploads\/2022\/08\/8Interpret-1920x1280-1.png\" class=\"attachment-concert_large size-concert_large wp-post-image\" srcset=\"https:\/\/www.lvhf.cz\/wp-content\/uploads\/2022\/08\/8Interpret-1920x1280-1.png 1920w, https:\/\/www.lvhf.cz\/wp-content\/uploads\/2022\/08\/8Interpret-1920x1280-1-400x267.png 400w, https:\/\/www.lvhf.cz\/wp-content\/uploads\/2022\/08\/8Interpret-1920x1280-1-1024x683.png 1024w, https:\/\/www.lvhf.cz\/wp-content\/uploads\/2022\/08\/8Interpret-1920x1280-1-768x512.png 768w, https:\/\/www.lvhf.cz\/wp-content\/uploads\/2022\/08\/8Interpret-1920x1280-1-1536x1024.png 1536w, https:\/\/www.lvhf.cz\/wp-content\/uploads\/2022\/08\/8Interpret-1920x1280-1-450x300.png 450w, https:\/\/www.lvhf.cz\/wp-content\/uploads\/2022\/08\/8Interpret-1920x1280-1-600x400.png 600w\" sizes=\"(max-width: 1920px) 100vw, 1920px\" alt><\/noscript><img loading=\"lazy\" decoding=\"async\" width=\"1920\" height=\"1280\" src=\"data:image\/svg+xml,%3Csvg%20xmlns%3D%22http%3A%2F%2Fwww.w3.org%2F2000%2Fsvg%22%20viewBox%3D%220%200%201920%201280%22%3E%3C%2Fsvg%3E\" class=\"attachment-concert_large size-concert_large wp-post-image lazyload\" srcset=\"data:image\/svg+xml,%3Csvg%20xmlns%3D%22http%3A%2F%2Fwww.w3.org%2F2000%2Fsvg%22%20viewBox%3D%220%200%201920%201280%22%3E%3C%2Fsvg%3E 1920w\" sizes=\"(max-width: 1920px) 100vw, 1920px\" data-srcset=\"https:\/\/www.lvhf.cz\/wp-content\/uploads\/2022\/08\/8Interpret-1920x1280-1.png 1920w, https:\/\/www.lvhf.cz\/wp-content\/uploads\/2022\/08\/8Interpret-1920x1280-1-400x267.png 400w, https:\/\/www.lvhf.cz\/wp-content\/uploads\/2022\/08\/8Interpret-1920x1280-1-1024x683.png 1024w, https:\/\/www.lvhf.cz\/wp-content\/uploads\/2022\/08\/8Interpret-1920x1280-1-768x512.png 768w, https:\/\/www.lvhf.cz\/wp-content\/uploads\/2022\/08\/8Interpret-1920x1280-1-1536x1024.png 1536w, https:\/\/www.lvhf.cz\/wp-content\/uploads\/2022\/08\/8Interpret-1920x1280-1-450x300.png 450w, https:\/\/www.lvhf.cz\/wp-content\/uploads\/2022\/08\/8Interpret-1920x1280-1-600x400.png 600w\" data-src=\"https:\/\/www.lvhf.cz\/wp-content\/uploads\/2022\/08\/8Interpret-1920x1280-1.png\" alt>              <\/div>\n            <\/a>\n        \n            <h3 class=\"event-date\" style=\"display:block;\">\n                          <span class=\"month\">13<\/span> \/\n              <span class=\"day\">10<\/span> \/\n              <span class=\"hour\">19:00<\/span>\n            <\/h3>\n            \n            <h3 class=\"event-title\" style=\"display:block;\">8. FESTIVALKONZERT | HOMMAGE \u00c0 GEORG FRIEDRICH H\u00c4NDEL \u2013 ABSCHLUSSKONZERT<\/h3>\n            <table class=\"event-details-preview\" style=\"display:block;\">\n              <tbody>\n                <tr>\n                  <td class=\"first-column\">Wer<\/td>\n                  <td class=\"second-column\">BAROCCO SEMPRE GIOVANE - Kammerorchester<\/td>\n                <\/tr>\n                            <tr>\n                  <td class=\"first-column\">Solo<\/td>\n                  <td class=\"second-column\">Simona \u0160aturov\u00e1 - Sopran\nPetr Nekoranec - Tenor<\/td>\n                <\/tr>\n                                        <tr>\n                  <td class=\"first-column\">Wo<\/td>\n                              <td class=\"second-column\"><a style=\"color:rgb(0, 0, 128);\" href=\"https:\/\/www.lvhf.cz\/de\/mista-konani\/zamecka-jizdarna-valtice\/\">Reithalle von Schloss Valtice<\/a> <\/td>\n                <\/tr>\n              <\/tbody>\n            <\/table>\n                  <\/div>\n          <div class=\"btn-event\" style=\"display:block;\">\n            <a href=\"https:\/\/www.lvhf.cz\/de\/koncerty\/8-festivalovy-koncert-hommage-a-georg-friedrich-handel-zaverecny-gala-koncert\/\" class=\"btn btn-default\">Details<\/a>\n                    <\/div>\n        <\/div>\n      <\/div>\n    \n    <\/div>\n  <\/div>\n  \n  <!--End Event calendar-->","protected":false},"excerpt":{"rendered":"<p>Konzertarchiv 2018<\/p>\n","protected":false},"author":2,"featured_media":0,"parent":0,"menu_order":79,"comment_status":"closed","ping_status":"closed","template":"elementor_header_footer","meta":{"footnotes":""},"acf":[],"_links":{"self":[{"href":"https:\/\/www.lvhf.cz\/de\/wp-json\/wp\/v2\/pages\/17223"}],"collection":[{"href":"https:\/\/www.lvhf.cz\/de\/wp-json\/wp\/v2\/pages"}],"about":[{"href":"https:\/\/www.lvhf.cz\/de\/wp-json\/wp\/v2\/types\/page"}],"author":[{"embeddable":true,"href":"https:\/\/www.lvhf.cz\/de\/wp-json\/wp\/v2\/users\/2"}],"replies":[{"embeddable":true,"href":"https:\/\/www.lvhf.cz\/de\/wp-json\/wp\/v2\/comments?post=17223"}],"version-history":[{"count":5,"href":"https:\/\/www.lvhf.cz\/de\/wp-json\/wp\/v2\/pages\/17223\/revisions"}],"predecessor-version":[{"id":20929,"href":"https:\/\/www.lvhf.cz\/de\/wp-json\/wp\/v2\/pages\/17223\/revisions\/20929"}],"wp:attachment":[{"href":"https:\/\/www.lvhf.cz\/de\/wp-json\/wp\/v2\/media?parent=17223"}],"curies":[{"name":"wp","href":"https:\/\/api.w.org\/{rel}","templated":true}]}}