{"id":17215,"date":"2022-07-15T09:41:29","date_gmt":"2022-07-15T07:41:29","guid":{"rendered":"https:\/\/www.lvhf.cz\/?page_id=17215"},"modified":"2023-07-14T10:26:40","modified_gmt":"2023-07-14T08:26:40","slug":"archiv-koncertu-2019","status":"publish","type":"page","link":"https:\/\/www.lvhf.cz\/de\/archiv-koncertu-2019\/","title":{"rendered":"Konzertarchiv 2019"},"content":{"rendered":"<p><\/p>\n<h1 style=\"text-align: center;\">Konzertarchiv 2019<\/h1>\n<p><!--Event calendar-->\n\n  <\/p><h1>Konzertarchiv 2019<\/h1>\n  \n  \n\n\n<div class=\"container-fluid\">\n    <div class=\"row calendar-container\">\n          <!-- Calendar event 1 -->\n      <div class=\"event-col col-sm-6 col-md-6 col-lg-4\">\n\n        \n\n        <div class=\"calendar-event\">\n          <div class=\"banner\" style=\"display:none; height:100%;\">\n            <a href><noscript><img decoding=\"async\" style=\"width:100%; height:100%; object-position: top; object-fit:cover;\" src alt><\/noscript><img decoding=\"async\" style=\"width:100%; height:100%; object-position: top; object-fit:cover;\" src=\"data:image\/gif;base64,R0lGODlhAQABAIAAAAAAAP\/\/\/yH5BAEAAAAALAAAAAABAAEAAAIBRAA7\" alt data-src class=\" lazyload\"><\/a>\n          <\/div>\n\n          <div class=\"event-details-wrap\" style=\"display:block;\">\n\n            <a href=\"https:\/\/www.lvhf.cz\/de\/koncerty\/mimoradny-koncert-lvhf-2019\/\" class=\"event-img-link\">\n              <div class=\"event-img\">\n                <noscript><img fetchpriority=\"high\" decoding=\"async\" width=\"1920\" height=\"1280\" src=\"https:\/\/www.lvhf.cz\/wp-content\/uploads\/2019\/01\/Interpreti0.jpg\" class=\"attachment-concert_large size-concert_large wp-post-image\" srcset=\"https:\/\/www.lvhf.cz\/wp-content\/uploads\/2019\/01\/Interpreti0.jpg 1920w, https:\/\/www.lvhf.cz\/wp-content\/uploads\/2019\/01\/Interpreti0-300x200.jpg 300w, https:\/\/www.lvhf.cz\/wp-content\/uploads\/2019\/01\/Interpreti0-768x512.jpg 768w, https:\/\/www.lvhf.cz\/wp-content\/uploads\/2019\/01\/Interpreti0-1024x683.jpg 1024w, https:\/\/www.lvhf.cz\/wp-content\/uploads\/2019\/01\/Interpreti0-450x300.jpg 450w, https:\/\/www.lvhf.cz\/wp-content\/uploads\/2019\/01\/Interpreti0-600x400.jpg 600w\" sizes=\"(max-width: 1920px) 100vw, 1920px\" alt><\/noscript><img decoding=\"async\" width=\"1920\" height=\"1280\" src=\"data:image\/svg+xml,%3Csvg%20xmlns%3D%22http%3A%2F%2Fwww.w3.org%2F2000%2Fsvg%22%20viewBox%3D%220%200%201920%201280%22%3E%3C%2Fsvg%3E\" class=\"attachment-concert_large size-concert_large wp-post-image lazyload\" srcset=\"data:image\/svg+xml,%3Csvg%20xmlns%3D%22http%3A%2F%2Fwww.w3.org%2F2000%2Fsvg%22%20viewBox%3D%220%200%201920%201280%22%3E%3C%2Fsvg%3E 1920w\" sizes=\"(max-width: 1920px) 100vw, 1920px\" data-srcset=\"https:\/\/www.lvhf.cz\/wp-content\/uploads\/2019\/01\/Interpreti0.jpg 1920w, https:\/\/www.lvhf.cz\/wp-content\/uploads\/2019\/01\/Interpreti0-300x200.jpg 300w, https:\/\/www.lvhf.cz\/wp-content\/uploads\/2019\/01\/Interpreti0-768x512.jpg 768w, https:\/\/www.lvhf.cz\/wp-content\/uploads\/2019\/01\/Interpreti0-1024x683.jpg 1024w, https:\/\/www.lvhf.cz\/wp-content\/uploads\/2019\/01\/Interpreti0-450x300.jpg 450w, https:\/\/www.lvhf.cz\/wp-content\/uploads\/2019\/01\/Interpreti0-600x400.jpg 600w\" data-src=\"https:\/\/www.lvhf.cz\/wp-content\/uploads\/2019\/01\/Interpreti0.jpg\" alt>              <\/div>\n            <\/a>\n        \n            <h3 class=\"event-date\" style=\"display:block;\">\n                          <span class=\"month\">15<\/span> \/\n              <span class=\"day\">06<\/span> \/\n              <span class=\"hour\">18:00<\/span>\n            <\/h3>\n            \n            <h3 class=\"event-title\" style=\"display:block;\">SONDERKONZERT DES LEDNICE|VALTICE MUSIKFESTIVALS 2019<\/h3>\n            <table class=\"event-details-preview\" style=\"display:block;\">\n              <tbody>\n                <tr>\n                  <td class=\"first-column\">Wer<\/td>\n                  <td class=\"second-column\">BAROCCO SEMPRE GIOVANE<br>\nJosef Kre\u010dmer \u2013 K\u00fcnstlerische Leitung<\/td>\n                <\/tr>\n                            <tr>\n                  <td class=\"first-column\">Solo<\/td>\n                  <td class=\"second-column\">Patricia Jane\u010dkov\u00e1 \u2013 Sopran <br>\nAdam Plachetka \u2013 Bariton <br>\nOnd\u0159ej Jur\u010deka \u2013 Trompete<\/td>\n                <\/tr>\n                                        <tr>\n                  <td class=\"first-column\">Gast<\/td>\n                  <td class=\"second-column\">Ji\u0159\u00ed Vejvoda - Moderator<\/td>\n                <\/tr>\n                            <tr>\n                  <td class=\"first-column\">Wo<\/td>\n                              <td class=\"second-column\"><a style=\"color:rgb(0, 0, 128);\" href=\"https:\/\/www.lvhf.cz\/de\/mista-konani\/lichtenstejnsky-mestsky-palac-ve-vidni\/\">Stadtpalais Liechtenstein in Wien<\/a> <\/td>\n                <\/tr>\n              <\/tbody>\n            <\/table>\n                  <\/div>\n          <div class=\"btn-event\" style=\"display:block;\">\n            <a href=\"https:\/\/www.lvhf.cz\/de\/koncerty\/mimoradny-koncert-lvhf-2019\/\" class=\"btn btn-default\">Details<\/a>\n                    <\/div>\n        <\/div>\n      <\/div>\n          <!-- Calendar event 2 -->\n      <div class=\"event-col col-sm-6 col-md-6 col-lg-4\">\n\n        \n\n        <div class=\"calendar-event\">\n          <div class=\"banner\" style=\"display:none; height:100%;\">\n            <a href><noscript><img decoding=\"async\" style=\"width:100%; height:100%; object-position: top; object-fit:cover;\" src alt><\/noscript><img decoding=\"async\" style=\"width:100%; height:100%; object-position: top; object-fit:cover;\" src=\"data:image\/gif;base64,R0lGODlhAQABAIAAAAAAAP\/\/\/yH5BAEAAAAALAAAAAABAAEAAAIBRAA7\" alt data-src class=\" lazyload\"><\/a>\n          <\/div>\n\n          <div class=\"event-details-wrap\" style=\"display:block;\">\n\n            <a href=\"https:\/\/www.lvhf.cz\/de\/koncerty\/slavnostni-zahajeni\/\" class=\"event-img-link\">\n              <div class=\"event-img\">\n                <noscript><img decoding=\"async\" width=\"1920\" height=\"1280\" src=\"https:\/\/www.lvhf.cz\/wp-content\/uploads\/2022\/08\/Interpreti1-1920x1280-1.jpg\" class=\"attachment-concert_large size-concert_large wp-post-image\" srcset=\"https:\/\/www.lvhf.cz\/wp-content\/uploads\/2022\/08\/Interpreti1-1920x1280-1.jpg 1920w, https:\/\/www.lvhf.cz\/wp-content\/uploads\/2022\/08\/Interpreti1-1920x1280-1-400x267.jpg 400w, https:\/\/www.lvhf.cz\/wp-content\/uploads\/2022\/08\/Interpreti1-1920x1280-1-1024x683.jpg 1024w, https:\/\/www.lvhf.cz\/wp-content\/uploads\/2022\/08\/Interpreti1-1920x1280-1-768x512.jpg 768w, https:\/\/www.lvhf.cz\/wp-content\/uploads\/2022\/08\/Interpreti1-1920x1280-1-1536x1024.jpg 1536w, https:\/\/www.lvhf.cz\/wp-content\/uploads\/2022\/08\/Interpreti1-1920x1280-1-450x300.jpg 450w, https:\/\/www.lvhf.cz\/wp-content\/uploads\/2022\/08\/Interpreti1-1920x1280-1-600x400.jpg 600w\" sizes=\"(max-width: 1920px) 100vw, 1920px\" alt><\/noscript><img loading=\"lazy\" decoding=\"async\" width=\"1920\" height=\"1280\" src=\"data:image\/svg+xml,%3Csvg%20xmlns%3D%22http%3A%2F%2Fwww.w3.org%2F2000%2Fsvg%22%20viewBox%3D%220%200%201920%201280%22%3E%3C%2Fsvg%3E\" class=\"attachment-concert_large size-concert_large wp-post-image lazyload\" srcset=\"data:image\/svg+xml,%3Csvg%20xmlns%3D%22http%3A%2F%2Fwww.w3.org%2F2000%2Fsvg%22%20viewBox%3D%220%200%201920%201280%22%3E%3C%2Fsvg%3E 1920w\" sizes=\"(max-width: 1920px) 100vw, 1920px\" data-srcset=\"https:\/\/www.lvhf.cz\/wp-content\/uploads\/2022\/08\/Interpreti1-1920x1280-1.jpg 1920w, https:\/\/www.lvhf.cz\/wp-content\/uploads\/2022\/08\/Interpreti1-1920x1280-1-400x267.jpg 400w, https:\/\/www.lvhf.cz\/wp-content\/uploads\/2022\/08\/Interpreti1-1920x1280-1-1024x683.jpg 1024w, https:\/\/www.lvhf.cz\/wp-content\/uploads\/2022\/08\/Interpreti1-1920x1280-1-768x512.jpg 768w, https:\/\/www.lvhf.cz\/wp-content\/uploads\/2022\/08\/Interpreti1-1920x1280-1-1536x1024.jpg 1536w, https:\/\/www.lvhf.cz\/wp-content\/uploads\/2022\/08\/Interpreti1-1920x1280-1-450x300.jpg 450w, https:\/\/www.lvhf.cz\/wp-content\/uploads\/2022\/08\/Interpreti1-1920x1280-1-600x400.jpg 600w\" data-src=\"https:\/\/www.lvhf.cz\/wp-content\/uploads\/2022\/08\/Interpreti1-1920x1280-1.jpg\" alt>              <\/div>\n            <\/a>\n        \n            <h3 class=\"event-date\" style=\"display:block;\">\n                          <span class=\"month\">28<\/span> \/\n              <span class=\"day\">09<\/span> \/\n              <span class=\"hour\">19:00<\/span>\n            <\/h3>\n            \n            <h3 class=\"event-title\" style=\"display:block;\">ER\u00d6FFNUNGSFESTKONZERT<\/h3>\n            <table class=\"event-details-preview\" style=\"display:block;\">\n              <tbody>\n                <tr>\n                  <td class=\"first-column\">Wer<\/td>\n                  <td class=\"second-column\">Cosima Soulez Larivi\u00e8re - Violine\nMiroslav Sekera - Klavier<\/td>\n                <\/tr>\n                                        <tr>\n                  <td class=\"first-column\">Wo<\/td>\n                              <td class=\"second-column\"><a style=\"color:rgb(0, 0, 128);\" href=\"https:\/\/www.lvhf.cz\/de\/mista-konani\/zamecka-jizdarna-lednice-multifunkcni-centrum\/\">Reithalle von Schloss Lednice (Eisgrub)<\/a> <\/td>\n                <\/tr>\n              <\/tbody>\n            <\/table>\n                  <\/div>\n          <div class=\"btn-event\" style=\"display:block;\">\n            <a href=\"https:\/\/www.lvhf.cz\/de\/koncerty\/slavnostni-zahajeni\/\" class=\"btn btn-default\">Details<\/a>\n                    <\/div>\n        <\/div>\n      <\/div>\n          <!-- Calendar event 3 -->\n      <div class=\"event-col col-sm-6 col-md-6 col-lg-4\">\n\n        \n\n        <div class=\"calendar-event\">\n          <div class=\"banner\" style=\"display:none; height:100%;\">\n            <a href><noscript><img decoding=\"async\" style=\"width:100%; height:100%; object-position: top; object-fit:cover;\" src alt><\/noscript><img decoding=\"async\" style=\"width:100%; height:100%; object-position: top; object-fit:cover;\" src=\"data:image\/gif;base64,R0lGODlhAQABAIAAAAAAAP\/\/\/yH5BAEAAAAALAAAAAABAAEAAAIBRAA7\" alt data-src class=\" lazyload\"><\/a>\n          <\/div>\n\n          <div class=\"event-details-wrap\" style=\"display:block;\">\n\n            <a href=\"https:\/\/www.lvhf.cz\/de\/koncerty\/rendez-vous-s-harfou\/\" class=\"event-img-link\">\n              <div class=\"event-img\">\n                <noscript><img loading=\"lazy\" decoding=\"async\" width=\"1920\" height=\"1280\" src=\"https:\/\/www.lvhf.cz\/wp-content\/uploads\/2017\/02\/Interpreti2.jpg\" class=\"attachment-concert_large size-concert_large wp-post-image\" srcset=\"https:\/\/www.lvhf.cz\/wp-content\/uploads\/2017\/02\/Interpreti2.jpg 1920w, https:\/\/www.lvhf.cz\/wp-content\/uploads\/2017\/02\/Interpreti2-300x200.jpg 300w, https:\/\/www.lvhf.cz\/wp-content\/uploads\/2017\/02\/Interpreti2-768x512.jpg 768w, https:\/\/www.lvhf.cz\/wp-content\/uploads\/2017\/02\/Interpreti2-1024x683.jpg 1024w, https:\/\/www.lvhf.cz\/wp-content\/uploads\/2017\/02\/Interpreti2-450x300.jpg 450w, https:\/\/www.lvhf.cz\/wp-content\/uploads\/2017\/02\/Interpreti2-600x400.jpg 600w\" sizes=\"(max-width: 1920px) 100vw, 1920px\" alt><\/noscript><img loading=\"lazy\" decoding=\"async\" width=\"1920\" height=\"1280\" src=\"data:image\/svg+xml,%3Csvg%20xmlns%3D%22http%3A%2F%2Fwww.w3.org%2F2000%2Fsvg%22%20viewBox%3D%220%200%201920%201280%22%3E%3C%2Fsvg%3E\" class=\"attachment-concert_large size-concert_large wp-post-image lazyload\" srcset=\"data:image\/svg+xml,%3Csvg%20xmlns%3D%22http%3A%2F%2Fwww.w3.org%2F2000%2Fsvg%22%20viewBox%3D%220%200%201920%201280%22%3E%3C%2Fsvg%3E 1920w\" sizes=\"(max-width: 1920px) 100vw, 1920px\" data-srcset=\"https:\/\/www.lvhf.cz\/wp-content\/uploads\/2017\/02\/Interpreti2.jpg 1920w, https:\/\/www.lvhf.cz\/wp-content\/uploads\/2017\/02\/Interpreti2-300x200.jpg 300w, https:\/\/www.lvhf.cz\/wp-content\/uploads\/2017\/02\/Interpreti2-768x512.jpg 768w, https:\/\/www.lvhf.cz\/wp-content\/uploads\/2017\/02\/Interpreti2-1024x683.jpg 1024w, https:\/\/www.lvhf.cz\/wp-content\/uploads\/2017\/02\/Interpreti2-450x300.jpg 450w, https:\/\/www.lvhf.cz\/wp-content\/uploads\/2017\/02\/Interpreti2-600x400.jpg 600w\" data-src=\"https:\/\/www.lvhf.cz\/wp-content\/uploads\/2017\/02\/Interpreti2.jpg\" alt>              <\/div>\n            <\/a>\n        \n            <h3 class=\"event-date\" style=\"display:block;\">\n                          <span class=\"month\">29<\/span> \/\n              <span class=\"day\">09<\/span> \/\n              <span class=\"hour\">16:00<\/span>\n            <\/h3>\n            \n            <h3 class=\"event-title\" style=\"display:block;\">RENDEZ-VOUS MIT HARFE<\/h3>\n            <table class=\"event-details-preview\" style=\"display:block;\">\n              <tbody>\n                <tr>\n                  <td class=\"first-column\">Wer<\/td>\n                  <td class=\"second-column\">Kate\u0159ina Englichov\u00e1 \u2013 Harfe\nPetr Pomkla \u2013 Fl\u00f6te<\/td>\n                <\/tr>\n                                        <tr>\n                  <td class=\"first-column\">Gast<\/td>\n                  <td class=\"second-column\">Begleitprogramm: VERNISSAGE\nWo: DIANATEMPEL (RENDEZ-VOUS), 15.00 Uhr\nThema: Fauna gemalt aus Kaffee\nMaler: Milan Mar\u0161\u00e1lek\nEintritt zur Vernissage nur f\u00fcr G\u00e4ste mit Eintrittskarte f\u00fcr das 2. Festivalkonzert<\/td>\n                <\/tr>\n                            <tr>\n                  <td class=\"first-column\">Wo<\/td>\n                              <td class=\"second-column\"><a style=\"color:rgb(0, 0, 128);\" href=\"https:\/\/www.lvhf.cz\/de\/mista-konani\/dianin-chram-rendez-vouse\/\">Dianatempel \u2013 Rendez-vous<\/a> <\/td>\n                <\/tr>\n              <\/tbody>\n            <\/table>\n                  <\/div>\n          <div class=\"btn-event\" style=\"display:block;\">\n            <a href=\"https:\/\/www.lvhf.cz\/de\/koncerty\/rendez-vous-s-harfou\/\" class=\"btn btn-default\">Details<\/a>\n                    <\/div>\n        <\/div>\n      <\/div>\n          <!-- Calendar event 4 -->\n      <div class=\"event-col col-sm-6 col-md-6 col-lg-4\">\n\n        \n\n        <div class=\"calendar-event\">\n          <div class=\"banner\" style=\"display:none; height:100%;\">\n            <a href><noscript><img decoding=\"async\" style=\"width:100%; height:100%; object-position: top; object-fit:cover;\" src alt><\/noscript><img decoding=\"async\" style=\"width:100%; height:100%; object-position: top; object-fit:cover;\" src=\"data:image\/gif;base64,R0lGODlhAQABAIAAAAAAAP\/\/\/yH5BAEAAAAALAAAAAABAAEAAAIBRAA7\" alt data-src class=\" lazyload\"><\/a>\n          <\/div>\n\n          <div class=\"event-details-wrap\" style=\"display:block;\">\n\n            <a href=\"https:\/\/www.lvhf.cz\/de\/koncerty\/hudba-z-nove-rise\/\" class=\"event-img-link\">\n              <div class=\"event-img\">\n                <noscript><img loading=\"lazy\" decoding=\"async\" width=\"1920\" height=\"1280\" src=\"https:\/\/www.lvhf.cz\/wp-content\/uploads\/2022\/08\/Interpreti3-1920x1280-1.jpg\" class=\"attachment-concert_large size-concert_large wp-post-image\" srcset=\"https:\/\/www.lvhf.cz\/wp-content\/uploads\/2022\/08\/Interpreti3-1920x1280-1.jpg 1920w, https:\/\/www.lvhf.cz\/wp-content\/uploads\/2022\/08\/Interpreti3-1920x1280-1-400x267.jpg 400w, https:\/\/www.lvhf.cz\/wp-content\/uploads\/2022\/08\/Interpreti3-1920x1280-1-1024x683.jpg 1024w, https:\/\/www.lvhf.cz\/wp-content\/uploads\/2022\/08\/Interpreti3-1920x1280-1-768x512.jpg 768w, https:\/\/www.lvhf.cz\/wp-content\/uploads\/2022\/08\/Interpreti3-1920x1280-1-1536x1024.jpg 1536w, https:\/\/www.lvhf.cz\/wp-content\/uploads\/2022\/08\/Interpreti3-1920x1280-1-450x300.jpg 450w, https:\/\/www.lvhf.cz\/wp-content\/uploads\/2022\/08\/Interpreti3-1920x1280-1-600x400.jpg 600w\" sizes=\"(max-width: 1920px) 100vw, 1920px\" alt><\/noscript><img loading=\"lazy\" decoding=\"async\" width=\"1920\" height=\"1280\" src=\"data:image\/svg+xml,%3Csvg%20xmlns%3D%22http%3A%2F%2Fwww.w3.org%2F2000%2Fsvg%22%20viewBox%3D%220%200%201920%201280%22%3E%3C%2Fsvg%3E\" class=\"attachment-concert_large size-concert_large wp-post-image lazyload\" srcset=\"data:image\/svg+xml,%3Csvg%20xmlns%3D%22http%3A%2F%2Fwww.w3.org%2F2000%2Fsvg%22%20viewBox%3D%220%200%201920%201280%22%3E%3C%2Fsvg%3E 1920w\" sizes=\"(max-width: 1920px) 100vw, 1920px\" data-srcset=\"https:\/\/www.lvhf.cz\/wp-content\/uploads\/2022\/08\/Interpreti3-1920x1280-1.jpg 1920w, https:\/\/www.lvhf.cz\/wp-content\/uploads\/2022\/08\/Interpreti3-1920x1280-1-400x267.jpg 400w, https:\/\/www.lvhf.cz\/wp-content\/uploads\/2022\/08\/Interpreti3-1920x1280-1-1024x683.jpg 1024w, https:\/\/www.lvhf.cz\/wp-content\/uploads\/2022\/08\/Interpreti3-1920x1280-1-768x512.jpg 768w, https:\/\/www.lvhf.cz\/wp-content\/uploads\/2022\/08\/Interpreti3-1920x1280-1-1536x1024.jpg 1536w, https:\/\/www.lvhf.cz\/wp-content\/uploads\/2022\/08\/Interpreti3-1920x1280-1-450x300.jpg 450w, https:\/\/www.lvhf.cz\/wp-content\/uploads\/2022\/08\/Interpreti3-1920x1280-1-600x400.jpg 600w\" data-src=\"https:\/\/www.lvhf.cz\/wp-content\/uploads\/2022\/08\/Interpreti3-1920x1280-1.jpg\" alt>              <\/div>\n            <\/a>\n        \n            <h3 class=\"event-date\" style=\"display:block;\">\n                          <span class=\"month\">01<\/span> \/\n              <span class=\"day\">10<\/span> \/\n              <span class=\"hour\">19:00<\/span>\n            <\/h3>\n            \n            <h3 class=\"event-title\" style=\"display:block;\">MUSIK AUS DEM NOV\u00c1 \u0158\u00cd\u0160E<\/h3>\n            <table class=\"event-details-preview\" style=\"display:block;\">\n              <tbody>\n                <tr>\n                  <td class=\"first-column\">Wer<\/td>\n                  <td class=\"second-column\">ENSEMBLE 18+<\/td>\n                <\/tr>\n                            <tr>\n                  <td class=\"first-column\">Solo<\/td>\n                  <td class=\"second-column\">Marie Fajtov\u00e1 \u2013 Sopran\nIvan \u017denat\u00fd \u2013 Violine<\/td>\n                <\/tr>\n                                        <tr>\n                  <td class=\"first-column\">Gast<\/td>\n                  <td class=\"second-column\">Ji\u0159\u00ed Vejvoda \u2013 Moderator<\/td>\n                <\/tr>\n                            <tr>\n                  <td class=\"first-column\">Wo<\/td>\n                              <td class=\"second-column\"><a style=\"color:rgb(0, 0, 128);\" href=\"https:\/\/www.lvhf.cz\/de\/mista-konani\/zamek-v-mikulove\/\">Schloss Mikulov (Nikolsburg)<\/a> <\/td>\n                <\/tr>\n              <\/tbody>\n            <\/table>\n                  <\/div>\n          <div class=\"btn-event\" style=\"display:block;\">\n            <a href=\"https:\/\/www.lvhf.cz\/de\/koncerty\/hudba-z-nove-rise\/\" class=\"btn btn-default\">Details<\/a>\n                    <\/div>\n        <\/div>\n      <\/div>\n          <!-- Calendar event 5 -->\n      <div class=\"event-col col-sm-6 col-md-6 col-lg-4\">\n\n        \n\n        <div class=\"calendar-event\">\n          <div class=\"banner\" style=\"display:none; height:100%;\">\n            <a href><noscript><img decoding=\"async\" style=\"width:100%; height:100%; object-position: top; object-fit:cover;\" src alt><\/noscript><img decoding=\"async\" style=\"width:100%; height:100%; object-position: top; object-fit:cover;\" src=\"data:image\/gif;base64,R0lGODlhAQABAIAAAAAAAP\/\/\/yH5BAEAAAAALAAAAAABAAEAAAIBRAA7\" alt data-src class=\" lazyload\"><\/a>\n          <\/div>\n\n          <div class=\"event-details-wrap\" style=\"display:block;\">\n\n            <a href=\"https:\/\/www.lvhf.cz\/de\/koncerty\/pocta-janu-ii-lichtenstejnovi\/\" class=\"event-img-link\">\n              <div class=\"event-img\">\n                <noscript><img loading=\"lazy\" decoding=\"async\" width=\"1920\" height=\"1280\" src=\"https:\/\/www.lvhf.cz\/wp-content\/uploads\/2022\/08\/Interpreti4-1920x1280-1.jpg\" class=\"attachment-concert_large size-concert_large wp-post-image\" srcset=\"https:\/\/www.lvhf.cz\/wp-content\/uploads\/2022\/08\/Interpreti4-1920x1280-1.jpg 1920w, https:\/\/www.lvhf.cz\/wp-content\/uploads\/2022\/08\/Interpreti4-1920x1280-1-400x267.jpg 400w, https:\/\/www.lvhf.cz\/wp-content\/uploads\/2022\/08\/Interpreti4-1920x1280-1-1024x683.jpg 1024w, https:\/\/www.lvhf.cz\/wp-content\/uploads\/2022\/08\/Interpreti4-1920x1280-1-768x512.jpg 768w, https:\/\/www.lvhf.cz\/wp-content\/uploads\/2022\/08\/Interpreti4-1920x1280-1-1536x1024.jpg 1536w, https:\/\/www.lvhf.cz\/wp-content\/uploads\/2022\/08\/Interpreti4-1920x1280-1-450x300.jpg 450w, https:\/\/www.lvhf.cz\/wp-content\/uploads\/2022\/08\/Interpreti4-1920x1280-1-600x400.jpg 600w\" sizes=\"(max-width: 1920px) 100vw, 1920px\" alt><\/noscript><img loading=\"lazy\" decoding=\"async\" width=\"1920\" height=\"1280\" src=\"data:image\/svg+xml,%3Csvg%20xmlns%3D%22http%3A%2F%2Fwww.w3.org%2F2000%2Fsvg%22%20viewBox%3D%220%200%201920%201280%22%3E%3C%2Fsvg%3E\" class=\"attachment-concert_large size-concert_large wp-post-image lazyload\" srcset=\"data:image\/svg+xml,%3Csvg%20xmlns%3D%22http%3A%2F%2Fwww.w3.org%2F2000%2Fsvg%22%20viewBox%3D%220%200%201920%201280%22%3E%3C%2Fsvg%3E 1920w\" sizes=\"(max-width: 1920px) 100vw, 1920px\" data-srcset=\"https:\/\/www.lvhf.cz\/wp-content\/uploads\/2022\/08\/Interpreti4-1920x1280-1.jpg 1920w, https:\/\/www.lvhf.cz\/wp-content\/uploads\/2022\/08\/Interpreti4-1920x1280-1-400x267.jpg 400w, https:\/\/www.lvhf.cz\/wp-content\/uploads\/2022\/08\/Interpreti4-1920x1280-1-1024x683.jpg 1024w, https:\/\/www.lvhf.cz\/wp-content\/uploads\/2022\/08\/Interpreti4-1920x1280-1-768x512.jpg 768w, https:\/\/www.lvhf.cz\/wp-content\/uploads\/2022\/08\/Interpreti4-1920x1280-1-1536x1024.jpg 1536w, https:\/\/www.lvhf.cz\/wp-content\/uploads\/2022\/08\/Interpreti4-1920x1280-1-450x300.jpg 450w, https:\/\/www.lvhf.cz\/wp-content\/uploads\/2022\/08\/Interpreti4-1920x1280-1-600x400.jpg 600w\" data-src=\"https:\/\/www.lvhf.cz\/wp-content\/uploads\/2022\/08\/Interpreti4-1920x1280-1.jpg\" alt>              <\/div>\n            <\/a>\n        \n            <h3 class=\"event-date\" style=\"display:block;\">\n                          <span class=\"month\">05<\/span> \/\n              <span class=\"day\">10<\/span> \/\n              <span class=\"hour\">18:00<\/span>\n            <\/h3>\n            \n            <h3 class=\"event-title\" style=\"display:block;\">ZU EHREN JOHANNS II. VON LIECHTENSTEIN<\/h3>\n            <table class=\"event-details-preview\" style=\"display:block;\">\n              <tbody>\n                <tr>\n                  <td class=\"first-column\">Wer<\/td>\n                  <td class=\"second-column\">COLLEGIUM MARIANUM\nJana Semer\u00e1dov\u00e1 \u2013 K\u00fcnstlerische Leitung<\/td>\n                <\/tr>\n                            <tr>\n                  <td class=\"first-column\">Solo<\/td>\n                  <td class=\"second-column\">Patricia Jane\u010dkov\u00e1 \u2013 Sopran<\/td>\n                <\/tr>\n                                        <tr>\n                  <td class=\"first-column\">Gast<\/td>\n                  <td class=\"second-column\">Begleitprogramm: Vortrag\nWo: Weingut Obelisk, 15.30 Uhr\nwww.vinarstviobelisk.cz\/de\nThema: Johann II. Liechtenstein (der Gute)\nVortragender: Mgr. Daniel Ly\u010dka<\/td>\n                <\/tr>\n                            <tr>\n                  <td class=\"first-column\">Wo<\/td>\n                              <td class=\"second-column\"><a style=\"color:rgb(0, 0, 128);\" href=\"https:\/\/www.lvhf.cz\/de\/mista-konani\/kostel-sv-bartolomeje-katzelsdorf\/\">Pfarrkirche zum Hl. Bartholom\u00e4us Katzelsdorf-Bernhardsthall (\u00d6sterreich)<\/a> <\/td>\n                <\/tr>\n              <\/tbody>\n            <\/table>\n                  <\/div>\n          <div class=\"btn-event\" style=\"display:block;\">\n            <a href=\"https:\/\/www.lvhf.cz\/de\/koncerty\/pocta-janu-ii-lichtenstejnovi\/\" class=\"btn btn-default\">Details<\/a>\n                    <\/div>\n        <\/div>\n      <\/div>\n          <!-- Calendar event 6 -->\n      <div class=\"event-col col-sm-6 col-md-6 col-lg-4\">\n\n        \n\n        <div class=\"calendar-event\">\n          <div class=\"banner\" style=\"display:none; height:100%;\">\n            <a href><noscript><img decoding=\"async\" style=\"width:100%; height:100%; object-position: top; object-fit:cover;\" src alt><\/noscript><img decoding=\"async\" style=\"width:100%; height:100%; object-position: top; object-fit:cover;\" src=\"data:image\/gif;base64,R0lGODlhAQABAIAAAAAAAP\/\/\/yH5BAEAAAAALAAAAAABAAEAAAIBRAA7\" alt data-src class=\" lazyload\"><\/a>\n          <\/div>\n\n          <div class=\"event-details-wrap\" style=\"display:block;\">\n\n            <a href=\"https:\/\/www.lvhf.cz\/de\/koncerty\/italske-nebe\/\" class=\"event-img-link\">\n              <div class=\"event-img\">\n                <noscript><img loading=\"lazy\" decoding=\"async\" width=\"1920\" height=\"1280\" src=\"https:\/\/www.lvhf.cz\/wp-content\/uploads\/2022\/08\/Interpreti5-1920x1280-1.jpg\" class=\"attachment-concert_large size-concert_large wp-post-image\" srcset=\"https:\/\/www.lvhf.cz\/wp-content\/uploads\/2022\/08\/Interpreti5-1920x1280-1.jpg 1920w, https:\/\/www.lvhf.cz\/wp-content\/uploads\/2022\/08\/Interpreti5-1920x1280-1-400x267.jpg 400w, https:\/\/www.lvhf.cz\/wp-content\/uploads\/2022\/08\/Interpreti5-1920x1280-1-1024x683.jpg 1024w, https:\/\/www.lvhf.cz\/wp-content\/uploads\/2022\/08\/Interpreti5-1920x1280-1-768x512.jpg 768w, https:\/\/www.lvhf.cz\/wp-content\/uploads\/2022\/08\/Interpreti5-1920x1280-1-1536x1024.jpg 1536w, https:\/\/www.lvhf.cz\/wp-content\/uploads\/2022\/08\/Interpreti5-1920x1280-1-450x300.jpg 450w, https:\/\/www.lvhf.cz\/wp-content\/uploads\/2022\/08\/Interpreti5-1920x1280-1-600x400.jpg 600w\" sizes=\"(max-width: 1920px) 100vw, 1920px\" alt><\/noscript><img loading=\"lazy\" decoding=\"async\" width=\"1920\" height=\"1280\" src=\"data:image\/svg+xml,%3Csvg%20xmlns%3D%22http%3A%2F%2Fwww.w3.org%2F2000%2Fsvg%22%20viewBox%3D%220%200%201920%201280%22%3E%3C%2Fsvg%3E\" class=\"attachment-concert_large size-concert_large wp-post-image lazyload\" srcset=\"data:image\/svg+xml,%3Csvg%20xmlns%3D%22http%3A%2F%2Fwww.w3.org%2F2000%2Fsvg%22%20viewBox%3D%220%200%201920%201280%22%3E%3C%2Fsvg%3E 1920w\" sizes=\"(max-width: 1920px) 100vw, 1920px\" data-srcset=\"https:\/\/www.lvhf.cz\/wp-content\/uploads\/2022\/08\/Interpreti5-1920x1280-1.jpg 1920w, https:\/\/www.lvhf.cz\/wp-content\/uploads\/2022\/08\/Interpreti5-1920x1280-1-400x267.jpg 400w, https:\/\/www.lvhf.cz\/wp-content\/uploads\/2022\/08\/Interpreti5-1920x1280-1-1024x683.jpg 1024w, https:\/\/www.lvhf.cz\/wp-content\/uploads\/2022\/08\/Interpreti5-1920x1280-1-768x512.jpg 768w, https:\/\/www.lvhf.cz\/wp-content\/uploads\/2022\/08\/Interpreti5-1920x1280-1-1536x1024.jpg 1536w, https:\/\/www.lvhf.cz\/wp-content\/uploads\/2022\/08\/Interpreti5-1920x1280-1-450x300.jpg 450w, https:\/\/www.lvhf.cz\/wp-content\/uploads\/2022\/08\/Interpreti5-1920x1280-1-600x400.jpg 600w\" data-src=\"https:\/\/www.lvhf.cz\/wp-content\/uploads\/2022\/08\/Interpreti5-1920x1280-1.jpg\" alt>              <\/div>\n            <\/a>\n        \n            <h3 class=\"event-date\" style=\"display:block;\">\n                          <span class=\"month\">06<\/span> \/\n              <span class=\"day\">10<\/span> \/\n              <span class=\"hour\">16:00<\/span>\n            <\/h3>\n            \n            <h3 class=\"event-title\" style=\"display:block;\">ITALIENISCHER HIMMEL<\/h3>\n            <table class=\"event-details-preview\" style=\"display:block;\">\n              <tbody>\n                <tr>\n                  <td class=\"first-column\">Wer<\/td>\n                  <td class=\"second-column\">CAPPELLA MARIANA\nVojt\u011bch Semer\u00e1d \u2013 K\u00fcnstlerische Leitung<\/td>\n                <\/tr>\n                            <tr>\n                  <td class=\"first-column\">Solo<\/td>\n                  <td class=\"second-column\">Lucie Rozsny\u00f3 \u2013 Sopran<\/td>\n                <\/tr>\n                                        <tr>\n                  <td class=\"first-column\">Gast<\/td>\n                  <td class=\"second-column\">Begleitprogramm: Vortrag\nWo: Schloss Valtice, 14.00 Uhr\nThema: Zwischen kaiserlichem Hof und M\u00e4hren: Musik am Hofe Karls von Liechtenstein und der Komponist Nicolaus Zangius (ca. 1568\u20131617)\nVortragender: Mgr. Vladim\u00edr Ma\u0148as, Ph.D.<\/td>\n                <\/tr>\n                            <tr>\n                  <td class=\"first-column\">Wo<\/td>\n                              <td class=\"second-column\"><a style=\"color:rgb(0, 0, 128);\" href=\"https:\/\/www.lvhf.cz\/de\/mista-konani\/zamecka-kaple-valtice\/\">Schlosskapelle Valtice (Feldsberg)<\/a> <\/td>\n                <\/tr>\n              <\/tbody>\n            <\/table>\n                  <\/div>\n          <div class=\"btn-event\" style=\"display:block;\">\n            <a href=\"https:\/\/www.lvhf.cz\/de\/koncerty\/italske-nebe\/\" class=\"btn btn-default\">Details<\/a>\n                    <\/div>\n        <\/div>\n      <\/div>\n          <!-- Calendar event 7 -->\n      <div class=\"event-col col-sm-6 col-md-6 col-lg-4\">\n\n        \n\n        <div class=\"calendar-event\">\n          <div class=\"banner\" style=\"display:none; height:100%;\">\n            <a href><noscript><img decoding=\"async\" style=\"width:100%; height:100%; object-position: top; object-fit:cover;\" src alt><\/noscript><img decoding=\"async\" style=\"width:100%; height:100%; object-position: top; object-fit:cover;\" src=\"data:image\/gif;base64,R0lGODlhAQABAIAAAAAAAP\/\/\/yH5BAEAAAAALAAAAAABAAEAAAIBRAA7\" alt data-src class=\" lazyload\"><\/a>\n          <\/div>\n\n          <div class=\"event-details-wrap\" style=\"display:block;\">\n\n            <a href=\"https:\/\/www.lvhf.cz\/de\/koncerty\/cembalissimo\/\" class=\"event-img-link\">\n              <div class=\"event-img\">\n                <noscript><img loading=\"lazy\" decoding=\"async\" width=\"1920\" height=\"1280\" src=\"https:\/\/www.lvhf.cz\/wp-content\/uploads\/2022\/08\/Interpreti6-1-1920x1280-1.jpg\" class=\"attachment-concert_large size-concert_large wp-post-image\" srcset=\"https:\/\/www.lvhf.cz\/wp-content\/uploads\/2022\/08\/Interpreti6-1-1920x1280-1.jpg 1920w, https:\/\/www.lvhf.cz\/wp-content\/uploads\/2022\/08\/Interpreti6-1-1920x1280-1-400x267.jpg 400w, https:\/\/www.lvhf.cz\/wp-content\/uploads\/2022\/08\/Interpreti6-1-1920x1280-1-1024x683.jpg 1024w, https:\/\/www.lvhf.cz\/wp-content\/uploads\/2022\/08\/Interpreti6-1-1920x1280-1-768x512.jpg 768w, https:\/\/www.lvhf.cz\/wp-content\/uploads\/2022\/08\/Interpreti6-1-1920x1280-1-1536x1024.jpg 1536w, https:\/\/www.lvhf.cz\/wp-content\/uploads\/2022\/08\/Interpreti6-1-1920x1280-1-450x300.jpg 450w, https:\/\/www.lvhf.cz\/wp-content\/uploads\/2022\/08\/Interpreti6-1-1920x1280-1-600x400.jpg 600w\" sizes=\"(max-width: 1920px) 100vw, 1920px\" alt><\/noscript><img loading=\"lazy\" decoding=\"async\" width=\"1920\" height=\"1280\" src=\"data:image\/svg+xml,%3Csvg%20xmlns%3D%22http%3A%2F%2Fwww.w3.org%2F2000%2Fsvg%22%20viewBox%3D%220%200%201920%201280%22%3E%3C%2Fsvg%3E\" class=\"attachment-concert_large size-concert_large wp-post-image lazyload\" srcset=\"data:image\/svg+xml,%3Csvg%20xmlns%3D%22http%3A%2F%2Fwww.w3.org%2F2000%2Fsvg%22%20viewBox%3D%220%200%201920%201280%22%3E%3C%2Fsvg%3E 1920w\" sizes=\"(max-width: 1920px) 100vw, 1920px\" data-srcset=\"https:\/\/www.lvhf.cz\/wp-content\/uploads\/2022\/08\/Interpreti6-1-1920x1280-1.jpg 1920w, https:\/\/www.lvhf.cz\/wp-content\/uploads\/2022\/08\/Interpreti6-1-1920x1280-1-400x267.jpg 400w, https:\/\/www.lvhf.cz\/wp-content\/uploads\/2022\/08\/Interpreti6-1-1920x1280-1-1024x683.jpg 1024w, https:\/\/www.lvhf.cz\/wp-content\/uploads\/2022\/08\/Interpreti6-1-1920x1280-1-768x512.jpg 768w, https:\/\/www.lvhf.cz\/wp-content\/uploads\/2022\/08\/Interpreti6-1-1920x1280-1-1536x1024.jpg 1536w, https:\/\/www.lvhf.cz\/wp-content\/uploads\/2022\/08\/Interpreti6-1-1920x1280-1-450x300.jpg 450w, https:\/\/www.lvhf.cz\/wp-content\/uploads\/2022\/08\/Interpreti6-1-1920x1280-1-600x400.jpg 600w\" data-src=\"https:\/\/www.lvhf.cz\/wp-content\/uploads\/2022\/08\/Interpreti6-1-1920x1280-1.jpg\" alt>              <\/div>\n            <\/a>\n        \n            <h3 class=\"event-date\" style=\"display:block;\">\n                          <span class=\"month\">09<\/span> \/\n              <span class=\"day\">10<\/span> \/\n              <span class=\"hour\">18:00<\/span>\n            <\/h3>\n            \n            <h3 class=\"event-title\" style=\"display:block;\">CEMBALISSIMO<\/h3>\n            <table class=\"event-details-preview\" style=\"display:block;\">\n              <tbody>\n                <tr>\n                  <td class=\"first-column\">Wer<\/td>\n                  <td class=\"second-column\">Edita Keglerov\u00e1 \u2013 Cembalo\nMonika Knoblochov\u00e1 \u2013 Cembalo<\/td>\n                <\/tr>\n                                        <tr>\n                  <td class=\"first-column\">Gast<\/td>\n                  <td class=\"second-column\">Ji\u0159\u00ed Partyka \u2013 Violine\nLuk\u00e1\u0161 Svoboda \u2013 Violoncello<\/td>\n                <\/tr>\n                            <tr>\n                  <td class=\"first-column\">Wo<\/td>\n                              <td class=\"second-column\"><a style=\"color:rgb(0, 0, 128);\" href=\"https:\/\/www.lvhf.cz\/de\/mista-konani\/kaple-sv-cyrila-a-sv-metodeje-v-breclavi\/\">Kyrill-und-Method-Kirche B\u0159eclav (Lundenburg)<\/a> <\/td>\n                <\/tr>\n              <\/tbody>\n            <\/table>\n                  <\/div>\n          <div class=\"btn-event\" style=\"display:block;\">\n            <a href=\"https:\/\/www.lvhf.cz\/de\/koncerty\/cembalissimo\/\" class=\"btn btn-default\">Details<\/a>\n                    <\/div>\n        <\/div>\n      <\/div>\n          <!-- Calendar event 8 -->\n      <div class=\"event-col col-sm-6 col-md-6 col-lg-4\">\n\n        \n\n        <div class=\"calendar-event\">\n          <div class=\"banner\" style=\"display:none; height:100%;\">\n            <a href><noscript><img decoding=\"async\" style=\"width:100%; height:100%; object-position: top; object-fit:cover;\" src alt><\/noscript><img decoding=\"async\" style=\"width:100%; height:100%; object-position: top; object-fit:cover;\" src=\"data:image\/gif;base64,R0lGODlhAQABAIAAAAAAAP\/\/\/yH5BAEAAAAALAAAAAABAAEAAAIBRAA7\" alt data-src class=\" lazyload\"><\/a>\n          <\/div>\n\n          <div class=\"event-details-wrap\" style=\"display:block;\">\n\n            <a href=\"https:\/\/www.lvhf.cz\/de\/koncerty\/maestro-j-m-sperger\/\" class=\"event-img-link\">\n              <div class=\"event-img\">\n                <noscript><img loading=\"lazy\" decoding=\"async\" width=\"1920\" height=\"1280\" src=\"https:\/\/www.lvhf.cz\/wp-content\/uploads\/2022\/08\/Interpreti7-1920x1280-1.jpg\" class=\"attachment-concert_large size-concert_large wp-post-image\" srcset=\"https:\/\/www.lvhf.cz\/wp-content\/uploads\/2022\/08\/Interpreti7-1920x1280-1.jpg 1920w, https:\/\/www.lvhf.cz\/wp-content\/uploads\/2022\/08\/Interpreti7-1920x1280-1-400x267.jpg 400w, https:\/\/www.lvhf.cz\/wp-content\/uploads\/2022\/08\/Interpreti7-1920x1280-1-1024x683.jpg 1024w, https:\/\/www.lvhf.cz\/wp-content\/uploads\/2022\/08\/Interpreti7-1920x1280-1-768x512.jpg 768w, https:\/\/www.lvhf.cz\/wp-content\/uploads\/2022\/08\/Interpreti7-1920x1280-1-1536x1024.jpg 1536w, https:\/\/www.lvhf.cz\/wp-content\/uploads\/2022\/08\/Interpreti7-1920x1280-1-450x300.jpg 450w, https:\/\/www.lvhf.cz\/wp-content\/uploads\/2022\/08\/Interpreti7-1920x1280-1-600x400.jpg 600w\" sizes=\"(max-width: 1920px) 100vw, 1920px\" alt><\/noscript><img loading=\"lazy\" decoding=\"async\" width=\"1920\" height=\"1280\" src=\"data:image\/svg+xml,%3Csvg%20xmlns%3D%22http%3A%2F%2Fwww.w3.org%2F2000%2Fsvg%22%20viewBox%3D%220%200%201920%201280%22%3E%3C%2Fsvg%3E\" class=\"attachment-concert_large size-concert_large wp-post-image lazyload\" srcset=\"data:image\/svg+xml,%3Csvg%20xmlns%3D%22http%3A%2F%2Fwww.w3.org%2F2000%2Fsvg%22%20viewBox%3D%220%200%201920%201280%22%3E%3C%2Fsvg%3E 1920w\" sizes=\"(max-width: 1920px) 100vw, 1920px\" data-srcset=\"https:\/\/www.lvhf.cz\/wp-content\/uploads\/2022\/08\/Interpreti7-1920x1280-1.jpg 1920w, https:\/\/www.lvhf.cz\/wp-content\/uploads\/2022\/08\/Interpreti7-1920x1280-1-400x267.jpg 400w, https:\/\/www.lvhf.cz\/wp-content\/uploads\/2022\/08\/Interpreti7-1920x1280-1-1024x683.jpg 1024w, https:\/\/www.lvhf.cz\/wp-content\/uploads\/2022\/08\/Interpreti7-1920x1280-1-768x512.jpg 768w, https:\/\/www.lvhf.cz\/wp-content\/uploads\/2022\/08\/Interpreti7-1920x1280-1-1536x1024.jpg 1536w, https:\/\/www.lvhf.cz\/wp-content\/uploads\/2022\/08\/Interpreti7-1920x1280-1-450x300.jpg 450w, https:\/\/www.lvhf.cz\/wp-content\/uploads\/2022\/08\/Interpreti7-1920x1280-1-600x400.jpg 600w\" data-src=\"https:\/\/www.lvhf.cz\/wp-content\/uploads\/2022\/08\/Interpreti7-1920x1280-1.jpg\" alt>              <\/div>\n            <\/a>\n        \n            <h3 class=\"event-date\" style=\"display:block;\">\n                          <span class=\"month\">11<\/span> \/\n              <span class=\"day\">10<\/span> \/\n              <span class=\"hour\">19:00<\/span>\n            <\/h3>\n            \n            <h3 class=\"event-title\" style=\"display:block;\">MAESTRO J. M. SPERGER<\/h3>\n            <table class=\"event-details-preview\" style=\"display:block;\">\n              <tbody>\n                <tr>\n                  <td class=\"first-column\">Wer<\/td>\n                  <td class=\"second-column\">BAROCCO SEMPRE GIOVANE\nJosef Kre\u010dmer - K\u00fcnstlerische Leitung<\/td>\n                <\/tr>\n                            <tr>\n                  <td class=\"first-column\">Solo<\/td>\n                  <td class=\"second-column\">Emil Rovner - Violoncello<\/td>\n                <\/tr>\n                                        <tr>\n                  <td class=\"first-column\">Gast<\/td>\n                  <td class=\"second-column\">Mat\u011bj \u0160t\u011bp\u00e1nek - Violoncello\nOnd\u0159ej Kepka - Moderator<\/td>\n                <\/tr>\n                            <tr>\n                  <td class=\"first-column\">Wo<\/td>\n                              <td class=\"second-column\"><a style=\"color:rgb(0, 0, 128);\" href=\"https:\/\/www.lvhf.cz\/de\/mista-konani\/zamecke-divadlo-ve-valticich\/\">Schlosstheater Valtice (Feldsberg)<\/a> <\/td>\n                <\/tr>\n              <\/tbody>\n            <\/table>\n                  <\/div>\n          <div class=\"btn-event\" style=\"display:block;\">\n            <a href=\"https:\/\/www.lvhf.cz\/de\/koncerty\/maestro-j-m-sperger\/\" class=\"btn btn-default\">Details<\/a>\n                    <\/div>\n        <\/div>\n      <\/div>\n          <!-- Calendar event 9 -->\n      <div class=\"event-col col-sm-6 col-md-6 col-lg-4\">\n\n        \n\n        <div class=\"calendar-event\">\n          <div class=\"banner\" style=\"display:none; height:100%;\">\n            <a href><noscript><img decoding=\"async\" style=\"width:100%; height:100%; object-position: top; object-fit:cover;\" src alt><\/noscript><img decoding=\"async\" style=\"width:100%; height:100%; object-position: top; object-fit:cover;\" src=\"data:image\/gif;base64,R0lGODlhAQABAIAAAAAAAP\/\/\/yH5BAEAAAAALAAAAAABAAEAAAIBRAA7\" alt data-src class=\" lazyload\"><\/a>\n          <\/div>\n\n          <div class=\"event-details-wrap\" style=\"display:block;\">\n\n            <a href=\"https:\/\/www.lvhf.cz\/de\/koncerty\/zaverecny-galakoncert\/\" class=\"event-img-link\">\n              <div class=\"event-img\">\n                <noscript><img loading=\"lazy\" decoding=\"async\" width=\"1920\" height=\"1280\" src=\"https:\/\/www.lvhf.cz\/wp-content\/uploads\/2022\/08\/Interpreti8-1-1920x1280-1.jpg\" class=\"attachment-concert_large size-concert_large wp-post-image\" srcset=\"https:\/\/www.lvhf.cz\/wp-content\/uploads\/2022\/08\/Interpreti8-1-1920x1280-1.jpg 1920w, https:\/\/www.lvhf.cz\/wp-content\/uploads\/2022\/08\/Interpreti8-1-1920x1280-1-400x267.jpg 400w, https:\/\/www.lvhf.cz\/wp-content\/uploads\/2022\/08\/Interpreti8-1-1920x1280-1-1024x683.jpg 1024w, https:\/\/www.lvhf.cz\/wp-content\/uploads\/2022\/08\/Interpreti8-1-1920x1280-1-768x512.jpg 768w, https:\/\/www.lvhf.cz\/wp-content\/uploads\/2022\/08\/Interpreti8-1-1920x1280-1-1536x1024.jpg 1536w, https:\/\/www.lvhf.cz\/wp-content\/uploads\/2022\/08\/Interpreti8-1-1920x1280-1-450x300.jpg 450w, https:\/\/www.lvhf.cz\/wp-content\/uploads\/2022\/08\/Interpreti8-1-1920x1280-1-600x400.jpg 600w\" sizes=\"(max-width: 1920px) 100vw, 1920px\" alt><\/noscript><img loading=\"lazy\" decoding=\"async\" width=\"1920\" height=\"1280\" src=\"data:image\/svg+xml,%3Csvg%20xmlns%3D%22http%3A%2F%2Fwww.w3.org%2F2000%2Fsvg%22%20viewBox%3D%220%200%201920%201280%22%3E%3C%2Fsvg%3E\" class=\"attachment-concert_large size-concert_large wp-post-image lazyload\" srcset=\"data:image\/svg+xml,%3Csvg%20xmlns%3D%22http%3A%2F%2Fwww.w3.org%2F2000%2Fsvg%22%20viewBox%3D%220%200%201920%201280%22%3E%3C%2Fsvg%3E 1920w\" sizes=\"(max-width: 1920px) 100vw, 1920px\" data-srcset=\"https:\/\/www.lvhf.cz\/wp-content\/uploads\/2022\/08\/Interpreti8-1-1920x1280-1.jpg 1920w, https:\/\/www.lvhf.cz\/wp-content\/uploads\/2022\/08\/Interpreti8-1-1920x1280-1-400x267.jpg 400w, https:\/\/www.lvhf.cz\/wp-content\/uploads\/2022\/08\/Interpreti8-1-1920x1280-1-1024x683.jpg 1024w, https:\/\/www.lvhf.cz\/wp-content\/uploads\/2022\/08\/Interpreti8-1-1920x1280-1-768x512.jpg 768w, https:\/\/www.lvhf.cz\/wp-content\/uploads\/2022\/08\/Interpreti8-1-1920x1280-1-1536x1024.jpg 1536w, https:\/\/www.lvhf.cz\/wp-content\/uploads\/2022\/08\/Interpreti8-1-1920x1280-1-450x300.jpg 450w, https:\/\/www.lvhf.cz\/wp-content\/uploads\/2022\/08\/Interpreti8-1-1920x1280-1-600x400.jpg 600w\" data-src=\"https:\/\/www.lvhf.cz\/wp-content\/uploads\/2022\/08\/Interpreti8-1-1920x1280-1.jpg\" alt>              <\/div>\n            <\/a>\n        \n            <h3 class=\"event-date\" style=\"display:block;\">\n                          <span class=\"month\">12<\/span> \/\n              <span class=\"day\">10<\/span> \/\n              <span class=\"hour\">19:00<\/span>\n            <\/h3>\n            \n            <h3 class=\"event-title\" style=\"display:block;\">ABSCHLUSSKONZERT<\/h3>\n            <table class=\"event-details-preview\" style=\"display:block;\">\n              <tbody>\n                <tr>\n                  <td class=\"first-column\">Wer<\/td>\n                  <td class=\"second-column\">PKF - PRAGUE PHILHARMONIA\nVojt\u011bch Spurn\u00fd \u2013 Dirigent<\/td>\n                <\/tr>\n                            <tr>\n                  <td class=\"first-column\">Solo<\/td>\n                  <td class=\"second-column\">Alexandra Yangel - Mezzosopran\nLuk\u00e1\u0161 Vondr\u00e1\u010dek \u2013 Klavier<\/td>\n                <\/tr>\n                                        <tr>\n                  <td class=\"first-column\">Wo<\/td>\n                              <td class=\"second-column\"><a style=\"color:rgb(0, 0, 128);\" href=\"https:\/\/www.lvhf.cz\/de\/mista-konani\/zamecka-jizdarna-valtice\/\">Reithalle von Schloss Valtice<\/a> <\/td>\n                <\/tr>\n              <\/tbody>\n            <\/table>\n                  <\/div>\n          <div class=\"btn-event\" style=\"display:block;\">\n            <a href=\"https:\/\/www.lvhf.cz\/de\/koncerty\/zaverecny-galakoncert\/\" class=\"btn btn-default\">Details<\/a>\n                    <\/div>\n        <\/div>\n      <\/div>\n    \n    <\/div>\n  <\/div>\n  \n  <!--End Event calendar-->","protected":false},"excerpt":{"rendered":"<p>Konzertarchiv 2019<\/p>\n","protected":false},"author":2,"featured_media":0,"parent":0,"menu_order":80,"comment_status":"closed","ping_status":"closed","template":"elementor_header_footer","meta":{"footnotes":""},"acf":[],"_links":{"self":[{"href":"https:\/\/www.lvhf.cz\/de\/wp-json\/wp\/v2\/pages\/17215"}],"collection":[{"href":"https:\/\/www.lvhf.cz\/de\/wp-json\/wp\/v2\/pages"}],"about":[{"href":"https:\/\/www.lvhf.cz\/de\/wp-json\/wp\/v2\/types\/page"}],"author":[{"embeddable":true,"href":"https:\/\/www.lvhf.cz\/de\/wp-json\/wp\/v2\/users\/2"}],"replies":[{"embeddable":true,"href":"https:\/\/www.lvhf.cz\/de\/wp-json\/wp\/v2\/comments?post=17215"}],"version-history":[{"count":13,"href":"https:\/\/www.lvhf.cz\/de\/wp-json\/wp\/v2\/pages\/17215\/revisions"}],"predecessor-version":[{"id":20934,"href":"https:\/\/www.lvhf.cz\/de\/wp-json\/wp\/v2\/pages\/17215\/revisions\/20934"}],"wp:attachment":[{"href":"https:\/\/www.lvhf.cz\/de\/wp-json\/wp\/v2\/media?parent=17215"}],"curies":[{"name":"wp","href":"https:\/\/api.w.org\/{rel}","templated":true}]}}