{"id":14174,"date":"2021-10-26T09:48:38","date_gmt":"2021-10-26T07:48:38","guid":{"rendered":"https:\/\/www.lvhf.cz\/?page_id=14174"},"modified":"2025-11-20T21:33:39","modified_gmt":"2025-11-20T20:33:39","slug":"unesco-areal","status":"publish","type":"page","link":"https:\/\/www.lvhf.cz\/de\/unesco-areal\/","title":{"rendered":"UNESCO-Welterbe"},"content":{"rendered":"<p><noscript><img decoding=\"async\" class=\"img-responsive aligncenter\" title=\"lednice chateau\" src=\"https:\/\/www.lvhf.cz\/wp-content\/uploads\/2020\/04\/LVHF_lednice-zamek-c-Jan-Mikl\u00edn_4x3.png\" alt=\"lednice chateau\"><\/noscript><img decoding=\"async\" class=\"img-responsive aligncenter lazyload\" title=\"lednice chateau\" src=\"data:image\/gif;base64,R0lGODlhAQABAIAAAAAAAP\/\/\/yH5BAEAAAAALAAAAAABAAEAAAIBRAA7\" alt=\"lednice chateau\" data-src=\"https:\/\/www.lvhf.cz\/wp-content\/uploads\/2020\/04\/LVHF_lednice-zamek-c-Jan-Mikl\u00edn_4x3.png\"><br>\n&nbsp;<\/p>\n<h2 style=\"text-align: center;\">Das Musikfestival Lednice|Valtice ist die Verbindung des Zaubers lokaler Architektur mit der Sch\u00f6nheit ernster Musik<\/h2>\n<p>&nbsp;<br>\n&nbsp;<\/p>\n<p><noscript><img loading=\"lazy\" decoding=\"async\" class=\"wp-image-8475 alignleft\" title=\"3. Jiri Partyka foto B. Ren\u010d\" src=\"https:\/\/www.lvhf.cz\/wp-content\/uploads\/2021\/10\/partyka_jiri-c-Matus-Toth7-scaled.jpg\" alt=\"3. Jiri Partyka foto Mat\u00fa\u0161 T\u00f3th\" width=\"350\" height=\"467\"><\/noscript><img loading=\"lazy\" decoding=\"async\" class=\"wp-image-8475 alignleft lazyload\" title=\"3. Jiri Partyka foto B. Ren\u010d\" src=\"data:image\/svg+xml,%3Csvg%20xmlns%3D%22http%3A%2F%2Fwww.w3.org%2F2000%2Fsvg%22%20viewBox%3D%220%200%20350%20467%22%3E%3C%2Fsvg%3E\" alt=\"3. Jiri Partyka foto Mat\u00fa\u0161 T\u00f3th\" width=\"350\" height=\"467\" data-src=\"https:\/\/www.lvhf.cz\/wp-content\/uploads\/2021\/10\/partyka_jiri-c-Matus-Toth7-scaled.jpg\"><\/p>\n<p>Verehrte Freunde,<\/p>\n<p>willkommen auf der Website des Musikfestivals Lednice|Valtice, dem Herbst-Musikfestival, das wir im Jahr 2016 mit der Absicht gr\u00fcndeten, hochwertige Musik in die Region Lednice-Valtice zu bringen. Unser Festival-Motto lautet: Das Musikfestival Lednice|Valtice ist die Verbindung des Zaubers lokaler Architektur mit der Sch\u00f6nheit ernster Musik. Diesem Gedanken folgen wir von Anfang an und genau er macht unser Festival zu einem au\u00dfergew\u00f6hnlichen kulturellen Ereignis. Jedes Jahr im Herbst, inspiriert von der Jagdsaison des Geschlechts Liechtenstein, das in dieser Region mehr als sieben Jahrhunderte regierte und uns hier ein wundervolles kulturelles Erbe hinterlie\u00df, bieten wir acht thematische Konzerte an einzigartigen \u00d6rtlichkeiten im Raum B\u0159eclav an, dazu kommen thematische Vortr\u00e4ge und p\u00e4dagogische Programme f\u00fcr Schulen. Die Qualit\u00e4t der K\u00fcnstler, die wir auf das Festival einladen, w\u00e4hlen wir nicht nur nach ihrer technischen Perfektion aus, sondern vor allem nach ihrer Freude an der Musik und danach, wie sie diese an das Publikum weitergeben. Das sind Wertema\u00dfst\u00e4be, die uns die Sicherheit geben, dass unsere Konzerte funktionieren und die Zuschauer von ihnen begeistert sind.<\/p>\n<p>Ich freue mich sehr, dass Sie den Weg zu uns gefunden haben. S\u00fcdm\u00e4hren ist eine wundersch\u00f6ne Region voller Wein, verbl\u00fcffender Orte, und vor allem netter und gastfreundlicher Menschen. So bleibt uns nichts anderes, als Sie herzlich zu uns einzuladen und uns auf eine Begegnung zu freuen, vielleicht schon beim n\u00e4chsten Festivaljahrgang!<\/p>\n<p><strong>Ji\u0159\u00ed Partyka<\/strong>, k\u00fcnstlerischer und gesch\u00e4ftsf\u00fchrender Leiter des LVHF<\/p>\n<p>&nbsp;<br>\n&nbsp;<br>\n<a href=\"https:\/\/www.visitczechrepublic.com\/en-US\" target=\"_blank\" rel=\"noopener noreferrer\"><noscript><img loading=\"lazy\" decoding=\"async\" class src=\"https:\/\/www.lvhf.cz\/wp-content\/uploads\/2021\/06\/VisitCzechRepublic_logo_CMYK_BLUE_RED.gif\" alt width=\"300\" height=\"31\"><\/noscript><img loading=\"lazy\" decoding=\"async\" class=\" lazyload\" src=\"data:image\/svg+xml,%3Csvg%20xmlns%3D%22http%3A%2F%2Fwww.w3.org%2F2000%2Fsvg%22%20viewBox%3D%220%200%20300%2031%22%3E%3C%2Fsvg%3E\" alt width=\"300\" height=\"31\" data-src=\"https:\/\/www.lvhf.cz\/wp-content\/uploads\/2021\/06\/VisitCzechRepublic_logo_CMYK_BLUE_RED.gif\"><\/a><br>\n&nbsp;<br>\n<span class=\"embed-responsive embed-responsive-16by9\"><iframe src=\"https:\/\/www.youtube.com\/embed\/bY9ub0FbWjU\" allowfullscreen=\"allowfullscreen\"><span style=\"display: inline-block; width: 0px; overflow: hidden; line-height: 0;\" data-mce-type=\"bookmark\" class=\"mce_SELRES_start\">\ufeff<\/span><span style=\"display: inline-block; width: 0px; overflow: hidden; line-height: 0;\" data-mce-type=\"bookmark\" class=\"mce_SELRES_start\">\ufeff<\/span><span class=\"mce_SELRES_start\" style=\"width: 0px; line-height: 0; overflow: hidden; display: inline-block;\" data-mce-type=\"bookmark\">\ufeff<\/span><\/iframe><\/span><\/p>\n<p>&nbsp;<br>\n<\/p><div class=\"rl-gallery-container \" id=\"rl-gallery-container-2\" data-gallery_id=\"0\"> <div class=\"rl-gallery rl-basicgrid-gallery \" id=\"rl-gallery-2\" data-gallery_no=\"2\"> <div class=\"rl-gallery-item\"><a href=\"https:\/\/www.lvhf.cz\/wp-content\/uploads\/2021\/10\/01_5_LVHF2021_europa-galante-c-Pavel-Kristian-ml._lvhf.cz_.jpg\" title data-rl_title class=\"rl-gallery-link\" data-rl_caption data-rel=\"lightbox-gallery-2\" data-rl_><noscript><img decoding=\"async\" src=\"https:\/\/www.lvhf.cz\/wp-content\/uploads\/2021\/10\/01_5_LVHF2021_europa-galante-c-Pavel-Kristian-ml._lvhf.cz_.jpg\" width=\"1920\" height=\"1280\" alt=\"LVHF2021 | Europa Galante\"><\/noscript><img decoding=\"async\" src=\"data:image\/svg+xml,%3Csvg%20xmlns%3D%22http%3A%2F%2Fwww.w3.org%2F2000%2Fsvg%22%20viewBox%3D%220%200%201920%201280%22%3E%3C%2Fsvg%3E\" width=\"1920\" height=\"1280\" alt=\"LVHF2021 | Europa Galante\" data-src=\"https:\/\/www.lvhf.cz\/wp-content\/uploads\/2021\/10\/01_5_LVHF2021_europa-galante-c-Pavel-Kristian-ml._lvhf.cz_.jpg\" class=\" lazyload\"><\/a><\/div><div class=\"rl-gallery-item\"><a href=\"https:\/\/www.lvhf.cz\/wp-content\/uploads\/2021\/10\/17_17_LVHF2021_europa-galante-c-Pavel-Kristian-ml._lvhf.cz_.jpg\" title data-rl_title class=\"rl-gallery-link\" data-rl_caption data-rel=\"lightbox-gallery-2\" data-rl_><noscript><img loading=\"lazy\" decoding=\"async\" src=\"https:\/\/www.lvhf.cz\/wp-content\/uploads\/2021\/10\/17_17_LVHF2021_europa-galante-c-Pavel-Kristian-ml._lvhf.cz_.jpg\" width=\"1920\" height=\"1280\" alt=\"LVHF2021 | Europa Galante\"><\/noscript><img loading=\"lazy\" decoding=\"async\" src=\"data:image\/svg+xml,%3Csvg%20xmlns%3D%22http%3A%2F%2Fwww.w3.org%2F2000%2Fsvg%22%20viewBox%3D%220%200%201920%201280%22%3E%3C%2Fsvg%3E\" width=\"1920\" height=\"1280\" alt=\"LVHF2021 | Europa Galante\" data-src=\"https:\/\/www.lvhf.cz\/wp-content\/uploads\/2021\/10\/17_17_LVHF2021_europa-galante-c-Pavel-Kristian-ml._lvhf.cz_.jpg\" class=\" lazyload\"><\/a><\/div><div class=\"rl-gallery-item\"><a href=\"https:\/\/www.lvhf.cz\/wp-content\/uploads\/2021\/10\/02_8_LVHF2021_farnace-c-Pavel-Kristian-ml._lvhf.cz_.jpg\" title data-rl_title class=\"rl-gallery-link\" data-rl_caption data-rel=\"lightbox-gallery-2\" data-rl_><noscript><img loading=\"lazy\" decoding=\"async\" src=\"https:\/\/www.lvhf.cz\/wp-content\/uploads\/2021\/10\/02_8_LVHF2021_farnace-c-Pavel-Kristian-ml._lvhf.cz_.jpg\" width=\"1920\" height=\"1280\" alt><\/noscript><img loading=\"lazy\" decoding=\"async\" src=\"data:image\/svg+xml,%3Csvg%20xmlns%3D%22http%3A%2F%2Fwww.w3.org%2F2000%2Fsvg%22%20viewBox%3D%220%200%201920%201280%22%3E%3C%2Fsvg%3E\" width=\"1920\" height=\"1280\" alt data-src=\"https:\/\/www.lvhf.cz\/wp-content\/uploads\/2021\/10\/02_8_LVHF2021_farnace-c-Pavel-Kristian-ml._lvhf.cz_.jpg\" class=\" lazyload\"><\/a><\/div><div class=\"rl-gallery-item\"><a href=\"https:\/\/www.lvhf.cz\/wp-content\/uploads\/2021\/10\/10_17_LVHF2021_marianumi-c-Pavel-Kristian-ml.jpg\" title data-rl_title class=\"rl-gallery-link\" data-rl_caption data-rel=\"lightbox-gallery-2\" data-rl_><noscript><img loading=\"lazy\" decoding=\"async\" src=\"https:\/\/www.lvhf.cz\/wp-content\/uploads\/2021\/10\/10_17_LVHF2021_marianumi-c-Pavel-Kristian-ml.jpg\" width=\"1920\" height=\"1280\" alt><\/noscript><img loading=\"lazy\" decoding=\"async\" src=\"data:image\/svg+xml,%3Csvg%20xmlns%3D%22http%3A%2F%2Fwww.w3.org%2F2000%2Fsvg%22%20viewBox%3D%220%200%201920%201280%22%3E%3C%2Fsvg%3E\" width=\"1920\" height=\"1280\" alt data-src=\"https:\/\/www.lvhf.cz\/wp-content\/uploads\/2021\/10\/10_17_LVHF2021_marianumi-c-Pavel-Kristian-ml.jpg\" class=\" lazyload\"><\/a><\/div><div class=\"rl-gallery-item\"><a href=\"https:\/\/www.lvhf.cz\/wp-content\/uploads\/2021\/10\/01_5_LVHF2021_marianumi-c-Pavel-Kristian-ml.jpg\" title data-rl_title class=\"rl-gallery-link\" data-rl_caption data-rel=\"lightbox-gallery-2\" data-rl_><noscript><img loading=\"lazy\" decoding=\"async\" src=\"https:\/\/www.lvhf.cz\/wp-content\/uploads\/2021\/10\/01_5_LVHF2021_marianumi-c-Pavel-Kristian-ml.jpg\" width=\"1920\" height=\"1280\" alt><\/noscript><img loading=\"lazy\" decoding=\"async\" src=\"data:image\/svg+xml,%3Csvg%20xmlns%3D%22http%3A%2F%2Fwww.w3.org%2F2000%2Fsvg%22%20viewBox%3D%220%200%201920%201280%22%3E%3C%2Fsvg%3E\" width=\"1920\" height=\"1280\" alt data-src=\"https:\/\/www.lvhf.cz\/wp-content\/uploads\/2021\/10\/01_5_LVHF2021_marianumi-c-Pavel-Kristian-ml.jpg\" class=\" lazyload\"><\/a><\/div><div class=\"rl-gallery-item\"><a href=\"https:\/\/www.lvhf.cz\/wp-content\/uploads\/2021\/10\/01_14or_LVHF2021_bizantina-koncert-c-Pavel-Kristian-ml.jpg\" title data-rl_title class=\"rl-gallery-link\" data-rl_caption data-rel=\"lightbox-gallery-2\" data-rl_><noscript><img loading=\"lazy\" decoding=\"async\" src=\"https:\/\/www.lvhf.cz\/wp-content\/uploads\/2021\/10\/01_14or_LVHF2021_bizantina-koncert-c-Pavel-Kristian-ml.jpg\" width=\"1767\" height=\"1177\" alt=\"LVHF2021 | Accademia Bizantina\"><\/noscript><img loading=\"lazy\" decoding=\"async\" src=\"data:image\/svg+xml,%3Csvg%20xmlns%3D%22http%3A%2F%2Fwww.w3.org%2F2000%2Fsvg%22%20viewBox%3D%220%200%201767%201177%22%3E%3C%2Fsvg%3E\" width=\"1767\" height=\"1177\" alt=\"LVHF2021 | Accademia Bizantina\" data-src=\"https:\/\/www.lvhf.cz\/wp-content\/uploads\/2021\/10\/01_14or_LVHF2021_bizantina-koncert-c-Pavel-Kristian-ml.jpg\" class=\" lazyload\"><\/a><\/div><div class=\"rl-gallery-item\"><a href=\"https:\/\/www.lvhf.cz\/wp-content\/uploads\/2021\/10\/03_17_LVHF2021_incogniti-koncert-c-Pavel-Kristian-ml.-kopie.jpg\" title data-rl_title class=\"rl-gallery-link\" data-rl_caption data-rel=\"lightbox-gallery-2\" data-rl_><noscript><img loading=\"lazy\" decoding=\"async\" src=\"https:\/\/www.lvhf.cz\/wp-content\/uploads\/2021\/10\/03_17_LVHF2021_incogniti-koncert-c-Pavel-Kristian-ml.-kopie.jpg\" width=\"1920\" height=\"1280\" alt><\/noscript><img loading=\"lazy\" decoding=\"async\" src=\"data:image\/svg+xml,%3Csvg%20xmlns%3D%22http%3A%2F%2Fwww.w3.org%2F2000%2Fsvg%22%20viewBox%3D%220%200%201920%201280%22%3E%3C%2Fsvg%3E\" width=\"1920\" height=\"1280\" alt data-src=\"https:\/\/www.lvhf.cz\/wp-content\/uploads\/2021\/10\/03_17_LVHF2021_incogniti-koncert-c-Pavel-Kristian-ml.-kopie.jpg\" class=\" lazyload\"><\/a><\/div><div class=\"rl-gallery-item\"><a href=\"https:\/\/www.lvhf.cz\/wp-content\/uploads\/2021\/10\/08_10_LVHF2021_bizantina-koncert-c-Pavel-Kristian-ml.jpg\" title data-rl_title class=\"rl-gallery-link\" data-rl_caption data-rel=\"lightbox-gallery-2\" data-rl_><noscript><img loading=\"lazy\" decoding=\"async\" src=\"https:\/\/www.lvhf.cz\/wp-content\/uploads\/2021\/10\/08_10_LVHF2021_bizantina-koncert-c-Pavel-Kristian-ml.jpg\" width=\"1920\" height=\"1280\" alt><\/noscript><img loading=\"lazy\" decoding=\"async\" src=\"data:image\/svg+xml,%3Csvg%20xmlns%3D%22http%3A%2F%2Fwww.w3.org%2F2000%2Fsvg%22%20viewBox%3D%220%200%201920%201280%22%3E%3C%2Fsvg%3E\" width=\"1920\" height=\"1280\" alt data-src=\"https:\/\/www.lvhf.cz\/wp-content\/uploads\/2021\/10\/08_10_LVHF2021_bizantina-koncert-c-Pavel-Kristian-ml.jpg\" class=\" lazyload\"><\/a><\/div><div class=\"rl-gallery-item\"><a href=\"https:\/\/www.lvhf.cz\/wp-content\/uploads\/2021\/10\/02_12_LVHF2021_bizantina-koncert-c-Pavel-Kristian-ml.jpg\" title data-rl_title class=\"rl-gallery-link\" data-rl_caption data-rel=\"lightbox-gallery-2\" data-rl_><noscript><img loading=\"lazy\" decoding=\"async\" src=\"https:\/\/www.lvhf.cz\/wp-content\/uploads\/2021\/10\/02_12_LVHF2021_bizantina-koncert-c-Pavel-Kristian-ml.jpg\" width=\"1920\" height=\"1280\" alt><\/noscript><img loading=\"lazy\" decoding=\"async\" src=\"data:image\/svg+xml,%3Csvg%20xmlns%3D%22http%3A%2F%2Fwww.w3.org%2F2000%2Fsvg%22%20viewBox%3D%220%200%201920%201280%22%3E%3C%2Fsvg%3E\" width=\"1920\" height=\"1280\" alt data-src=\"https:\/\/www.lvhf.cz\/wp-content\/uploads\/2021\/10\/02_12_LVHF2021_bizantina-koncert-c-Pavel-Kristian-ml.jpg\" class=\" lazyload\"><\/a><\/div><div class=\"rl-gallery-item\"><a href=\"https:\/\/www.lvhf.cz\/wp-content\/uploads\/2021\/10\/04_4_LVHF2021_scaramuccia-c-Pavel-Kristian-ml.-kopie.jpg\" title data-rl_title class=\"rl-gallery-link\" data-rl_caption data-rel=\"lightbox-gallery-2\" data-rl_><noscript><img loading=\"lazy\" decoding=\"async\" src=\"https:\/\/www.lvhf.cz\/wp-content\/uploads\/2021\/10\/04_4_LVHF2021_scaramuccia-c-Pavel-Kristian-ml.-kopie.jpg\" width=\"1920\" height=\"1280\" alt><\/noscript><img loading=\"lazy\" decoding=\"async\" src=\"data:image\/svg+xml,%3Csvg%20xmlns%3D%22http%3A%2F%2Fwww.w3.org%2F2000%2Fsvg%22%20viewBox%3D%220%200%201920%201280%22%3E%3C%2Fsvg%3E\" width=\"1920\" height=\"1280\" alt data-src=\"https:\/\/www.lvhf.cz\/wp-content\/uploads\/2021\/10\/04_4_LVHF2021_scaramuccia-c-Pavel-Kristian-ml.-kopie.jpg\" class=\" lazyload\"><\/a><\/div><div class=\"rl-gallery-item\"><a href=\"https:\/\/www.lvhf.cz\/wp-content\/uploads\/2021\/10\/01or_5_LVHF2021_incogniti-koncert-c-Pavel-Kristian-ml-kopie.jpg\" title data-rl_title class=\"rl-gallery-link\" data-rl_caption data-rel=\"lightbox-gallery-2\" data-rl_><noscript><img loading=\"lazy\" decoding=\"async\" src=\"https:\/\/www.lvhf.cz\/wp-content\/uploads\/2021\/10\/01or_5_LVHF2021_incogniti-koncert-c-Pavel-Kristian-ml-kopie.jpg\" width=\"1603\" height=\"1069\" alt><\/noscript><img loading=\"lazy\" decoding=\"async\" src=\"data:image\/svg+xml,%3Csvg%20xmlns%3D%22http%3A%2F%2Fwww.w3.org%2F2000%2Fsvg%22%20viewBox%3D%220%200%201603%201069%22%3E%3C%2Fsvg%3E\" width=\"1603\" height=\"1069\" alt data-src=\"https:\/\/www.lvhf.cz\/wp-content\/uploads\/2021\/10\/01or_5_LVHF2021_incogniti-koncert-c-Pavel-Kristian-ml-kopie.jpg\" class=\" lazyload\"><\/a><\/div><div class=\"rl-gallery-item\"><a href=\"https:\/\/www.lvhf.cz\/wp-content\/uploads\/2021\/10\/01_7or_LVHF2021_scaramuccia-c-Pavel-Kristian-ml-kopie.jpg\" title data-rl_title class=\"rl-gallery-link\" data-rl_caption data-rel=\"lightbox-gallery-2\" data-rl_><noscript><img loading=\"lazy\" decoding=\"async\" src=\"https:\/\/www.lvhf.cz\/wp-content\/uploads\/2021\/10\/01_7or_LVHF2021_scaramuccia-c-Pavel-Kristian-ml-kopie.jpg\" width=\"1901\" height=\"1267\" alt=\"LVHF2021 | Ensemble Scaramuccia\"><\/noscript><img loading=\"lazy\" decoding=\"async\" src=\"data:image\/svg+xml,%3Csvg%20xmlns%3D%22http%3A%2F%2Fwww.w3.org%2F2000%2Fsvg%22%20viewBox%3D%220%200%201901%201267%22%3E%3C%2Fsvg%3E\" width=\"1901\" height=\"1267\" alt=\"LVHF2021 | Ensemble Scaramuccia\" data-src=\"https:\/\/www.lvhf.cz\/wp-content\/uploads\/2021\/10\/01_7or_LVHF2021_scaramuccia-c-Pavel-Kristian-ml-kopie.jpg\" class=\" lazyload\"><\/a><\/div><div class=\"rl-gallery-item\"><a href=\"https:\/\/www.lvhf.cz\/wp-content\/uploads\/2021\/10\/03_12_LVHF2021_concerto-aventino-c-Pavel-Kristian-ml.-kopie-e1679243907992.jpg\" title data-rl_title class=\"rl-gallery-link\" data-rl_caption data-rel=\"lightbox-gallery-2\" data-rl_><noscript><img loading=\"lazy\" decoding=\"async\" src=\"https:\/\/www.lvhf.cz\/wp-content\/uploads\/2021\/10\/03_12_LVHF2021_concerto-aventino-c-Pavel-Kristian-ml.-kopie-e1679243907992.jpg\" width=\"1920\" height=\"1080\" alt><\/noscript><img loading=\"lazy\" decoding=\"async\" src=\"data:image\/svg+xml,%3Csvg%20xmlns%3D%22http%3A%2F%2Fwww.w3.org%2F2000%2Fsvg%22%20viewBox%3D%220%200%201920%201080%22%3E%3C%2Fsvg%3E\" width=\"1920\" height=\"1080\" alt data-src=\"https:\/\/www.lvhf.cz\/wp-content\/uploads\/2021\/10\/03_12_LVHF2021_concerto-aventino-c-Pavel-Kristian-ml.-kopie-e1679243907992.jpg\" class=\" lazyload\"><\/a><\/div><div class=\"rl-gallery-item\"><a href=\"https:\/\/www.lvhf.cz\/wp-content\/uploads\/2021\/10\/05_9_LVHF2021_concerto-aventino-c-Pavel-Kristian-ml.-kopie-e1679243961529.jpg\" title data-rl_title class=\"rl-gallery-link\" data-rl_caption data-rel=\"lightbox-gallery-2\" data-rl_><noscript><img loading=\"lazy\" decoding=\"async\" src=\"https:\/\/www.lvhf.cz\/wp-content\/uploads\/2021\/10\/05_9_LVHF2021_concerto-aventino-c-Pavel-Kristian-ml.-kopie-e1679243961529.jpg\" width=\"1920\" height=\"1079\" alt><\/noscript><img loading=\"lazy\" decoding=\"async\" src=\"data:image\/svg+xml,%3Csvg%20xmlns%3D%22http%3A%2F%2Fwww.w3.org%2F2000%2Fsvg%22%20viewBox%3D%220%200%201920%201079%22%3E%3C%2Fsvg%3E\" width=\"1920\" height=\"1079\" alt data-src=\"https:\/\/www.lvhf.cz\/wp-content\/uploads\/2021\/10\/05_9_LVHF2021_concerto-aventino-c-Pavel-Kristian-ml.-kopie-e1679243961529.jpg\" class=\" lazyload\"><\/a><\/div><div class=\"rl-gallery-item\"><a href=\"https:\/\/www.lvhf.cz\/wp-content\/uploads\/2021\/10\/85_LVHF2021_orlinski-matheus-c-Pavel-Kristian-ml.-kopie.jpg\" title data-rl_title class=\"rl-gallery-link\" data-rl_caption data-rel=\"lightbox-gallery-2\" data-rl_><noscript><img loading=\"lazy\" decoding=\"async\" src=\"https:\/\/www.lvhf.cz\/wp-content\/uploads\/2021\/10\/85_LVHF2021_orlinski-matheus-c-Pavel-Kristian-ml.-kopie.jpg\" width=\"1920\" height=\"1255\" alt><\/noscript><img loading=\"lazy\" decoding=\"async\" src=\"data:image\/svg+xml,%3Csvg%20xmlns%3D%22http%3A%2F%2Fwww.w3.org%2F2000%2Fsvg%22%20viewBox%3D%220%200%201920%201255%22%3E%3C%2Fsvg%3E\" width=\"1920\" height=\"1255\" alt data-src=\"https:\/\/www.lvhf.cz\/wp-content\/uploads\/2021\/10\/85_LVHF2021_orlinski-matheus-c-Pavel-Kristian-ml.-kopie.jpg\" class=\" lazyload\"><\/a><\/div><div class=\"rl-gallery-item\"><a href=\"https:\/\/www.lvhf.cz\/wp-content\/uploads\/2021\/10\/70_LVHF2021_orlinski-matheus-c-Pavel-Kristian-ml.-kopie.jpg\" title data-rl_title class=\"rl-gallery-link\" data-rl_caption data-rel=\"lightbox-gallery-2\" data-rl_><noscript><img loading=\"lazy\" decoding=\"async\" src=\"https:\/\/www.lvhf.cz\/wp-content\/uploads\/2021\/10\/70_LVHF2021_orlinski-matheus-c-Pavel-Kristian-ml.-kopie.jpg\" width=\"1920\" height=\"1220\" alt><\/noscript><img loading=\"lazy\" decoding=\"async\" src=\"data:image\/svg+xml,%3Csvg%20xmlns%3D%22http%3A%2F%2Fwww.w3.org%2F2000%2Fsvg%22%20viewBox%3D%220%200%201920%201220%22%3E%3C%2Fsvg%3E\" width=\"1920\" height=\"1220\" alt data-src=\"https:\/\/www.lvhf.cz\/wp-content\/uploads\/2021\/10\/70_LVHF2021_orlinski-matheus-c-Pavel-Kristian-ml.-kopie.jpg\" class=\" lazyload\"><\/a><\/div><div class=\"rl-gallery-item\"><a href=\"https:\/\/www.lvhf.cz\/wp-content\/uploads\/2021\/10\/01_43_LVHF2021_concerto-aventino-c-Pavel-Kristian-ml.-kopie.jpg\" title data-rl_title class=\"rl-gallery-link\" data-rl_caption data-rel=\"lightbox-gallery-2\" data-rl_><noscript><img loading=\"lazy\" decoding=\"async\" src=\"https:\/\/www.lvhf.cz\/wp-content\/uploads\/2021\/10\/01_43_LVHF2021_concerto-aventino-c-Pavel-Kristian-ml.-kopie.jpg\" width=\"1920\" height=\"1280\" alt=\"LVHF2021 | Concerto Aventino\"><\/noscript><img loading=\"lazy\" decoding=\"async\" src=\"data:image\/svg+xml,%3Csvg%20xmlns%3D%22http%3A%2F%2Fwww.w3.org%2F2000%2Fsvg%22%20viewBox%3D%220%200%201920%201280%22%3E%3C%2Fsvg%3E\" width=\"1920\" height=\"1280\" alt=\"LVHF2021 | Concerto Aventino\" data-src=\"https:\/\/www.lvhf.cz\/wp-content\/uploads\/2021\/10\/01_43_LVHF2021_concerto-aventino-c-Pavel-Kristian-ml.-kopie.jpg\" class=\" lazyload\"><\/a><\/div><div class=\"rl-gallery-item\"><a href=\"https:\/\/www.lvhf.cz\/wp-content\/uploads\/2021\/10\/13_3_LVHF2021_scaramuccia-c-Pavel-Kristian-ml.-kopie.jpg\" title data-rl_title class=\"rl-gallery-link\" data-rl_caption data-rel=\"lightbox-gallery-2\" data-rl_><noscript><img loading=\"lazy\" decoding=\"async\" src=\"https:\/\/www.lvhf.cz\/wp-content\/uploads\/2021\/10\/13_3_LVHF2021_scaramuccia-c-Pavel-Kristian-ml.-kopie.jpg\" width=\"1920\" height=\"1280\" alt><\/noscript><img loading=\"lazy\" decoding=\"async\" src=\"data:image\/svg+xml,%3Csvg%20xmlns%3D%22http%3A%2F%2Fwww.w3.org%2F2000%2Fsvg%22%20viewBox%3D%220%200%201920%201280%22%3E%3C%2Fsvg%3E\" width=\"1920\" height=\"1280\" alt data-src=\"https:\/\/www.lvhf.cz\/wp-content\/uploads\/2021\/10\/13_3_LVHF2021_scaramuccia-c-Pavel-Kristian-ml.-kopie.jpg\" class=\" lazyload\"><\/a><\/div><div class=\"rl-gallery-item\"><a href=\"https:\/\/www.lvhf.cz\/wp-content\/uploads\/2021\/10\/151_LVHF2021_orlinski-matheus-c-Pavel-Kristian-ml.-kopie.jpg\" title data-rl_title class=\"rl-gallery-link\" data-rl_caption data-rel=\"lightbox-gallery-2\" data-rl_><noscript><img loading=\"lazy\" decoding=\"async\" src=\"https:\/\/www.lvhf.cz\/wp-content\/uploads\/2021\/10\/151_LVHF2021_orlinski-matheus-c-Pavel-Kristian-ml.-kopie.jpg\" width=\"1920\" height=\"1280\" alt><\/noscript><img loading=\"lazy\" decoding=\"async\" src=\"data:image\/svg+xml,%3Csvg%20xmlns%3D%22http%3A%2F%2Fwww.w3.org%2F2000%2Fsvg%22%20viewBox%3D%220%200%201920%201280%22%3E%3C%2Fsvg%3E\" width=\"1920\" height=\"1280\" alt data-src=\"https:\/\/www.lvhf.cz\/wp-content\/uploads\/2021\/10\/151_LVHF2021_orlinski-matheus-c-Pavel-Kristian-ml.-kopie.jpg\" class=\" lazyload\"><\/a><\/div><div class=\"rl-gallery-item\"><a href=\"https:\/\/www.lvhf.cz\/wp-content\/uploads\/2021\/10\/32_LVHF2021_orlinski-matheus-c-Pavel-Kristian-ml.-kopie.jpg\" title data-rl_title class=\"rl-gallery-link\" data-rl_caption data-rel=\"lightbox-gallery-2\" data-rl_><noscript><img loading=\"lazy\" decoding=\"async\" src=\"https:\/\/www.lvhf.cz\/wp-content\/uploads\/2021\/10\/32_LVHF2021_orlinski-matheus-c-Pavel-Kristian-ml.-kopie.jpg\" width=\"1920\" height=\"1280\" alt><\/noscript><img loading=\"lazy\" decoding=\"async\" src=\"data:image\/svg+xml,%3Csvg%20xmlns%3D%22http%3A%2F%2Fwww.w3.org%2F2000%2Fsvg%22%20viewBox%3D%220%200%201920%201280%22%3E%3C%2Fsvg%3E\" width=\"1920\" height=\"1280\" alt data-src=\"https:\/\/www.lvhf.cz\/wp-content\/uploads\/2021\/10\/32_LVHF2021_orlinski-matheus-c-Pavel-Kristian-ml.-kopie.jpg\" class=\" lazyload\"><\/a><\/div><div class=\"rl-gallery-item\"><a href=\"https:\/\/www.lvhf.cz\/wp-content\/uploads\/2021\/09\/25_2021-09-23_LVHF_Prolog-Gartenpalais-c-Pavel-Kristian.jpg\" title data-rl_title class=\"rl-gallery-link\" data-rl_caption data-rel=\"lightbox-gallery-2\" data-rl_><noscript><img loading=\"lazy\" decoding=\"async\" src=\"https:\/\/www.lvhf.cz\/wp-content\/uploads\/2021\/09\/25_2021-09-23_LVHF_Prolog-Gartenpalais-c-Pavel-Kristian.jpg\" width=\"1920\" height=\"1280\" alt=\"LVHF2021_Gartenpalais Liechtenstein 23.09.21 (c) Pavel Kristi\u00e1n ml.\"><\/noscript><img loading=\"lazy\" decoding=\"async\" src=\"data:image\/svg+xml,%3Csvg%20xmlns%3D%22http%3A%2F%2Fwww.w3.org%2F2000%2Fsvg%22%20viewBox%3D%220%200%201920%201280%22%3E%3C%2Fsvg%3E\" width=\"1920\" height=\"1280\" alt=\"LVHF2021_Gartenpalais Liechtenstein 23.09.21 (c) Pavel Kristi\u00e1n ml.\" data-src=\"https:\/\/www.lvhf.cz\/wp-content\/uploads\/2021\/09\/25_2021-09-23_LVHF_Prolog-Gartenpalais-c-Pavel-Kristian.jpg\" class=\" lazyload\"><\/a><\/div> <\/div> <\/div>\n<p><\/p>","protected":false},"excerpt":{"rendered":"<p>&nbsp; Das Musikfestival Lednice|Valtice ist die Verbindung des Zaubers lokaler Architektur mit der Sch\u00f6nheit ernster Musik &nbsp; &nbsp; Verehrte Freunde, willkommen auf der Website des Musikfestivals Lednice|Valtice, dem Herbst-Musikfestival, das wir im Jahr 2016 mit der Absicht gr\u00fcndeten, hochwertige Musik in die Region Lednice-Valtice zu bringen. Unser Festival-Motto lautet: Das Musikfestival Lednice|Valtice ist die Verbindung [&#46;&#46;&#46;]<\/p>\n","protected":false},"author":2,"featured_media":29833,"parent":0,"menu_order":63,"comment_status":"closed","ping_status":"closed","template":"","meta":{"footnotes":""},"acf":[],"_links":{"self":[{"href":"https:\/\/www.lvhf.cz\/de\/wp-json\/wp\/v2\/pages\/14174"}],"collection":[{"href":"https:\/\/www.lvhf.cz\/de\/wp-json\/wp\/v2\/pages"}],"about":[{"href":"https:\/\/www.lvhf.cz\/de\/wp-json\/wp\/v2\/types\/page"}],"author":[{"embeddable":true,"href":"https:\/\/www.lvhf.cz\/de\/wp-json\/wp\/v2\/users\/2"}],"replies":[{"embeddable":true,"href":"https:\/\/www.lvhf.cz\/de\/wp-json\/wp\/v2\/comments?post=14174"}],"version-history":[{"count":27,"href":"https:\/\/www.lvhf.cz\/de\/wp-json\/wp\/v2\/pages\/14174\/revisions"}],"predecessor-version":[{"id":29835,"href":"https:\/\/www.lvhf.cz\/de\/wp-json\/wp\/v2\/pages\/14174\/revisions\/29835"}],"wp:featuredmedia":[{"embeddable":true,"href":"https:\/\/www.lvhf.cz\/de\/wp-json\/wp\/v2\/media\/29833"}],"wp:attachment":[{"href":"https:\/\/www.lvhf.cz\/de\/wp-json\/wp\/v2\/media?parent=14174"}],"curies":[{"name":"wp","href":"https:\/\/api.w.org\/{rel}","templated":true}]}}