{"id":11219,"date":"2020-12-11T14:15:08","date_gmt":"2020-12-11T13:15:08","guid":{"rendered":"https:\/\/www.lvhf.cz\/?page_id=11219"},"modified":"2026-03-31T09:47:10","modified_gmt":"2026-03-31T07:47:10","slug":"uvod","status":"publish","type":"page","link":"https:\/\/www.lvhf.cz\/de\/","title":{"rendered":"Hauptseite"},"content":{"rendered":"<p><\/p><div class=\"rl-gallery-container \" id=\"rl-gallery-container-5\" data-gallery_id=\"0\"> <div class=\"rl-gallery rl-basicgrid-gallery \" id=\"rl-gallery-5\" data-gallery_no=\"5\"> <div class=\"rl-gallery-item\"><a href=\"https:\/\/www.lvhf.cz\/wp-content\/uploads\/2021\/10\/01_5_LVHF2021_europa-galante-c-Pavel-Kristian-ml._lvhf.cz_.jpg\" title data-rl_title class=\"rl-gallery-link\" data-rl_caption data-rel=\"lightbox-gallery-5\" data-rl_><noscript><img fetchpriority=\"high\" decoding=\"async\" src=\"https:\/\/www.lvhf.cz\/wp-content\/uploads\/2021\/10\/01_5_LVHF2021_europa-galante-c-Pavel-Kristian-ml._lvhf.cz_.jpg\" width=\"1920\" height=\"1280\" alt=\"LVHF2021 | Europa Galante\"><\/noscript><img fetchpriority=\"high\" decoding=\"async\" src=\"data:image\/svg+xml,%3Csvg%20xmlns%3D%22http%3A%2F%2Fwww.w3.org%2F2000%2Fsvg%22%20viewBox%3D%220%200%201920%201280%22%3E%3C%2Fsvg%3E\" width=\"1920\" height=\"1280\" alt=\"LVHF2021 | Europa Galante\" data-src=\"https:\/\/www.lvhf.cz\/wp-content\/uploads\/2021\/10\/01_5_LVHF2021_europa-galante-c-Pavel-Kristian-ml._lvhf.cz_.jpg\" class=\" lazyload\"><\/a><\/div><div class=\"rl-gallery-item\"><a href=\"https:\/\/www.lvhf.cz\/wp-content\/uploads\/2021\/10\/01_14or_LVHF2021_bizantina-koncert-c-Pavel-Kristian-ml.jpg\" title data-rl_title class=\"rl-gallery-link\" data-rl_caption data-rel=\"lightbox-gallery-5\" data-rl_><noscript><img decoding=\"async\" src=\"https:\/\/www.lvhf.cz\/wp-content\/uploads\/2021\/10\/01_14or_LVHF2021_bizantina-koncert-c-Pavel-Kristian-ml.jpg\" width=\"1767\" height=\"1177\" alt=\"LVHF2021 | Accademia Bizantina\"><\/noscript><img decoding=\"async\" src=\"data:image\/svg+xml,%3Csvg%20xmlns%3D%22http%3A%2F%2Fwww.w3.org%2F2000%2Fsvg%22%20viewBox%3D%220%200%201767%201177%22%3E%3C%2Fsvg%3E\" width=\"1767\" height=\"1177\" alt=\"LVHF2021 | Accademia Bizantina\" data-src=\"https:\/\/www.lvhf.cz\/wp-content\/uploads\/2021\/10\/01_14or_LVHF2021_bizantina-koncert-c-Pavel-Kristian-ml.jpg\" class=\" lazyload\"><\/a><\/div><div class=\"rl-gallery-item\"><a href=\"https:\/\/www.lvhf.cz\/wp-content\/uploads\/2021\/10\/85_LVHF2021_orlinski-matheus-c-Pavel-Kristian-ml.-kopie.jpg\" title data-rl_title class=\"rl-gallery-link\" data-rl_caption data-rel=\"lightbox-gallery-5\" data-rl_><noscript><img decoding=\"async\" src=\"https:\/\/www.lvhf.cz\/wp-content\/uploads\/2021\/10\/85_LVHF2021_orlinski-matheus-c-Pavel-Kristian-ml.-kopie.jpg\" width=\"1920\" height=\"1255\" alt><\/noscript><img decoding=\"async\" src=\"data:image\/svg+xml,%3Csvg%20xmlns%3D%22http%3A%2F%2Fwww.w3.org%2F2000%2Fsvg%22%20viewBox%3D%220%200%201920%201255%22%3E%3C%2Fsvg%3E\" width=\"1920\" height=\"1255\" alt data-src=\"https:\/\/www.lvhf.cz\/wp-content\/uploads\/2021\/10\/85_LVHF2021_orlinski-matheus-c-Pavel-Kristian-ml.-kopie.jpg\" class=\" lazyload\"><\/a><\/div> <\/div> <\/div><br>\n&nbsp;<br>\nAm Samstag, den 16. Oktober fand der Abschluss des 6. Musikfestivals Lednice|Valtice statt. Es war der H\u00f6hepunkt <strong>der gr\u00f6\u00dften europ\u00e4ischen Werkschau zum Schaffen Antonio Vivaldis<\/strong> innerhalb der letzten f\u00fcnfzig Jahre. <strong>Vom 23. September bis 16. Oktober <\/strong>traten in <strong>9 Konzerten<\/strong> das <a href=\"https:\/\/www.lvhf.cz\/de\/konzerte\/de-collegium-1704-collegium-vocale-1704\/\" target=\"_blank\" rel=\"noopener\">Collegium 1704 und das Collegium Vocale 1704<\/a>, <a href=\"https:\/\/www.lvhf.cz\/de\/konzerte\/de-jakub-jozef-orlinski-ensemble-matheus\/\" target=\"_blank\" rel=\"noopener\">Ensemble Matheus<\/a>, <a href=\"https:\/\/www.lvhf.cz\/de\/konzerte\/de-concerto-aventino\/\" target=\"_blank\" rel=\"noopener\">Concerto Aventino<\/a>, <a href=\"https:\/\/www.lvhf.cz\/de\/konzerte\/de-javier-lupianez-ensemble-scaramuccia\/\" target=\"_blank\" rel=\"noopener\">Ensemble Scaramuccia<\/a> (tschechisches Deb\u00fct), <a href=\"https:\/\/www.lvhf.cz\/de\/konzerte\/de-amandine-beyer-gli-incogniti\/\" target=\"_blank\" rel=\"noopener\">Gli Incogniti<\/a>, <a href=\"https:\/\/www.lvhf.cz\/de\/konzerte\/de-delphine-galou-accademia-bizantina\/\" target=\"_blank\" rel=\"noopener\">Accademia Bizantina<\/a>, <a href=\"https:\/\/www.lvhf.cz\/de\/konzerte\/de-patricia-janeckova-collegium-marianum\/\" target=\"_blank\" rel=\"noopener\">Collegium Marianum<\/a>, <a href=\"https:\/\/www.lvhf.cz\/de\/konzerte\/antonio-vivaldi-farnace-neuzeitliche-wiederauffuhrung\/\" target=\"_blank\" rel=\"noopener\">Musica Florea<\/a> und <a href=\"https:\/\/www.lvhf.cz\/de\/konzerte\/de-fabio-biondi-europa-galante\/\" target=\"_blank\" rel=\"noopener\">Europa Galante<\/a> (tschechisches Deb\u00fct) auf. Ebenfalls zum ersten Mal waren Countertenor <a href=\"https:\/\/www.lvhf.cz\/de\/konzerte\/de-jakub-jozef-orlinski-ensemble-matheus\/\" target=\"_blank\" rel=\"noopener\">Jakub J\u00f3zef Orli\u0144ski<\/a> und Geiger <a href=\"https:\/\/www.lvhf.cz\/de\/konzerte\/de-fabio-biondi-europa-galante\/\" target=\"_blank\" rel=\"noopener\">Fabio Biondi<\/a> in der Tschechischen Republik zu h\u00f6ren. Das Festival pr\u00e4sentierte die moderne Urauff\u00fchrung von Vivaldis Arie <em>&#8222;Eja voce sonora laeti cantate&#8220; RV Anh. 59.29<\/em> und das <em>Konzert in C-Dur f\u00fcr Oboe, Streicher und Basso continuo<\/em>, von Vivaldis Sch\u00fcler Franti\u0161ek Jir\u00e1nek f\u00fcr barocke Querfl\u00f6te bearbeitet. Erg\u00e4nzt wurden die Konzerte durch offene Vortr\u00e4ge des tschechischen <a href=\"https:\/\/www.lvhf.cz\/de\/konzerte\/vivaldi-und-die-bohmischen-lander\/\" target=\"_blank\" rel=\"noopener\">Musikwissenschaftlers V\u00e1clav Kapsa<\/a> und des <a href=\"https:\/\/www.lvhf.cz\/de\/konzerte\/wiederentdeckung-der-werke-antonio-vivaldis-im-20-jahrhundert\/\" target=\"_blank\" rel=\"noopener\">Direktors des Italienischen Instituts Antonio Vivaldi in Venedig, Francesco Fanna<\/a>, sowie durch eine <a href=\"https:\/\/www.lvhf.cz\/de\/konzerte\/fotografieausstellung-landschaft-der-erinnerung-memoryscape-honza-sakar\/\" target=\"_blank\" rel=\"noopener\">Fotoausstellung zur Region Lednice-Valtice<\/a> in Zusammenarbeit mit der Stiftung M\u00e4hrische Sch\u00f6nheit, Besitzer eines Festivaltickets k\u00f6nnen die Ausstellung kostenlos noch bis 30. November besuchen. Bereits Tradition geworden, durften auch die <a href=\"https:\/\/www.lvhf.cz\/de\/konzerte\/trio-des-tschechischen-rundfunks-extra-konzerte-fur-schulen\/\" target=\"_blank\" rel=\"noopener\">Bildungsprogramme f\u00fcr Kinder aus der Region<\/a> nicht fehlen. Dieses Jahr hat das Festival zwei neue Orte vorgestellt: das Grenzschl\u00f6sschen (Chateau de Fronti\u00e8re) und das neu rekonstruierte Sommerschloss Belvedere in Valtice.<br>\n&nbsp;<br>\n<div class=\"rl-gallery-container \" id=\"rl-gallery-container-6\" data-gallery_id=\"0\"> <div class=\"rl-gallery rl-basicgrid-gallery \" id=\"rl-gallery-6\" data-gallery_no=\"6\"> <div class=\"rl-gallery-item\"><a href=\"https:\/\/www.lvhf.cz\/wp-content\/uploads\/2021\/10\/03_17_LVHF2021_incogniti-koncert-c-Pavel-Kristian-ml.-kopie.jpg\" title data-rl_title class=\"rl-gallery-link\" data-rl_caption data-rel=\"lightbox-gallery-6\" data-rl_><noscript><img loading=\"lazy\" decoding=\"async\" src=\"https:\/\/www.lvhf.cz\/wp-content\/uploads\/2021\/10\/03_17_LVHF2021_incogniti-koncert-c-Pavel-Kristian-ml.-kopie.jpg\" width=\"1920\" height=\"1280\" alt><\/noscript><img loading=\"lazy\" decoding=\"async\" src=\"data:image\/svg+xml,%3Csvg%20xmlns%3D%22http%3A%2F%2Fwww.w3.org%2F2000%2Fsvg%22%20viewBox%3D%220%200%201920%201280%22%3E%3C%2Fsvg%3E\" width=\"1920\" height=\"1280\" alt data-src=\"https:\/\/www.lvhf.cz\/wp-content\/uploads\/2021\/10\/03_17_LVHF2021_incogniti-koncert-c-Pavel-Kristian-ml.-kopie.jpg\" class=\" lazyload\"><\/a><\/div><div class=\"rl-gallery-item\"><a href=\"https:\/\/www.lvhf.cz\/wp-content\/uploads\/2021\/10\/01_7or_LVHF2021_scaramuccia-c-Pavel-Kristian-ml-kopie.jpg\" title data-rl_title class=\"rl-gallery-link\" data-rl_caption data-rel=\"lightbox-gallery-6\" data-rl_><noscript><img loading=\"lazy\" decoding=\"async\" src=\"https:\/\/www.lvhf.cz\/wp-content\/uploads\/2021\/10\/01_7or_LVHF2021_scaramuccia-c-Pavel-Kristian-ml-kopie.jpg\" width=\"1901\" height=\"1267\" alt=\"LVHF2021 | Ensemble Scaramuccia\"><\/noscript><img loading=\"lazy\" decoding=\"async\" src=\"data:image\/svg+xml,%3Csvg%20xmlns%3D%22http%3A%2F%2Fwww.w3.org%2F2000%2Fsvg%22%20viewBox%3D%220%200%201901%201267%22%3E%3C%2Fsvg%3E\" width=\"1901\" height=\"1267\" alt=\"LVHF2021 | Ensemble Scaramuccia\" data-src=\"https:\/\/www.lvhf.cz\/wp-content\/uploads\/2021\/10\/01_7or_LVHF2021_scaramuccia-c-Pavel-Kristian-ml-kopie.jpg\" class=\" lazyload\"><\/a><\/div><div class=\"rl-gallery-item\"><a href=\"https:\/\/www.lvhf.cz\/wp-content\/uploads\/2021\/09\/25_2021-09-23_LVHF_Prolog-Gartenpalais-c-Pavel-Kristian.jpg\" title data-rl_title class=\"rl-gallery-link\" data-rl_caption data-rel=\"lightbox-gallery-6\" data-rl_><noscript><img loading=\"lazy\" decoding=\"async\" src=\"https:\/\/www.lvhf.cz\/wp-content\/uploads\/2021\/09\/25_2021-09-23_LVHF_Prolog-Gartenpalais-c-Pavel-Kristian.jpg\" width=\"1920\" height=\"1280\" alt=\"LVHF2021_Gartenpalais Liechtenstein 23.09.21 (c) Pavel Kristi\u00e1n ml.\"><\/noscript><img loading=\"lazy\" decoding=\"async\" src=\"data:image\/svg+xml,%3Csvg%20xmlns%3D%22http%3A%2F%2Fwww.w3.org%2F2000%2Fsvg%22%20viewBox%3D%220%200%201920%201280%22%3E%3C%2Fsvg%3E\" width=\"1920\" height=\"1280\" alt=\"LVHF2021_Gartenpalais Liechtenstein 23.09.21 (c) Pavel Kristi\u00e1n ml.\" data-src=\"https:\/\/www.lvhf.cz\/wp-content\/uploads\/2021\/09\/25_2021-09-23_LVHF_Prolog-Gartenpalais-c-Pavel-Kristian.jpg\" class=\" lazyload\"><\/a><\/div> <\/div> <\/div><br>\n&nbsp;<br>\nTrotz der schwierigen Situation erreichte die Auslastung der S\u00e4le in diesem Jahr <strong>91 Prozent<\/strong>. Insgesamt konnte das Festival 2.400 Zuschauer aus Tschechien, der Slowakei, \u00d6sterreich, Deutschland, Gro\u00dfbritannien, Ungarn, Polen, Belgien, der Schweiz und Spanien willkommen hei\u00dfen. <strong>Es bot Livestreams von vier Konzerten an<\/strong>: 23. September (Collegium 1704 und Collegium Vocale 1704), 2. Oktober (Jakub J\u00f3zef Orli\u0144ski &amp; Ensemble Matheus), 9. Oktober (Delphine Galou &amp; Accademia Bizantina) und 16. Oktober (Fabio Biondi &amp; Europa Galante). Die Aufzeichnung des Konzerts von Jakub J\u00f3zef Orli\u0144ski &amp; Ensemble Matheus ist bis zum 2. November auf der Plattform <a href=\"https:\/\/filmnazivo.cz\/detail\/182-zahajovaci-koncert-lvhf\" target=\"_blank\" rel=\"noopener\">filmnazivo.cz<\/a> zu sehen. Ein Teil des Erl\u00f6ses aus dem Online-Eintrittsgeld kommt der von der Stiftung Via iniziierten Sammlung f\u00fcr M\u00e4hren zugute, der sich das LVHF nur wenige Stunden nach dem verheerenden Tornado in S\u00fcdm\u00e4hren angeschlossen und bis heute insgesamt 55.469 CZK beigesteuert hat.<br>\n&nbsp;<br>\n<div class=\"rl-gallery-container \" id=\"rl-gallery-container-7\" data-gallery_id=\"0\"> <div class=\"rl-gallery rl-basicgrid-gallery \" id=\"rl-gallery-7\" data-gallery_no=\"7\"> <div class=\"rl-gallery-item\"><a href=\"https:\/\/www.lvhf.cz\/wp-content\/uploads\/2021\/10\/19_2_LVHF2021_europa-galante-c-Pavel-Kristian-ml._lvhf.cz_.jpg\" title data-rl_title class=\"rl-gallery-link\" data-rl_caption data-rel=\"lightbox-gallery-7\" data-rl_><noscript><img loading=\"lazy\" decoding=\"async\" src=\"https:\/\/www.lvhf.cz\/wp-content\/uploads\/2021\/10\/19_2_LVHF2021_europa-galante-c-Pavel-Kristian-ml._lvhf.cz_.jpg\" width=\"1920\" height=\"1280\" alt=\"LVHF2021 | Europa Galante\"><\/noscript><img loading=\"lazy\" decoding=\"async\" src=\"data:image\/svg+xml,%3Csvg%20xmlns%3D%22http%3A%2F%2Fwww.w3.org%2F2000%2Fsvg%22%20viewBox%3D%220%200%201920%201280%22%3E%3C%2Fsvg%3E\" width=\"1920\" height=\"1280\" alt=\"LVHF2021 | Europa Galante\" data-src=\"https:\/\/www.lvhf.cz\/wp-content\/uploads\/2021\/10\/19_2_LVHF2021_europa-galante-c-Pavel-Kristian-ml._lvhf.cz_.jpg\" class=\" lazyload\"><\/a><\/div><div class=\"rl-gallery-item\"><a href=\"https:\/\/www.lvhf.cz\/wp-content\/uploads\/2021\/10\/02_6_LVHF2021_europa-galante-c-Pavel-Kristian-ml._lvhf.cz_.jpg\" title data-rl_title class=\"rl-gallery-link\" data-rl_caption data-rel=\"lightbox-gallery-7\" data-rl_><noscript><img loading=\"lazy\" decoding=\"async\" src=\"https:\/\/www.lvhf.cz\/wp-content\/uploads\/2021\/10\/02_6_LVHF2021_europa-galante-c-Pavel-Kristian-ml._lvhf.cz_.jpg\" width=\"1920\" height=\"1280\" alt=\"LVHF2021 | Europa Galante\"><\/noscript><img loading=\"lazy\" decoding=\"async\" src=\"data:image\/svg+xml,%3Csvg%20xmlns%3D%22http%3A%2F%2Fwww.w3.org%2F2000%2Fsvg%22%20viewBox%3D%220%200%201920%201280%22%3E%3C%2Fsvg%3E\" width=\"1920\" height=\"1280\" alt=\"LVHF2021 | Europa Galante\" data-src=\"https:\/\/www.lvhf.cz\/wp-content\/uploads\/2021\/10\/02_6_LVHF2021_europa-galante-c-Pavel-Kristian-ml._lvhf.cz_.jpg\" class=\" lazyload\"><\/a><\/div><div class=\"rl-gallery-item\"><a href=\"https:\/\/www.lvhf.cz\/wp-content\/uploads\/2021\/10\/16_6_LVHF2021_farnace-c-Pavel-Kristian-ml._lvhf.cz_.jpg\" title data-rl_title class=\"rl-gallery-link\" data-rl_caption data-rel=\"lightbox-gallery-7\" data-rl_><noscript><img loading=\"lazy\" decoding=\"async\" src=\"https:\/\/www.lvhf.cz\/wp-content\/uploads\/2021\/10\/16_6_LVHF2021_farnace-c-Pavel-Kristian-ml._lvhf.cz_.jpg\" width=\"1920\" height=\"1280\" alt><\/noscript><img loading=\"lazy\" decoding=\"async\" src=\"data:image\/svg+xml,%3Csvg%20xmlns%3D%22http%3A%2F%2Fwww.w3.org%2F2000%2Fsvg%22%20viewBox%3D%220%200%201920%201280%22%3E%3C%2Fsvg%3E\" width=\"1920\" height=\"1280\" alt data-src=\"https:\/\/www.lvhf.cz\/wp-content\/uploads\/2021\/10\/16_6_LVHF2021_farnace-c-Pavel-Kristian-ml._lvhf.cz_.jpg\" class=\" lazyload\"><\/a><\/div> <\/div> <\/div><br>\n&nbsp;<br>\nIn diesem Jahr wurde nicht nur von tschechischen Medien (Tschechisches Fernsehen, Tschechischer Rundfunk, Den\u00edk, Lidov\u00e9 noviny, Harmonie, KlasikaPlus, OperaPlus, Radio ZET und andere) \u00fcber das Festival berichtet, sondern auch in der Slowakei, \u00d6sterreich, Deutschland, Spanien und auf dem weltweiten Kulturportal bachtrack.com. Im Rahmen des Festivals fand in Zusammenarbeit mit der Agentur CzechTourism, dem Zentralen Tourismusb\u00fcro S\u00fcdm\u00e4hrens und den Tschechischen Zentren ein Treffen von Journalisten aus 14 f\u00fchrenden europ\u00e4ischen Medien mit Schwerpunkt Kultur und Tourismus statt.<br>\n&nbsp;<br>\n<div class=\"rl-gallery-container \" id=\"rl-gallery-container-8\" data-gallery_id=\"0\"> <div class=\"rl-gallery rl-basicgrid-gallery \" id=\"rl-gallery-8\" data-gallery_no=\"8\"> <div class=\"rl-gallery-item\"><a href=\"https:\/\/www.lvhf.cz\/wp-content\/uploads\/2021\/10\/01or_5_LVHF2021_incogniti-koncert-c-Pavel-Kristian-ml-kopie.jpg\" title data-rl_title class=\"rl-gallery-link\" data-rl_caption data-rel=\"lightbox-gallery-8\" data-rl_><noscript><img loading=\"lazy\" decoding=\"async\" src=\"https:\/\/www.lvhf.cz\/wp-content\/uploads\/2021\/10\/01or_5_LVHF2021_incogniti-koncert-c-Pavel-Kristian-ml-kopie.jpg\" width=\"1603\" height=\"1069\" alt><\/noscript><img loading=\"lazy\" decoding=\"async\" src=\"data:image\/svg+xml,%3Csvg%20xmlns%3D%22http%3A%2F%2Fwww.w3.org%2F2000%2Fsvg%22%20viewBox%3D%220%200%201603%201069%22%3E%3C%2Fsvg%3E\" width=\"1603\" height=\"1069\" alt data-src=\"https:\/\/www.lvhf.cz\/wp-content\/uploads\/2021\/10\/01or_5_LVHF2021_incogniti-koncert-c-Pavel-Kristian-ml-kopie.jpg\" class=\" lazyload\"><\/a><\/div><div class=\"rl-gallery-item\"><a href=\"https:\/\/www.lvhf.cz\/wp-content\/uploads\/2021\/10\/02_14_LVHF2021_marianumi-c-Pavel-Kristian-ml.jpg\" title data-rl_title class=\"rl-gallery-link\" data-rl_caption data-rel=\"lightbox-gallery-8\" data-rl_><noscript><img loading=\"lazy\" decoding=\"async\" src=\"https:\/\/www.lvhf.cz\/wp-content\/uploads\/2021\/10\/02_14_LVHF2021_marianumi-c-Pavel-Kristian-ml.jpg\" width=\"1920\" height=\"1280\" alt><\/noscript><img loading=\"lazy\" decoding=\"async\" src=\"data:image\/svg+xml,%3Csvg%20xmlns%3D%22http%3A%2F%2Fwww.w3.org%2F2000%2Fsvg%22%20viewBox%3D%220%200%201920%201280%22%3E%3C%2Fsvg%3E\" width=\"1920\" height=\"1280\" alt data-src=\"https:\/\/www.lvhf.cz\/wp-content\/uploads\/2021\/10\/02_14_LVHF2021_marianumi-c-Pavel-Kristian-ml.jpg\" class=\" lazyload\"><\/a><\/div><div class=\"rl-gallery-item\"><a href=\"https:\/\/www.lvhf.cz\/wp-content\/uploads\/2021\/10\/02_12_LVHF2021_bizantina-koncert-c-Pavel-Kristian-ml.jpg\" title data-rl_title class=\"rl-gallery-link\" data-rl_caption data-rel=\"lightbox-gallery-8\" data-rl_><noscript><img loading=\"lazy\" decoding=\"async\" src=\"https:\/\/www.lvhf.cz\/wp-content\/uploads\/2021\/10\/02_12_LVHF2021_bizantina-koncert-c-Pavel-Kristian-ml.jpg\" width=\"1920\" height=\"1280\" alt><\/noscript><img loading=\"lazy\" decoding=\"async\" src=\"data:image\/svg+xml,%3Csvg%20xmlns%3D%22http%3A%2F%2Fwww.w3.org%2F2000%2Fsvg%22%20viewBox%3D%220%200%201920%201280%22%3E%3C%2Fsvg%3E\" width=\"1920\" height=\"1280\" alt data-src=\"https:\/\/www.lvhf.cz\/wp-content\/uploads\/2021\/10\/02_12_LVHF2021_bizantina-koncert-c-Pavel-Kristian-ml.jpg\" class=\" lazyload\"><\/a><\/div> <\/div> <\/div><br>\n&nbsp;<br>\nDas Festival konnte in dieser Qualit\u00e4t und in solchem Umfang nur dank der Unterst\u00fctzung durch \u00f6ffentliche und private Gelder realisiert werden. Die Grundlage der finanziellen Stabilit\u00e4t des Festivals war in diesem Jahr die Unterst\u00fctzung von Unternehmen, die in der Region S\u00fcdm\u00e4hren t\u00e4tig sind und deren Loyalit\u00e4t und Hilfe, auch in den schwierigen Zeiten der Pandemie, vom Festival sehr gesch\u00e4tzt wird. Bereits zum sechsten Mal wurde die <a href=\"https:\/\/www.zfpa.cz\" target=\"_blank\" rel=\"noopener\">ZFP GROUP a.s<\/a>. Generalpartner des Festivals. Hauptpartner waren die <a href=\"https:\/\/www.firmaplus.cz\" target=\"_blank\" rel=\"noopener\">STAVEBN\u00cd FIRMA PLUS s.r.o<\/a>., <a href=\"https:\/\/www.alcaplastcz.de\/de\/\" target=\"_blank\" rel=\"noopener\">AlcaPlast s.r.o<\/a>., <a href=\"https:\/\/albaform.com\" target=\"_blank\" rel=\"noopener\">ALBAform Inc<\/a>. und der tschechische Investitionen Fonds \u2013 <a href=\"https:\/\/czech-fund.cz\" target=\"_blank\" rel=\"noopener\">CZECH FUND<\/a>. Das Festival fand mit finanzieller Unterst\u00fctzung des <a href=\"https:\/\/www.mkcr.cz\/?lang=en\" target=\"_blank\" rel=\"noopener\">Ministeriums f\u00fcr Kultur der Tschechischen Republik<\/a>, der <a href=\"https:\/\/www.kr-jihomoravsky.cz\/Default.aspx?ID=126530&#038;TypeID=1\" target=\"_blank\" rel=\"noopener\">Region S\u00fcdm\u00e4hren<\/a>, der <a href=\"https:\/\/breclav.eu\" target=\"_blank\" rel=\"noopener\">Stadt B\u0159eclav<\/a>, der <a href=\"https:\/\/www.valtice.eu\" target=\"_blank\" rel=\"noopener\">Stadt Valtice<\/a> und der <a href=\"https:\/\/www.lednice.cz\/de\/\" target=\"_blank\" rel=\"noopener\">Gemeinde Lednice<\/a>, des Staatsfonds f\u00fcr Kultur der Tschechischen Republik und der <a href=\"https:\/\/www.lva.cz\/index.php\" target=\"_blank\" rel=\"noopener\">Region Lednice- Valtice<\/a> statt. Der heurige Jahrgang wurde auch von ausl\u00e4ndischen Instituten unterst\u00fctzt: vom <a href=\"https:\/\/iicpraga.esteri.it\/IIC_PRAGA\/it\/\" target=\"_blank\" rel=\"noopener\">Italienischen Kulturinstitut in Prag<\/a>, der <a href=\"https:\/\/www.accioncultural.es\/en\" target=\"_blank\" rel=\"noopener\">Acci\u00f3n Cultural espa\u00f1ola AC\/E<\/a> und dem <a href=\"https:\/\/www.ifp.cz\/fr\/homepage#\/\" target=\"_blank\" rel=\"noopener\">Franz\u00f6sischen Institut in Prag<\/a>. An der finanziellen Unterst\u00fctzung des Festivals haben sich in diesem Jahr auch Mitglieder des neu gegr\u00fcndeten LVHF F\u00f6rdervereins beteiligt. Die Hauptmedialpartner des LVHF 2021 waren das <a href=\"https:\/\/www.ceskatelevize.cz\" target=\"_blank\" rel=\"noopener\">Tschechische Fernsehen<\/a> und <a href=\"https:\/\/breclavsky.denik.cz\" target=\"_blank\" rel=\"noopener\">Den\u00edk<\/a>. Der 6. Jahrgang des Musikfestivals Lednice|Valtice wurde vom Ministerium f\u00fcr Regionalentwicklung der Tschechischen Republik durch die <a href=\"https:\/\/www.visitczechrepublic.com\/en-US\" target=\"_blank\" rel=\"noopener\">Agentur CzechTourism<\/a> in eine der Hauptveranstaltungen in der Region S\u00fcdm\u00e4hren aufgenommen.<br>\n&nbsp;<br>\n<a class=\"goOutButton btn btn-default\" style=\"font-family: Playfair Display;\" href=\"https:\/\/www.lvhf.cz\/de\/konzertarchiv-2021\/\">Konzertarchiv 2021<\/a><a class=\"goOutButton btn btn-default\" style=\"font-family: Playfair Display;\" href=\"https:\/\/www.lvhf.cz\/de\/medien\/fotogalerien-lvhf\/\">Fotogalerien<\/a><a class=\"goOutButton btn btn-default\" style=\"font-family:Playfair Display;\" href=\"https:\/\/www.lvhf.cz\/de\/programm-und-tickets\/cz-festival-2022\/\">Festival 2022<\/a><br>\n&nbsp;<br>\n","protected":false},"excerpt":{"rendered":"<p>&nbsp; Am Samstag, den 16. Oktober fand der Abschluss des 6. Musikfestivals Lednice|Valtice statt. Es war der H\u00f6hepunkt der gr\u00f6\u00dften europ\u00e4ischen Werkschau zum Schaffen Antonio Vivaldis innerhalb der letzten f\u00fcnfzig Jahre. Vom 23. September bis 16. Oktober traten in 9 Konzerten das Collegium 1704 und das Collegium Vocale 1704, Ensemble Matheus, Concerto Aventino, Ensemble Scaramuccia [&#46;&#46;&#46;]<\/p>\n","protected":false},"author":5,"featured_media":29795,"parent":0,"menu_order":90,"comment_status":"closed","ping_status":"closed","template":"","meta":{"footnotes":""},"acf":[],"_links":{"self":[{"href":"https:\/\/www.lvhf.cz\/de\/wp-json\/wp\/v2\/pages\/11219"}],"collection":[{"href":"https:\/\/www.lvhf.cz\/de\/wp-json\/wp\/v2\/pages"}],"about":[{"href":"https:\/\/www.lvhf.cz\/de\/wp-json\/wp\/v2\/types\/page"}],"author":[{"embeddable":true,"href":"https:\/\/www.lvhf.cz\/de\/wp-json\/wp\/v2\/users\/5"}],"replies":[{"embeddable":true,"href":"https:\/\/www.lvhf.cz\/de\/wp-json\/wp\/v2\/comments?post=11219"}],"version-history":[{"count":24,"href":"https:\/\/www.lvhf.cz\/de\/wp-json\/wp\/v2\/pages\/11219\/revisions"}],"predecessor-version":[{"id":28800,"href":"https:\/\/www.lvhf.cz\/de\/wp-json\/wp\/v2\/pages\/11219\/revisions\/28800"}],"wp:featuredmedia":[{"embeddable":true,"href":"https:\/\/www.lvhf.cz\/de\/wp-json\/wp\/v2\/media\/29795"}],"wp:attachment":[{"href":"https:\/\/www.lvhf.cz\/de\/wp-json\/wp\/v2\/media?parent=11219"}],"curies":[{"name":"wp","href":"https:\/\/api.w.org\/{rel}","templated":true}]}}