{"id":11053,"date":"2020-12-08T15:47:41","date_gmt":"2020-12-08T14:47:41","guid":{"rendered":"https:\/\/www.lvhf.cz\/?page_id=11053"},"modified":"2023-07-14T10:26:41","modified_gmt":"2023-07-14T08:26:41","slug":"lvhf-archiv-koncertu-2020","status":"publish","type":"page","link":"https:\/\/www.lvhf.cz\/de\/lvhf-archiv-koncertu-2020\/","title":{"rendered":"Konzertarchiv 2020"},"content":{"rendered":"<p><\/p>\n<h1 style=\"text-align: center;\">Konzertarchiv 2020<\/h1>\n<p><\/p><p class=\"qtranxs-available-languages-message qtranxs-available-languages-message-de\">Leider ist der Eintrag nur auf <a href=\"https:\/\/www.lvhf.cz\/cs\/wp-json\/wp\/v2\/pages\/11053\" class=\"qtranxs-available-language-link qtranxs-available-language-link-cs\" title=\"CZ\">Tschechisch<\/a> verf\u00fcgbar.<\/p><!--Event calendar-->\n\n  <h1>Archiv koncert\u016f 2020<\/h1>\n  \n  \n\n\n<div class=\"container-fluid\">\n    <div class=\"row calendar-container\">\n          <!-- Calendar event 1 -->\n      <div class=\"event-col col-sm-6 col-md-6 col-lg-4\">\n\n        \n\n        <div class=\"calendar-event\">\n          <div class=\"banner\" style=\"display:none; height:100%;\">\n            <a href><noscript><img decoding=\"async\" style=\"width:100%; height:100%; object-position: top; object-fit:cover;\" src alt><\/noscript><img decoding=\"async\" style=\"width:100%; height:100%; object-position: top; object-fit:cover;\" src=\"data:image\/gif;base64,R0lGODlhAQABAIAAAAAAAP\/\/\/yH5BAEAAAAALAAAAAABAAEAAAIBRAA7\" alt data-src class=\" lazyload\"><\/a>\n          <\/div>\n\n          <div class=\"event-details-wrap\" style=\"display:block;\">\n\n            <a href=\"https:\/\/www.lvhf.cz\/de\/koncerty\/janoska_ensemble\/\" class=\"event-img-link\">\n              <div class=\"event-img\">\n                <noscript><img fetchpriority=\"high\" decoding=\"async\" width=\"1329\" height=\"997\" src=\"https:\/\/www.lvhf.cz\/wp-content\/uploads\/2020\/04\/01_LVHF_Janoska_Ensemble-c-Andreas_Bitesnich_titulka_4x3_75dpi.jpg\" class=\"attachment-concert_large size-concert_large wp-post-image\" alt=\"01 LVHF Janoska Ensemble c Andreas Bitesnich titulka 4x3 75dpi\" srcset=\"https:\/\/www.lvhf.cz\/wp-content\/uploads\/2020\/04\/01_LVHF_Janoska_Ensemble-c-Andreas_Bitesnich_titulka_4x3_75dpi.jpg 1329w, https:\/\/www.lvhf.cz\/wp-content\/uploads\/2020\/04\/01_LVHF_Janoska_Ensemble-c-Andreas_Bitesnich_titulka_4x3_75dpi-400x300.jpg 400w, https:\/\/www.lvhf.cz\/wp-content\/uploads\/2020\/04\/01_LVHF_Janoska_Ensemble-c-Andreas_Bitesnich_titulka_4x3_75dpi-1024x768.jpg 1024w, https:\/\/www.lvhf.cz\/wp-content\/uploads\/2020\/04\/01_LVHF_Janoska_Ensemble-c-Andreas_Bitesnich_titulka_4x3_75dpi-768x576.jpg 768w, https:\/\/www.lvhf.cz\/wp-content\/uploads\/2020\/04\/01_LVHF_Janoska_Ensemble-c-Andreas_Bitesnich_titulka_4x3_75dpi-533x400.jpg 533w\" sizes=\"(max-width: 1329px) 100vw, 1329px\"><\/noscript><img decoding=\"async\" width=\"1329\" height=\"997\" src=\"data:image\/svg+xml,%3Csvg%20xmlns%3D%22http%3A%2F%2Fwww.w3.org%2F2000%2Fsvg%22%20viewBox%3D%220%200%201329%20997%22%3E%3C%2Fsvg%3E\" class=\"attachment-concert_large size-concert_large wp-post-image lazyload\" alt=\"01 LVHF Janoska Ensemble c Andreas Bitesnich titulka 4x3 75dpi\" srcset=\"data:image\/svg+xml,%3Csvg%20xmlns%3D%22http%3A%2F%2Fwww.w3.org%2F2000%2Fsvg%22%20viewBox%3D%220%200%201329%20997%22%3E%3C%2Fsvg%3E 1329w\" sizes=\"(max-width: 1329px) 100vw, 1329px\" data-srcset=\"https:\/\/www.lvhf.cz\/wp-content\/uploads\/2020\/04\/01_LVHF_Janoska_Ensemble-c-Andreas_Bitesnich_titulka_4x3_75dpi.jpg 1329w, https:\/\/www.lvhf.cz\/wp-content\/uploads\/2020\/04\/01_LVHF_Janoska_Ensemble-c-Andreas_Bitesnich_titulka_4x3_75dpi-400x300.jpg 400w, https:\/\/www.lvhf.cz\/wp-content\/uploads\/2020\/04\/01_LVHF_Janoska_Ensemble-c-Andreas_Bitesnich_titulka_4x3_75dpi-1024x768.jpg 1024w, https:\/\/www.lvhf.cz\/wp-content\/uploads\/2020\/04\/01_LVHF_Janoska_Ensemble-c-Andreas_Bitesnich_titulka_4x3_75dpi-768x576.jpg 768w, https:\/\/www.lvhf.cz\/wp-content\/uploads\/2020\/04\/01_LVHF_Janoska_Ensemble-c-Andreas_Bitesnich_titulka_4x3_75dpi-533x400.jpg 533w\" data-src=\"https:\/\/www.lvhf.cz\/wp-content\/uploads\/2020\/04\/01_LVHF_Janoska_Ensemble-c-Andreas_Bitesnich_titulka_4x3_75dpi.jpg\">              <\/div>\n            <\/a>\n        \n            <h3 class=\"event-date\" style=\"display:block;\">\n                          <span class=\"month\">03<\/span> \/\n              <span class=\"day\">10<\/span> \/\n              <span class=\"hour\">19:00<\/span>\n            <\/h3>\n            \n            <h3 class=\"event-title\" style=\"display:block;\">Er\u00f6ffnungsfestkonzert | Janoska Ensemble<\/h3>\n            <table class=\"event-details-preview\" style=\"display:block;\">\n              <tbody>\n                <tr>\n                  <td class=\"first-column\">Wer<\/td>\n                  <td class=\"second-column\">Janoska Ensemble (Slowakei)<\/td>\n                <\/tr>\n                                        <tr>\n                  <td class=\"first-column\">Wo<\/td>\n                              <td class=\"second-column\"><a style=\"color:rgb(0, 0, 128);\" href=\"https:\/\/www.lvhf.cz\/de\/mista-konani\/zamecka-jizdarna-lednice-multifunkcni-centrum\/\">Reithalle von Schloss Lednice (Eisgrub)<\/a> <\/td>\n                <\/tr>\n              <\/tbody>\n            <\/table>\n                  <\/div>\n          <div class=\"btn-event\" style=\"display:block;\">\n            <a href=\"https:\/\/www.lvhf.cz\/de\/koncerty\/janoska_ensemble\/\" class=\"btn btn-default\">Details<\/a>\n                    <\/div>\n        <\/div>\n      <\/div>\n          <!-- Calendar event 2 -->\n      <div class=\"event-col col-sm-6 col-md-6 col-lg-4\">\n\n        \n\n        <div class=\"calendar-event\">\n          <div class=\"banner\" style=\"display:none; height:100%;\">\n            <a href><noscript><img decoding=\"async\" style=\"width:100%; height:100%; object-position: top; object-fit:cover;\" src alt><\/noscript><img decoding=\"async\" style=\"width:100%; height:100%; object-position: top; object-fit:cover;\" src=\"data:image\/gif;base64,R0lGODlhAQABAIAAAAAAAP\/\/\/yH5BAEAAAAALAAAAAABAAEAAAIBRAA7\" alt data-src class=\" lazyload\"><\/a>\n          <\/div>\n\n          <div class=\"event-details-wrap\" style=\"display:block;\">\n\n            <a href=\"https:\/\/www.lvhf.cz\/de\/koncerty\/doprovodny-program-prednaska-rodina-kuffnerova\/\" class=\"event-img-link\">\n              <div class=\"event-img\">\n                <noscript><img decoding=\"async\" width=\"800\" height=\"600\" src=\"https:\/\/www.lvhf.cz\/wp-content\/uploads\/2020\/05\/kvetiny_kuffnerova-rodina_4x3_75dpi.jpg\" class=\"attachment-concert_large size-concert_large wp-post-image\" alt=\"kvetiny kuffnerova rodina 4x3 75dpi\" srcset=\"https:\/\/www.lvhf.cz\/wp-content\/uploads\/2020\/05\/kvetiny_kuffnerova-rodina_4x3_75dpi.jpg 800w, https:\/\/www.lvhf.cz\/wp-content\/uploads\/2020\/05\/kvetiny_kuffnerova-rodina_4x3_75dpi-400x300.jpg 400w, https:\/\/www.lvhf.cz\/wp-content\/uploads\/2020\/05\/kvetiny_kuffnerova-rodina_4x3_75dpi-768x576.jpg 768w, https:\/\/www.lvhf.cz\/wp-content\/uploads\/2020\/05\/kvetiny_kuffnerova-rodina_4x3_75dpi-533x400.jpg 533w\" sizes=\"(max-width: 800px) 100vw, 800px\"><\/noscript><img loading=\"lazy\" decoding=\"async\" width=\"800\" height=\"600\" src=\"data:image\/svg+xml,%3Csvg%20xmlns%3D%22http%3A%2F%2Fwww.w3.org%2F2000%2Fsvg%22%20viewBox%3D%220%200%20800%20600%22%3E%3C%2Fsvg%3E\" class=\"attachment-concert_large size-concert_large wp-post-image lazyload\" alt=\"kvetiny kuffnerova rodina 4x3 75dpi\" srcset=\"data:image\/svg+xml,%3Csvg%20xmlns%3D%22http%3A%2F%2Fwww.w3.org%2F2000%2Fsvg%22%20viewBox%3D%220%200%20800%20600%22%3E%3C%2Fsvg%3E 800w\" sizes=\"(max-width: 800px) 100vw, 800px\" data-srcset=\"https:\/\/www.lvhf.cz\/wp-content\/uploads\/2020\/05\/kvetiny_kuffnerova-rodina_4x3_75dpi.jpg 800w, https:\/\/www.lvhf.cz\/wp-content\/uploads\/2020\/05\/kvetiny_kuffnerova-rodina_4x3_75dpi-400x300.jpg 400w, https:\/\/www.lvhf.cz\/wp-content\/uploads\/2020\/05\/kvetiny_kuffnerova-rodina_4x3_75dpi-768x576.jpg 768w, https:\/\/www.lvhf.cz\/wp-content\/uploads\/2020\/05\/kvetiny_kuffnerova-rodina_4x3_75dpi-533x400.jpg 533w\" data-src=\"https:\/\/www.lvhf.cz\/wp-content\/uploads\/2020\/05\/kvetiny_kuffnerova-rodina_4x3_75dpi.jpg\">              <\/div>\n            <\/a>\n        \n            <h3 class=\"event-date\" style=\"display:block;\">\n                          <span class=\"month\">04<\/span> \/\n              <span class=\"day\">10<\/span> \/\n              <span class=\"hour\">14:00<\/span>\n            <\/h3>\n            \n            <h3 class=\"event-title\" style=\"display:block;\">Vortrag | Familie Kuffner<\/h3>\n            <table class=\"event-details-preview\" style=\"display:block;\">\n              <tbody>\n                <tr>\n                  <td class=\"first-column\">Wer<\/td>\n                  <td class=\"second-column\">Der Vortrag wird gehalten von:<br>\nPhDr. Alena K\u00e1\u0148ov\u00e1<\/td>\n                <\/tr>\n                                        <tr>\n                  <td class=\"first-column\">Wo<\/td>\n                              <td class=\"second-column\"><a style=\"color:rgb(0, 0, 128);\" href=\"https:\/\/www.lvhf.cz\/de\/mista-konani\/obradni-sin-zidovskeho-hrbitova-v-breclavi\/\">J\u00fcdischer Zeremoniensaal in B\u0159eclav<\/a> <\/td>\n                <\/tr>\n              <\/tbody>\n            <\/table>\n                  <\/div>\n          <div class=\"btn-event\" style=\"display:block;\">\n            <a href=\"https:\/\/www.lvhf.cz\/de\/koncerty\/doprovodny-program-prednaska-rodina-kuffnerova\/\" class=\"btn btn-default\">Details<\/a>\n                    <\/div>\n        <\/div>\n      <\/div>\n          <!-- Calendar event 3 -->\n      <div class=\"event-col col-sm-6 col-md-6 col-lg-4\">\n\n        \n\n        <div class=\"calendar-event\">\n          <div class=\"banner\" style=\"display:none; height:100%;\">\n            <a href><noscript><img decoding=\"async\" style=\"width:100%; height:100%; object-position: top; object-fit:cover;\" src alt><\/noscript><img decoding=\"async\" style=\"width:100%; height:100%; object-position: top; object-fit:cover;\" src=\"data:image\/gif;base64,R0lGODlhAQABAIAAAAAAAP\/\/\/yH5BAEAAAAALAAAAAABAAEAAAIBRAA7\" alt data-src class=\" lazyload\"><\/a>\n          <\/div>\n\n          <div class=\"event-details-wrap\" style=\"display:block;\">\n\n            <a href=\"https:\/\/www.lvhf.cz\/de\/koncerty\/2-festivalovy-koncert-shalom-klezmer\/\" class=\"event-img-link\">\n              <div class=\"event-img\">\n                <noscript><img loading=\"lazy\" decoding=\"async\" width=\"1000\" height=\"750\" src=\"https:\/\/www.lvhf.cz\/wp-content\/uploads\/2020\/04\/02_LVHF_Johana-cernohorska_titulka_4x3_75dpi.png\" class=\"attachment-concert_large size-concert_large wp-post-image\" alt=\"02 LVHF Johana cernohorska titulka 4x3 75dpi\" srcset=\"https:\/\/www.lvhf.cz\/wp-content\/uploads\/2020\/04\/02_LVHF_Johana-cernohorska_titulka_4x3_75dpi.png 1000w, https:\/\/www.lvhf.cz\/wp-content\/uploads\/2020\/04\/02_LVHF_Johana-cernohorska_titulka_4x3_75dpi-400x300.png 400w, https:\/\/www.lvhf.cz\/wp-content\/uploads\/2020\/04\/02_LVHF_Johana-cernohorska_titulka_4x3_75dpi-768x576.png 768w, https:\/\/www.lvhf.cz\/wp-content\/uploads\/2020\/04\/02_LVHF_Johana-cernohorska_titulka_4x3_75dpi-533x400.png 533w\" sizes=\"(max-width: 1000px) 100vw, 1000px\"><\/noscript><img loading=\"lazy\" decoding=\"async\" width=\"1000\" height=\"750\" src=\"data:image\/svg+xml,%3Csvg%20xmlns%3D%22http%3A%2F%2Fwww.w3.org%2F2000%2Fsvg%22%20viewBox%3D%220%200%201000%20750%22%3E%3C%2Fsvg%3E\" class=\"attachment-concert_large size-concert_large wp-post-image lazyload\" alt=\"02 LVHF Johana cernohorska titulka 4x3 75dpi\" srcset=\"data:image\/svg+xml,%3Csvg%20xmlns%3D%22http%3A%2F%2Fwww.w3.org%2F2000%2Fsvg%22%20viewBox%3D%220%200%201000%20750%22%3E%3C%2Fsvg%3E 1000w\" sizes=\"(max-width: 1000px) 100vw, 1000px\" data-srcset=\"https:\/\/www.lvhf.cz\/wp-content\/uploads\/2020\/04\/02_LVHF_Johana-cernohorska_titulka_4x3_75dpi.png 1000w, https:\/\/www.lvhf.cz\/wp-content\/uploads\/2020\/04\/02_LVHF_Johana-cernohorska_titulka_4x3_75dpi-400x300.png 400w, https:\/\/www.lvhf.cz\/wp-content\/uploads\/2020\/04\/02_LVHF_Johana-cernohorska_titulka_4x3_75dpi-768x576.png 768w, https:\/\/www.lvhf.cz\/wp-content\/uploads\/2020\/04\/02_LVHF_Johana-cernohorska_titulka_4x3_75dpi-533x400.png 533w\" data-src=\"https:\/\/www.lvhf.cz\/wp-content\/uploads\/2020\/04\/02_LVHF_Johana-cernohorska_titulka_4x3_75dpi.png\">              <\/div>\n            <\/a>\n        \n            <h3 class=\"event-date\" style=\"display:block;\">\n                          <span class=\"month\">04<\/span> \/\n              <span class=\"day\">10<\/span> \/\n              <span class=\"hour\">17:00<\/span>\n            <\/h3>\n            \n            <h3 class=\"event-title\" style=\"display:block;\">Shalom Klezmer | Ostrava Klezmer Band<\/h3>\n            <table class=\"event-details-preview\" style=\"display:block;\">\n              <tbody>\n                <tr>\n                  <td class=\"first-column\">Wer<\/td>\n                  <td class=\"second-column\">Ostrava Klezmer Band<\/td>\n                <\/tr>\n                            <tr>\n                  <td class=\"first-column\">Solo<\/td>\n                  <td class=\"second-column\">Johana \u010cernohorsk\u00e1 (Sopran)<\/td>\n                <\/tr>\n                                        <tr>\n                  <td class=\"first-column\">Wo<\/td>\n                              <td class=\"second-column\"><a style=\"color:rgb(0, 0, 128);\" href=\"https:\/\/www.lvhf.cz\/de\/mista-konani\/breclavska-synagoga\/\">Synagoge B\u0159eclav (Lundenburg)<\/a> <\/td>\n                <\/tr>\n              <\/tbody>\n            <\/table>\n                  <\/div>\n          <div class=\"btn-event\" style=\"display:block;\">\n            <a href=\"https:\/\/www.lvhf.cz\/de\/koncerty\/2-festivalovy-koncert-shalom-klezmer\/\" class=\"btn btn-default\">Details<\/a>\n                    <\/div>\n        <\/div>\n      <\/div>\n          <!-- Calendar event 4 -->\n      <div class=\"event-col col-sm-6 col-md-6 col-lg-4\">\n\n        \n\n        <div class=\"calendar-event\">\n          <div class=\"banner\" style=\"display:none; height:100%;\">\n            <a href><noscript><img decoding=\"async\" style=\"width:100%; height:100%; object-position: top; object-fit:cover;\" src alt><\/noscript><img decoding=\"async\" style=\"width:100%; height:100%; object-position: top; object-fit:cover;\" src=\"data:image\/gif;base64,R0lGODlhAQABAIAAAAAAAP\/\/\/yH5BAEAAAAALAAAAAABAAEAAAIBRAA7\" alt data-src class=\" lazyload\"><\/a>\n          <\/div>\n\n          <div class=\"event-details-wrap\" style=\"display:block;\">\n\n            <a href=\"https:\/\/www.lvhf.cz\/de\/koncerty\/edukacni-koncerty\/\" class=\"event-img-link\">\n              <div class=\"event-img\">\n                <noscript><img loading=\"lazy\" decoding=\"async\" width=\"917\" height=\"688\" src=\"https:\/\/www.lvhf.cz\/wp-content\/uploads\/2018\/02\/edu_LVHF_Trio-CRo_1-c-Josef-Rafael_titulka_4x3_75dpi.jpg\" class=\"attachment-concert_large size-concert_large wp-post-image\" alt=\"edu LVHF Trio CRo 1 c Josef Rafael titulka 4x3 75dpi\" srcset=\"https:\/\/www.lvhf.cz\/wp-content\/uploads\/2018\/02\/edu_LVHF_Trio-CRo_1-c-Josef-Rafael_titulka_4x3_75dpi.jpg 917w, https:\/\/www.lvhf.cz\/wp-content\/uploads\/2018\/02\/edu_LVHF_Trio-CRo_1-c-Josef-Rafael_titulka_4x3_75dpi-400x300.jpg 400w, https:\/\/www.lvhf.cz\/wp-content\/uploads\/2018\/02\/edu_LVHF_Trio-CRo_1-c-Josef-Rafael_titulka_4x3_75dpi-768x576.jpg 768w, https:\/\/www.lvhf.cz\/wp-content\/uploads\/2018\/02\/edu_LVHF_Trio-CRo_1-c-Josef-Rafael_titulka_4x3_75dpi-533x400.jpg 533w\" sizes=\"(max-width: 917px) 100vw, 917px\"><\/noscript><img loading=\"lazy\" decoding=\"async\" width=\"917\" height=\"688\" src=\"data:image\/svg+xml,%3Csvg%20xmlns%3D%22http%3A%2F%2Fwww.w3.org%2F2000%2Fsvg%22%20viewBox%3D%220%200%20917%20688%22%3E%3C%2Fsvg%3E\" class=\"attachment-concert_large size-concert_large wp-post-image lazyload\" alt=\"edu LVHF Trio CRo 1 c Josef Rafael titulka 4x3 75dpi\" srcset=\"data:image\/svg+xml,%3Csvg%20xmlns%3D%22http%3A%2F%2Fwww.w3.org%2F2000%2Fsvg%22%20viewBox%3D%220%200%20917%20688%22%3E%3C%2Fsvg%3E 917w\" sizes=\"(max-width: 917px) 100vw, 917px\" data-srcset=\"https:\/\/www.lvhf.cz\/wp-content\/uploads\/2018\/02\/edu_LVHF_Trio-CRo_1-c-Josef-Rafael_titulka_4x3_75dpi.jpg 917w, https:\/\/www.lvhf.cz\/wp-content\/uploads\/2018\/02\/edu_LVHF_Trio-CRo_1-c-Josef-Rafael_titulka_4x3_75dpi-400x300.jpg 400w, https:\/\/www.lvhf.cz\/wp-content\/uploads\/2018\/02\/edu_LVHF_Trio-CRo_1-c-Josef-Rafael_titulka_4x3_75dpi-768x576.jpg 768w, https:\/\/www.lvhf.cz\/wp-content\/uploads\/2018\/02\/edu_LVHF_Trio-CRo_1-c-Josef-Rafael_titulka_4x3_75dpi-533x400.jpg 533w\" data-src=\"https:\/\/www.lvhf.cz\/wp-content\/uploads\/2018\/02\/edu_LVHF_Trio-CRo_1-c-Josef-Rafael_titulka_4x3_75dpi.jpg\">              <\/div>\n            <\/a>\n        \n            <h3 class=\"event-date\" style=\"display:block;\">\n                          <span class=\"month\">05<\/span> \/\n              <span class=\"day\">10<\/span> \/\n              <span class=\"hour\">9:00 \/ 11:00<\/span>\n            <\/h3>\n            \n            <h3 class=\"event-title\" style=\"display:block;\">Extra-Konzerte f\u00fcr Schulen<\/h3>\n            <table class=\"event-details-preview\" style=\"display:block;\">\n              <tbody>\n                <tr>\n                  <td class=\"first-column\">Wer<\/td>\n                  <td class=\"second-column\">Trio des Tschechischen Rundfunks<\/td>\n                <\/tr>\n                                        <tr>\n                  <td class=\"first-column\">Wo<\/td>\n                              <td class=\"second-column\"><a style=\"color:rgb(0, 0, 128);\" href=\"https:\/\/www.lvhf.cz\/de\/?post_type=lvhf_venue&#038;p=7924\">Privat: Hlohovec (Bischofswarth)<\/a> <\/td>\n                <\/tr>\n              <\/tbody>\n            <\/table>\n                  <\/div>\n          <div class=\"btn-event\" style=\"display:block;\">\n            <a href=\"https:\/\/www.lvhf.cz\/de\/koncerty\/edukacni-koncerty\/\" class=\"btn btn-default\">Details<\/a>\n                    <\/div>\n        <\/div>\n      <\/div>\n          <!-- Calendar event 5 -->\n      <div class=\"event-col col-sm-6 col-md-6 col-lg-4\">\n\n        \n\n        <div class=\"calendar-event\">\n          <div class=\"banner\" style=\"display:none; height:100%;\">\n            <a href><noscript><img decoding=\"async\" style=\"width:100%; height:100%; object-position: top; object-fit:cover;\" src alt><\/noscript><img decoding=\"async\" style=\"width:100%; height:100%; object-position: top; object-fit:cover;\" src=\"data:image\/gif;base64,R0lGODlhAQABAIAAAAAAAP\/\/\/yH5BAEAAAAALAAAAAABAAEAAAIBRAA7\" alt data-src class=\" lazyload\"><\/a>\n          <\/div>\n\n          <div class=\"event-details-wrap\" style=\"display:block;\">\n\n            <a href=\"https:\/\/www.lvhf.cz\/de\/koncerty\/doprovodny-program-prednaska-orientalni-motivy-v-lednickem-parku\/\" class=\"event-img-link\">\n              <div class=\"event-img\">\n                <noscript><img loading=\"lazy\" decoding=\"async\" width=\"800\" height=\"600\" src=\"https:\/\/www.lvhf.cz\/wp-content\/uploads\/2020\/05\/kvetiny_orientalni_4x3_75dpi.png\" class=\"attachment-concert_large size-concert_large wp-post-image\" alt=\"kvetiny orientalni 4x3 75dpi\" srcset=\"https:\/\/www.lvhf.cz\/wp-content\/uploads\/2020\/05\/kvetiny_orientalni_4x3_75dpi.png 800w, https:\/\/www.lvhf.cz\/wp-content\/uploads\/2020\/05\/kvetiny_orientalni_4x3_75dpi-400x300.png 400w, https:\/\/www.lvhf.cz\/wp-content\/uploads\/2020\/05\/kvetiny_orientalni_4x3_75dpi-768x576.png 768w, https:\/\/www.lvhf.cz\/wp-content\/uploads\/2020\/05\/kvetiny_orientalni_4x3_75dpi-533x400.png 533w\" sizes=\"(max-width: 800px) 100vw, 800px\"><\/noscript><img loading=\"lazy\" decoding=\"async\" width=\"800\" height=\"600\" src=\"data:image\/svg+xml,%3Csvg%20xmlns%3D%22http%3A%2F%2Fwww.w3.org%2F2000%2Fsvg%22%20viewBox%3D%220%200%20800%20600%22%3E%3C%2Fsvg%3E\" class=\"attachment-concert_large size-concert_large wp-post-image lazyload\" alt=\"kvetiny orientalni 4x3 75dpi\" srcset=\"data:image\/svg+xml,%3Csvg%20xmlns%3D%22http%3A%2F%2Fwww.w3.org%2F2000%2Fsvg%22%20viewBox%3D%220%200%20800%20600%22%3E%3C%2Fsvg%3E 800w\" sizes=\"(max-width: 800px) 100vw, 800px\" data-srcset=\"https:\/\/www.lvhf.cz\/wp-content\/uploads\/2020\/05\/kvetiny_orientalni_4x3_75dpi.png 800w, https:\/\/www.lvhf.cz\/wp-content\/uploads\/2020\/05\/kvetiny_orientalni_4x3_75dpi-400x300.png 400w, https:\/\/www.lvhf.cz\/wp-content\/uploads\/2020\/05\/kvetiny_orientalni_4x3_75dpi-768x576.png 768w, https:\/\/www.lvhf.cz\/wp-content\/uploads\/2020\/05\/kvetiny_orientalni_4x3_75dpi-533x400.png 533w\" data-src=\"https:\/\/www.lvhf.cz\/wp-content\/uploads\/2020\/05\/kvetiny_orientalni_4x3_75dpi.png\">              <\/div>\n            <\/a>\n        \n            <h3 class=\"event-date\" style=\"display:block;\">\n                          <span class=\"month\">07<\/span> \/\n              <span class=\"day\">10<\/span> \/\n              <span class=\"hour\">16:30<\/span>\n            <\/h3>\n            \n            <h3 class=\"event-title\" style=\"display:block;\">Vortrag | Orientalische Motive im Park Lednice<\/h3>\n            <table class=\"event-details-preview\" style=\"display:block;\">\n              <tbody>\n                <tr>\n                  <td class=\"first-column\">Wer<\/td>\n                  <td class=\"second-column\">Der Vortrag wird gehalten von:<br>\nDoc. Ing. P\u0159emysl Krej\u010di\u0159\u00edk Ph.D.<\/td>\n                <\/tr>\n                                        <tr>\n                  <td class=\"first-column\">Wo<\/td>\n                              <td class=\"second-column\"><a style=\"color:rgb(0, 0, 128);\" href=\"https:\/\/www.lvhf.cz\/de\/mista-konani\/minaret-lednice\/\">Minarett im Schlosspark Lednice (Eisgrub)<\/a> <\/td>\n                <\/tr>\n              <\/tbody>\n            <\/table>\n                  <\/div>\n          <div class=\"btn-event\" style=\"display:block;\">\n            <a href=\"https:\/\/www.lvhf.cz\/de\/koncerty\/doprovodny-program-prednaska-orientalni-motivy-v-lednickem-parku\/\" class=\"btn btn-default\">Details<\/a>\n                    <\/div>\n        <\/div>\n      <\/div>\n          <!-- Calendar event 6 -->\n      <div class=\"event-col col-sm-6 col-md-6 col-lg-4\">\n\n        \n\n        <div class=\"calendar-event\">\n          <div class=\"banner\" style=\"display:none; height:100%;\">\n            <a href><noscript><img decoding=\"async\" style=\"width:100%; height:100%; object-position: top; object-fit:cover;\" src alt><\/noscript><img decoding=\"async\" style=\"width:100%; height:100%; object-position: top; object-fit:cover;\" src=\"data:image\/gif;base64,R0lGODlhAQABAIAAAAAAAP\/\/\/yH5BAEAAAAALAAAAAABAAEAAAIBRAA7\" alt data-src class=\" lazyload\"><\/a>\n          <\/div>\n\n          <div class=\"event-details-wrap\" style=\"display:block;\">\n\n            <a href=\"https:\/\/www.lvhf.cz\/de\/koncerty\/pavel-haas-quartet-z-meho-zivota\/\" class=\"event-img-link\">\n              <div class=\"event-img\">\n                <noscript><img loading=\"lazy\" decoding=\"async\" width=\"2560\" height=\"1920\" src=\"https:\/\/www.lvhf.cz\/wp-content\/uploads\/2020\/08\/PHQ_4x3-c-Marco-Borggreve_orez-scaled.jpg\" class=\"attachment-concert_large size-concert_large wp-post-image\" alt=\"PHQ 4x3 c Marco Borggreve orez\" srcset=\"https:\/\/www.lvhf.cz\/wp-content\/uploads\/2020\/08\/PHQ_4x3-c-Marco-Borggreve_orez-scaled.jpg 2560w, https:\/\/www.lvhf.cz\/wp-content\/uploads\/2020\/08\/PHQ_4x3-c-Marco-Borggreve_orez-400x300.jpg 400w, https:\/\/www.lvhf.cz\/wp-content\/uploads\/2020\/08\/PHQ_4x3-c-Marco-Borggreve_orez-1024x768.jpg 1024w, https:\/\/www.lvhf.cz\/wp-content\/uploads\/2020\/08\/PHQ_4x3-c-Marco-Borggreve_orez-768x576.jpg 768w, https:\/\/www.lvhf.cz\/wp-content\/uploads\/2020\/08\/PHQ_4x3-c-Marco-Borggreve_orez-1536x1152.jpg 1536w, https:\/\/www.lvhf.cz\/wp-content\/uploads\/2020\/08\/PHQ_4x3-c-Marco-Borggreve_orez-2048x1536.jpg 2048w, https:\/\/www.lvhf.cz\/wp-content\/uploads\/2020\/08\/PHQ_4x3-c-Marco-Borggreve_orez-533x400.jpg 533w, https:\/\/www.lvhf.cz\/wp-content\/uploads\/2020\/08\/PHQ_4x3-c-Marco-Borggreve_orez-1920x1440.jpg 1920w\" sizes=\"(max-width: 2560px) 100vw, 2560px\"><\/noscript><img loading=\"lazy\" decoding=\"async\" width=\"2560\" height=\"1920\" src=\"data:image\/svg+xml,%3Csvg%20xmlns%3D%22http%3A%2F%2Fwww.w3.org%2F2000%2Fsvg%22%20viewBox%3D%220%200%202560%201920%22%3E%3C%2Fsvg%3E\" class=\"attachment-concert_large size-concert_large wp-post-image lazyload\" alt=\"PHQ 4x3 c Marco Borggreve orez\" srcset=\"data:image\/svg+xml,%3Csvg%20xmlns%3D%22http%3A%2F%2Fwww.w3.org%2F2000%2Fsvg%22%20viewBox%3D%220%200%202560%201920%22%3E%3C%2Fsvg%3E 2560w\" sizes=\"(max-width: 2560px) 100vw, 2560px\" data-srcset=\"https:\/\/www.lvhf.cz\/wp-content\/uploads\/2020\/08\/PHQ_4x3-c-Marco-Borggreve_orez-scaled.jpg 2560w, https:\/\/www.lvhf.cz\/wp-content\/uploads\/2020\/08\/PHQ_4x3-c-Marco-Borggreve_orez-400x300.jpg 400w, https:\/\/www.lvhf.cz\/wp-content\/uploads\/2020\/08\/PHQ_4x3-c-Marco-Borggreve_orez-1024x768.jpg 1024w, https:\/\/www.lvhf.cz\/wp-content\/uploads\/2020\/08\/PHQ_4x3-c-Marco-Borggreve_orez-768x576.jpg 768w, https:\/\/www.lvhf.cz\/wp-content\/uploads\/2020\/08\/PHQ_4x3-c-Marco-Borggreve_orez-1536x1152.jpg 1536w, https:\/\/www.lvhf.cz\/wp-content\/uploads\/2020\/08\/PHQ_4x3-c-Marco-Borggreve_orez-2048x1536.jpg 2048w, https:\/\/www.lvhf.cz\/wp-content\/uploads\/2020\/08\/PHQ_4x3-c-Marco-Borggreve_orez-533x400.jpg 533w, https:\/\/www.lvhf.cz\/wp-content\/uploads\/2020\/08\/PHQ_4x3-c-Marco-Borggreve_orez-1920x1440.jpg 1920w\" data-src=\"https:\/\/www.lvhf.cz\/wp-content\/uploads\/2020\/08\/PHQ_4x3-c-Marco-Borggreve_orez-scaled.jpg\">              <\/div>\n            <\/a>\n        \n            <h3 class=\"event-date\" style=\"display:block;\">\n                          <span class=\"month\">09<\/span> \/\n              <span class=\"day\">10<\/span> \/\n              <span class=\"hour\">19:00<\/span>\n            <\/h3>\n            \n            <h3 class=\"event-title\" style=\"display:block;\">Pavel Haas Quartet | Aus meinem Leben<\/h3>\n            <table class=\"event-details-preview\" style=\"display:block;\">\n              <tbody>\n                <tr>\n                  <td class=\"first-column\">Wer<\/td>\n                  <td class=\"second-column\">Pavel Haas Quartet<\/td>\n                <\/tr>\n                                        <tr>\n                  <td class=\"first-column\">Wo<\/td>\n                              <td class=\"second-column\"><a style=\"color:rgb(0, 0, 128);\" href=\"https:\/\/www.lvhf.cz\/de\/mista-konani\/rytirsky-sal-statni-zamek-lednice\/\">Rittersaal Schloss Lednice (Eisgrub)<\/a> <\/td>\n                <\/tr>\n              <\/tbody>\n            <\/table>\n                  <\/div>\n          <div class=\"btn-event\" style=\"display:block;\">\n            <a href=\"https:\/\/www.lvhf.cz\/de\/koncerty\/pavel-haas-quartet-z-meho-zivota\/\" class=\"btn btn-default\">Details<\/a>\n                    <\/div>\n        <\/div>\n      <\/div>\n          <!-- Calendar event 7 -->\n      <div class=\"event-col col-sm-6 col-md-6 col-lg-4\">\n\n        \n\n        <div class=\"calendar-event\">\n          <div class=\"banner\" style=\"display:none; height:100%;\">\n            <a href><noscript><img decoding=\"async\" style=\"width:100%; height:100%; object-position: top; object-fit:cover;\" src alt><\/noscript><img decoding=\"async\" style=\"width:100%; height:100%; object-position: top; object-fit:cover;\" src=\"data:image\/gif;base64,R0lGODlhAQABAIAAAAAAAP\/\/\/yH5BAEAAAAALAAAAAABAAEAAAIBRAA7\" alt data-src class=\" lazyload\"><\/a>\n          <\/div>\n\n          <div class=\"event-details-wrap\" style=\"display:block;\">\n\n            <a href=\"https:\/\/www.lvhf.cz\/de\/koncerty\/3-festivalovy-koncert-hudba-orientu\/\" class=\"event-img-link\">\n              <div class=\"event-img\">\n                <noscript><img loading=\"lazy\" decoding=\"async\" width=\"1200\" height=\"900\" src=\"https:\/\/www.lvhf.cz\/wp-content\/uploads\/2020\/04\/03_LVHF_borusan-quartet_titulka-c-archiv-Borusan-Quartet_titulka_4x3_75dpi.png\" class=\"attachment-concert_large size-concert_large wp-post-image\" alt=\"03 LVHF borusan quartet titulka c archiv Borusan Quartet titulka 4x3 75dpi\" srcset=\"https:\/\/www.lvhf.cz\/wp-content\/uploads\/2020\/04\/03_LVHF_borusan-quartet_titulka-c-archiv-Borusan-Quartet_titulka_4x3_75dpi.png 1200w, https:\/\/www.lvhf.cz\/wp-content\/uploads\/2020\/04\/03_LVHF_borusan-quartet_titulka-c-archiv-Borusan-Quartet_titulka_4x3_75dpi-400x300.png 400w, https:\/\/www.lvhf.cz\/wp-content\/uploads\/2020\/04\/03_LVHF_borusan-quartet_titulka-c-archiv-Borusan-Quartet_titulka_4x3_75dpi-1024x768.png 1024w, https:\/\/www.lvhf.cz\/wp-content\/uploads\/2020\/04\/03_LVHF_borusan-quartet_titulka-c-archiv-Borusan-Quartet_titulka_4x3_75dpi-768x576.png 768w, https:\/\/www.lvhf.cz\/wp-content\/uploads\/2020\/04\/03_LVHF_borusan-quartet_titulka-c-archiv-Borusan-Quartet_titulka_4x3_75dpi-533x400.png 533w\" sizes=\"(max-width: 1200px) 100vw, 1200px\"><\/noscript><img loading=\"lazy\" decoding=\"async\" width=\"1200\" height=\"900\" src=\"data:image\/svg+xml,%3Csvg%20xmlns%3D%22http%3A%2F%2Fwww.w3.org%2F2000%2Fsvg%22%20viewBox%3D%220%200%201200%20900%22%3E%3C%2Fsvg%3E\" class=\"attachment-concert_large size-concert_large wp-post-image lazyload\" alt=\"03 LVHF borusan quartet titulka c archiv Borusan Quartet titulka 4x3 75dpi\" srcset=\"data:image\/svg+xml,%3Csvg%20xmlns%3D%22http%3A%2F%2Fwww.w3.org%2F2000%2Fsvg%22%20viewBox%3D%220%200%201200%20900%22%3E%3C%2Fsvg%3E 1200w\" sizes=\"(max-width: 1200px) 100vw, 1200px\" data-srcset=\"https:\/\/www.lvhf.cz\/wp-content\/uploads\/2020\/04\/03_LVHF_borusan-quartet_titulka-c-archiv-Borusan-Quartet_titulka_4x3_75dpi.png 1200w, https:\/\/www.lvhf.cz\/wp-content\/uploads\/2020\/04\/03_LVHF_borusan-quartet_titulka-c-archiv-Borusan-Quartet_titulka_4x3_75dpi-400x300.png 400w, https:\/\/www.lvhf.cz\/wp-content\/uploads\/2020\/04\/03_LVHF_borusan-quartet_titulka-c-archiv-Borusan-Quartet_titulka_4x3_75dpi-1024x768.png 1024w, https:\/\/www.lvhf.cz\/wp-content\/uploads\/2020\/04\/03_LVHF_borusan-quartet_titulka-c-archiv-Borusan-Quartet_titulka_4x3_75dpi-768x576.png 768w, https:\/\/www.lvhf.cz\/wp-content\/uploads\/2020\/04\/03_LVHF_borusan-quartet_titulka-c-archiv-Borusan-Quartet_titulka_4x3_75dpi-533x400.png 533w\" data-src=\"https:\/\/www.lvhf.cz\/wp-content\/uploads\/2020\/04\/03_LVHF_borusan-quartet_titulka-c-archiv-Borusan-Quartet_titulka_4x3_75dpi.png\">              <\/div>\n            <\/a>\n        \n            <h3 class=\"event-date\" style=\"display:block;\">\n                          <span class=\"month\">09<\/span> \/\n              <span class=\"day\">10<\/span> \/\n              <span class=\"hour\">19:00<\/span>\n            <\/h3>\n            \n            <h3 class=\"event-title\" style=\"display:block;\">Musik des Orients | Borusan Quartett<\/h3>\n            <table class=\"event-details-preview\" style=\"display:block;\">\n              <tbody>\n                <tr>\n                  <td class=\"first-column\">Wer<\/td>\n                  <td class=\"second-column\">Borusan Quartett (T\u00fcrkei)<\/td>\n                <\/tr>\n                                        <tr>\n                  <td class=\"first-column\">Wo<\/td>\n                              <td class=\"second-column\"><a style=\"color:rgb(0, 0, 128);\" href=\"https:\/\/www.lvhf.cz\/de\/mista-konani\/rytirsky-sal-statni-zamek-lednice\/\">Rittersaal Schloss Lednice (Eisgrub)<\/a> <\/td>\n                <\/tr>\n              <\/tbody>\n            <\/table>\n                  <\/div>\n          <div class=\"btn-event\" style=\"display:block;\">\n            <a href=\"https:\/\/www.lvhf.cz\/de\/koncerty\/3-festivalovy-koncert-hudba-orientu\/\" class=\"btn btn-default\">Details<\/a>\n                    <\/div>\n        <\/div>\n      <\/div>\n          <!-- Calendar event 8 -->\n      <div class=\"event-col col-sm-6 col-md-6 col-lg-4\">\n\n        \n\n        <div class=\"calendar-event\">\n          <div class=\"banner\" style=\"display:none; height:100%;\">\n            <a href><noscript><img decoding=\"async\" style=\"width:100%; height:100%; object-position: top; object-fit:cover;\" src alt><\/noscript><img decoding=\"async\" style=\"width:100%; height:100%; object-position: top; object-fit:cover;\" src=\"data:image\/gif;base64,R0lGODlhAQABAIAAAAAAAP\/\/\/yH5BAEAAAAALAAAAAABAAEAAAIBRAA7\" alt data-src class=\" lazyload\"><\/a>\n          <\/div>\n\n          <div class=\"event-details-wrap\" style=\"display:block;\">\n\n            <a href=\"https:\/\/www.lvhf.cz\/de\/koncerty\/4-festivalovy-koncert-studanka-inspirace\/\" class=\"event-img-link\">\n              <div class=\"event-img\">\n                <noscript><img loading=\"lazy\" decoding=\"async\" width=\"1317\" height=\"987\" src=\"https:\/\/www.lvhf.cz\/wp-content\/uploads\/2020\/04\/04_2_LVHF_hudecek-c-lvhf.cz_titulka_4x3_75dpi.jpg\" class=\"attachment-concert_large size-concert_large wp-post-image\" alt=\"04 2 LVHF hudecek c lvhf.cz titulka 4x3 75dpi\" srcset=\"https:\/\/www.lvhf.cz\/wp-content\/uploads\/2020\/04\/04_2_LVHF_hudecek-c-lvhf.cz_titulka_4x3_75dpi.jpg 1317w, https:\/\/www.lvhf.cz\/wp-content\/uploads\/2020\/04\/04_2_LVHF_hudecek-c-lvhf.cz_titulka_4x3_75dpi-400x300.jpg 400w, https:\/\/www.lvhf.cz\/wp-content\/uploads\/2020\/04\/04_2_LVHF_hudecek-c-lvhf.cz_titulka_4x3_75dpi-1024x767.jpg 1024w, https:\/\/www.lvhf.cz\/wp-content\/uploads\/2020\/04\/04_2_LVHF_hudecek-c-lvhf.cz_titulka_4x3_75dpi-768x576.jpg 768w, https:\/\/www.lvhf.cz\/wp-content\/uploads\/2020\/04\/04_2_LVHF_hudecek-c-lvhf.cz_titulka_4x3_75dpi-534x400.jpg 534w\" sizes=\"(max-width: 1317px) 100vw, 1317px\"><\/noscript><img loading=\"lazy\" decoding=\"async\" width=\"1317\" height=\"987\" src=\"data:image\/svg+xml,%3Csvg%20xmlns%3D%22http%3A%2F%2Fwww.w3.org%2F2000%2Fsvg%22%20viewBox%3D%220%200%201317%20987%22%3E%3C%2Fsvg%3E\" class=\"attachment-concert_large size-concert_large wp-post-image lazyload\" alt=\"04 2 LVHF hudecek c lvhf.cz titulka 4x3 75dpi\" srcset=\"data:image\/svg+xml,%3Csvg%20xmlns%3D%22http%3A%2F%2Fwww.w3.org%2F2000%2Fsvg%22%20viewBox%3D%220%200%201317%20987%22%3E%3C%2Fsvg%3E 1317w\" sizes=\"(max-width: 1317px) 100vw, 1317px\" data-srcset=\"https:\/\/www.lvhf.cz\/wp-content\/uploads\/2020\/04\/04_2_LVHF_hudecek-c-lvhf.cz_titulka_4x3_75dpi.jpg 1317w, https:\/\/www.lvhf.cz\/wp-content\/uploads\/2020\/04\/04_2_LVHF_hudecek-c-lvhf.cz_titulka_4x3_75dpi-400x300.jpg 400w, https:\/\/www.lvhf.cz\/wp-content\/uploads\/2020\/04\/04_2_LVHF_hudecek-c-lvhf.cz_titulka_4x3_75dpi-1024x767.jpg 1024w, https:\/\/www.lvhf.cz\/wp-content\/uploads\/2020\/04\/04_2_LVHF_hudecek-c-lvhf.cz_titulka_4x3_75dpi-768x576.jpg 768w, https:\/\/www.lvhf.cz\/wp-content\/uploads\/2020\/04\/04_2_LVHF_hudecek-c-lvhf.cz_titulka_4x3_75dpi-534x400.jpg 534w\" data-src=\"https:\/\/www.lvhf.cz\/wp-content\/uploads\/2020\/04\/04_2_LVHF_hudecek-c-lvhf.cz_titulka_4x3_75dpi.jpg\">              <\/div>\n            <\/a>\n        \n            <h3 class=\"event-date\" style=\"display:block;\">\n                          <span class=\"month\">10<\/span> \/\n              <span class=\"day\">10<\/span> \/\n              <span class=\"hour\">19:00<\/span>\n            <\/h3>\n            \n            <h3 class=\"event-title\" style=\"display:block;\">Inspirationsquellen | JKO &#038; Ensemble FLAIR<\/h3>\n            <table class=\"event-details-preview\" style=\"display:block;\">\n              <tbody>\n                <tr>\n                  <td class=\"first-column\">Wer<\/td>\n                  <td class=\"second-column\">Jan\u00e1\u010dek Kammerorchester<br>\n&amp; Ensemble FLAIR<\/td>\n                <\/tr>\n                            <tr>\n                  <td class=\"first-column\">Solo<\/td>\n                  <td class=\"second-column\">V\u00e1clav Hude\u010dek (Violine)<br> \nKl\u00e1ra Bla\u017ekov\u00e1 (Gesang)<br>\nJan Rokyta (Zimbal)<\/td>\n                <\/tr>\n                                        <tr>\n                  <td class=\"first-column\">Wo<\/td>\n                              <td class=\"second-column\"><a style=\"color:rgb(0, 0, 128);\" href=\"https:\/\/www.lvhf.cz\/de\/mista-konani\/zamek-v-mikulove\/\">Schloss Mikulov (Nikolsburg)<\/a> <\/td>\n                <\/tr>\n              <\/tbody>\n            <\/table>\n                  <\/div>\n          <div class=\"btn-event\" style=\"display:block;\">\n            <a href=\"https:\/\/www.lvhf.cz\/de\/koncerty\/4-festivalovy-koncert-studanka-inspirace\/\" class=\"btn btn-default\">Details<\/a>\n                    <\/div>\n        <\/div>\n      <\/div>\n          <!-- Calendar event 9 -->\n      <div class=\"event-col col-sm-6 col-md-6 col-lg-4\">\n\n        \n\n        <div class=\"calendar-event\">\n          <div class=\"banner\" style=\"display:none; height:100%;\">\n            <a href><noscript><img decoding=\"async\" style=\"width:100%; height:100%; object-position: top; object-fit:cover;\" src alt><\/noscript><img decoding=\"async\" style=\"width:100%; height:100%; object-position: top; object-fit:cover;\" src=\"data:image\/gif;base64,R0lGODlhAQABAIAAAAAAAP\/\/\/yH5BAEAAAAALAAAAAABAAEAAAIBRAA7\" alt data-src class=\" lazyload\"><\/a>\n          <\/div>\n\n          <div class=\"event-details-wrap\" style=\"display:block;\">\n\n            <a href=\"https:\/\/www.lvhf.cz\/de\/koncerty\/5-festivalovy-koncert-pocta-vitezslavu-novakovi\/\" class=\"event-img-link\">\n              <div class=\"event-img\">\n                <noscript><img loading=\"lazy\" decoding=\"async\" width=\"800\" height=\"600\" src=\"https:\/\/www.lvhf.cz\/wp-content\/uploads\/2020\/04\/05_LVHF_Lobkowicz-trio_5-c-Radoslav-Subin_titulka_4x3_75dpi.png\" class=\"attachment-concert_large size-concert_large wp-post-image\" alt=\"05 LVHF Lobkowicz trio 5 c Radoslav Subin titulka 4x3 75dpi\" srcset=\"https:\/\/www.lvhf.cz\/wp-content\/uploads\/2020\/04\/05_LVHF_Lobkowicz-trio_5-c-Radoslav-Subin_titulka_4x3_75dpi.png 800w, https:\/\/www.lvhf.cz\/wp-content\/uploads\/2020\/04\/05_LVHF_Lobkowicz-trio_5-c-Radoslav-Subin_titulka_4x3_75dpi-400x300.png 400w, https:\/\/www.lvhf.cz\/wp-content\/uploads\/2020\/04\/05_LVHF_Lobkowicz-trio_5-c-Radoslav-Subin_titulka_4x3_75dpi-768x576.png 768w, https:\/\/www.lvhf.cz\/wp-content\/uploads\/2020\/04\/05_LVHF_Lobkowicz-trio_5-c-Radoslav-Subin_titulka_4x3_75dpi-533x400.png 533w\" sizes=\"(max-width: 800px) 100vw, 800px\"><\/noscript><img loading=\"lazy\" decoding=\"async\" width=\"800\" height=\"600\" src=\"data:image\/svg+xml,%3Csvg%20xmlns%3D%22http%3A%2F%2Fwww.w3.org%2F2000%2Fsvg%22%20viewBox%3D%220%200%20800%20600%22%3E%3C%2Fsvg%3E\" class=\"attachment-concert_large size-concert_large wp-post-image lazyload\" alt=\"05 LVHF Lobkowicz trio 5 c Radoslav Subin titulka 4x3 75dpi\" srcset=\"data:image\/svg+xml,%3Csvg%20xmlns%3D%22http%3A%2F%2Fwww.w3.org%2F2000%2Fsvg%22%20viewBox%3D%220%200%20800%20600%22%3E%3C%2Fsvg%3E 800w\" sizes=\"(max-width: 800px) 100vw, 800px\" data-srcset=\"https:\/\/www.lvhf.cz\/wp-content\/uploads\/2020\/04\/05_LVHF_Lobkowicz-trio_5-c-Radoslav-Subin_titulka_4x3_75dpi.png 800w, https:\/\/www.lvhf.cz\/wp-content\/uploads\/2020\/04\/05_LVHF_Lobkowicz-trio_5-c-Radoslav-Subin_titulka_4x3_75dpi-400x300.png 400w, https:\/\/www.lvhf.cz\/wp-content\/uploads\/2020\/04\/05_LVHF_Lobkowicz-trio_5-c-Radoslav-Subin_titulka_4x3_75dpi-768x576.png 768w, https:\/\/www.lvhf.cz\/wp-content\/uploads\/2020\/04\/05_LVHF_Lobkowicz-trio_5-c-Radoslav-Subin_titulka_4x3_75dpi-533x400.png 533w\" data-src=\"https:\/\/www.lvhf.cz\/wp-content\/uploads\/2020\/04\/05_LVHF_Lobkowicz-trio_5-c-Radoslav-Subin_titulka_4x3_75dpi.png\">              <\/div>\n            <\/a>\n        \n            <h3 class=\"event-date\" style=\"display:block;\">\n                          <span class=\"month\">11<\/span> \/\n              <span class=\"day\">10<\/span> \/\n              <span class=\"hour\">16:00<\/span>\n            <\/h3>\n            \n            <h3 class=\"event-title\" style=\"display:block;\">Zu Ehren V\u00edt\u011bzslav Nov\u00e1ks | Lobkowicz Trio<\/h3>\n            <table class=\"event-details-preview\" style=\"display:block;\">\n              <tbody>\n                <tr>\n                  <td class=\"first-column\">Wer<\/td>\n                  <td class=\"second-column\">Lobkowicz Trio<\/td>\n                <\/tr>\n                                        <tr>\n                  <td class=\"first-column\">Wo<\/td>\n                              <td class=\"second-column\"><a style=\"color:rgb(0, 0, 128);\" href=\"https:\/\/www.lvhf.cz\/de\/mista-konani\/rybnicni-zamecek\/\">Teichschl\u00f6sschen Lednice<\/a> <\/td>\n                <\/tr>\n              <\/tbody>\n            <\/table>\n                  <\/div>\n          <div class=\"btn-event\" style=\"display:block;\">\n            <a href=\"https:\/\/www.lvhf.cz\/de\/koncerty\/5-festivalovy-koncert-pocta-vitezslavu-novakovi\/\" class=\"btn btn-default\">Details<\/a>\n                    <\/div>\n        <\/div>\n      <\/div>\n          <!-- Calendar event 10 -->\n      <div class=\"event-col col-sm-6 col-md-6 col-lg-4\">\n\n        \n\n        <div class=\"calendar-event\">\n          <div class=\"banner\" style=\"display:none; height:100%;\">\n            <a href><noscript><img decoding=\"async\" style=\"width:100%; height:100%; object-position: top; object-fit:cover;\" src alt><\/noscript><img decoding=\"async\" style=\"width:100%; height:100%; object-position: top; object-fit:cover;\" src=\"data:image\/gif;base64,R0lGODlhAQABAIAAAAAAAP\/\/\/yH5BAEAAAAALAAAAAABAAEAAAIBRAA7\" alt data-src class=\" lazyload\"><\/a>\n          <\/div>\n\n          <div class=\"event-details-wrap\" style=\"display:block;\">\n\n            <a href=\"https:\/\/www.lvhf.cz\/de\/koncerty\/6-festivalovy-koncert-myjavske-melodie\/\" class=\"event-img-link\">\n              <div class=\"event-img\">\n                <noscript><img loading=\"lazy\" decoding=\"async\" width=\"800\" height=\"600\" src=\"https:\/\/www.lvhf.cz\/wp-content\/uploads\/2020\/04\/06_LVHF_FolkloreClasic_2-@-Ond\u0159ej-Jaro\u0161_titulka_4x3_75dpi.png\" class=\"attachment-concert_large size-concert_large wp-post-image\" alt=\"06 LVHF FolkloreClasic 2 @ Ond\u0159ej Jaro\u0161 titulka 4x3 75dpi\" srcset=\"https:\/\/www.lvhf.cz\/wp-content\/uploads\/2020\/04\/06_LVHF_FolkloreClasic_2-@-Ond\u0159ej-Jaro\u0161_titulka_4x3_75dpi.png 800w, https:\/\/www.lvhf.cz\/wp-content\/uploads\/2020\/04\/06_LVHF_FolkloreClasic_2-@-Ond\u0159ej-Jaro\u0161_titulka_4x3_75dpi-400x300.png 400w, https:\/\/www.lvhf.cz\/wp-content\/uploads\/2020\/04\/06_LVHF_FolkloreClasic_2-@-Ond\u0159ej-Jaro\u0161_titulka_4x3_75dpi-768x576.png 768w, https:\/\/www.lvhf.cz\/wp-content\/uploads\/2020\/04\/06_LVHF_FolkloreClasic_2-@-Ond\u0159ej-Jaro\u0161_titulka_4x3_75dpi-533x400.png 533w\" sizes=\"(max-width: 800px) 100vw, 800px\"><\/noscript><img loading=\"lazy\" decoding=\"async\" width=\"800\" height=\"600\" src=\"data:image\/svg+xml,%3Csvg%20xmlns%3D%22http%3A%2F%2Fwww.w3.org%2F2000%2Fsvg%22%20viewBox%3D%220%200%20800%20600%22%3E%3C%2Fsvg%3E\" class=\"attachment-concert_large size-concert_large wp-post-image lazyload\" alt=\"06 LVHF FolkloreClasic 2 @ Ond\u0159ej Jaro\u0161 titulka 4x3 75dpi\" srcset=\"data:image\/svg+xml,%3Csvg%20xmlns%3D%22http%3A%2F%2Fwww.w3.org%2F2000%2Fsvg%22%20viewBox%3D%220%200%20800%20600%22%3E%3C%2Fsvg%3E 800w\" sizes=\"(max-width: 800px) 100vw, 800px\" data-srcset=\"https:\/\/www.lvhf.cz\/wp-content\/uploads\/2020\/04\/06_LVHF_FolkloreClasic_2-@-Ond\u0159ej-Jaro\u0161_titulka_4x3_75dpi.png 800w, https:\/\/www.lvhf.cz\/wp-content\/uploads\/2020\/04\/06_LVHF_FolkloreClasic_2-@-Ond\u0159ej-Jaro\u0161_titulka_4x3_75dpi-400x300.png 400w, https:\/\/www.lvhf.cz\/wp-content\/uploads\/2020\/04\/06_LVHF_FolkloreClasic_2-@-Ond\u0159ej-Jaro\u0161_titulka_4x3_75dpi-768x576.png 768w, https:\/\/www.lvhf.cz\/wp-content\/uploads\/2020\/04\/06_LVHF_FolkloreClasic_2-@-Ond\u0159ej-Jaro\u0161_titulka_4x3_75dpi-533x400.png 533w\" data-src=\"https:\/\/www.lvhf.cz\/wp-content\/uploads\/2020\/04\/06_LVHF_FolkloreClasic_2-@-Ond\u0159ej-Jaro\u0161_titulka_4x3_75dpi.png\">              <\/div>\n            <\/a>\n        \n            <h3 class=\"event-date\" style=\"display:block;\">\n                          <span class=\"month\">14<\/span> \/\n              <span class=\"day\">10<\/span> \/\n              <span class=\"hour\">19:00<\/span>\n            <\/h3>\n            \n            <h3 class=\"event-title\" style=\"display:block;\">ABGESAGT Melodien aus Myjava | FolkloreClassic<\/h3>\n            <table class=\"event-details-preview\" style=\"display:block;\">\n              <tbody>\n                <tr>\n                  <td class=\"first-column\">Wer<\/td>\n                  <td class=\"second-column\">FolkloreClassic<\/td>\n                <\/tr>\n                            <tr>\n                  <td class=\"first-column\">Solo<\/td>\n                  <td class=\"second-column\">Mark\u00e9ta Janou\u0161kov\u00e1 (Violine)<br>\nKrist\u00fdna Janou\u0161kov\u00e1 (Gesang)<br>\nMichal Hors\u00e1k (Zimbal)<\/td>\n                <\/tr>\n                                        <tr>\n                  <td class=\"first-column\">Wo<\/td>\n                              <td class=\"second-column\"><a style=\"color:rgb(0, 0, 128);\" href=\"https:\/\/www.lvhf.cz\/de\/mista-konani\/zamek-wilfersdorf-rakousko\/\">Schloss Wilfersdorf (\u00d6sterreich)<\/a> <\/td>\n                <\/tr>\n              <\/tbody>\n            <\/table>\n                  <\/div>\n          <div class=\"btn-event\" style=\"display:block;\">\n            <a href=\"https:\/\/www.lvhf.cz\/de\/koncerty\/6-festivalovy-koncert-myjavske-melodie\/\" class=\"btn btn-default\">Details<\/a>\n                    <\/div>\n        <\/div>\n      <\/div>\n          <!-- Calendar event 11 -->\n      <div class=\"event-col col-sm-6 col-md-6 col-lg-4\">\n\n        \n\n        <div class=\"calendar-event\">\n          <div class=\"banner\" style=\"display:none; height:100%;\">\n            <a href><noscript><img decoding=\"async\" style=\"width:100%; height:100%; object-position: top; object-fit:cover;\" src alt><\/noscript><img decoding=\"async\" style=\"width:100%; height:100%; object-position: top; object-fit:cover;\" src=\"data:image\/gif;base64,R0lGODlhAQABAIAAAAAAAP\/\/\/yH5BAEAAAAALAAAAAABAAEAAAIBRAA7\" alt data-src class=\" lazyload\"><\/a>\n          <\/div>\n\n          <div class=\"event-details-wrap\" style=\"display:block;\">\n\n            <a href=\"https:\/\/www.lvhf.cz\/de\/koncerty\/7-festivalovy-koncert-spanelska-smyslnost\/\" class=\"event-img-link\">\n              <div class=\"event-img\">\n                <noscript><img loading=\"lazy\" decoding=\"async\" width=\"1200\" height=\"900\" src=\"https:\/\/www.lvhf.cz\/wp-content\/uploads\/2017\/02\/panorama_kubikova_4x3_1200x900px.jpg\" class=\"attachment-concert_large size-concert_large wp-post-image\" alt=\"panorama kubikova 4x3 1200x900px\" srcset=\"https:\/\/www.lvhf.cz\/wp-content\/uploads\/2017\/02\/panorama_kubikova_4x3_1200x900px.jpg 1200w, https:\/\/www.lvhf.cz\/wp-content\/uploads\/2017\/02\/panorama_kubikova_4x3_1200x900px-400x300.jpg 400w, https:\/\/www.lvhf.cz\/wp-content\/uploads\/2017\/02\/panorama_kubikova_4x3_1200x900px-1024x768.jpg 1024w, https:\/\/www.lvhf.cz\/wp-content\/uploads\/2017\/02\/panorama_kubikova_4x3_1200x900px-768x576.jpg 768w, https:\/\/www.lvhf.cz\/wp-content\/uploads\/2017\/02\/panorama_kubikova_4x3_1200x900px-533x400.jpg 533w\" sizes=\"(max-width: 1200px) 100vw, 1200px\"><\/noscript><img loading=\"lazy\" decoding=\"async\" width=\"1200\" height=\"900\" src=\"data:image\/svg+xml,%3Csvg%20xmlns%3D%22http%3A%2F%2Fwww.w3.org%2F2000%2Fsvg%22%20viewBox%3D%220%200%201200%20900%22%3E%3C%2Fsvg%3E\" class=\"attachment-concert_large size-concert_large wp-post-image lazyload\" alt=\"panorama kubikova 4x3 1200x900px\" srcset=\"data:image\/svg+xml,%3Csvg%20xmlns%3D%22http%3A%2F%2Fwww.w3.org%2F2000%2Fsvg%22%20viewBox%3D%220%200%201200%20900%22%3E%3C%2Fsvg%3E 1200w\" sizes=\"(max-width: 1200px) 100vw, 1200px\" data-srcset=\"https:\/\/www.lvhf.cz\/wp-content\/uploads\/2017\/02\/panorama_kubikova_4x3_1200x900px.jpg 1200w, https:\/\/www.lvhf.cz\/wp-content\/uploads\/2017\/02\/panorama_kubikova_4x3_1200x900px-400x300.jpg 400w, https:\/\/www.lvhf.cz\/wp-content\/uploads\/2017\/02\/panorama_kubikova_4x3_1200x900px-1024x768.jpg 1024w, https:\/\/www.lvhf.cz\/wp-content\/uploads\/2017\/02\/panorama_kubikova_4x3_1200x900px-768x576.jpg 768w, https:\/\/www.lvhf.cz\/wp-content\/uploads\/2017\/02\/panorama_kubikova_4x3_1200x900px-533x400.jpg 533w\" data-src=\"https:\/\/www.lvhf.cz\/wp-content\/uploads\/2017\/02\/panorama_kubikova_4x3_1200x900px.jpg\">              <\/div>\n            <\/a>\n        \n            <h3 class=\"event-date\" style=\"display:block;\">\n                          <span class=\"month\">16<\/span> \/\n              <span class=\"day\">10<\/span> \/\n              <span class=\"hour\">19:00<\/span>\n            <\/h3>\n            \n            <h3 class=\"event-title\" style=\"display:block;\">ABGESAGT Spanische Sinnlichkeit | Partyka &#038; Kub\u00edkov\u00e1<\/h3>\n            <table class=\"event-details-preview\" style=\"display:block;\">\n              <tbody>\n                <tr>\n                  <td class=\"first-column\">Wer<\/td>\n                  <td class=\"second-column\">Ji\u0159\u00ed Partyka (Violine)<br>\nAndrea Gonzalez Caballero (Gitarre)<\/td>\n                <\/tr>\n                                        <tr>\n                  <td class=\"first-column\">Wo<\/td>\n                              <td class=\"second-column\"><a style=\"color:rgb(0, 0, 128);\" href=\"https:\/\/www.lvhf.cz\/de\/mista-konani\/zamecke-divadlo-ve-valticich\/\">Schlosstheater Valtice (Feldsberg)<\/a> <\/td>\n                <\/tr>\n              <\/tbody>\n            <\/table>\n                  <\/div>\n          <div class=\"btn-event\" style=\"display:block;\">\n            <a href=\"https:\/\/www.lvhf.cz\/de\/koncerty\/7-festivalovy-koncert-spanelska-smyslnost\/\" class=\"btn btn-default\">Details<\/a>\n                    <\/div>\n        <\/div>\n      <\/div>\n          <!-- Calendar event 12 -->\n      <div class=\"event-col col-sm-6 col-md-6 col-lg-4\">\n\n        \n\n        <div class=\"calendar-event\">\n          <div class=\"banner\" style=\"display:none; height:100%;\">\n            <a href><noscript><img decoding=\"async\" style=\"width:100%; height:100%; object-position: top; object-fit:cover;\" src alt><\/noscript><img decoding=\"async\" style=\"width:100%; height:100%; object-position: top; object-fit:cover;\" src=\"data:image\/gif;base64,R0lGODlhAQABAIAAAAAAAP\/\/\/yH5BAEAAAAALAAAAAABAAEAAAIBRAA7\" alt data-src class=\" lazyload\"><\/a>\n          <\/div>\n\n          <div class=\"event-details-wrap\" style=\"display:block;\">\n\n            <a href=\"https:\/\/www.lvhf.cz\/de\/koncerty\/doprovodny-program-setkani-s-autorem\/\" class=\"event-img-link\">\n              <div class=\"event-img\">\n                <noscript><img loading=\"lazy\" decoding=\"async\" width=\"910\" height=\"683\" src=\"https:\/\/www.lvhf.cz\/wp-content\/uploads\/2020\/04\/LVHF_vojtek-antonin_4x3.jpg\" class=\"attachment-concert_large size-concert_large wp-post-image\" alt=\"LVHF vojtek antonin 4x3\" srcset=\"https:\/\/www.lvhf.cz\/wp-content\/uploads\/2020\/04\/LVHF_vojtek-antonin_4x3.jpg 910w, https:\/\/www.lvhf.cz\/wp-content\/uploads\/2020\/04\/LVHF_vojtek-antonin_4x3-400x300.jpg 400w, https:\/\/www.lvhf.cz\/wp-content\/uploads\/2020\/04\/LVHF_vojtek-antonin_4x3-768x576.jpg 768w, https:\/\/www.lvhf.cz\/wp-content\/uploads\/2020\/04\/LVHF_vojtek-antonin_4x3-533x400.jpg 533w\" sizes=\"(max-width: 910px) 100vw, 910px\"><\/noscript><img loading=\"lazy\" decoding=\"async\" width=\"910\" height=\"683\" src=\"data:image\/svg+xml,%3Csvg%20xmlns%3D%22http%3A%2F%2Fwww.w3.org%2F2000%2Fsvg%22%20viewBox%3D%220%200%20910%20683%22%3E%3C%2Fsvg%3E\" class=\"attachment-concert_large size-concert_large wp-post-image lazyload\" alt=\"LVHF vojtek antonin 4x3\" srcset=\"data:image\/svg+xml,%3Csvg%20xmlns%3D%22http%3A%2F%2Fwww.w3.org%2F2000%2Fsvg%22%20viewBox%3D%220%200%20910%20683%22%3E%3C%2Fsvg%3E 910w\" sizes=\"(max-width: 910px) 100vw, 910px\" data-srcset=\"https:\/\/www.lvhf.cz\/wp-content\/uploads\/2020\/04\/LVHF_vojtek-antonin_4x3.jpg 910w, https:\/\/www.lvhf.cz\/wp-content\/uploads\/2020\/04\/LVHF_vojtek-antonin_4x3-400x300.jpg 400w, https:\/\/www.lvhf.cz\/wp-content\/uploads\/2020\/04\/LVHF_vojtek-antonin_4x3-768x576.jpg 768w, https:\/\/www.lvhf.cz\/wp-content\/uploads\/2020\/04\/LVHF_vojtek-antonin_4x3-533x400.jpg 533w\" data-src=\"https:\/\/www.lvhf.cz\/wp-content\/uploads\/2020\/04\/LVHF_vojtek-antonin_4x3.jpg\">              <\/div>\n            <\/a>\n        \n            <h3 class=\"event-date\" style=\"display:block;\">\n                          <span class=\"month\">24<\/span> \/\n              <span class=\"day\">06<\/span> \/\n              <span class=\"hour\">18:00<\/span>\n            <\/h3>\n            \n            <h3 class=\"event-title\" style=\"display:block;\">Autorentreffen | Maler und Grafiker Anton\u00edn Vojtek<\/h3>\n            <table class=\"event-details-preview\" style=\"display:block;\">\n              <tbody>\n                <tr>\n                  <td class=\"first-column\">Wer<\/td>\n                  <td class=\"second-column\">Anton\u00edn Vojtek (Maler und Grafiker)<\/td>\n                <\/tr>\n                                        <tr>\n                  <td class=\"first-column\">Wo<\/td>\n                              <td class=\"second-column\"><a style=\"color:rgb(0, 0, 128);\" href=\"https:\/\/www.lvhf.cz\/de\/mista-konani\/zamecka-jizdarna-valtice\/\">Reithalle von Schloss Valtice<\/a> <\/td>\n                <\/tr>\n              <\/tbody>\n            <\/table>\n                  <\/div>\n          <div class=\"btn-event\" style=\"display:block;\">\n            <a href=\"https:\/\/www.lvhf.cz\/de\/koncerty\/doprovodny-program-setkani-s-autorem\/\" class=\"btn btn-default\">Details<\/a>\n                    <\/div>\n        <\/div>\n      <\/div>\n          <!-- Calendar event 13 -->\n      <div class=\"event-col col-lg-offset-4 col-sm-6 col-md-6 col-lg-4\">\n\n        \n\n        <div class=\"calendar-event\">\n          <div class=\"banner\" style=\"display:none; height:100%;\">\n            <a href><noscript><img decoding=\"async\" style=\"width:100%; height:100%; object-position: top; object-fit:cover;\" src alt><\/noscript><img decoding=\"async\" style=\"width:100%; height:100%; object-position: top; object-fit:cover;\" src=\"data:image\/gif;base64,R0lGODlhAQABAIAAAAAAAP\/\/\/yH5BAEAAAAALAAAAAABAAEAAAIBRAA7\" alt data-src class=\" lazyload\"><\/a>\n          <\/div>\n\n          <div class=\"event-details-wrap\" style=\"display:block;\">\n\n            <a href=\"https:\/\/www.lvhf.cz\/de\/koncerty\/8-festivalovy-koncert-folkorni-promeny\/\" class=\"event-img-link\">\n              <div class=\"event-img\">\n                <noscript><img loading=\"lazy\" decoding=\"async\" width=\"2560\" height=\"1706\" src=\"https:\/\/www.lvhf.cz\/wp-content\/uploads\/2017\/02\/Barbora-Mr\u2020ukov\u2020-13-scaled.jpg\" class=\"attachment-concert_large size-concert_large wp-post-image\" srcset=\"https:\/\/www.lvhf.cz\/wp-content\/uploads\/2017\/02\/Barbora-Mr\u2020ukov\u2020-13-scaled.jpg 2560w, https:\/\/www.lvhf.cz\/wp-content\/uploads\/2017\/02\/Barbora-Mr\u2020ukov\u2020-13-400x267.jpg 400w, https:\/\/www.lvhf.cz\/wp-content\/uploads\/2017\/02\/Barbora-Mr\u2020ukov\u2020-13-1024x683.jpg 1024w, https:\/\/www.lvhf.cz\/wp-content\/uploads\/2017\/02\/Barbora-Mr\u2020ukov\u2020-13-768x512.jpg 768w, https:\/\/www.lvhf.cz\/wp-content\/uploads\/2017\/02\/Barbora-Mr\u2020ukov\u2020-13-1536x1024.jpg 1536w, https:\/\/www.lvhf.cz\/wp-content\/uploads\/2017\/02\/Barbora-Mr\u2020ukov\u2020-13-2048x1365.jpg 2048w, https:\/\/www.lvhf.cz\/wp-content\/uploads\/2017\/02\/Barbora-Mr\u2020ukov\u2020-13-450x300.jpg 450w, https:\/\/www.lvhf.cz\/wp-content\/uploads\/2017\/02\/Barbora-Mr\u2020ukov\u2020-13-600x400.jpg 600w, https:\/\/www.lvhf.cz\/wp-content\/uploads\/2017\/02\/Barbora-Mr\u2020ukov\u2020-13-1920x1280.jpg 1920w\" sizes=\"(max-width: 2560px) 100vw, 2560px\" alt><\/noscript><img loading=\"lazy\" decoding=\"async\" width=\"2560\" height=\"1706\" src=\"data:image\/svg+xml,%3Csvg%20xmlns%3D%22http%3A%2F%2Fwww.w3.org%2F2000%2Fsvg%22%20viewBox%3D%220%200%202560%201706%22%3E%3C%2Fsvg%3E\" class=\"attachment-concert_large size-concert_large wp-post-image lazyload\" srcset=\"data:image\/svg+xml,%3Csvg%20xmlns%3D%22http%3A%2F%2Fwww.w3.org%2F2000%2Fsvg%22%20viewBox%3D%220%200%202560%201706%22%3E%3C%2Fsvg%3E 2560w\" sizes=\"(max-width: 2560px) 100vw, 2560px\" data-srcset=\"https:\/\/www.lvhf.cz\/wp-content\/uploads\/2017\/02\/Barbora-Mr\u2020ukov\u2020-13-scaled.jpg 2560w, https:\/\/www.lvhf.cz\/wp-content\/uploads\/2017\/02\/Barbora-Mr\u2020ukov\u2020-13-400x267.jpg 400w, https:\/\/www.lvhf.cz\/wp-content\/uploads\/2017\/02\/Barbora-Mr\u2020ukov\u2020-13-1024x683.jpg 1024w, https:\/\/www.lvhf.cz\/wp-content\/uploads\/2017\/02\/Barbora-Mr\u2020ukov\u2020-13-768x512.jpg 768w, https:\/\/www.lvhf.cz\/wp-content\/uploads\/2017\/02\/Barbora-Mr\u2020ukov\u2020-13-1536x1024.jpg 1536w, https:\/\/www.lvhf.cz\/wp-content\/uploads\/2017\/02\/Barbora-Mr\u2020ukov\u2020-13-2048x1365.jpg 2048w, https:\/\/www.lvhf.cz\/wp-content\/uploads\/2017\/02\/Barbora-Mr\u2020ukov\u2020-13-450x300.jpg 450w, https:\/\/www.lvhf.cz\/wp-content\/uploads\/2017\/02\/Barbora-Mr\u2020ukov\u2020-13-600x400.jpg 600w, https:\/\/www.lvhf.cz\/wp-content\/uploads\/2017\/02\/Barbora-Mr\u2020ukov\u2020-13-1920x1280.jpg 1920w\" data-src=\"https:\/\/www.lvhf.cz\/wp-content\/uploads\/2017\/02\/Barbora-Mr\u2020ukov\u2020-13-scaled.jpg\" alt>              <\/div>\n            <\/a>\n        \n            <h3 class=\"event-date\" style=\"display:block;\">\n                          <span class=\"month\">24<\/span> \/\n              <span class=\"day\">06<\/span> \/\n              <span class=\"hour\">19:00<\/span>\n            <\/h3>\n            \n            <h3 class=\"event-title\" style=\"display:block;\">\u010cechomor &#038; MFO<\/h3>\n            <table class=\"event-details-preview\" style=\"display:block;\">\n              <tbody>\n                <tr>\n                  <td class=\"first-column\">Wer<\/td>\n                  <td class=\"second-column\"><strong>TERMIN\u00c4NDERUNG!<\/strong> Der Konzerttermin verschiebt sich auf <strong>Freitag, den 24. Juni 2022<\/strong>. Die Tickets behalten ihre G\u00fcltigkeit. Kontaktieren Sie uns bei Bedarf unter Tel.: +420 774 710 621 oder per E-Mail unter <a href=\"mailto:prodej@lvhf.cz\">prodej@lvhf.cz<\/a>. Wir danken Ihnen f\u00fcr Ihr Verst\u00e4ndnis.<br><br>\n\u010cechomor<br>\nLenka Dusilov\u00e1<br>\nM\u00e4hrische Philharmonie Olm\u00fctz<br>\nJan Ku\u010dera (Dirigent)<\/td>\n                <\/tr>\n                                        <tr>\n                  <td class=\"first-column\">Wo<\/td>\n                              <td class=\"second-column\"><a style=\"color:rgb(0, 0, 128);\" href=\"https:\/\/www.lvhf.cz\/de\/mista-konani\/zamecka-jizdarna-valtice\/\">Reithalle von Schloss Valtice<\/a> <\/td>\n                <\/tr>\n              <\/tbody>\n            <\/table>\n                  <\/div>\n          <div class=\"btn-event\" style=\"display:block;\">\n            <a href=\"https:\/\/www.lvhf.cz\/de\/koncerty\/8-festivalovy-koncert-folkorni-promeny\/\" class=\"btn btn-default\">Details<\/a>\n                    <\/div>\n        <\/div>\n      <\/div>\n    \n    <\/div>\n  <\/div>\n  \n  <!--End Event calendar-->","protected":false},"excerpt":{"rendered":"<p>Konzertarchiv 2020<\/p>\n","protected":false},"author":5,"featured_media":0,"parent":0,"menu_order":81,"comment_status":"closed","ping_status":"closed","template":"elementor_header_footer","meta":{"footnotes":""},"acf":[],"_links":{"self":[{"href":"https:\/\/www.lvhf.cz\/de\/wp-json\/wp\/v2\/pages\/11053"}],"collection":[{"href":"https:\/\/www.lvhf.cz\/de\/wp-json\/wp\/v2\/pages"}],"about":[{"href":"https:\/\/www.lvhf.cz\/de\/wp-json\/wp\/v2\/types\/page"}],"author":[{"embeddable":true,"href":"https:\/\/www.lvhf.cz\/de\/wp-json\/wp\/v2\/users\/5"}],"replies":[{"embeddable":true,"href":"https:\/\/www.lvhf.cz\/de\/wp-json\/wp\/v2\/comments?post=11053"}],"version-history":[{"count":6,"href":"https:\/\/www.lvhf.cz\/de\/wp-json\/wp\/v2\/pages\/11053\/revisions"}],"predecessor-version":[{"id":20935,"href":"https:\/\/www.lvhf.cz\/de\/wp-json\/wp\/v2\/pages\/11053\/revisions\/20935"}],"wp:attachment":[{"href":"https:\/\/www.lvhf.cz\/de\/wp-json\/wp\/v2\/media?parent=11053"}],"curies":[{"name":"wp","href":"https:\/\/api.w.org\/{rel}","templated":true}]}}